{"id":27047,"date":"2014-05-22T11:52:17","date_gmt":"2014-05-22T15:52:17","guid":{"rendered":"https:\/\/www.aircharter.com\/?page_id=27047"},"modified":"2022-12-11T17:51:30","modified_gmt":"2022-12-11T22:51:30","slug":"le-blog-air-charter","status":"publish","type":"page","link":"https:\/\/www.aircharter.com\/fr\/le-blog-air-charter\/","title":{"rendered":"Le Blog d&rsquo;Air Charter"},"content":{"rendered":"<div class=\"fusion-fullwidth fullwidth-box fusion-builder-row-1 fusion-flex-container hundred-percent-fullwidth non-hundred-percent-height-scrolling\" style=\"--awb-border-radius-top-left:0px;--awb-border-radius-top-right:0px;--awb-border-radius-bottom-right:0px;--awb-border-radius-bottom-left:0px;--awb-overflow:visible;--awb-flex-wrap:wrap;\" ><div class=\"fusion-builder-row fusion-row fusion-flex-align-items-flex-start fusion-flex-content-wrap\" style=\"width:calc( 100% + 0px ) !important;max-width:calc( 100% + 0px ) !important;margin-left: calc(-0px \/ 2 );margin-right: calc(-0px \/ 2 );\"><div class=\"fusion-layout-column fusion_builder_column fusion-builder-column-0 fusion_builder_column_1_1 1_1 fusion-flex-column fusion-flex-align-self-flex-start fusion-column-no-min-height\" style=\"--awb-bg-size:cover;--awb-width-large:100%;--awb-margin-top-large:0px;--awb-spacing-right-large:0px;--awb-margin-bottom-large:0px;--awb-spacing-left-large:0px;--awb-width-medium:100%;--awb-spacing-right-medium:0px;--awb-spacing-left-medium:0px;--awb-width-small:100%;--awb-spacing-right-small:0px;--awb-spacing-left-small:0px;\"><div class=\"fusion-column-wrapper fusion-flex-justify-content-flex-start fusion-content-layout-column\"><div class=\"fusion-blog-shortcode fusion-blog-shortcode-1 fusion-blog-archive fusion-blog-layout-timeline-wrapper fusion-blog-pagination\"><div class=\"fusion-posts-container fusion-posts-container-pagination fusion-blog-rollover\" data-pages=\"28\"><div class=\"fusion-timeline-icon\"><i class=\"awb-icon-bubbles\" style=\"color:#ebeaea;\" aria-hidden=\"true\"><\/i><\/div><div class=\"fusion-blog-layout-timeline fusion-clearfix\"><div class=\"fusion-timeline-line\" style=\"border-left:1px solid #ebeaea;border-right:1px solid #ebeaea;\"><\/div><h3 class=\"fusion-timeline-date\" style=\"background-color:#ebeaea;\">octobre 2025<\/h3><div class=\"fusion-collapse-month\"><article id=\"blog-1-post-42472\" style=\"border-color:#ebeaea;\" class=\"fusion-post-timeline fusion-clearfix fusion-left-column post-42472 post type-post status-publish format-standard has-post-thumbnail hentry category-aircharter\">\n<div class=\"fusion-post-wrapper\" style=\"background-color:rgba(255,255,255,1);\">\n\n\t\t\t<div class=\"fusion-flexslider flexslider fusion-flexslider-loading fusion-post-slideshow\" style=\"border-color:#ebeaea;\">\n\t\t<ul class=\"slides\">\n\t\t\t\n\t\t\t\t\t\t\t\t\t\t\t\t\t\t<li><div  class=\"fusion-image-wrapper\" aria-haspopup=\"true\">\n\t\t\t\t<img decoding=\"async\" width=\"1920\" height=\"1080\" src=\"https:\/\/www.aircharter.com\/wp-content\/uploads\/2025\/10\/New-Booking1920.jpg\" class=\"attachment-full size-full wp-post-image\" alt=\"\" srcset=\"https:\/\/www.aircharter.com\/wp-content\/uploads\/2025\/10\/New-Booking1920-200x113.jpg 200w, https:\/\/www.aircharter.com\/wp-content\/uploads\/2025\/10\/New-Booking1920-400x225.jpg 400w, https:\/\/www.aircharter.com\/wp-content\/uploads\/2025\/10\/New-Booking1920-600x338.jpg 600w, https:\/\/www.aircharter.com\/wp-content\/uploads\/2025\/10\/New-Booking1920-800x450.jpg 800w, https:\/\/www.aircharter.com\/wp-content\/uploads\/2025\/10\/New-Booking1920-1200x675.jpg 1200w, https:\/\/www.aircharter.com\/wp-content\/uploads\/2025\/10\/New-Booking1920.jpg 1920w\" sizes=\"(max-width: 1024px) 100vw, (max-width: 640px) 100vw, 40vw\" \/><div class=\"fusion-rollover\">\n\t<div class=\"fusion-rollover-content\">\n\n\t\t\t\t\n\t\t\n\t\t\t\t\t\t\t\t\n\t\t\t\t\t\t\t\t\n\t\t\n\t\t\t\t\t\t<a class=\"fusion-link-wrapper\" href=\"https:\/\/www.aircharter.com\/fr\/4th-genration-ai-powered-booking-system-yet\/\" aria-label=\"4th Genration AI-powered booking system\"><\/a>\n\t<\/div>\n<\/div>\n<\/div>\n<\/li>\n\t\t\t\n\t\t\t\n\t\t\t\t\t\t\t\t\t\t\t\n\t\t\t\t\t\n\t\t\t\t\t\t\t\t\t\t\t<li>\n\t\t\t\t\t\t\t<div class=\"fusion-image-wrapper\">\n\t\t\t\t\t\t\t\t<a href=\"https:\/\/www.aircharter.com\/fr\/4th-genration-ai-powered-booking-system-yet\/\" aria-label=\"4th Genration AI-powered booking system\">\n\t\t\t\t\t\t\t\t\t<img decoding=\"async\" width=\"1920\" height=\"1080\" src=\"https:\/\/www.aircharter.com\/wp-content\/uploads\/2025\/10\/A4.jpg\" alt=\"\" class=\"wp-image-42438\" role=\"presentation\" srcset=\"https:\/\/www.aircharter.com\/wp-content\/uploads\/2025\/10\/A4-200x113.jpg 200w, https:\/\/www.aircharter.com\/wp-content\/uploads\/2025\/10\/A4-400x225.jpg 400w, https:\/\/www.aircharter.com\/wp-content\/uploads\/2025\/10\/A4-600x338.jpg 600w, https:\/\/www.aircharter.com\/wp-content\/uploads\/2025\/10\/A4-800x450.jpg 800w, https:\/\/www.aircharter.com\/wp-content\/uploads\/2025\/10\/A4-1200x675.jpg 1200w, https:\/\/www.aircharter.com\/wp-content\/uploads\/2025\/10\/A4.jpg 1920w\" sizes=\"(max-width: 1024px) 100vw, (max-width: 640px) 100vw, 40vw\" \/>\t\t\t\t\t\t\t\t<\/a>\n\t\t\t\t\t\t\t\t<a style=\"display:none;\" href=\"https:\/\/www.aircharter.com\/wp-content\/uploads\/2025\/10\/A4.jpg\" data-rel=\"iLightbox[gallery42472]\"  title=\"\" data-title=\"A4\" data-caption=\"\">\n\t\t\t\t\t\t\t\t\t\t\t\t\t\t\t\t\t<\/a>\n\t\t\t\t\t\t\t<\/div>\n\t\t\t\t\t\t<\/li>\n\t\t\t\t\t\t\t\t\t\t\t\t\t\t\t\t\t\t\t\t\t\t\t\t\n\t\t\t\t\t\n\t\t\t\t\t\t\t\t\t\t\t<li>\n\t\t\t\t\t\t\t<div class=\"fusion-image-wrapper\">\n\t\t\t\t\t\t\t\t<a href=\"https:\/\/www.aircharter.com\/fr\/4th-genration-ai-powered-booking-system-yet\/\" aria-label=\"4th Genration AI-powered booking system\">\n\t\t\t\t\t\t\t\t\t<img decoding=\"async\" width=\"1920\" height=\"1080\" src=\"https:\/\/www.aircharter.com\/wp-content\/uploads\/2025\/10\/AI1.jpg\" alt=\"\" class=\"wp-image-42462\" role=\"presentation\" srcset=\"https:\/\/www.aircharter.com\/wp-content\/uploads\/2025\/10\/AI1-200x113.jpg 200w, https:\/\/www.aircharter.com\/wp-content\/uploads\/2025\/10\/AI1-400x225.jpg 400w, https:\/\/www.aircharter.com\/wp-content\/uploads\/2025\/10\/AI1-600x338.jpg 600w, https:\/\/www.aircharter.com\/wp-content\/uploads\/2025\/10\/AI1-800x450.jpg 800w, https:\/\/www.aircharter.com\/wp-content\/uploads\/2025\/10\/AI1-1200x675.jpg 1200w, https:\/\/www.aircharter.com\/wp-content\/uploads\/2025\/10\/AI1.jpg 1920w\" sizes=\"(max-width: 1024px) 100vw, (max-width: 640px) 100vw, 40vw\" \/>\t\t\t\t\t\t\t\t<\/a>\n\t\t\t\t\t\t\t\t<a style=\"display:none;\" href=\"https:\/\/www.aircharter.com\/wp-content\/uploads\/2025\/10\/AI1.jpg\" data-rel=\"iLightbox[gallery42472]\"  title=\"\" data-title=\"AI1\" data-caption=\"\">\n\t\t\t\t\t\t\t\t\t\t\t\t\t\t\t\t\t<\/a>\n\t\t\t\t\t\t\t<\/div>\n\t\t\t\t\t\t<\/li>\n\t\t\t\t\t\t\t\t\t\t\t\t\t\t\t\t\t\t\t\t\t\t\t\t\n\t\t\t\t\t\n\t\t\t\t\t\t\t\t\t\t\t<li>\n\t\t\t\t\t\t\t<div class=\"fusion-image-wrapper\">\n\t\t\t\t\t\t\t\t<a href=\"https:\/\/www.aircharter.com\/fr\/4th-genration-ai-powered-booking-system-yet\/\" aria-label=\"4th Genration AI-powered booking system\">\n\t\t\t\t\t\t\t\t\t<img decoding=\"async\" width=\"1920\" height=\"1080\" src=\"https:\/\/www.aircharter.com\/wp-content\/uploads\/2025\/10\/Ai2.jpg\" alt=\"\" class=\"wp-image-42456\" role=\"presentation\" srcset=\"https:\/\/www.aircharter.com\/wp-content\/uploads\/2025\/10\/Ai2-200x113.jpg 200w, https:\/\/www.aircharter.com\/wp-content\/uploads\/2025\/10\/Ai2-400x225.jpg 400w, https:\/\/www.aircharter.com\/wp-content\/uploads\/2025\/10\/Ai2-600x338.jpg 600w, https:\/\/www.aircharter.com\/wp-content\/uploads\/2025\/10\/Ai2-800x450.jpg 800w, https:\/\/www.aircharter.com\/wp-content\/uploads\/2025\/10\/Ai2-1200x675.jpg 1200w, https:\/\/www.aircharter.com\/wp-content\/uploads\/2025\/10\/Ai2.jpg 1920w\" sizes=\"(max-width: 1024px) 100vw, (max-width: 640px) 100vw, 40vw\" \/>\t\t\t\t\t\t\t\t<\/a>\n\t\t\t\t\t\t\t\t<a style=\"display:none;\" href=\"https:\/\/www.aircharter.com\/wp-content\/uploads\/2025\/10\/Ai2.jpg\" data-rel=\"iLightbox[gallery42472]\"  title=\"\" data-title=\"Ai2\" data-caption=\"\">\n\t\t\t\t\t\t\t\t\t\t\t\t\t\t\t\t\t<\/a>\n\t\t\t\t\t\t\t<\/div>\n\t\t\t\t\t\t<\/li>\n\t\t\t\t\t\t\t\t\t\t\t\t\t\t\t\t\t\t\t\t\t\t\t\t\n\t\t\t\t\t\n\t\t\t\t\t\t\t\t\t\t\t<li>\n\t\t\t\t\t\t\t<div class=\"fusion-image-wrapper\">\n\t\t\t\t\t\t\t\t<a href=\"https:\/\/www.aircharter.com\/fr\/4th-genration-ai-powered-booking-system-yet\/\" aria-label=\"4th Genration AI-powered booking system\">\n\t\t\t\t\t\t\t\t\t<img decoding=\"async\" width=\"1920\" height=\"1080\" src=\"https:\/\/www.aircharter.com\/wp-content\/uploads\/2025\/10\/Ai3.jpg\" alt=\"\" class=\"wp-image-42450\" role=\"presentation\" srcset=\"https:\/\/www.aircharter.com\/wp-content\/uploads\/2025\/10\/Ai3-200x113.jpg 200w, https:\/\/www.aircharter.com\/wp-content\/uploads\/2025\/10\/Ai3-400x225.jpg 400w, https:\/\/www.aircharter.com\/wp-content\/uploads\/2025\/10\/Ai3-600x338.jpg 600w, https:\/\/www.aircharter.com\/wp-content\/uploads\/2025\/10\/Ai3-800x450.jpg 800w, https:\/\/www.aircharter.com\/wp-content\/uploads\/2025\/10\/Ai3-1200x675.jpg 1200w, https:\/\/www.aircharter.com\/wp-content\/uploads\/2025\/10\/Ai3.jpg 1920w\" sizes=\"(max-width: 1024px) 100vw, (max-width: 640px) 100vw, 40vw\" \/>\t\t\t\t\t\t\t\t<\/a>\n\t\t\t\t\t\t\t\t<a style=\"display:none;\" href=\"https:\/\/www.aircharter.com\/wp-content\/uploads\/2025\/10\/Ai3.jpg\" data-rel=\"iLightbox[gallery42472]\"  title=\"\" data-title=\"Ai3\" data-caption=\"\">\n\t\t\t\t\t\t\t\t\t\t\t\t\t\t\t\t\t<\/a>\n\t\t\t\t\t\t\t<\/div>\n\t\t\t\t\t\t<\/li>\n\t\t\t\t\t\t\t\t\t\t\t\t\t\t\t\t\t\t\t\t\t<\/ul>\n\t<\/div>\n\t<div class=\"fusion-post-content-wrapper\" style=\"padding:30px 25px 25px 25px;\"><div class=\"fusion-post-content post-content\"><div class=\"fusion-timeline-circle\" style=\"background-color:#ebeaea;\"><\/div><div class=\"fusion-timeline-arrow\" style=\"color:#ebeaea;\"><\/div><h2 class=\"blog-shortcode-post-title\"><a href=\"https:\/\/www.aircharter.com\/fr\/4th-genration-ai-powered-booking-system-yet\/\">4th Genration AI-powered booking system<\/a><\/h2><p class=\"fusion-single-line-meta\">By <span><a href=\"https:\/\/www.aircharter.com\/fr\/author\/admin\/\" title=\"Articles par admin\" rel=\"author\">admin<\/a><\/span><span class=\"fusion-inline-sep\">|<\/span><span>octobre 11th, 2025<\/span><span class=\"fusion-inline-sep\">|<\/span><a href=\"https:\/\/www.aircharter.com\/category\/aircharter\/\" rel=\"category tag\">Aircharter News<\/a><span class=\"fusion-inline-sep\">|<\/span><\/p><div class=\"fusion-content-sep sep-double sep-solid\"><\/div><div class=\"fusion-post-content-container\"><p>The original pioneer in online private jet reservations unveils its most advanced, real-time\u00a0AI-powered booking system yet \u2014 available free to affiliate, brokers and operators worldwide. New York, NY \u2014 10\/13\/2025\u00a0\u2014 AirCharter.com, the global leader in<\/p><\/div><\/div><div class=\"fusion-meta-info\"><div class=\"fusion-alignleft\"><a class=\"fusion-read-more\" href=\"https:\/\/www.aircharter.com\/fr\/4th-genration-ai-powered-booking-system-yet\/\" aria-label=\"More on 4th Genration AI-powered booking system\">Read More<\/a><\/div><div class=\"fusion-alignright\"><span>Commentaires ferm\u00e9s<span class=\"screen-reader-text\"> sur 4th Genration AI-powered booking system<\/span><\/span><\/div><\/div><\/div><div class=\"fusion-clearfix\"><\/div><\/div>\n<\/article>\n<\/div><h3 class=\"fusion-timeline-date\" style=\"background-color:#ebeaea;\">septembre 2025<\/h3><div class=\"fusion-collapse-month\"><article id=\"blog-1-post-41941\" style=\"border-color:#ebeaea;\" class=\"fusion-post-timeline fusion-clearfix fusion-right-column post-41941 post type-post status-publish format-standard has-post-thumbnail hentry category-aircharter\">\n<div class=\"fusion-post-wrapper\" style=\"background-color:rgba(255,255,255,1);\">\n\n\t\t\t<div class=\"fusion-flexslider flexslider fusion-flexslider-loading fusion-post-slideshow\" style=\"border-color:#ebeaea;\">\n\t\t<ul class=\"slides\">\n\t\t\t\n\t\t\t\t\t\t\t\t\t\t\t\t\t\t<li><div  class=\"fusion-image-wrapper\" aria-haspopup=\"true\">\n\t\t\t\t<img decoding=\"async\" width=\"1120\" height=\"630\" src=\"https:\/\/www.aircharter.com\/wp-content\/uploads\/2025\/09\/starlink_g650er.jpg\" class=\"attachment-full size-full wp-post-image\" alt=\"Starlink on a G650ER\" srcset=\"https:\/\/www.aircharter.com\/wp-content\/uploads\/2025\/09\/starlink_g650er-200x113.jpg 200w, https:\/\/www.aircharter.com\/wp-content\/uploads\/2025\/09\/starlink_g650er-400x225.jpg 400w, https:\/\/www.aircharter.com\/wp-content\/uploads\/2025\/09\/starlink_g650er-600x338.jpg 600w, https:\/\/www.aircharter.com\/wp-content\/uploads\/2025\/09\/starlink_g650er-800x450.jpg 800w, https:\/\/www.aircharter.com\/wp-content\/uploads\/2025\/09\/starlink_g650er.jpg 1120w\" sizes=\"(max-width: 1024px) 100vw, (max-width: 640px) 100vw, 40vw\" \/><div class=\"fusion-rollover\">\n\t<div class=\"fusion-rollover-content\">\n\n\t\t\t\t\n\t\t\n\t\t\t\t\t\t\t\t\n\t\t\t\t\t\t\t\t\n\t\t\n\t\t\t\t\t\t<a class=\"fusion-link-wrapper\" href=\"https:\/\/www.aircharter.com\/fr\/gulfstream-reaches-100th-starlink-installation\/\" aria-label=\"Gulfstream Reaches 100th Starlink Installation\"><\/a>\n\t<\/div>\n<\/div>\n<\/div>\n<\/li>\n\t\t\t\n\t\t\t\n\t\t\t\t\t\t\t\t\t\t\t\t\t\t\t\t\t\t\t\t\t\t\t\t\t\t\t\t\t\t\t\t\t\t\t\t\t\t\t\t\t\t\t\t\t\t\t\t\t\t\t\t\t\t\t\t\t\t\t\t\t\t\t\t\t\t\t\t<\/ul>\n\t<\/div>\n\t<div class=\"fusion-post-content-wrapper\" style=\"padding:30px 25px 25px 25px;\"><div class=\"fusion-post-content post-content\"><div class=\"fusion-timeline-circle\" style=\"background-color:#ebeaea;\"><\/div><div class=\"fusion-timeline-arrow\" style=\"color:#ebeaea;\"><\/div><h2 class=\"blog-shortcode-post-title\"><a href=\"https:\/\/www.aircharter.com\/fr\/gulfstream-reaches-100th-starlink-installation\/\">Gulfstream Reaches 100th Starlink Installation<\/a><\/h2><p class=\"fusion-single-line-meta\">By <span><a href=\"https:\/\/www.aircharter.com\/fr\/author\/admin\/\" title=\"Articles par admin\" rel=\"author\">admin<\/a><\/span><span class=\"fusion-inline-sep\">|<\/span><span>septembre 8th, 2025<\/span><span class=\"fusion-inline-sep\">|<\/span><a href=\"https:\/\/www.aircharter.com\/category\/aircharter\/\" rel=\"category tag\">Aircharter News<\/a><span class=\"fusion-inline-sep\">|<\/span><\/p><div class=\"fusion-content-sep sep-double sep-solid\"><\/div><div class=\"fusion-post-content-container\"><p>Gulfstream Aerospace has installed its 100th\u00a0Starlink connectivity system aboard an aircraft, the company said today. The milestone installation was completed at Gulfstream\u2019s Fort Worth Alliance Service Center on a G650ER. This installation came less than<\/p><\/div><\/div><div class=\"fusion-meta-info\"><div class=\"fusion-alignleft\"><a class=\"fusion-read-more\" href=\"https:\/\/www.aircharter.com\/fr\/gulfstream-reaches-100th-starlink-installation\/\" aria-label=\"More on Gulfstream Reaches 100th Starlink Installation\">Read More<\/a><\/div><div class=\"fusion-alignright\"><span>Commentaires ferm\u00e9s<span class=\"screen-reader-text\"> sur Gulfstream Reaches 100th Starlink Installation<\/span><\/span><\/div><\/div><\/div><div class=\"fusion-clearfix\"><\/div><\/div>\n<\/article>\n<article id=\"blog-1-post-40911\" style=\"border-color:#ebeaea;\" class=\"fusion-post-timeline fusion-clearfix fusion-left-column post-40911 post type-post status-publish format-standard has-post-thumbnail hentry category-aircharter\">\n<div class=\"fusion-post-wrapper\" style=\"background-color:rgba(255,255,255,1);\">\n\n\t\t\t<div class=\"fusion-flexslider flexslider fusion-flexslider-loading fusion-post-slideshow\" style=\"border-color:#ebeaea;\">\n\t\t<ul class=\"slides\">\n\t\t\t\n\t\t\t\t\t\t\t\t\t\t\t\t\t\t<li><div  class=\"fusion-image-wrapper\" aria-haspopup=\"true\">\n\t\t\t\t<img decoding=\"async\" width=\"1600\" height=\"900\" src=\"https:\/\/www.aircharter.com\/wp-content\/uploads\/2025\/09\/g800_sky2.jpg\" class=\"attachment-full size-full wp-post-image\" alt=\"\" srcset=\"https:\/\/www.aircharter.com\/wp-content\/uploads\/2025\/09\/g800_sky2-200x113.jpg 200w, https:\/\/www.aircharter.com\/wp-content\/uploads\/2025\/09\/g800_sky2-400x225.jpg 400w, https:\/\/www.aircharter.com\/wp-content\/uploads\/2025\/09\/g800_sky2-600x338.jpg 600w, https:\/\/www.aircharter.com\/wp-content\/uploads\/2025\/09\/g800_sky2-800x450.jpg 800w, https:\/\/www.aircharter.com\/wp-content\/uploads\/2025\/09\/g800_sky2-1200x675.jpg 1200w, https:\/\/www.aircharter.com\/wp-content\/uploads\/2025\/09\/g800_sky2.jpg 1600w\" sizes=\"(max-width: 1024px) 100vw, (max-width: 640px) 100vw, 40vw\" \/><div class=\"fusion-rollover\">\n\t<div class=\"fusion-rollover-content\">\n\n\t\t\t\t\n\t\t\n\t\t\t\t\t\t\t\t\n\t\t\t\t\t\t\t\t\n\t\t\n\t\t\t\t\t\t<a class=\"fusion-link-wrapper\" href=\"https:\/\/www.aircharter.com\/fr\/gulfstream-delivers-first-ultra-long-range-g800\/\" aria-label=\"Gulfstream Delivers First Ultra-long-range G800\"><\/a>\n\t<\/div>\n<\/div>\n<\/div>\n<\/li>\n\t\t\t\n\t\t\t\n\t\t\t\t\t\t\t\t\t\t\t\n\t\t\t\t\t\n\t\t\t\t\t\t\t\t\t\t\t<li>\n\t\t\t\t\t\t\t<div class=\"fusion-image-wrapper\">\n\t\t\t\t\t\t\t\t<a href=\"https:\/\/www.aircharter.com\/fr\/gulfstream-delivers-first-ultra-long-range-g800\/\" aria-label=\"Gulfstream Delivers First Ultra-long-range G800\">\n\t\t\t\t\t\t\t\t\t<img decoding=\"async\" width=\"1600\" height=\"900\" src=\"https:\/\/www.aircharter.com\/wp-content\/uploads\/2025\/09\/g800_in2.jpg\" alt=\"\" class=\"wp-image-40941\" role=\"presentation\" srcset=\"https:\/\/www.aircharter.com\/wp-content\/uploads\/2025\/09\/g800_in2-200x113.jpg 200w, https:\/\/www.aircharter.com\/wp-content\/uploads\/2025\/09\/g800_in2-400x225.jpg 400w, https:\/\/www.aircharter.com\/wp-content\/uploads\/2025\/09\/g800_in2-600x338.jpg 600w, https:\/\/www.aircharter.com\/wp-content\/uploads\/2025\/09\/g800_in2-800x450.jpg 800w, https:\/\/www.aircharter.com\/wp-content\/uploads\/2025\/09\/g800_in2-1200x675.jpg 1200w, https:\/\/www.aircharter.com\/wp-content\/uploads\/2025\/09\/g800_in2.jpg 1600w\" sizes=\"(max-width: 1024px) 100vw, (max-width: 640px) 100vw, 40vw\" \/>\t\t\t\t\t\t\t\t<\/a>\n\t\t\t\t\t\t\t\t<a style=\"display:none;\" href=\"https:\/\/www.aircharter.com\/wp-content\/uploads\/2025\/09\/g800_in2.jpg\" data-rel=\"iLightbox[gallery40911]\"  title=\"\" data-title=\"g800_in2\" data-caption=\"\">\n\t\t\t\t\t\t\t\t\t\t\t\t\t\t\t\t\t<\/a>\n\t\t\t\t\t\t\t<\/div>\n\t\t\t\t\t\t<\/li>\n\t\t\t\t\t\t\t\t\t\t\t\t\t\t\t\t\t\t\t\t\t\t\t\t\n\t\t\t\t\t\n\t\t\t\t\t\t\t\t\t\t\t<li>\n\t\t\t\t\t\t\t<div class=\"fusion-image-wrapper\">\n\t\t\t\t\t\t\t\t<a href=\"https:\/\/www.aircharter.com\/fr\/gulfstream-delivers-first-ultra-long-range-g800\/\" aria-label=\"Gulfstream Delivers First Ultra-long-range G800\">\n\t\t\t\t\t\t\t\t\t<img decoding=\"async\" width=\"1600\" height=\"900\" src=\"https:\/\/www.aircharter.com\/wp-content\/uploads\/2025\/09\/g800_in.jpg\" alt=\"\" class=\"wp-image-40953\" role=\"presentation\" srcset=\"https:\/\/www.aircharter.com\/wp-content\/uploads\/2025\/09\/g800_in-200x113.jpg 200w, https:\/\/www.aircharter.com\/wp-content\/uploads\/2025\/09\/g800_in-400x225.jpg 400w, https:\/\/www.aircharter.com\/wp-content\/uploads\/2025\/09\/g800_in-600x338.jpg 600w, https:\/\/www.aircharter.com\/wp-content\/uploads\/2025\/09\/g800_in-800x450.jpg 800w, https:\/\/www.aircharter.com\/wp-content\/uploads\/2025\/09\/g800_in-1200x675.jpg 1200w, https:\/\/www.aircharter.com\/wp-content\/uploads\/2025\/09\/g800_in.jpg 1600w\" sizes=\"(max-width: 1024px) 100vw, (max-width: 640px) 100vw, 40vw\" \/>\t\t\t\t\t\t\t\t<\/a>\n\t\t\t\t\t\t\t\t<a style=\"display:none;\" href=\"https:\/\/www.aircharter.com\/wp-content\/uploads\/2025\/09\/g800_in.jpg\" data-rel=\"iLightbox[gallery40911]\"  title=\"\" data-title=\"g800_in\" data-caption=\"\">\n\t\t\t\t\t\t\t\t\t\t\t\t\t\t\t\t\t<\/a>\n\t\t\t\t\t\t\t<\/div>\n\t\t\t\t\t\t<\/li>\n\t\t\t\t\t\t\t\t\t\t\t\t\t\t\t\t\t\t\t\t\t\t\t\t\n\t\t\t\t\t\n\t\t\t\t\t\t\t\t\t\t\t<li>\n\t\t\t\t\t\t\t<div class=\"fusion-image-wrapper\">\n\t\t\t\t\t\t\t\t<a href=\"https:\/\/www.aircharter.com\/fr\/gulfstream-delivers-first-ultra-long-range-g800\/\" aria-label=\"Gulfstream Delivers First Ultra-long-range G800\">\n\t\t\t\t\t\t\t\t\t<img decoding=\"async\" width=\"1600\" height=\"900\" src=\"https:\/\/www.aircharter.com\/wp-content\/uploads\/2025\/09\/g800_in1.jpg\" alt=\"\" class=\"wp-image-40947\" role=\"presentation\" srcset=\"https:\/\/www.aircharter.com\/wp-content\/uploads\/2025\/09\/g800_in1-200x113.jpg 200w, https:\/\/www.aircharter.com\/wp-content\/uploads\/2025\/09\/g800_in1-400x225.jpg 400w, https:\/\/www.aircharter.com\/wp-content\/uploads\/2025\/09\/g800_in1-600x338.jpg 600w, https:\/\/www.aircharter.com\/wp-content\/uploads\/2025\/09\/g800_in1-800x450.jpg 800w, https:\/\/www.aircharter.com\/wp-content\/uploads\/2025\/09\/g800_in1-1200x675.jpg 1200w, https:\/\/www.aircharter.com\/wp-content\/uploads\/2025\/09\/g800_in1.jpg 1600w\" sizes=\"(max-width: 1024px) 100vw, (max-width: 640px) 100vw, 40vw\" \/>\t\t\t\t\t\t\t\t<\/a>\n\t\t\t\t\t\t\t\t<a style=\"display:none;\" href=\"https:\/\/www.aircharter.com\/wp-content\/uploads\/2025\/09\/g800_in1.jpg\" data-rel=\"iLightbox[gallery40911]\"  title=\"\" data-title=\"g800_in1\" data-caption=\"\">\n\t\t\t\t\t\t\t\t\t\t\t\t\t\t\t\t\t<\/a>\n\t\t\t\t\t\t\t<\/div>\n\t\t\t\t\t\t<\/li>\n\t\t\t\t\t\t\t\t\t\t\t\t\t\t\t\t\t\t\t\t\t\t\t\t\t\t\t\t\t\t\t\t\t\t\t\t<\/ul>\n\t<\/div>\n\t<div class=\"fusion-post-content-wrapper\" style=\"padding:30px 25px 25px 25px;\"><div class=\"fusion-post-content post-content\"><div class=\"fusion-timeline-circle\" style=\"background-color:#ebeaea;\"><\/div><div class=\"fusion-timeline-arrow\" style=\"color:#ebeaea;\"><\/div><h2 class=\"blog-shortcode-post-title\"><a href=\"https:\/\/www.aircharter.com\/fr\/gulfstream-delivers-first-ultra-long-range-g800\/\">Gulfstream Delivers First Ultra-long-range G800<\/a><\/h2><p class=\"fusion-single-line-meta\">By <span><a href=\"https:\/\/www.aircharter.com\/fr\/author\/admin\/\" title=\"Articles par admin\" rel=\"author\">admin<\/a><\/span><span class=\"fusion-inline-sep\">|<\/span><span>septembre 2nd, 2025<\/span><span class=\"fusion-inline-sep\">|<\/span><a href=\"https:\/\/www.aircharter.com\/category\/aircharter\/\" rel=\"category tag\">Aircharter News<\/a><span class=\"fusion-inline-sep\">|<\/span><\/p><div class=\"fusion-content-sep sep-double sep-solid\"><\/div><div class=\"fusion-post-content-container\"><p>Following its dual FAA and EASA\u00a0certification\u00a0in April, Gulfstream has delivered its first ultra-long-range G800, the Savannah, Georgia OEM said today.\u00a0The first delivered G800 was outfitted at and delivered from the airframer\u2019s completions facility in Appleton,<\/p><\/div><\/div><div class=\"fusion-meta-info\"><div class=\"fusion-alignleft\"><a class=\"fusion-read-more\" href=\"https:\/\/www.aircharter.com\/fr\/gulfstream-delivers-first-ultra-long-range-g800\/\" aria-label=\"More on Gulfstream Delivers First Ultra-long-range G800\">Read More<\/a><\/div><div class=\"fusion-alignright\"><span>Commentaires ferm\u00e9s<span class=\"screen-reader-text\"> sur Gulfstream Delivers First Ultra-long-range G800<\/span><\/span><\/div><\/div><\/div><div class=\"fusion-clearfix\"><\/div><\/div>\n<\/article>\n<\/div><h3 class=\"fusion-timeline-date\" style=\"background-color:#ebeaea;\">ao\u00fbt 2025<\/h3><div class=\"fusion-collapse-month\"><article id=\"blog-1-post-39116\" style=\"border-color:#ebeaea;\" class=\"fusion-post-timeline fusion-clearfix fusion-right-column post-39116 post type-post status-publish format-standard has-post-thumbnail hentry category-aircharter\">\n<div class=\"fusion-post-wrapper\" style=\"background-color:rgba(255,255,255,1);\">\n\n\t\t\t<div class=\"fusion-flexslider flexslider fusion-flexslider-loading fusion-post-slideshow\" style=\"border-color:#ebeaea;\">\n\t\t<ul class=\"slides\">\n\t\t\t\n\t\t\t\t\t\t\t\t\t\t\t\t\t\t<li><div  class=\"fusion-image-wrapper\" aria-haspopup=\"true\">\n\t\t\t\t<img decoding=\"async\" width=\"1920\" height=\"1080\" src=\"https:\/\/www.aircharter.com\/wp-content\/uploads\/2025\/08\/Global-8000.jpg\" class=\"attachment-full size-full wp-post-image\" alt=\"\" srcset=\"https:\/\/www.aircharter.com\/wp-content\/uploads\/2025\/08\/Global-8000-200x113.jpg 200w, https:\/\/www.aircharter.com\/wp-content\/uploads\/2025\/08\/Global-8000-400x225.jpg 400w, https:\/\/www.aircharter.com\/wp-content\/uploads\/2025\/08\/Global-8000-600x338.jpg 600w, https:\/\/www.aircharter.com\/wp-content\/uploads\/2025\/08\/Global-8000-800x450.jpg 800w, https:\/\/www.aircharter.com\/wp-content\/uploads\/2025\/08\/Global-8000-1200x675.jpg 1200w, https:\/\/www.aircharter.com\/wp-content\/uploads\/2025\/08\/Global-8000.jpg 1920w\" sizes=\"(max-width: 1024px) 100vw, (max-width: 640px) 100vw, 40vw\" \/><div class=\"fusion-rollover\">\n\t<div class=\"fusion-rollover-content\">\n\n\t\t\t\t\n\t\t\n\t\t\t\t\t\t\t\t\n\t\t\t\t\t\t\t\t\n\t\t\n\t\t\t\t\t\t<a class=\"fusion-link-wrapper\" href=\"https:\/\/www.aircharter.com\/fr\/global-8000-takes-to-the-skies\/\" aria-label=\"First Production Global 8000 Takes to the Skies\"><\/a>\n\t<\/div>\n<\/div>\n<\/div>\n<\/li>\n\t\t\t\n\t\t\t\n\t\t\t\t\t\t\t\t\t\t\t\n\t\t\t\t\t\n\t\t\t\t\t\t\t\t\t\t\t<li>\n\t\t\t\t\t\t\t<div class=\"fusion-image-wrapper\">\n\t\t\t\t\t\t\t\t<a href=\"https:\/\/www.aircharter.com\/fr\/global-8000-takes-to-the-skies\/\" aria-label=\"First Production Global 8000 Takes to the Skies\">\n\t\t\t\t\t\t\t\t\t<img decoding=\"async\" width=\"1920\" height=\"1080\" src=\"https:\/\/www.aircharter.com\/wp-content\/uploads\/2025\/08\/Global-8000-inside1.jpg\" alt=\"\" class=\"wp-image-39315\" role=\"presentation\" srcset=\"https:\/\/www.aircharter.com\/wp-content\/uploads\/2025\/08\/Global-8000-inside1-200x113.jpg 200w, https:\/\/www.aircharter.com\/wp-content\/uploads\/2025\/08\/Global-8000-inside1-400x225.jpg 400w, https:\/\/www.aircharter.com\/wp-content\/uploads\/2025\/08\/Global-8000-inside1-600x338.jpg 600w, https:\/\/www.aircharter.com\/wp-content\/uploads\/2025\/08\/Global-8000-inside1-800x450.jpg 800w, https:\/\/www.aircharter.com\/wp-content\/uploads\/2025\/08\/Global-8000-inside1-1200x675.jpg 1200w, https:\/\/www.aircharter.com\/wp-content\/uploads\/2025\/08\/Global-8000-inside1.jpg 1920w\" sizes=\"(max-width: 1024px) 100vw, (max-width: 640px) 100vw, 40vw\" \/>\t\t\t\t\t\t\t\t<\/a>\n\t\t\t\t\t\t\t\t<a style=\"display:none;\" href=\"https:\/\/www.aircharter.com\/wp-content\/uploads\/2025\/08\/Global-8000-inside1.jpg\" data-rel=\"iLightbox[gallery39116]\"  title=\"\" data-title=\"Global-8000-inside1\" data-caption=\"\">\n\t\t\t\t\t\t\t\t\t\t\t\t\t\t\t\t\t<\/a>\n\t\t\t\t\t\t\t<\/div>\n\t\t\t\t\t\t<\/li>\n\t\t\t\t\t\t\t\t\t\t\t\t\t\t\t\t\t\t\t\t\t\t\t\t\n\t\t\t\t\t\n\t\t\t\t\t\t\t\t\t\t\t<li>\n\t\t\t\t\t\t\t<div class=\"fusion-image-wrapper\">\n\t\t\t\t\t\t\t\t<a href=\"https:\/\/www.aircharter.com\/fr\/global-8000-takes-to-the-skies\/\" aria-label=\"First Production Global 8000 Takes to the Skies\">\n\t\t\t\t\t\t\t\t\t<img decoding=\"async\" width=\"1920\" height=\"1080\" src=\"https:\/\/www.aircharter.com\/wp-content\/uploads\/2025\/08\/Global-8000-inside2.jpg\" alt=\"\" class=\"wp-image-39321\" role=\"presentation\" srcset=\"https:\/\/www.aircharter.com\/wp-content\/uploads\/2025\/08\/Global-8000-inside2-200x113.jpg 200w, https:\/\/www.aircharter.com\/wp-content\/uploads\/2025\/08\/Global-8000-inside2-400x225.jpg 400w, https:\/\/www.aircharter.com\/wp-content\/uploads\/2025\/08\/Global-8000-inside2-600x338.jpg 600w, https:\/\/www.aircharter.com\/wp-content\/uploads\/2025\/08\/Global-8000-inside2-800x450.jpg 800w, https:\/\/www.aircharter.com\/wp-content\/uploads\/2025\/08\/Global-8000-inside2-1200x675.jpg 1200w, https:\/\/www.aircharter.com\/wp-content\/uploads\/2025\/08\/Global-8000-inside2.jpg 1920w\" sizes=\"(max-width: 1024px) 100vw, (max-width: 640px) 100vw, 40vw\" \/>\t\t\t\t\t\t\t\t<\/a>\n\t\t\t\t\t\t\t\t<a style=\"display:none;\" href=\"https:\/\/www.aircharter.com\/wp-content\/uploads\/2025\/08\/Global-8000-inside2.jpg\" data-rel=\"iLightbox[gallery39116]\"  title=\"\" data-title=\"Global-8000-inside2\" data-caption=\"\">\n\t\t\t\t\t\t\t\t\t\t\t\t\t\t\t\t\t<\/a>\n\t\t\t\t\t\t\t<\/div>\n\t\t\t\t\t\t<\/li>\n\t\t\t\t\t\t\t\t\t\t\t\t\t\t\t\t\t\t\t\t\t\t\t\t\t\t\t\t\t\t\t\t\t\t\t\t\t\t\t\t\t\t\t\t\t\t\t\t\t\t\t<\/ul>\n\t<\/div>\n\t<div class=\"fusion-post-content-wrapper\" style=\"padding:30px 25px 25px 25px;\"><div class=\"fusion-post-content post-content\"><div class=\"fusion-timeline-circle\" style=\"background-color:#ebeaea;\"><\/div><div class=\"fusion-timeline-arrow\" style=\"color:#ebeaea;\"><\/div><h2 class=\"blog-shortcode-post-title\"><a href=\"https:\/\/www.aircharter.com\/fr\/global-8000-takes-to-the-skies\/\">First Production Global 8000 Takes to the Skies<\/a><\/h2><p class=\"fusion-single-line-meta\">By <span><a href=\"https:\/\/www.aircharter.com\/fr\/author\/admin\/\" title=\"Articles par admin\" rel=\"author\">admin<\/a><\/span><span class=\"fusion-inline-sep\">|<\/span><span>ao\u00fbt 19th, 2025<\/span><span class=\"fusion-inline-sep\">|<\/span><a href=\"https:\/\/www.aircharter.com\/category\/aircharter\/\" rel=\"category tag\">Aircharter News<\/a><span class=\"fusion-inline-sep\">|<\/span><\/p><div class=\"fusion-content-sep sep-double sep-solid\"><\/div><div class=\"fusion-post-content-container\"><p>Bombardier\u2019s first production\u00a0Global 8000\u00a0made its inaugural flight on May 16 from Toronto Pearson International Airport (CYYZ). The ultra-long-range twinjet will soon undergo completions at Bombardier\u2019s Laurent Beaudoin Completion Centre in Montreal in preparation for service<\/p><\/div><\/div><div class=\"fusion-meta-info\"><div class=\"fusion-alignleft\"><a class=\"fusion-read-more\" href=\"https:\/\/www.aircharter.com\/fr\/global-8000-takes-to-the-skies\/\" aria-label=\"More on First Production Global 8000 Takes to the Skies\">Read More<\/a><\/div><div class=\"fusion-alignright\"><span>Commentaires ferm\u00e9s<span class=\"screen-reader-text\"> sur First Production Global 8000 Takes to the Skies<\/span><\/span><\/div><\/div><\/div><div class=\"fusion-clearfix\"><\/div><\/div>\n<\/article>\n<article id=\"blog-1-post-39108\" style=\"border-color:#ebeaea;\" class=\"fusion-post-timeline fusion-clearfix fusion-left-column post-39108 post type-post status-publish format-standard has-post-thumbnail hentry category-aircharter\">\n<div class=\"fusion-post-wrapper\" style=\"background-color:rgba(255,255,255,1);\">\n\n\t\t\t<div class=\"fusion-flexslider flexslider fusion-flexslider-loading fusion-post-slideshow\" style=\"border-color:#ebeaea;\">\n\t\t<ul class=\"slides\">\n\t\t\t\n\t\t\t\t\t\t\t\t\t\t\t\t\t\t<li><div  class=\"fusion-image-wrapper\" aria-haspopup=\"true\">\n\t\t\t\t<img decoding=\"async\" width=\"2000\" height=\"1324\" src=\"https:\/\/www.aircharter.com\/wp-content\/uploads\/2025\/08\/02_Falcon-6X-en-vol_01c.jpg\" class=\"attachment-full size-full wp-post-image\" alt=\"Falcon 6X\" srcset=\"https:\/\/www.aircharter.com\/wp-content\/uploads\/2025\/08\/02_Falcon-6X-en-vol_01c-200x132.jpg 200w, https:\/\/www.aircharter.com\/wp-content\/uploads\/2025\/08\/02_Falcon-6X-en-vol_01c-400x265.jpg 400w, https:\/\/www.aircharter.com\/wp-content\/uploads\/2025\/08\/02_Falcon-6X-en-vol_01c-600x397.jpg 600w, https:\/\/www.aircharter.com\/wp-content\/uploads\/2025\/08\/02_Falcon-6X-en-vol_01c-800x530.jpg 800w, https:\/\/www.aircharter.com\/wp-content\/uploads\/2025\/08\/02_Falcon-6X-en-vol_01c-1200x794.jpg 1200w, https:\/\/www.aircharter.com\/wp-content\/uploads\/2025\/08\/02_Falcon-6X-en-vol_01c.jpg 2000w\" sizes=\"(max-width: 1024px) 100vw, (max-width: 640px) 100vw, 40vw\" \/><div class=\"fusion-rollover\">\n\t<div class=\"fusion-rollover-content\">\n\n\t\t\t\t\n\t\t\n\t\t\t\t\t\t\t\t\n\t\t\t\t\t\t\t\t\n\t\t\n\t\t\t\t\t\t<a class=\"fusion-link-wrapper\" href=\"https:\/\/www.aircharter.com\/fr\/dassault-falcon-6x-flies-at-the-paris-air-show\/\" aria-label=\"Dassault Falcon 6X Flies at the Paris Air Show\"><\/a>\n\t<\/div>\n<\/div>\n<\/div>\n<\/li>\n\t\t\t\n\t\t\t\n\t\t\t\t\t\t\t\t\t\t\t\t\t\t\t\t\t\t\t\t\t\t\t\t\t\t\t\t\t\t\t\t\t\t\t\t\t\t\t\t\t\t\t\t\t\t\t\t\t\t\t\t\t\t\t\t\t\t\t\t\t\t\t\t\t\t\t\t<\/ul>\n\t<\/div>\n\t<div class=\"fusion-post-content-wrapper\" style=\"padding:30px 25px 25px 25px;\"><div class=\"fusion-post-content post-content\"><div class=\"fusion-timeline-circle\" style=\"background-color:#ebeaea;\"><\/div><div class=\"fusion-timeline-arrow\" style=\"color:#ebeaea;\"><\/div><h2 class=\"blog-shortcode-post-title\"><a href=\"https:\/\/www.aircharter.com\/fr\/dassault-falcon-6x-flies-at-the-paris-air-show\/\">Dassault Falcon 6X Flies at the Paris Air Show<\/a><\/h2><p class=\"fusion-single-line-meta\">By <span><a href=\"https:\/\/www.aircharter.com\/fr\/author\/admin\/\" title=\"Articles par admin\" rel=\"author\">admin<\/a><\/span><span class=\"fusion-inline-sep\">|<\/span><span>ao\u00fbt 19th, 2025<\/span><span class=\"fusion-inline-sep\">|<\/span><a href=\"https:\/\/www.aircharter.com\/category\/aircharter\/\" rel=\"category tag\">Aircharter News<\/a><span class=\"fusion-inline-sep\">|<\/span><\/p><div class=\"fusion-content-sep sep-double sep-solid\"><\/div><div class=\"fusion-post-content-container\"><p>The fly-by-wire Falcon 6X\u2019s PW812D engine (\"D\" for Dassault) delivers 13,500 pounds of thrust, features a 44-inch single-piece fan, 4.5:1 to 5:1 bypass ratio, and low-emissions Talon X combustor. With eight passengers and three crew<\/p><\/div><\/div><div class=\"fusion-meta-info\"><div class=\"fusion-alignleft\"><a class=\"fusion-read-more\" href=\"https:\/\/www.aircharter.com\/fr\/dassault-falcon-6x-flies-at-the-paris-air-show\/\" aria-label=\"More on Dassault Falcon 6X Flies at the Paris Air Show\">Read More<\/a><\/div><div class=\"fusion-alignright\"><span>Commentaires ferm\u00e9s<span class=\"screen-reader-text\"> sur Dassault Falcon 6X Flies at the Paris Air Show<\/span><\/span><\/div><\/div><\/div><div class=\"fusion-clearfix\"><\/div><\/div>\n<\/article>\n<\/div><h3 class=\"fusion-timeline-date\" style=\"background-color:#ebeaea;\">mai 2025<\/h3><div class=\"fusion-collapse-month\"><article id=\"blog-1-post-38761\" style=\"border-color:#ebeaea;\" class=\"fusion-post-timeline fusion-clearfix fusion-right-column post-38761 post type-post status-publish format-standard has-post-thumbnail hentry category-aircharter\">\n<div class=\"fusion-post-wrapper\" style=\"background-color:rgba(255,255,255,1);\">\n\n\t\t\t<div class=\"fusion-flexslider flexslider fusion-flexslider-loading fusion-post-slideshow\" style=\"border-color:#ebeaea;\">\n\t\t<ul class=\"slides\">\n\t\t\t\n\t\t\t\t\t\t\t\t\t\t\t\t\t\t<li><div  class=\"fusion-image-wrapper\" aria-haspopup=\"true\">\n\t\t\t\t<img decoding=\"async\" width=\"1920\" height=\"1080\" src=\"https:\/\/www.aircharter.com\/wp-content\/uploads\/2025\/05\/ac9.jpg\" class=\"attachment-full size-full wp-post-image\" alt=\"AirCharter Broker APP\" srcset=\"https:\/\/www.aircharter.com\/wp-content\/uploads\/2025\/05\/ac9-200x113.jpg 200w, https:\/\/www.aircharter.com\/wp-content\/uploads\/2025\/05\/ac9-400x225.jpg 400w, https:\/\/www.aircharter.com\/wp-content\/uploads\/2025\/05\/ac9-600x338.jpg 600w, https:\/\/www.aircharter.com\/wp-content\/uploads\/2025\/05\/ac9-800x450.jpg 800w, https:\/\/www.aircharter.com\/wp-content\/uploads\/2025\/05\/ac9-1200x675.jpg 1200w, https:\/\/www.aircharter.com\/wp-content\/uploads\/2025\/05\/ac9.jpg 1920w\" sizes=\"(max-width: 1024px) 100vw, (max-width: 640px) 100vw, 40vw\" \/><div class=\"fusion-rollover\">\n\t<div class=\"fusion-rollover-content\">\n\n\t\t\t\t\n\t\t\n\t\t\t\t\t\t\t\t\n\t\t\t\t\t\t\t\t\n\t\t\n\t\t\t\t\t\t<a class=\"fusion-link-wrapper\" href=\"https:\/\/www.aircharter.com\/fr\/aircharter-com-is-offering-a-free-broker-solution-mobile-web\/\" aria-label=\"FREE Broker Solution Mobile &#038; Web\"><\/a>\n\t<\/div>\n<\/div>\n<\/div>\n<\/li>\n\t\t\t\n\t\t\t\n\t\t\t\t\t\t\t\t\t\t\t\n\t\t\t\t\t\n\t\t\t\t\t\t\t\t\t\t\t<li>\n\t\t\t\t\t\t\t<div class=\"fusion-image-wrapper\">\n\t\t\t\t\t\t\t\t<a href=\"https:\/\/www.aircharter.com\/fr\/aircharter-com-is-offering-a-free-broker-solution-mobile-web\/\" aria-label=\"FREE Broker Solution Mobile &#038; Web\">\n\t\t\t\t\t\t\t\t\t<img decoding=\"async\" width=\"1920\" height=\"1080\" src=\"https:\/\/www.aircharter.com\/wp-content\/uploads\/2025\/05\/ac7-1.jpg\" alt=\"\" class=\"wp-image-38933\" role=\"presentation\" srcset=\"https:\/\/www.aircharter.com\/wp-content\/uploads\/2025\/05\/ac7-1-200x113.jpg 200w, https:\/\/www.aircharter.com\/wp-content\/uploads\/2025\/05\/ac7-1-400x225.jpg 400w, https:\/\/www.aircharter.com\/wp-content\/uploads\/2025\/05\/ac7-1-600x338.jpg 600w, https:\/\/www.aircharter.com\/wp-content\/uploads\/2025\/05\/ac7-1-800x450.jpg 800w, https:\/\/www.aircharter.com\/wp-content\/uploads\/2025\/05\/ac7-1-1200x675.jpg 1200w, https:\/\/www.aircharter.com\/wp-content\/uploads\/2025\/05\/ac7-1.jpg 1920w\" sizes=\"(max-width: 1024px) 100vw, (max-width: 640px) 100vw, 40vw\" \/>\t\t\t\t\t\t\t\t<\/a>\n\t\t\t\t\t\t\t\t<a style=\"display:none;\" href=\"https:\/\/www.aircharter.com\/wp-content\/uploads\/2025\/05\/ac7-1.jpg\" data-rel=\"iLightbox[gallery38761]\"  title=\"\" data-title=\"ac7\" data-caption=\"\">\n\t\t\t\t\t\t\t\t\t\t\t\t\t\t\t\t\t<\/a>\n\t\t\t\t\t\t\t<\/div>\n\t\t\t\t\t\t<\/li>\n\t\t\t\t\t\t\t\t\t\t\t\t\t\t\t\t\t\t\t\t\t\t\t\t\t\t\t\t\t\t\t\t\t\t\t\t\t\t\t\t\t\t\t\t\t\t\t\t\t\t\t\t\t\t\t\t\t\t\t\t\t\t\t\t\t\t<\/ul>\n\t<\/div>\n\t<div class=\"fusion-post-content-wrapper\" style=\"padding:30px 25px 25px 25px;\"><div class=\"fusion-post-content post-content\"><div class=\"fusion-timeline-circle\" style=\"background-color:#ebeaea;\"><\/div><div class=\"fusion-timeline-arrow\" style=\"color:#ebeaea;\"><\/div><h2 class=\"blog-shortcode-post-title\"><a href=\"https:\/\/www.aircharter.com\/fr\/aircharter-com-is-offering-a-free-broker-solution-mobile-web\/\">FREE Broker Solution Mobile &#038; Web<\/a><\/h2><p class=\"fusion-single-line-meta\">By <span><a href=\"https:\/\/www.aircharter.com\/fr\/author\/admin\/\" title=\"Articles par admin\" rel=\"author\">admin<\/a><\/span><span class=\"fusion-inline-sep\">|<\/span><span>mai 25th, 2025<\/span><span class=\"fusion-inline-sep\">|<\/span><a href=\"https:\/\/www.aircharter.com\/category\/aircharter\/\" rel=\"category tag\">Aircharter News<\/a><span class=\"fusion-inline-sep\">|<\/span><\/p><div class=\"fusion-content-sep sep-double sep-solid\"><\/div><div class=\"fusion-post-content-container\"><p> Free End-to-End Charter Broker Platform \u2014 Mobile &amp; Web Access Imagine having a complete aircraft charter operations team and powerful booking engine working silently behind the scenes \u2014 at no cost to you. Now<\/p><\/div><\/div><div class=\"fusion-meta-info\"><div class=\"fusion-alignleft\"><a class=\"fusion-read-more\" href=\"https:\/\/www.aircharter.com\/fr\/aircharter-com-is-offering-a-free-broker-solution-mobile-web\/\" aria-label=\"More on FREE Broker Solution Mobile &#038; Web\">Read More<\/a><\/div><div class=\"fusion-alignright\"><span>Commentaires ferm\u00e9s<span class=\"screen-reader-text\"> sur FREE Broker Solution Mobile &#038; Web<\/span><\/span><\/div><\/div><\/div><div class=\"fusion-clearfix\"><\/div><\/div>\n<\/article>\n<\/div><h3 class=\"fusion-timeline-date\" style=\"background-color:#ebeaea;\">avril 2025<\/h3><div class=\"fusion-collapse-month\"><article id=\"blog-1-post-38705\" style=\"border-color:#ebeaea;\" class=\"fusion-post-timeline fusion-clearfix fusion-left-column post-38705 post type-post status-publish format-standard has-post-thumbnail hentry category-aircharter\">\n<div class=\"fusion-post-wrapper\" style=\"background-color:rgba(255,255,255,1);\">\n\n\t\t\t<div class=\"fusion-flexslider flexslider fusion-flexslider-loading fusion-post-slideshow\" style=\"border-color:#ebeaea;\">\n\t\t<ul class=\"slides\">\n\t\t\t\n\t\t\t\t\t\t\t\t\t\t\t\t\t\t<li><div  class=\"fusion-image-wrapper\" aria-haspopup=\"true\">\n\t\t\t\t<img decoding=\"async\" width=\"1200\" height=\"630\" src=\"https:\/\/www.aircharter.com\/wp-content\/uploads\/2025\/04\/falcon8x_gal_208_202302.jpg\" class=\"attachment-full size-full wp-post-image\" alt=\"Buz Aviation and Tarrifs\" srcset=\"https:\/\/www.aircharter.com\/wp-content\/uploads\/2025\/04\/falcon8x_gal_208_202302-200x105.jpg 200w, https:\/\/www.aircharter.com\/wp-content\/uploads\/2025\/04\/falcon8x_gal_208_202302-400x210.jpg 400w, https:\/\/www.aircharter.com\/wp-content\/uploads\/2025\/04\/falcon8x_gal_208_202302-600x315.jpg 600w, https:\/\/www.aircharter.com\/wp-content\/uploads\/2025\/04\/falcon8x_gal_208_202302-800x420.jpg 800w, https:\/\/www.aircharter.com\/wp-content\/uploads\/2025\/04\/falcon8x_gal_208_202302.jpg 1200w\" sizes=\"(max-width: 1024px) 100vw, (max-width: 640px) 100vw, 40vw\" \/><div class=\"fusion-rollover\">\n\t<div class=\"fusion-rollover-content\">\n\n\t\t\t\t\n\t\t\n\t\t\t\t\t\t\t\t\n\t\t\t\t\t\t\t\t\n\t\t\n\t\t\t\t\t\t<a class=\"fusion-link-wrapper\" href=\"https:\/\/www.aircharter.com\/fr\/bizav-industry-grapples-with-ramifications-of-global-tariffs\/\" aria-label=\"Bizav Industry Grapples with Ramifications of Global Tariffs\"><\/a>\n\t<\/div>\n<\/div>\n<\/div>\n<\/li>\n\t\t\t\n\t\t\t\n\t\t\t\t\t\t\t\t\t\t\t\t\t\t\t\t\t\t\t\t\t\t\t\t\t\t\t\t\t\t\t\t\t\t\t\t\t\t\t\t\t\t\t\t\t\t\t\t\t\t\t\t\t\t\t\t\t\t\t\t\t\t\t\t\t\t\t\t<\/ul>\n\t<\/div>\n\t<div class=\"fusion-post-content-wrapper\" style=\"padding:30px 25px 25px 25px;\"><div class=\"fusion-post-content post-content\"><div class=\"fusion-timeline-circle\" style=\"background-color:#ebeaea;\"><\/div><div class=\"fusion-timeline-arrow\" style=\"color:#ebeaea;\"><\/div><h2 class=\"blog-shortcode-post-title\"><a href=\"https:\/\/www.aircharter.com\/fr\/bizav-industry-grapples-with-ramifications-of-global-tariffs\/\">Bizav Industry Grapples with Ramifications of Global Tariffs<\/a><\/h2><p class=\"fusion-single-line-meta\">By <span><a href=\"https:\/\/www.aircharter.com\/fr\/author\/admin\/\" title=\"Articles par admin\" rel=\"author\">admin<\/a><\/span><span class=\"fusion-inline-sep\">|<\/span><span>avril 20th, 2025<\/span><span class=\"fusion-inline-sep\">|<\/span><a href=\"https:\/\/www.aircharter.com\/category\/aircharter\/\" rel=\"category tag\">Aircharter News<\/a><span class=\"fusion-inline-sep\">|<\/span><\/p><div class=\"fusion-content-sep sep-double sep-solid\"><\/div><div class=\"fusion-post-content-container\"><p>The business aviation community continues to try to absorb the ramifications of the White House\u2019s rollout of global tariffs, but leaders are warning aircraft owners and operators to obtain expert advice on the applicability before<\/p><\/div><\/div><div class=\"fusion-meta-info\"><div class=\"fusion-alignleft\"><a class=\"fusion-read-more\" href=\"https:\/\/www.aircharter.com\/fr\/bizav-industry-grapples-with-ramifications-of-global-tariffs\/\" aria-label=\"More on Bizav Industry Grapples with Ramifications of Global Tariffs\">Read More<\/a><\/div><div class=\"fusion-alignright\"><span>Commentaires ferm\u00e9s<span class=\"screen-reader-text\"> sur Bizav Industry Grapples with Ramifications of Global Tariffs<\/span><\/span><\/div><\/div><\/div><div class=\"fusion-clearfix\"><\/div><\/div>\n<\/article>\n<article id=\"blog-1-post-38713\" style=\"border-color:#ebeaea;\" class=\"fusion-post-timeline fusion-clearfix fusion-right-column post-38713 post type-post status-publish format-standard has-post-thumbnail hentry category-aircharter\">\n<div class=\"fusion-post-wrapper\" style=\"background-color:rgba(255,255,255,1);\">\n\n\t\t\t<div class=\"fusion-flexslider flexslider fusion-flexslider-loading fusion-post-slideshow\" style=\"border-color:#ebeaea;\">\n\t\t<ul class=\"slides\">\n\t\t\t\n\t\t\t\t\t\t\t\t\t\t\t\t\t\t<li><div  class=\"fusion-image-wrapper\" aria-haspopup=\"true\">\n\t\t\t\t<img decoding=\"async\" width=\"1200\" height=\"630\" src=\"https:\/\/www.aircharter.com\/wp-content\/uploads\/2025\/04\/Jet-Aviation-Redelivers-Quietest-VIP-Narrow-body-Completion.jpg\" class=\"attachment-full size-full wp-post-image\" alt=\"Jet-Aviation-Redelivers-Quietest-VIP-Narrow-body-Completion\" srcset=\"https:\/\/www.aircharter.com\/wp-content\/uploads\/2025\/04\/Jet-Aviation-Redelivers-Quietest-VIP-Narrow-body-Completion-200x105.jpg 200w, https:\/\/www.aircharter.com\/wp-content\/uploads\/2025\/04\/Jet-Aviation-Redelivers-Quietest-VIP-Narrow-body-Completion-400x210.jpg 400w, https:\/\/www.aircharter.com\/wp-content\/uploads\/2025\/04\/Jet-Aviation-Redelivers-Quietest-VIP-Narrow-body-Completion-600x315.jpg 600w, https:\/\/www.aircharter.com\/wp-content\/uploads\/2025\/04\/Jet-Aviation-Redelivers-Quietest-VIP-Narrow-body-Completion-800x420.jpg 800w, https:\/\/www.aircharter.com\/wp-content\/uploads\/2025\/04\/Jet-Aviation-Redelivers-Quietest-VIP-Narrow-body-Completion.jpg 1200w\" sizes=\"(max-width: 1024px) 100vw, (max-width: 640px) 100vw, 40vw\" \/><div class=\"fusion-rollover\">\n\t<div class=\"fusion-rollover-content\">\n\n\t\t\t\t\n\t\t\n\t\t\t\t\t\t\t\t\n\t\t\t\t\t\t\t\t\n\t\t\n\t\t\t\t\t\t<a class=\"fusion-link-wrapper\" href=\"https:\/\/www.aircharter.com\/fr\/jet-aviation-delivers-its-quietest-vip-cabin-to-date\/\" aria-label=\"Jet Aviation Delivers Its Quietest VIP Cabin to Date\"><\/a>\n\t<\/div>\n<\/div>\n<\/div>\n<\/li>\n\t\t\t\n\t\t\t\n\t\t\t\t\t\t\t\t\t\t\t\t\t\t\t\t\t\t\t\t\t\t\t\t\t\t\t\t\t\t\t\t\t\t\t\t\t\t\t\t\t\t\t\t\t\t\t\t\t\t\t\t\t\t\t\t\t\t\t\t\t\t\t\t\t\t\t\t<\/ul>\n\t<\/div>\n\t<div class=\"fusion-post-content-wrapper\" style=\"padding:30px 25px 25px 25px;\"><div class=\"fusion-post-content post-content\"><div class=\"fusion-timeline-circle\" style=\"background-color:#ebeaea;\"><\/div><div class=\"fusion-timeline-arrow\" style=\"color:#ebeaea;\"><\/div><h2 class=\"blog-shortcode-post-title\"><a href=\"https:\/\/www.aircharter.com\/fr\/jet-aviation-delivers-its-quietest-vip-cabin-to-date\/\">Jet Aviation Delivers Its Quietest VIP Cabin to Date<\/a><\/h2><p class=\"fusion-single-line-meta\">By <span><a href=\"https:\/\/www.aircharter.com\/fr\/author\/admin\/\" title=\"Articles par admin\" rel=\"author\">admin<\/a><\/span><span class=\"fusion-inline-sep\">|<\/span><span>avril 12th, 2025<\/span><span class=\"fusion-inline-sep\">|<\/span><a href=\"https:\/\/www.aircharter.com\/category\/aircharter\/\" rel=\"category tag\">Aircharter News<\/a><span class=\"fusion-inline-sep\">|<\/span><\/p><div class=\"fusion-content-sep sep-double sep-solid\"><\/div><div class=\"fusion-post-content-container\"><p>Jet Aviation has delivered a VIP-configured aircraft that it says features the quietest cabin its completions team has yet produced. On Tuesday, the company reported that its facility in Basel, Switzerland, had achieved sound levels<\/p><\/div><\/div><div class=\"fusion-meta-info\"><div class=\"fusion-alignleft\"><a class=\"fusion-read-more\" href=\"https:\/\/www.aircharter.com\/fr\/jet-aviation-delivers-its-quietest-vip-cabin-to-date\/\" aria-label=\"More on Jet Aviation Delivers Its Quietest VIP Cabin to Date\">Read More<\/a><\/div><div class=\"fusion-alignright\"><span>Commentaires ferm\u00e9s<span class=\"screen-reader-text\"> sur Jet Aviation Delivers Its Quietest VIP Cabin to Date<\/span><\/span><\/div><\/div><\/div><div class=\"fusion-clearfix\"><\/div><\/div>\n<\/article>\n<article id=\"blog-1-post-38695\" style=\"border-color:#ebeaea;\" class=\"fusion-post-timeline fusion-clearfix fusion-left-column post-38695 post type-post status-publish format-standard has-post-thumbnail hentry category-aircharter\">\n<div class=\"fusion-post-wrapper\" style=\"background-color:rgba(255,255,255,1);\">\n\n\t\t\t<div class=\"fusion-flexslider flexslider fusion-flexslider-loading fusion-post-slideshow\" style=\"border-color:#ebeaea;\">\n\t\t<ul class=\"slides\">\n\t\t\t\n\t\t\t\t\t\t\t\t\t\t\t\t\t\t<li><div  class=\"fusion-image-wrapper\" aria-haspopup=\"true\">\n\t\t\t\t<img decoding=\"async\" width=\"1200\" height=\"630\" src=\"https:\/\/www.aircharter.com\/wp-content\/uploads\/2025\/04\/ethan-hu-Hi9OUtty-_o-unsplash.jpg\" class=\"attachment-full size-full wp-post-image\" alt=\"DirecTV In Flight\" srcset=\"https:\/\/www.aircharter.com\/wp-content\/uploads\/2025\/04\/ethan-hu-Hi9OUtty-_o-unsplash-200x105.jpg 200w, https:\/\/www.aircharter.com\/wp-content\/uploads\/2025\/04\/ethan-hu-Hi9OUtty-_o-unsplash-400x210.jpg 400w, https:\/\/www.aircharter.com\/wp-content\/uploads\/2025\/04\/ethan-hu-Hi9OUtty-_o-unsplash-600x315.jpg 600w, https:\/\/www.aircharter.com\/wp-content\/uploads\/2025\/04\/ethan-hu-Hi9OUtty-_o-unsplash-800x420.jpg 800w, https:\/\/www.aircharter.com\/wp-content\/uploads\/2025\/04\/ethan-hu-Hi9OUtty-_o-unsplash.jpg 1200w\" sizes=\"(max-width: 1024px) 100vw, (max-width: 640px) 100vw, 40vw\" \/><div class=\"fusion-rollover\">\n\t<div class=\"fusion-rollover-content\">\n\n\t\t\t\t\n\t\t\n\t\t\t\t\t\t\t\t\n\t\t\t\t\t\t\t\t\n\t\t\n\t\t\t\t\t\t<a class=\"fusion-link-wrapper\" href=\"https:\/\/www.aircharter.com\/fr\/directv-expands-in-flight-tv-internationally\/\" aria-label=\"DirecTV Expands In-flight TV Internationally\"><\/a>\n\t<\/div>\n<\/div>\n<\/div>\n<\/li>\n\t\t\t\n\t\t\t\n\t\t\t\t\t\t\t\t\t\t\t\t\t\t\t\t\t\t\t\t\t\t\t\t\t\t\t\t\t\t\t\t\t\t\t\t\t\t\t\t\t\t\t\t\t\t\t\t\t\t\t\t\t\t\t\t\t\t\t\t\t\t\t\t\t\t\t\t<\/ul>\n\t<\/div>\n\t<div class=\"fusion-post-content-wrapper\" style=\"padding:30px 25px 25px 25px;\"><div class=\"fusion-post-content post-content\"><div class=\"fusion-timeline-circle\" style=\"background-color:#ebeaea;\"><\/div><div class=\"fusion-timeline-arrow\" style=\"color:#ebeaea;\"><\/div><h2 class=\"blog-shortcode-post-title\"><a href=\"https:\/\/www.aircharter.com\/fr\/directv-expands-in-flight-tv-internationally\/\">DirecTV Expands In-flight TV Internationally<\/a><\/h2><p class=\"fusion-single-line-meta\">By <span><a href=\"https:\/\/www.aircharter.com\/fr\/author\/admin\/\" title=\"Articles par admin\" rel=\"author\">admin<\/a><\/span><span class=\"fusion-inline-sep\">|<\/span><span>avril 12th, 2025<\/span><span class=\"fusion-inline-sep\">|<\/span><a href=\"https:\/\/www.aircharter.com\/category\/aircharter\/\" rel=\"category tag\">Aircharter News<\/a><span class=\"fusion-inline-sep\">|<\/span><\/p><div class=\"fusion-content-sep sep-double sep-solid\"><\/div><div class=\"fusion-post-content-container\"><p>Announced at Aircraft Interiors Expo (AIX) 2025 in Hamburg, DirecTV In Flightis extending access to live television programming on international flights departing from and returning to the United States. With this update, DirecTV\u00a0becomes the first<\/p><\/div><\/div><div class=\"fusion-meta-info\"><div class=\"fusion-alignleft\"><a class=\"fusion-read-more\" href=\"https:\/\/www.aircharter.com\/fr\/directv-expands-in-flight-tv-internationally\/\" aria-label=\"More on DirecTV Expands In-flight TV Internationally\">Read More<\/a><\/div><div class=\"fusion-alignright\"><span>Commentaires ferm\u00e9s<span class=\"screen-reader-text\"> sur DirecTV Expands In-flight TV Internationally<\/span><\/span><\/div><\/div><\/div><div class=\"fusion-clearfix\"><\/div><\/div>\n<\/article>\n<\/div><h3 class=\"fusion-timeline-date\" style=\"background-color:#ebeaea;\">novembre 2024<\/h3><div class=\"fusion-collapse-month\"><article id=\"blog-1-post-38685\" style=\"border-color:#ebeaea;\" class=\"fusion-post-timeline fusion-clearfix fusion-right-column post-38685 post type-post status-publish format-standard has-post-thumbnail hentry category-aircharter\">\n<div class=\"fusion-post-wrapper\" style=\"background-color:rgba(255,255,255,1);\">\n\n\t\t\t<div class=\"fusion-flexslider flexslider fusion-flexslider-loading fusion-post-slideshow\" style=\"border-color:#ebeaea;\">\n\t\t<ul class=\"slides\">\n\t\t\t\n\t\t\t\t\t\t\t\t\t\t\t\t\t\t<li><div  class=\"fusion-image-wrapper\" aria-haspopup=\"true\">\n\t\t\t\t<img decoding=\"async\" width=\"1200\" height=\"630\" src=\"https:\/\/www.aircharter.com\/wp-content\/uploads\/2024\/11\/Challenger-3500-Exterior-Mountain-and-Water-Low-Fly.jpg\" class=\"attachment-full size-full wp-post-image\" alt=\"business jet market\" srcset=\"https:\/\/www.aircharter.com\/wp-content\/uploads\/2024\/11\/Challenger-3500-Exterior-Mountain-and-Water-Low-Fly-200x105.jpg 200w, https:\/\/www.aircharter.com\/wp-content\/uploads\/2024\/11\/Challenger-3500-Exterior-Mountain-and-Water-Low-Fly-400x210.jpg 400w, https:\/\/www.aircharter.com\/wp-content\/uploads\/2024\/11\/Challenger-3500-Exterior-Mountain-and-Water-Low-Fly-600x315.jpg 600w, https:\/\/www.aircharter.com\/wp-content\/uploads\/2024\/11\/Challenger-3500-Exterior-Mountain-and-Water-Low-Fly-800x420.jpg 800w, https:\/\/www.aircharter.com\/wp-content\/uploads\/2024\/11\/Challenger-3500-Exterior-Mountain-and-Water-Low-Fly.jpg 1200w\" sizes=\"(max-width: 1024px) 100vw, (max-width: 640px) 100vw, 40vw\" \/><div class=\"fusion-rollover\">\n\t<div class=\"fusion-rollover-content\">\n\n\t\t\t\t\n\t\t\n\t\t\t\t\t\t\t\t\n\t\t\t\t\t\t\t\t\n\t\t\n\t\t\t\t\t\t<a class=\"fusion-link-wrapper\" href=\"https:\/\/www.aircharter.com\/fr\/business-jet-market-continues-to-stabilize-in-3q2024\/\" aria-label=\"Business Jet Market Continues To Stabilize in 3Q2024\"><\/a>\n\t<\/div>\n<\/div>\n<\/div>\n<\/li>\n\t\t\t\n\t\t\t\n\t\t\t\t\t\t\t\t\t\t\t\t\t\t\t\t\t\t\t\t\t\t\t\t\t\t\t\t\t\t\t\t\t\t\t\t\t\t\t\t\t\t\t\t\t\t\t\t\t\t\t\t\t\t\t\t\t\t\t\t\t\t\t\t\t\t\t\t<\/ul>\n\t<\/div>\n\t<div class=\"fusion-post-content-wrapper\" style=\"padding:30px 25px 25px 25px;\"><div class=\"fusion-post-content post-content\"><div class=\"fusion-timeline-circle\" style=\"background-color:#ebeaea;\"><\/div><div class=\"fusion-timeline-arrow\" style=\"color:#ebeaea;\"><\/div><h2 class=\"blog-shortcode-post-title\"><a href=\"https:\/\/www.aircharter.com\/fr\/business-jet-market-continues-to-stabilize-in-3q2024\/\">Business Jet Market Continues To Stabilize in 3Q2024<\/a><\/h2><p class=\"fusion-single-line-meta\">By <span><a href=\"https:\/\/www.aircharter.com\/fr\/author\/admin\/\" title=\"Articles par admin\" rel=\"author\">admin<\/a><\/span><span class=\"fusion-inline-sep\">|<\/span><span>novembre 24th, 2024<\/span><span class=\"fusion-inline-sep\">|<\/span><a href=\"https:\/\/www.aircharter.com\/category\/aircharter\/\" rel=\"category tag\">Aircharter News<\/a><span class=\"fusion-inline-sep\">|<\/span><\/p><div class=\"fusion-content-sep sep-double sep-solid\"><\/div><div class=\"fusion-post-content-container\"><p>The third quarter was one of stabilization for the business jet market with operations, orders, available aircraft, and pricing all ebbing but at the same time normalizing, according to Global Jet Capital\u2019s latest Business Aviation<\/p><\/div><\/div><div class=\"fusion-meta-info\"><div class=\"fusion-alignleft\"><a class=\"fusion-read-more\" href=\"https:\/\/www.aircharter.com\/fr\/business-jet-market-continues-to-stabilize-in-3q2024\/\" aria-label=\"More on Business Jet Market Continues To Stabilize in 3Q2024\">Read More<\/a><\/div><div class=\"fusion-alignright\"><span>Commentaires ferm\u00e9s<span class=\"screen-reader-text\"> sur Business Jet Market Continues To Stabilize in 3Q2024<\/span><\/span><\/div><\/div><\/div><div class=\"fusion-clearfix\"><\/div><\/div>\n<\/article>\n<\/div><\/div><\/div><div class=\"pagination clearfix\"><span class=\"current\">1<\/span><a href=\"https:\/\/www.aircharter.com\/fr\/wp-json\/wp\/v2\/pages\/27047\/page\/2\/\" class=\"inactive\">2<\/a><a class=\"pagination-next\" rel=\"next\" href=\"https:\/\/www.aircharter.com\/fr\/wp-json\/wp\/v2\/pages\/27047\/page\/2\/\"><span class=\"page-text\">Next<\/span><span class=\"page-next\"><\/span><\/a><\/div><div class=\"fusion-clearfix\"><\/div><\/div>\n<\/div><\/div><div class=\"fusion-layout-column fusion_builder_column fusion-builder-column-1 fusion_builder_column_1_1 1_1 fusion-flex-column fusion-flex-align-self-flex-start fusion-column-no-min-height\" style=\"--awb-bg-size:cover;--awb-width-large:100%;--awb-margin-top-large:0px;--awb-spacing-right-large:0px;--awb-margin-bottom-large:0px;--awb-spacing-left-large:0px;--awb-width-medium:100%;--awb-spacing-right-medium:0px;--awb-spacing-left-medium:0px;--awb-width-small:100%;--awb-spacing-right-small:0px;--awb-spacing-left-small:0px;\"><div class=\"fusion-column-wrapper fusion-flex-justify-content-flex-start fusion-content-layout-column\"><div class=\"fusion-recent-posts fusion-recent-posts-1 avada-container layout-default layout-columns-4\"><section class=\"fusion-columns columns fusion-columns-4 columns-4\"><article class=\"post fusion-column column col col-lg-3 col-md-3 col-sm-3\"><div class=\"fusion-flexslider fusion-flexslider-loading flexslider flexslider-hover-type-none\"><ul class=\"slides\"><li><a href=\"https:\/\/www.aircharter.com\/fr\/4th-genration-ai-powered-booking-system-yet\/\" aria-label=\"4th Genration AI-powered booking system\" class=\"hover-type-none\"><img decoding=\"async\" width=\"700\" height=\"441\" src=\"https:\/\/www.aircharter.com\/wp-content\/uploads\/2025\/10\/New-Booking1920-700x441.jpg\" class=\"attachment-recent-posts size-recent-posts\" alt=\"\" srcset=\"https:\/\/www.aircharter.com\/wp-content\/uploads\/2025\/10\/New-Booking1920-320x202.jpg 320w, https:\/\/www.aircharter.com\/wp-content\/uploads\/2025\/10\/New-Booking1920-700x441.jpg 700w\" sizes=\"(max-width: 700px) 100vw, 700px\" \/><\/a><\/li><li><a href=\"https:\/\/www.aircharter.com\/fr\/4th-genration-ai-powered-booking-system-yet\/\" aria-label=\"4th Genration AI-powered booking system\" class=\"hover-type-none\"><img decoding=\"async\" width=\"700\" height=\"441\" src=\"https:\/\/www.aircharter.com\/wp-content\/uploads\/2025\/10\/A4-700x441.jpg\" class=\"attachment-recent-posts size-recent-posts\" alt=\"\" srcset=\"https:\/\/www.aircharter.com\/wp-content\/uploads\/2025\/10\/A4-320x202.jpg 320w, https:\/\/www.aircharter.com\/wp-content\/uploads\/2025\/10\/A4-700x441.jpg 700w\" sizes=\"(max-width: 700px) 100vw, 700px\" \/><\/a><\/li><li><a href=\"https:\/\/www.aircharter.com\/fr\/4th-genration-ai-powered-booking-system-yet\/\" aria-label=\"4th Genration AI-powered booking system\" class=\"hover-type-none\"><img decoding=\"async\" width=\"700\" height=\"441\" src=\"https:\/\/www.aircharter.com\/wp-content\/uploads\/2025\/10\/AI1-700x441.jpg\" class=\"attachment-recent-posts size-recent-posts\" alt=\"\" srcset=\"https:\/\/www.aircharter.com\/wp-content\/uploads\/2025\/10\/AI1-320x202.jpg 320w, https:\/\/www.aircharter.com\/wp-content\/uploads\/2025\/10\/AI1-700x441.jpg 700w\" sizes=\"(max-width: 700px) 100vw, 700px\" \/><\/a><\/li><li><a href=\"https:\/\/www.aircharter.com\/fr\/4th-genration-ai-powered-booking-system-yet\/\" aria-label=\"4th Genration AI-powered booking system\" class=\"hover-type-none\"><img decoding=\"async\" width=\"700\" height=\"441\" src=\"https:\/\/www.aircharter.com\/wp-content\/uploads\/2025\/10\/Ai2-700x441.jpg\" class=\"attachment-recent-posts size-recent-posts\" alt=\"\" srcset=\"https:\/\/www.aircharter.com\/wp-content\/uploads\/2025\/10\/Ai2-320x202.jpg 320w, https:\/\/www.aircharter.com\/wp-content\/uploads\/2025\/10\/Ai2-700x441.jpg 700w\" sizes=\"(max-width: 700px) 100vw, 700px\" \/><\/a><\/li><li><a href=\"https:\/\/www.aircharter.com\/fr\/4th-genration-ai-powered-booking-system-yet\/\" aria-label=\"4th Genration AI-powered booking system\" class=\"hover-type-none\"><img decoding=\"async\" width=\"700\" height=\"441\" src=\"https:\/\/www.aircharter.com\/wp-content\/uploads\/2025\/10\/Ai3-700x441.jpg\" class=\"attachment-recent-posts size-recent-posts\" alt=\"\" srcset=\"https:\/\/www.aircharter.com\/wp-content\/uploads\/2025\/10\/Ai3-320x202.jpg 320w, https:\/\/www.aircharter.com\/wp-content\/uploads\/2025\/10\/Ai3-700x441.jpg 700w\" sizes=\"(max-width: 700px) 100vw, 700px\" \/><\/a><\/li><\/ul><\/div><div class=\"recent-posts-content\"><h4 class=\"\"><a href=\"https:\/\/www.aircharter.com\/fr\/4th-genration-ai-powered-booking-system-yet\/\">4th Genration AI-powered booking system<\/a><\/h4><p class=\"meta\"><span>octobre 11th, 2025<\/span><span class=\"fusion-inline-sep\">|<\/span><span class=\"fusion-comments\"><span>Commentaires ferm\u00e9s<span class=\"screen-reader-text\"> sur 4th Genration AI-powered booking system<\/span><\/span><\/span><\/p><p>The original pioneer in online private jet reservations unveils its most advanced, real-time\u00a0AI-powered booking system yet \u2014 available free to affiliate, brokers and operators worldwide. New York, NY \u2014 10\/13\/2025\u00a0\u2014 AirCharter.com, the global leader in<\/p><\/div><\/article><article class=\"post fusion-column column col col-lg-3 col-md-3 col-sm-3\"><div class=\"fusion-flexslider fusion-flexslider-loading flexslider flexslider-hover-type-none\"><ul class=\"slides\"><li><a href=\"https:\/\/www.aircharter.com\/fr\/gulfstream-reaches-100th-starlink-installation\/\" aria-label=\"Gulfstream Reaches 100th Starlink Installation\" class=\"hover-type-none\"><img decoding=\"async\" width=\"700\" height=\"441\" src=\"https:\/\/www.aircharter.com\/wp-content\/uploads\/2025\/09\/starlink_g650er-700x441.jpg\" class=\"attachment-recent-posts size-recent-posts\" alt=\"Starlink on a G650ER\" srcset=\"https:\/\/www.aircharter.com\/wp-content\/uploads\/2025\/09\/starlink_g650er-320x202.jpg 320w, https:\/\/www.aircharter.com\/wp-content\/uploads\/2025\/09\/starlink_g650er-700x441.jpg 700w\" sizes=\"(max-width: 700px) 100vw, 700px\" \/><\/a><\/li><\/ul><\/div><div class=\"recent-posts-content\"><h4 class=\"\"><a href=\"https:\/\/www.aircharter.com\/fr\/gulfstream-reaches-100th-starlink-installation\/\">Gulfstream Reaches 100th Starlink Installation<\/a><\/h4><p class=\"meta\"><span>septembre 8th, 2025<\/span><span class=\"fusion-inline-sep\">|<\/span><span class=\"fusion-comments\"><span>Commentaires ferm\u00e9s<span class=\"screen-reader-text\"> sur Gulfstream Reaches 100th Starlink Installation<\/span><\/span><\/span><\/p><p>Gulfstream Aerospace has installed its 100th\u00a0Starlink connectivity system aboard an aircraft, the company said today. The milestone installation was completed at Gulfstream\u2019s Fort Worth Alliance Service Center on a G650ER. This installation came less than<\/p><\/div><\/article><article class=\"post fusion-column column col col-lg-3 col-md-3 col-sm-3\"><div class=\"fusion-flexslider fusion-flexslider-loading flexslider flexslider-hover-type-none\"><ul class=\"slides\"><li><a href=\"https:\/\/www.aircharter.com\/fr\/gulfstream-delivers-first-ultra-long-range-g800\/\" aria-label=\"Gulfstream Delivers First Ultra-long-range G800\" class=\"hover-type-none\"><img decoding=\"async\" width=\"700\" height=\"441\" src=\"https:\/\/www.aircharter.com\/wp-content\/uploads\/2025\/09\/g800_sky2-700x441.jpg\" class=\"attachment-recent-posts size-recent-posts\" alt=\"\" srcset=\"https:\/\/www.aircharter.com\/wp-content\/uploads\/2025\/09\/g800_sky2-320x202.jpg 320w, https:\/\/www.aircharter.com\/wp-content\/uploads\/2025\/09\/g800_sky2-700x441.jpg 700w\" sizes=\"(max-width: 700px) 100vw, 700px\" \/><\/a><\/li><li><a href=\"https:\/\/www.aircharter.com\/fr\/gulfstream-delivers-first-ultra-long-range-g800\/\" aria-label=\"Gulfstream Delivers First Ultra-long-range G800\" class=\"hover-type-none\"><img decoding=\"async\" width=\"700\" height=\"441\" src=\"https:\/\/www.aircharter.com\/wp-content\/uploads\/2025\/09\/g800_in2-700x441.jpg\" class=\"attachment-recent-posts size-recent-posts\" alt=\"\" srcset=\"https:\/\/www.aircharter.com\/wp-content\/uploads\/2025\/09\/g800_in2-320x202.jpg 320w, https:\/\/www.aircharter.com\/wp-content\/uploads\/2025\/09\/g800_in2-700x441.jpg 700w\" sizes=\"(max-width: 700px) 100vw, 700px\" \/><\/a><\/li><li><a href=\"https:\/\/www.aircharter.com\/fr\/gulfstream-delivers-first-ultra-long-range-g800\/\" aria-label=\"Gulfstream Delivers First Ultra-long-range G800\" class=\"hover-type-none\"><img decoding=\"async\" width=\"700\" height=\"441\" src=\"https:\/\/www.aircharter.com\/wp-content\/uploads\/2025\/09\/g800_in-700x441.jpg\" class=\"attachment-recent-posts size-recent-posts\" alt=\"\" srcset=\"https:\/\/www.aircharter.com\/wp-content\/uploads\/2025\/09\/g800_in-320x202.jpg 320w, https:\/\/www.aircharter.com\/wp-content\/uploads\/2025\/09\/g800_in-700x441.jpg 700w\" sizes=\"(max-width: 700px) 100vw, 700px\" \/><\/a><\/li><li><a href=\"https:\/\/www.aircharter.com\/fr\/gulfstream-delivers-first-ultra-long-range-g800\/\" aria-label=\"Gulfstream Delivers First Ultra-long-range G800\" class=\"hover-type-none\"><img decoding=\"async\" width=\"700\" height=\"441\" src=\"https:\/\/www.aircharter.com\/wp-content\/uploads\/2025\/09\/g800_in1-700x441.jpg\" class=\"attachment-recent-posts size-recent-posts\" alt=\"\" srcset=\"https:\/\/www.aircharter.com\/wp-content\/uploads\/2025\/09\/g800_in1-320x202.jpg 320w, https:\/\/www.aircharter.com\/wp-content\/uploads\/2025\/09\/g800_in1-700x441.jpg 700w\" sizes=\"(max-width: 700px) 100vw, 700px\" \/><\/a><\/li><\/ul><\/div><div class=\"recent-posts-content\"><h4 class=\"\"><a href=\"https:\/\/www.aircharter.com\/fr\/gulfstream-delivers-first-ultra-long-range-g800\/\">Gulfstream Delivers First Ultra-long-range G800<\/a><\/h4><p class=\"meta\"><span>septembre 2nd, 2025<\/span><span class=\"fusion-inline-sep\">|<\/span><span class=\"fusion-comments\"><span>Commentaires ferm\u00e9s<span class=\"screen-reader-text\"> sur Gulfstream Delivers First Ultra-long-range G800<\/span><\/span><\/span><\/p><p>Following its dual FAA and EASA\u00a0certification\u00a0in April, Gulfstream has delivered its first ultra-long-range G800, the Savannah, Georgia OEM said today.\u00a0The first delivered G800 was outfitted at and delivered from the airframer\u2019s completions facility in Appleton,<\/p><\/div><\/article><article class=\"post fusion-column column col col-lg-3 col-md-3 col-sm-3\"><div class=\"fusion-flexslider fusion-flexslider-loading flexslider flexslider-hover-type-none\"><ul class=\"slides\"><li><a href=\"https:\/\/www.aircharter.com\/fr\/global-8000-takes-to-the-skies\/\" aria-label=\"First Production Global 8000 Takes to the Skies\" class=\"hover-type-none\"><img decoding=\"async\" width=\"700\" height=\"441\" src=\"https:\/\/www.aircharter.com\/wp-content\/uploads\/2025\/08\/Global-8000-700x441.jpg\" class=\"attachment-recent-posts size-recent-posts\" alt=\"\" srcset=\"https:\/\/www.aircharter.com\/wp-content\/uploads\/2025\/08\/Global-8000-320x202.jpg 320w, https:\/\/www.aircharter.com\/wp-content\/uploads\/2025\/08\/Global-8000-700x441.jpg 700w\" sizes=\"(max-width: 700px) 100vw, 700px\" \/><\/a><\/li><li><a href=\"https:\/\/www.aircharter.com\/fr\/global-8000-takes-to-the-skies\/\" aria-label=\"First Production Global 8000 Takes to the Skies\" class=\"hover-type-none\"><img decoding=\"async\" width=\"700\" height=\"441\" src=\"https:\/\/www.aircharter.com\/wp-content\/uploads\/2025\/08\/Global-8000-inside1-700x441.jpg\" class=\"attachment-recent-posts size-recent-posts\" alt=\"\" srcset=\"https:\/\/www.aircharter.com\/wp-content\/uploads\/2025\/08\/Global-8000-inside1-320x202.jpg 320w, https:\/\/www.aircharter.com\/wp-content\/uploads\/2025\/08\/Global-8000-inside1-700x441.jpg 700w\" sizes=\"(max-width: 700px) 100vw, 700px\" \/><\/a><\/li><li><a href=\"https:\/\/www.aircharter.com\/fr\/global-8000-takes-to-the-skies\/\" aria-label=\"First Production Global 8000 Takes to the Skies\" class=\"hover-type-none\"><img decoding=\"async\" width=\"700\" height=\"441\" src=\"https:\/\/www.aircharter.com\/wp-content\/uploads\/2025\/08\/Global-8000-inside2-700x441.jpg\" class=\"attachment-recent-posts size-recent-posts\" alt=\"\" srcset=\"https:\/\/www.aircharter.com\/wp-content\/uploads\/2025\/08\/Global-8000-inside2-320x202.jpg 320w, https:\/\/www.aircharter.com\/wp-content\/uploads\/2025\/08\/Global-8000-inside2-700x441.jpg 700w\" sizes=\"(max-width: 700px) 100vw, 700px\" \/><\/a><\/li><\/ul><\/div><div class=\"recent-posts-content\"><h4 class=\"\"><a href=\"https:\/\/www.aircharter.com\/fr\/global-8000-takes-to-the-skies\/\">First Production Global 8000 Takes to the Skies<\/a><\/h4><p class=\"meta\"><span>ao\u00fbt 19th, 2025<\/span><span class=\"fusion-inline-sep\">|<\/span><span class=\"fusion-comments\"><span>Commentaires ferm\u00e9s<span class=\"screen-reader-text\"> sur First Production Global 8000 Takes to the Skies<\/span><\/span><\/span><\/p><p>Bombardier\u2019s first production\u00a0Global 8000\u00a0made its inaugural flight on May 16 from Toronto Pearson International Airport (CYYZ). The ultra-long-range twinjet will soon undergo completions at Bombardier\u2019s Laurent Beaudoin Completion Centre in Montreal in preparation for service<\/p><\/div><\/article><article class=\"post fusion-column column col col-lg-3 col-md-3 col-sm-3\"><div class=\"fusion-flexslider fusion-flexslider-loading flexslider flexslider-hover-type-none\"><ul class=\"slides\"><li><a href=\"https:\/\/www.aircharter.com\/fr\/dassault-falcon-6x-flies-at-the-paris-air-show\/\" aria-label=\"Dassault Falcon 6X Flies at the Paris Air Show\" class=\"hover-type-none\"><img decoding=\"async\" width=\"700\" height=\"441\" src=\"https:\/\/www.aircharter.com\/wp-content\/uploads\/2025\/08\/02_Falcon-6X-en-vol_01c-700x441.jpg\" class=\"attachment-recent-posts size-recent-posts\" alt=\"Falcon 6X\" srcset=\"https:\/\/www.aircharter.com\/wp-content\/uploads\/2025\/08\/02_Falcon-6X-en-vol_01c-320x202.jpg 320w, https:\/\/www.aircharter.com\/wp-content\/uploads\/2025\/08\/02_Falcon-6X-en-vol_01c-700x441.jpg 700w\" sizes=\"(max-width: 700px) 100vw, 700px\" \/><\/a><\/li><\/ul><\/div><div class=\"recent-posts-content\"><h4 class=\"\"><a href=\"https:\/\/www.aircharter.com\/fr\/dassault-falcon-6x-flies-at-the-paris-air-show\/\">Dassault Falcon 6X Flies at the Paris Air Show<\/a><\/h4><p class=\"meta\"><span>ao\u00fbt 19th, 2025<\/span><span class=\"fusion-inline-sep\">|<\/span><span class=\"fusion-comments\"><span>Commentaires ferm\u00e9s<span class=\"screen-reader-text\"> sur Dassault Falcon 6X Flies at the Paris Air Show<\/span><\/span><\/span><\/p><p>The fly-by-wire Falcon 6X\u2019s PW812D engine (\"D\" for Dassault) delivers 13,500 pounds of thrust, features a 44-inch single-piece fan, 4.5:1 to 5:1 bypass ratio, and low-emissions Talon X combustor. With eight passengers and three crew<\/p><\/div><\/article><article class=\"post fusion-column column col col-lg-3 col-md-3 col-sm-3\"><div class=\"fusion-flexslider fusion-flexslider-loading flexslider flexslider-hover-type-none\"><ul class=\"slides\"><li><a href=\"https:\/\/www.aircharter.com\/fr\/aircharter-com-is-offering-a-free-broker-solution-mobile-web\/\" aria-label=\"FREE Broker Solution Mobile &#038; Web\" class=\"hover-type-none\"><img decoding=\"async\" width=\"700\" height=\"441\" src=\"https:\/\/www.aircharter.com\/wp-content\/uploads\/2025\/05\/ac9-700x441.jpg\" class=\"attachment-recent-posts size-recent-posts\" alt=\"AirCharter Broker APP\" srcset=\"https:\/\/www.aircharter.com\/wp-content\/uploads\/2025\/05\/ac9-320x202.jpg 320w, https:\/\/www.aircharter.com\/wp-content\/uploads\/2025\/05\/ac9-700x441.jpg 700w\" sizes=\"(max-width: 700px) 100vw, 700px\" \/><\/a><\/li><li><a href=\"https:\/\/www.aircharter.com\/fr\/aircharter-com-is-offering-a-free-broker-solution-mobile-web\/\" aria-label=\"FREE Broker Solution Mobile &#038; Web\" class=\"hover-type-none\"><img decoding=\"async\" width=\"700\" height=\"441\" src=\"https:\/\/www.aircharter.com\/wp-content\/uploads\/2025\/05\/ac7-1-700x441.jpg\" class=\"attachment-recent-posts size-recent-posts\" alt=\"\" srcset=\"https:\/\/www.aircharter.com\/wp-content\/uploads\/2025\/05\/ac7-1-320x202.jpg 320w, https:\/\/www.aircharter.com\/wp-content\/uploads\/2025\/05\/ac7-1-700x441.jpg 700w\" sizes=\"(max-width: 700px) 100vw, 700px\" \/><\/a><\/li><\/ul><\/div><div class=\"recent-posts-content\"><h4 class=\"\"><a href=\"https:\/\/www.aircharter.com\/fr\/aircharter-com-is-offering-a-free-broker-solution-mobile-web\/\">FREE Broker Solution Mobile &#038; Web<\/a><\/h4><p class=\"meta\"><span>mai 25th, 2025<\/span><span class=\"fusion-inline-sep\">|<\/span><span class=\"fusion-comments\"><span>Commentaires ferm\u00e9s<span class=\"screen-reader-text\"> sur FREE Broker Solution Mobile &#038; Web<\/span><\/span><\/span><\/p><p> Free End-to-End Charter Broker Platform \u2014 Mobile &amp; Web Access Imagine having a complete aircraft charter operations team and powerful booking engine working silently behind the scenes \u2014 at no cost to you. Now<\/p><\/div><\/article><article class=\"post fusion-column column col col-lg-3 col-md-3 col-sm-3\"><div class=\"fusion-flexslider fusion-flexslider-loading flexslider flexslider-hover-type-none\"><ul class=\"slides\"><li><a href=\"https:\/\/www.aircharter.com\/fr\/bizav-industry-grapples-with-ramifications-of-global-tariffs\/\" aria-label=\"Bizav Industry Grapples with Ramifications of Global Tariffs\" class=\"hover-type-none\"><img decoding=\"async\" width=\"700\" height=\"441\" src=\"https:\/\/www.aircharter.com\/wp-content\/uploads\/2025\/04\/falcon8x_gal_208_202302-700x441.jpg\" class=\"attachment-recent-posts size-recent-posts\" alt=\"Buz Aviation and Tarrifs\" srcset=\"https:\/\/www.aircharter.com\/wp-content\/uploads\/2025\/04\/falcon8x_gal_208_202302-320x202.jpg 320w, https:\/\/www.aircharter.com\/wp-content\/uploads\/2025\/04\/falcon8x_gal_208_202302-700x441.jpg 700w\" sizes=\"(max-width: 700px) 100vw, 700px\" \/><\/a><\/li><\/ul><\/div><div class=\"recent-posts-content\"><h4 class=\"\"><a href=\"https:\/\/www.aircharter.com\/fr\/bizav-industry-grapples-with-ramifications-of-global-tariffs\/\">Bizav Industry Grapples with Ramifications of Global Tariffs<\/a><\/h4><p class=\"meta\"><span>avril 20th, 2025<\/span><span class=\"fusion-inline-sep\">|<\/span><span class=\"fusion-comments\"><span>Commentaires ferm\u00e9s<span class=\"screen-reader-text\"> sur Bizav Industry Grapples with Ramifications of Global Tariffs<\/span><\/span><\/span><\/p><p>The business aviation community continues to try to absorb the ramifications of the White House\u2019s rollout of global tariffs, but leaders are warning aircraft owners and operators to obtain expert advice on the applicability before<\/p><\/div><\/article><article class=\"post fusion-column column col col-lg-3 col-md-3 col-sm-3\"><div class=\"fusion-flexslider fusion-flexslider-loading flexslider flexslider-hover-type-none\"><ul class=\"slides\"><li><a href=\"https:\/\/www.aircharter.com\/fr\/jet-aviation-delivers-its-quietest-vip-cabin-to-date\/\" aria-label=\"Jet Aviation Delivers Its Quietest VIP Cabin to Date\" class=\"hover-type-none\"><img decoding=\"async\" width=\"700\" height=\"441\" src=\"https:\/\/www.aircharter.com\/wp-content\/uploads\/2025\/04\/Jet-Aviation-Redelivers-Quietest-VIP-Narrow-body-Completion-700x441.jpg\" class=\"attachment-recent-posts size-recent-posts\" alt=\"Jet-Aviation-Redelivers-Quietest-VIP-Narrow-body-Completion\" srcset=\"https:\/\/www.aircharter.com\/wp-content\/uploads\/2025\/04\/Jet-Aviation-Redelivers-Quietest-VIP-Narrow-body-Completion-320x202.jpg 320w, https:\/\/www.aircharter.com\/wp-content\/uploads\/2025\/04\/Jet-Aviation-Redelivers-Quietest-VIP-Narrow-body-Completion-700x441.jpg 700w\" sizes=\"(max-width: 700px) 100vw, 700px\" \/><\/a><\/li><\/ul><\/div><div class=\"recent-posts-content\"><h4 class=\"\"><a href=\"https:\/\/www.aircharter.com\/fr\/jet-aviation-delivers-its-quietest-vip-cabin-to-date\/\">Jet Aviation Delivers Its Quietest VIP Cabin to Date<\/a><\/h4><p class=\"meta\"><span>avril 12th, 2025<\/span><span class=\"fusion-inline-sep\">|<\/span><span class=\"fusion-comments\"><span>Commentaires ferm\u00e9s<span class=\"screen-reader-text\"> sur Jet Aviation Delivers Its Quietest VIP Cabin to Date<\/span><\/span><\/span><\/p><p>Jet Aviation has delivered a VIP-configured aircraft that it says features the quietest cabin its completions team has yet produced. On Tuesday, the company reported that its facility in Basel, Switzerland, had achieved sound levels<\/p><\/div><\/article><article class=\"post fusion-column column col col-lg-3 col-md-3 col-sm-3\"><div class=\"fusion-flexslider fusion-flexslider-loading flexslider flexslider-hover-type-none\"><ul class=\"slides\"><li><a href=\"https:\/\/www.aircharter.com\/fr\/directv-expands-in-flight-tv-internationally\/\" aria-label=\"DirecTV Expands In-flight TV Internationally\" class=\"hover-type-none\"><img decoding=\"async\" width=\"700\" height=\"441\" src=\"https:\/\/www.aircharter.com\/wp-content\/uploads\/2025\/04\/ethan-hu-Hi9OUtty-_o-unsplash-700x441.jpg\" class=\"attachment-recent-posts size-recent-posts\" alt=\"DirecTV In Flight\" srcset=\"https:\/\/www.aircharter.com\/wp-content\/uploads\/2025\/04\/ethan-hu-Hi9OUtty-_o-unsplash-320x202.jpg 320w, https:\/\/www.aircharter.com\/wp-content\/uploads\/2025\/04\/ethan-hu-Hi9OUtty-_o-unsplash-700x441.jpg 700w\" sizes=\"(max-width: 700px) 100vw, 700px\" \/><\/a><\/li><\/ul><\/div><div class=\"recent-posts-content\"><h4 class=\"\"><a href=\"https:\/\/www.aircharter.com\/fr\/directv-expands-in-flight-tv-internationally\/\">DirecTV Expands In-flight TV Internationally<\/a><\/h4><p class=\"meta\"><span>avril 12th, 2025<\/span><span class=\"fusion-inline-sep\">|<\/span><span class=\"fusion-comments\"><span>Commentaires ferm\u00e9s<span class=\"screen-reader-text\"> sur DirecTV Expands In-flight TV Internationally<\/span><\/span><\/span><\/p><p>Announced at Aircraft Interiors Expo (AIX) 2025 in Hamburg, DirecTV In Flightis extending access to live television programming on international flights departing from and returning to the United States. With this update, DirecTV\u00a0becomes the first<\/p><\/div><\/article><article class=\"post fusion-column column col col-lg-3 col-md-3 col-sm-3\"><div class=\"fusion-flexslider fusion-flexslider-loading flexslider flexslider-hover-type-none\"><ul class=\"slides\"><li><a href=\"https:\/\/www.aircharter.com\/fr\/business-jet-market-continues-to-stabilize-in-3q2024\/\" aria-label=\"Business Jet Market Continues To Stabilize in 3Q2024\" class=\"hover-type-none\"><img decoding=\"async\" width=\"700\" height=\"441\" src=\"https:\/\/www.aircharter.com\/wp-content\/uploads\/2024\/11\/Challenger-3500-Exterior-Mountain-and-Water-Low-Fly-700x441.jpg\" class=\"attachment-recent-posts size-recent-posts\" alt=\"business jet market\" srcset=\"https:\/\/www.aircharter.com\/wp-content\/uploads\/2024\/11\/Challenger-3500-Exterior-Mountain-and-Water-Low-Fly-320x202.jpg 320w, https:\/\/www.aircharter.com\/wp-content\/uploads\/2024\/11\/Challenger-3500-Exterior-Mountain-and-Water-Low-Fly-700x441.jpg 700w\" sizes=\"(max-width: 700px) 100vw, 700px\" \/><\/a><\/li><\/ul><\/div><div class=\"recent-posts-content\"><h4 class=\"\"><a href=\"https:\/\/www.aircharter.com\/fr\/business-jet-market-continues-to-stabilize-in-3q2024\/\">Business Jet Market Continues To Stabilize in 3Q2024<\/a><\/h4><p class=\"meta\"><span>novembre 24th, 2024<\/span><span class=\"fusion-inline-sep\">|<\/span><span class=\"fusion-comments\"><span>Commentaires ferm\u00e9s<span class=\"screen-reader-text\"> sur Business Jet Market Continues To Stabilize in 3Q2024<\/span><\/span><\/span><\/p><p>The third quarter was one of stabilization for the business jet market with operations, orders, available aircraft, and pricing all ebbing but at the same time normalizing, according to Global Jet Capital\u2019s latest Business Aviation<\/p><\/div><\/article><article class=\"post fusion-column column col col-lg-3 col-md-3 col-sm-3\"><div class=\"fusion-flexslider fusion-flexslider-loading flexslider flexslider-hover-type-none\"><ul class=\"slides\"><li><a href=\"https:\/\/www.aircharter.com\/fr\/speed-records-abound-for-bombardiers-global-7500\/\" aria-label=\"Speed Records Abound for Bombardier&rsquo;s Global 7500\" class=\"hover-type-none\"><img decoding=\"async\" width=\"700\" height=\"441\" src=\"https:\/\/www.aircharter.com\/wp-content\/uploads\/2024\/11\/Inflight-Bombardier-Global-7500-clouds-bank-1-700x441.jpg\" class=\"attachment-recent-posts size-recent-posts\" alt=\"Global 7500\" srcset=\"https:\/\/www.aircharter.com\/wp-content\/uploads\/2024\/11\/Inflight-Bombardier-Global-7500-clouds-bank-1-320x202.jpg 320w, https:\/\/www.aircharter.com\/wp-content\/uploads\/2024\/11\/Inflight-Bombardier-Global-7500-clouds-bank-1-700x441.jpg 700w\" sizes=\"(max-width: 700px) 100vw, 700px\" \/><\/a><\/li><\/ul><\/div><div class=\"recent-posts-content\"><h4 class=\"\"><a href=\"https:\/\/www.aircharter.com\/fr\/speed-records-abound-for-bombardiers-global-7500\/\">Speed Records Abound for Bombardier&rsquo;s Global 7500<\/a><\/h4><p class=\"meta\"><span>novembre 24th, 2024<\/span><span class=\"fusion-inline-sep\">|<\/span><span class=\"fusion-comments\"><span>Commentaires ferm\u00e9s<span class=\"screen-reader-text\"> sur Speed Records Abound for Bombardier&rsquo;s Global 7500<\/span><\/span><\/span><\/p><p>Bombardier\u2019s Mach 0.925 Global 7500 has now accrued 75 speed records, the company reported today. The announcement comes as the ultra-long-range business jet category continues to establish scores of speed records traveling the globe. Just<\/p><\/div><\/article><article class=\"post fusion-column column col col-lg-3 col-md-3 col-sm-3\"><div class=\"fusion-flexslider fusion-flexslider-loading flexslider flexslider-hover-type-none\"><ul class=\"slides\"><li><a href=\"https:\/\/www.aircharter.com\/fr\/gulfstream-g700\/\" aria-label=\"Gulfstream G700 Rapidly Picking Up Validations\" class=\"hover-type-none\"><img decoding=\"async\" width=\"700\" height=\"441\" src=\"https:\/\/www.aircharter.com\/wp-content\/uploads\/2024\/07\/Gulfstream-G700-Marks-100-Days-Certified.20240708-700x441.jpg\" class=\"attachment-recent-posts size-recent-posts\" alt=\"\" srcset=\"https:\/\/www.aircharter.com\/wp-content\/uploads\/2024\/07\/Gulfstream-G700-Marks-100-Days-Certified.20240708-320x202.jpg 320w, https:\/\/www.aircharter.com\/wp-content\/uploads\/2024\/07\/Gulfstream-G700-Marks-100-Days-Certified.20240708-700x441.jpg 700w\" sizes=\"(max-width: 700px) 100vw, 700px\" \/><\/a><\/li><li><a href=\"https:\/\/www.aircharter.com\/fr\/gulfstream-g700\/\" aria-label=\"Gulfstream G700 Rapidly Picking Up Validations\" class=\"hover-type-none\"><img decoding=\"async\" width=\"700\" height=\"441\" src=\"https:\/\/www.aircharter.com\/wp-content\/uploads\/2024\/07\/841fe3c4-97b2-4e48-8e79-6a56c5a5f9ac-700x441.jpg\" class=\"attachment-recent-posts size-recent-posts\" alt=\"\" srcset=\"https:\/\/www.aircharter.com\/wp-content\/uploads\/2024\/07\/841fe3c4-97b2-4e48-8e79-6a56c5a5f9ac-320x202.jpg 320w, https:\/\/www.aircharter.com\/wp-content\/uploads\/2024\/07\/841fe3c4-97b2-4e48-8e79-6a56c5a5f9ac-700x441.jpg 700w\" sizes=\"(max-width: 700px) 100vw, 700px\" \/><\/a><\/li><li><a href=\"https:\/\/www.aircharter.com\/fr\/gulfstream-g700\/\" aria-label=\"Gulfstream G700 Rapidly Picking Up Validations\" class=\"hover-type-none\"><img decoding=\"async\" width=\"700\" height=\"441\" src=\"https:\/\/www.aircharter.com\/wp-content\/uploads\/2024\/07\/613f226e-fb5a-4c34-ab00-ed6b262048cb-700x441.jpg\" class=\"attachment-recent-posts size-recent-posts\" alt=\"\" srcset=\"https:\/\/www.aircharter.com\/wp-content\/uploads\/2024\/07\/613f226e-fb5a-4c34-ab00-ed6b262048cb-320x202.jpg 320w, https:\/\/www.aircharter.com\/wp-content\/uploads\/2024\/07\/613f226e-fb5a-4c34-ab00-ed6b262048cb-700x441.jpg 700w\" sizes=\"(max-width: 700px) 100vw, 700px\" \/><\/a><\/li><li><a href=\"https:\/\/www.aircharter.com\/fr\/gulfstream-g700\/\" aria-label=\"Gulfstream G700 Rapidly Picking Up Validations\" class=\"hover-type-none\"><img decoding=\"async\" width=\"700\" height=\"441\" src=\"https:\/\/www.aircharter.com\/wp-content\/uploads\/2024\/07\/in-700x441.jpg\" class=\"attachment-recent-posts size-recent-posts\" alt=\"\" srcset=\"https:\/\/www.aircharter.com\/wp-content\/uploads\/2024\/07\/in-320x202.jpg 320w, https:\/\/www.aircharter.com\/wp-content\/uploads\/2024\/07\/in-700x441.jpg 700w\" sizes=\"(max-width: 700px) 100vw, 700px\" \/><\/a><\/li><li><a href=\"https:\/\/www.aircharter.com\/fr\/gulfstream-g700\/\" aria-label=\"Gulfstream G700 Rapidly Picking Up Validations\" class=\"hover-type-none\"><img decoding=\"async\" width=\"700\" height=\"422\" src=\"https:\/\/www.aircharter.com\/wp-content\/uploads\/2024\/07\/diagrem-700x422.png\" class=\"attachment-recent-posts size-recent-posts\" alt=\"\" \/><\/a><\/li><\/ul><\/div><div class=\"recent-posts-content\"><h4 class=\"\"><a href=\"https:\/\/www.aircharter.com\/fr\/gulfstream-g700\/\">Gulfstream G700 Rapidly Picking Up Validations<\/a><\/h4><p class=\"meta\"><span>juillet 10th, 2024<\/span><span class=\"fusion-inline-sep\">|<\/span><span class=\"fusion-comments\"><span>Commentaires ferm\u00e9s<span class=\"screen-reader-text\"> sur Gulfstream G700 Rapidly Picking Up Validations<\/span><\/span><\/span><\/p><p>The in-service fleet topped of the Gulfstream G700 700 hours within the first 100 days in the market Gulfstream Aerospace\u2019s G700 program has been picking up steam since FAA certification on March 29, accumulating type<\/p><\/div><\/article><article class=\"post fusion-column column col col-lg-3 col-md-3 col-sm-3\"><div class=\"fusion-flexslider fusion-flexslider-loading flexslider flexslider-hover-type-none\"><ul class=\"slides\"><li><a href=\"https:\/\/www.aircharter.com\/fr\/textron-aviation-unveils-cessna-citation-ascend\/\" aria-label=\"Textron Aviation Unveils Cessna Citation Ascend\" class=\"hover-type-none\"><img decoding=\"async\" width=\"700\" height=\"441\" src=\"https:\/\/www.aircharter.com\/wp-content\/uploads\/2024\/05\/Acend-700x441.jpg\" class=\"attachment-recent-posts size-recent-posts\" alt=\"\" srcset=\"https:\/\/www.aircharter.com\/wp-content\/uploads\/2024\/05\/Acend-320x202.jpg 320w, https:\/\/www.aircharter.com\/wp-content\/uploads\/2024\/05\/Acend-700x441.jpg 700w\" sizes=\"(max-width: 700px) 100vw, 700px\" \/><\/a><\/li><li><a href=\"https:\/\/www.aircharter.com\/fr\/textron-aviation-unveils-cessna-citation-ascend\/\" aria-label=\"Textron Aviation Unveils Cessna Citation Ascend\" class=\"hover-type-none\"><img decoding=\"async\" width=\"700\" height=\"441\" src=\"https:\/\/www.aircharter.com\/wp-content\/uploads\/2024\/05\/Acend7-700x441.jpg\" class=\"attachment-recent-posts size-recent-posts\" alt=\"\" srcset=\"https:\/\/www.aircharter.com\/wp-content\/uploads\/2024\/05\/Acend7-320x202.jpg 320w, https:\/\/www.aircharter.com\/wp-content\/uploads\/2024\/05\/Acend7-700x441.jpg 700w\" sizes=\"(max-width: 700px) 100vw, 700px\" \/><\/a><\/li><li><a href=\"https:\/\/www.aircharter.com\/fr\/textron-aviation-unveils-cessna-citation-ascend\/\" aria-label=\"Textron Aviation Unveils Cessna Citation Ascend\" class=\"hover-type-none\"><img decoding=\"async\" width=\"700\" height=\"441\" src=\"https:\/\/www.aircharter.com\/wp-content\/uploads\/2024\/05\/Acend14-700x441.jpg\" class=\"attachment-recent-posts size-recent-posts\" alt=\"Citation Ascend\" srcset=\"https:\/\/www.aircharter.com\/wp-content\/uploads\/2024\/05\/Acend14-320x202.jpg 320w, https:\/\/www.aircharter.com\/wp-content\/uploads\/2024\/05\/Acend14-700x441.jpg 700w\" sizes=\"(max-width: 700px) 100vw, 700px\" \/><\/a><\/li><\/ul><\/div><div class=\"recent-posts-content\"><h4 class=\"\"><a href=\"https:\/\/www.aircharter.com\/fr\/textron-aviation-unveils-cessna-citation-ascend\/\">Textron Aviation Unveils Cessna Citation Ascend<\/a><\/h4><p class=\"meta\"><span>mai 17th, 2024<\/span><span class=\"fusion-inline-sep\">|<\/span><span class=\"fusion-comments\"><span>Commentaires ferm\u00e9s<span class=\"screen-reader-text\"> sur Textron Aviation Unveils Cessna Citation Ascend<\/span><\/span><\/span><\/p><p>The latest edition of the XLS series features new powerplants, updated avionics, and a flat floor. Could this be a mini Citation Latitude? That was my first impression when I saw the Cessna Citation Ascend<\/p><\/div><\/article><article class=\"post fusion-column column col col-lg-3 col-md-3 col-sm-3\"><div class=\"fusion-flexslider fusion-flexslider-loading flexslider flexslider-hover-type-none\"><ul class=\"slides\"><li><a href=\"https:\/\/www.aircharter.com\/fr\/dassault-falcon-10x\/\" aria-label=\"Dassault Falcon 10X Heads Toward 2027 Entry Into Service\" class=\"hover-type-none\"><img decoding=\"async\" width=\"700\" height=\"441\" src=\"https:\/\/www.aircharter.com\/wp-content\/uploads\/2024\/05\/Falcon-10X-34-700x441.jpg\" class=\"attachment-recent-posts size-recent-posts\" alt=\"\" srcset=\"https:\/\/www.aircharter.com\/wp-content\/uploads\/2024\/05\/Falcon-10X-34-320x202.jpg 320w, https:\/\/www.aircharter.com\/wp-content\/uploads\/2024\/05\/Falcon-10X-34-700x441.jpg 700w\" sizes=\"(max-width: 700px) 100vw, 700px\" \/><\/a><\/li><li><a href=\"https:\/\/www.aircharter.com\/fr\/dassault-falcon-10x\/\" aria-label=\"Dassault Falcon 10X Heads Toward 2027 Entry Into Service\" class=\"hover-type-none\"><img decoding=\"async\" width=\"700\" height=\"441\" src=\"https:\/\/www.aircharter.com\/wp-content\/uploads\/2024\/05\/10X_001-700x441.jpg\" class=\"attachment-recent-posts size-recent-posts\" alt=\"\" srcset=\"https:\/\/www.aircharter.com\/wp-content\/uploads\/2024\/05\/10X_001-320x202.jpg 320w, https:\/\/www.aircharter.com\/wp-content\/uploads\/2024\/05\/10X_001-700x441.jpg 700w\" sizes=\"(max-width: 700px) 100vw, 700px\" \/><\/a><\/li><li><a href=\"https:\/\/www.aircharter.com\/fr\/dassault-falcon-10x\/\" aria-label=\"Dassault Falcon 10X Heads Toward 2027 Entry Into Service\" class=\"hover-type-none\"><img decoding=\"async\" width=\"700\" height=\"441\" src=\"https:\/\/www.aircharter.com\/wp-content\/uploads\/2024\/05\/Falcon-10X-6-700x441.jpg\" class=\"attachment-recent-posts size-recent-posts\" alt=\"Falcon-10X\" srcset=\"https:\/\/www.aircharter.com\/wp-content\/uploads\/2024\/05\/Falcon-10X-6-320x202.jpg 320w, https:\/\/www.aircharter.com\/wp-content\/uploads\/2024\/05\/Falcon-10X-6-700x441.jpg 700w\" sizes=\"(max-width: 700px) 100vw, 700px\" \/><\/a><\/li><li><a href=\"https:\/\/www.aircharter.com\/fr\/dassault-falcon-10x\/\" aria-label=\"Dassault Falcon 10X Heads Toward 2027 Entry Into Service\" class=\"hover-type-none\"><img decoding=\"async\" width=\"700\" height=\"441\" src=\"https:\/\/www.aircharter.com\/wp-content\/uploads\/2024\/05\/10X_009-700x441.jpg\" class=\"attachment-recent-posts size-recent-posts\" alt=\"Falcon 10X\" srcset=\"https:\/\/www.aircharter.com\/wp-content\/uploads\/2024\/05\/10X_009-320x202.jpg 320w, https:\/\/www.aircharter.com\/wp-content\/uploads\/2024\/05\/10X_009-700x441.jpg 700w\" sizes=\"(max-width: 700px) 100vw, 700px\" \/><\/a><\/li><li><a href=\"https:\/\/www.aircharter.com\/fr\/dassault-falcon-10x\/\" aria-label=\"Dassault Falcon 10X Heads Toward 2027 Entry Into Service\" class=\"hover-type-none\"><img decoding=\"async\" width=\"700\" height=\"441\" src=\"https:\/\/www.aircharter.com\/wp-content\/uploads\/2024\/05\/Falcon-10X-5-700x441.jpg\" class=\"attachment-recent-posts size-recent-posts\" alt=\"Falcon 10X Cabin\" srcset=\"https:\/\/www.aircharter.com\/wp-content\/uploads\/2024\/05\/Falcon-10X-5-320x202.jpg 320w, https:\/\/www.aircharter.com\/wp-content\/uploads\/2024\/05\/Falcon-10X-5-700x441.jpg 700w\" sizes=\"(max-width: 700px) 100vw, 700px\" \/><\/a><\/li><\/ul><\/div><div class=\"recent-posts-content\"><h4 class=\"\"><a href=\"https:\/\/www.aircharter.com\/fr\/dassault-falcon-10x\/\">Dassault Falcon 10X Heads Toward 2027 Entry Into Service<\/a><\/h4><p class=\"meta\"><span>mai 12th, 2024<\/span><span class=\"fusion-inline-sep\">|<\/span><span class=\"fusion-comments\"><span>Commentaires ferm\u00e9s<span class=\"screen-reader-text\"> sur Dassault Falcon 10X Heads Toward 2027 Entry Into Service<\/span><\/span><\/span><\/p><p>Falcon 10X Dassault Aviation is moving forward on the assembly of its 19-passenger Falcon 10X as it marches toward entry into service in 2027. The Falcon 10X elevates comfort, style and flexibility beyond all expectations.<\/p><\/div><\/article><article class=\"post fusion-column column col col-lg-3 col-md-3 col-sm-3\"><div class=\"fusion-flexslider fusion-flexslider-loading flexslider flexslider-hover-type-none\"><ul class=\"slides\"><li><a href=\"https:\/\/www.aircharter.com\/fr\/cost-to-rent-a-private-jet\/\" aria-label=\"Cost to Rent a Private Jet\" class=\"hover-type-none\"><img decoding=\"async\" width=\"700\" height=\"380\" src=\"https:\/\/www.aircharter.com\/wp-content\/uploads\/2023\/01\/superbowl2013_neworleansweb.jpg\" class=\"attachment-recent-posts size-recent-posts\" alt=\"Superbowl LVII\" \/><\/a><\/li><\/ul><\/div><div class=\"recent-posts-content\"><h4 class=\"\"><a href=\"https:\/\/www.aircharter.com\/fr\/cost-to-rent-a-private-jet\/\">Cost to Rent a Private Jet<\/a><\/h4><p class=\"meta\"><span>mars 23rd, 2024<\/span><span class=\"fusion-inline-sep\">|<\/span><span class=\"fusion-comments\"><span>Commentaires ferm\u00e9s<span class=\"screen-reader-text\"> sur Cost to Rent a Private Jet<\/span><\/span><\/span><\/p><p>How Much Does it Cost to Rent a Private Jet? The cost to rent a private jet varies from $2,000 \u2013 $14,000 per billable flight hour. These hourly rates include a broad selection of aircraft<\/p><\/div><\/article><article class=\"post fusion-column column col col-lg-3 col-md-3 col-sm-3\"><div class=\"fusion-flexslider fusion-flexslider-loading flexslider flexslider-hover-type-none\"><ul class=\"slides\"><li><a href=\"https:\/\/www.aircharter.com\/fr\/embraers-phenom-300-continues-its-reign\/\" aria-label=\"Embraer&rsquo;s Phenom 300 Continues Its Reign\" class=\"hover-type-none\"><img decoding=\"async\" width=\"700\" height=\"441\" src=\"https:\/\/www.aircharter.com\/wp-content\/uploads\/2024\/03\/P300E-Best-Selling-12-Years-7-700x441.jpeg\" class=\"attachment-recent-posts size-recent-posts\" alt=\"\" srcset=\"https:\/\/www.aircharter.com\/wp-content\/uploads\/2024\/03\/P300E-Best-Selling-12-Years-7-320x202.jpeg 320w, https:\/\/www.aircharter.com\/wp-content\/uploads\/2024\/03\/P300E-Best-Selling-12-Years-7-700x441.jpeg 700w\" sizes=\"(max-width: 700px) 100vw, 700px\" \/><\/a><\/li><\/ul><\/div><div class=\"recent-posts-content\"><h4 class=\"\"><a href=\"https:\/\/www.aircharter.com\/fr\/embraers-phenom-300-continues-its-reign\/\">Embraer&rsquo;s Phenom 300 Continues Its Reign<\/a><\/h4><p class=\"meta\"><span>mars 12th, 2024<\/span><span class=\"fusion-inline-sep\">|<\/span><span class=\"fusion-comments\"><span>Commentaires ferm\u00e9s<span class=\"screen-reader-text\"> sur Embraer&rsquo;s Phenom 300 Continues Its Reign<\/span><\/span><\/span><\/p><p>Embraer's Phenom 300 Continues Its Reign The The light jet was the top-selling business twinjet for the past four years Following the release of the 2023 year-end delivery numbers by the General Aviation Manufacturers Association,<\/p><\/div><\/article><article class=\"post fusion-column column col col-lg-3 col-md-3 col-sm-3\"><div class=\"fusion-flexslider fusion-flexslider-loading flexslider flexslider-hover-type-none\"><ul class=\"slides\"><li><a href=\"https:\/\/www.aircharter.com\/fr\/falcon-delivery-dip-hits-dassaults-2023-revenues\/\" aria-label=\"Falcon Delivery Dip Hits Dassault&rsquo;s 2023 Revenues\" class=\"hover-type-none\"><img decoding=\"async\" width=\"700\" height=\"441\" src=\"https:\/\/www.aircharter.com\/wp-content\/uploads\/2024\/03\/Dassault-Aviation-Falcon-6X-700x441.jpeg\" class=\"attachment-recent-posts size-recent-posts\" alt=\"\" srcset=\"https:\/\/www.aircharter.com\/wp-content\/uploads\/2024\/03\/Dassault-Aviation-Falcon-6X-320x202.jpeg 320w, https:\/\/www.aircharter.com\/wp-content\/uploads\/2024\/03\/Dassault-Aviation-Falcon-6X-700x441.jpeg 700w\" sizes=\"(max-width: 700px) 100vw, 700px\" \/><\/a><\/li><\/ul><\/div><div class=\"recent-posts-content\"><h4 class=\"\"><a href=\"https:\/\/www.aircharter.com\/fr\/falcon-delivery-dip-hits-dassaults-2023-revenues\/\">Falcon Delivery Dip Hits Dassault&rsquo;s 2023 Revenues<\/a><\/h4><p class=\"meta\"><span>mars 12th, 2024<\/span><span class=\"fusion-inline-sep\">|<\/span><span class=\"fusion-comments\"><span>Commentaires ferm\u00e9s<span class=\"screen-reader-text\"> sur Falcon Delivery Dip Hits Dassault&rsquo;s 2023 Revenues<\/span><\/span><\/span><\/p><p>Falcon Delivery Dip Hits Dassault's 2023 Revenues Revenues last year fell by almost 31 percent to \u20ac4.8 billion ($5.2 billion) from \u20ac6.9 billion in 2022. Dassault Aviation is working hard to get better control of<\/p><\/div><\/article><article class=\"post fusion-column column col col-lg-3 col-md-3 col-sm-3\"><div class=\"fusion-flexslider fusion-flexslider-loading flexslider flexslider-hover-type-none\"><ul class=\"slides\"><li><a href=\"https:\/\/www.aircharter.com\/fr\/used-bizjet-inventory-climbs-prices-soften\/\" aria-label=\"Used Bizjet Inventory Climbs, Prices Soften\" class=\"hover-type-none\"><img decoding=\"async\" width=\"700\" height=\"441\" src=\"https:\/\/www.aircharter.com\/wp-content\/uploads\/2024\/03\/118_Falcon900LX_2018USB55_A4_HD-700x441.jpeg\" class=\"attachment-recent-posts size-recent-posts\" alt=\"The available inventory of business jets increased by 32 percent in February\" srcset=\"https:\/\/www.aircharter.com\/wp-content\/uploads\/2024\/03\/118_Falcon900LX_2018USB55_A4_HD-320x202.jpeg 320w, https:\/\/www.aircharter.com\/wp-content\/uploads\/2024\/03\/118_Falcon900LX_2018USB55_A4_HD-700x441.jpeg 700w\" sizes=\"(max-width: 700px) 100vw, 700px\" \/><\/a><\/li><\/ul><\/div><div class=\"recent-posts-content\"><h4 class=\"\"><a href=\"https:\/\/www.aircharter.com\/fr\/used-bizjet-inventory-climbs-prices-soften\/\">Used Bizjet Inventory Climbs, Prices Soften<\/a><\/h4><p class=\"meta\"><span>mars 12th, 2024<\/span><span class=\"fusion-inline-sep\">|<\/span><span class=\"fusion-comments\"><span>Commentaires ferm\u00e9s<span class=\"screen-reader-text\"> sur Used Bizjet Inventory Climbs, Prices Soften<\/span><\/span><\/span><\/p><p>Used Bizjet Inventory Climbs, Prices Soften The available inventory of business jets increased by 32 percent in February Preowned business jet inventory soared by 32 percent year-over-year in February, while prices softened by 5 percent,<\/p><\/div><\/article><article class=\"post fusion-column column col col-lg-3 col-md-3 col-sm-3\"><div class=\"fusion-flexslider fusion-flexslider-loading flexslider flexslider-hover-type-none\"><ul class=\"slides\"><li><a href=\"https:\/\/www.aircharter.com\/fr\/bombardier-global-7500-global-8000\/\" aria-label=\"Bombardier Marks 150th Global 7500 Delivery, Updates Global 8000\" class=\"hover-type-none\"><img decoding=\"async\" width=\"700\" height=\"441\" src=\"https:\/\/www.aircharter.com\/wp-content\/uploads\/2023\/10\/g8000-700x441.png\" class=\"attachment-recent-posts size-recent-posts\" alt=\"Global 8000\" srcset=\"https:\/\/www.aircharter.com\/wp-content\/uploads\/2023\/10\/g8000-320x202.png 320w, https:\/\/www.aircharter.com\/wp-content\/uploads\/2023\/10\/g8000-700x441.png 700w\" sizes=\"(max-width: 700px) 100vw, 700px\" \/><\/a><\/li><li><a href=\"https:\/\/www.aircharter.com\/fr\/bombardier-global-7500-global-8000\/\" aria-label=\"Bombardier Marks 150th Global 7500 Delivery, Updates Global 8000\" class=\"hover-type-none\"><img decoding=\"async\" width=\"700\" height=\"441\" src=\"https:\/\/www.aircharter.com\/wp-content\/uploads\/2023\/10\/Bombardier_55-inch-4K-TV-angled-small-700x441.jpg\" class=\"attachment-recent-posts size-recent-posts\" alt=\"Global 8000\" srcset=\"https:\/\/www.aircharter.com\/wp-content\/uploads\/2023\/10\/Bombardier_55-inch-4K-TV-angled-small-320x202.jpg 320w, https:\/\/www.aircharter.com\/wp-content\/uploads\/2023\/10\/Bombardier_55-inch-4K-TV-angled-small-700x441.jpg 700w\" sizes=\"(max-width: 700px) 100vw, 700px\" \/><\/a><\/li><li><a href=\"https:\/\/www.aircharter.com\/fr\/bombardier-global-7500-global-8000\/\" aria-label=\"Bombardier Marks 150th Global 7500 Delivery, Updates Global 8000\" class=\"hover-type-none\"><img decoding=\"async\" width=\"700\" height=\"441\" src=\"https:\/\/www.aircharter.com\/wp-content\/uploads\/2023\/10\/Floorplan_G8000_PNG8-700x441.jpg\" class=\"attachment-recent-posts size-recent-posts\" alt=\"\" srcset=\"https:\/\/www.aircharter.com\/wp-content\/uploads\/2023\/10\/Floorplan_G8000_PNG8-320x202.jpg 320w, https:\/\/www.aircharter.com\/wp-content\/uploads\/2023\/10\/Floorplan_G8000_PNG8-700x441.jpg 700w\" sizes=\"(max-width: 700px) 100vw, 700px\" \/><\/a><\/li><\/ul><\/div><div class=\"recent-posts-content\"><h4 class=\"\"><a href=\"https:\/\/www.aircharter.com\/fr\/bombardier-global-7500-global-8000\/\">Bombardier Marks 150th Global 7500 Delivery, Updates Global 8000<\/a><\/h4><p class=\"meta\"><span>octobre 23rd, 2023<\/span><span class=\"fusion-inline-sep\">|<\/span><span class=\"fusion-comments\"><span>Commentaires ferm\u00e9s<span class=\"screen-reader-text\"> sur Bombardier Marks 150th Global 7500 Delivery, Updates Global 8000<\/span><\/span><\/span><\/p><p>The Global 8000 after the Global 7500 fleet has amassed 100,000 hours since service entry in December 2018 Bombardier marked the delivery of its 150th Global 7500 ultra-long-range business jet on Monday at NBAA-BACE 2023.<\/p><\/div><\/article><article class=\"post fusion-column column col col-lg-3 col-md-3 col-sm-3\"><div class=\"fusion-flexslider fusion-flexslider-loading flexslider flexslider-hover-type-none\"><ul class=\"slides\"><li><a href=\"https:\/\/www.aircharter.com\/fr\/aircraft-for-sales\/\" aria-label=\"Aircraft for Sales\" class=\"hover-type-none\"><img decoding=\"async\" width=\"700\" height=\"441\" src=\"https:\/\/www.aircharter.com\/wp-content\/uploads\/2023\/05\/Global-5000-Ext-700x441.jpg\" class=\"attachment-recent-posts size-recent-posts\" alt=\"\" srcset=\"https:\/\/www.aircharter.com\/wp-content\/uploads\/2023\/05\/Global-5000-Ext-320x202.jpg 320w, https:\/\/www.aircharter.com\/wp-content\/uploads\/2023\/05\/Global-5000-Ext-700x441.jpg 700w\" sizes=\"(max-width: 700px) 100vw, 700px\" \/><\/a><\/li><li><a href=\"https:\/\/www.aircharter.com\/fr\/aircraft-for-sales\/\" aria-label=\"Aircraft for Sales\" class=\"hover-type-none\"><img decoding=\"async\" width=\"700\" height=\"441\" src=\"https:\/\/www.aircharter.com\/wp-content\/uploads\/2023\/05\/5000-4-700x441.jpg\" class=\"attachment-recent-posts size-recent-posts\" alt=\"\" srcset=\"https:\/\/www.aircharter.com\/wp-content\/uploads\/2023\/05\/5000-4-320x202.jpg 320w, https:\/\/www.aircharter.com\/wp-content\/uploads\/2023\/05\/5000-4-700x441.jpg 700w\" sizes=\"(max-width: 700px) 100vw, 700px\" \/><\/a><\/li><li><a href=\"https:\/\/www.aircharter.com\/fr\/aircraft-for-sales\/\" aria-label=\"Aircraft for Sales\" class=\"hover-type-none\"><img decoding=\"async\" width=\"700\" height=\"441\" src=\"https:\/\/www.aircharter.com\/wp-content\/uploads\/2023\/05\/5000-5-700x441.jpg\" class=\"attachment-recent-posts size-recent-posts\" alt=\"\" srcset=\"https:\/\/www.aircharter.com\/wp-content\/uploads\/2023\/05\/5000-5-320x202.jpg 320w, https:\/\/www.aircharter.com\/wp-content\/uploads\/2023\/05\/5000-5-700x441.jpg 700w\" sizes=\"(max-width: 700px) 100vw, 700px\" \/><\/a><\/li><li><a href=\"https:\/\/www.aircharter.com\/fr\/aircraft-for-sales\/\" aria-label=\"Aircraft for Sales\" class=\"hover-type-none\"><img decoding=\"async\" width=\"700\" height=\"441\" src=\"https:\/\/www.aircharter.com\/wp-content\/uploads\/2023\/05\/5000-6-700x441.jpg\" class=\"attachment-recent-posts size-recent-posts\" alt=\"\" srcset=\"https:\/\/www.aircharter.com\/wp-content\/uploads\/2023\/05\/5000-6-320x202.jpg 320w, https:\/\/www.aircharter.com\/wp-content\/uploads\/2023\/05\/5000-6-700x441.jpg 700w\" sizes=\"(max-width: 700px) 100vw, 700px\" \/><\/a><\/li><\/ul><\/div><div class=\"recent-posts-content\"><h4 class=\"\"><a href=\"https:\/\/www.aircharter.com\/fr\/aircraft-for-sales\/\">Aircraft for Sales<\/a><\/h4><p class=\"meta\"><span>juin 14th, 2023<\/span><span class=\"fusion-inline-sep\">|<\/span><span class=\"fusion-comments\"><span>Commentaires ferm\u00e9s<span class=\"screen-reader-text\"> sur Aircraft for Sales<\/span><\/span><\/span><\/p><p>What are the Key Advantages of Private Jets? Privacy: Flying on your company jet means travelling with your work colleagues, working privately and without distraction en-route if needed. Security:\u00a0Traveling only with known-colleagues, friends and family,<\/p><\/div><\/article><article class=\"post fusion-column column col col-lg-3 col-md-3 col-sm-3\"><div class=\"fusion-flexslider fusion-flexslider-loading flexslider flexslider-hover-type-none\"><ul class=\"slides\"><li><a href=\"https:\/\/www.aircharter.com\/fr\/provo-air-center-a-secret-no-more\/\" aria-label=\"Provo Air Center: A Secret No More\" class=\"hover-type-none\"><img decoding=\"async\" width=\"700\" height=\"441\" src=\"https:\/\/www.aircharter.com\/wp-content\/uploads\/2023\/06\/provoairweb-700x441.jpg\" class=\"attachment-recent-posts size-recent-posts\" alt=\"\" srcset=\"https:\/\/www.aircharter.com\/wp-content\/uploads\/2023\/06\/provoairweb-320x202.jpg 320w, https:\/\/www.aircharter.com\/wp-content\/uploads\/2023\/06\/provoairweb-700x441.jpg 700w\" sizes=\"(max-width: 700px) 100vw, 700px\" \/><\/a><\/li><\/ul><\/div><div class=\"recent-posts-content\"><h4 class=\"\"><a href=\"https:\/\/www.aircharter.com\/fr\/provo-air-center-a-secret-no-more\/\">Provo Air Center: A Secret No More<\/a><\/h4><p class=\"meta\"><span>juin 11th, 2023<\/span><span class=\"fusion-inline-sep\">|<\/span><span class=\"fusion-comments\"><span>Commentaires ferm\u00e9s<span class=\"screen-reader-text\"> sur Provo Air Center: A Secret No More<\/span><\/span><\/span><\/p><p>Provo Air Center, one of two service providers at Providentiales International Airport, has seen a post-pandemic surge in traffic like many leisure destinations. (Photo: Provo Air Center) When the Provo Air Center (PAC) first opened<\/p><\/div><\/article><article class=\"post fusion-column column col col-lg-3 col-md-3 col-sm-3\"><div class=\"fusion-flexslider fusion-flexslider-loading flexslider flexslider-hover-type-none\"><ul class=\"slides\"><li><a href=\"https:\/\/www.aircharter.com\/fr\/atr-unveils-upscale-highline-cabin-collection\/\" aria-label=\"ATR Unveils Upscale HighLine Cabin Collection\" class=\"hover-type-none\"><img decoding=\"async\" width=\"700\" height=\"441\" src=\"https:\/\/www.aircharter.com\/wp-content\/uploads\/2023\/06\/atrwebcam_02_bespoke-vip-700x441.jpg\" class=\"attachment-recent-posts size-recent-posts\" alt=\"A rendering of ATR&#039;s Bespoke VIP HighLine collection of high-end cabins. (Photo: ATR)\" srcset=\"https:\/\/www.aircharter.com\/wp-content\/uploads\/2023\/06\/atrwebcam_02_bespoke-vip-320x202.jpg 320w, https:\/\/www.aircharter.com\/wp-content\/uploads\/2023\/06\/atrwebcam_02_bespoke-vip-700x441.jpg 700w\" sizes=\"(max-width: 700px) 100vw, 700px\" \/><\/a><\/li><\/ul><\/div><div class=\"recent-posts-content\"><h4 class=\"\"><a href=\"https:\/\/www.aircharter.com\/fr\/atr-unveils-upscale-highline-cabin-collection\/\">ATR Unveils Upscale HighLine Cabin Collection<\/a><\/h4><p class=\"meta\"><span>juin 11th, 2023<\/span><span class=\"fusion-inline-sep\">|<\/span><span class=\"fusion-comments\"><span>Commentaires ferm\u00e9s<span class=\"screen-reader-text\"> sur ATR Unveils Upscale HighLine Cabin Collection<\/span><\/span><\/span><\/p><p>ATR unveiled a HighLine collection of high-end cabins for business and commercial operators of its twin-turboprop\u00a0regional airliners today\u00a0at the Aircraft Interiors Expo in Hamburg, Germany. Created in collaboration with \u201cluxury design experts,\u201d the collection comprises<\/p><\/div><\/article><article class=\"post fusion-column column col col-lg-3 col-md-3 col-sm-3\"><div class=\"fusion-flexslider fusion-flexslider-loading flexslider flexslider-hover-type-none\"><ul class=\"slides\"><li><a href=\"https:\/\/www.aircharter.com\/fr\/nbaa-asks-congress-to-update-135-pilot-rest-duty-regs\/\" aria-label=\"NBAA Asks Congress To Update 135 Pilot Rest, Duty Regs\" class=\"hover-type-none\"><img decoding=\"async\" width=\"700\" height=\"441\" src=\"https:\/\/www.aircharter.com\/wp-content\/uploads\/2023\/06\/us-capitol-building-pixabay_1920-700x441.jpeg\" class=\"attachment-recent-posts size-recent-posts\" alt=\"NBAA Asks Congress To Update 135 Pilot Rest, Duty Regs\" srcset=\"https:\/\/www.aircharter.com\/wp-content\/uploads\/2023\/06\/us-capitol-building-pixabay_1920-320x202.jpeg 320w, https:\/\/www.aircharter.com\/wp-content\/uploads\/2023\/06\/us-capitol-building-pixabay_1920-700x441.jpeg 700w\" sizes=\"(max-width: 700px) 100vw, 700px\" \/><\/a><\/li><\/ul><\/div><div class=\"recent-posts-content\"><h4 class=\"\"><a href=\"https:\/\/www.aircharter.com\/fr\/nbaa-asks-congress-to-update-135-pilot-rest-duty-regs\/\">NBAA Asks Congress To Update 135 Pilot Rest, Duty Regs<\/a><\/h4><p class=\"meta\"><span>juin 11th, 2023<\/span><span class=\"fusion-inline-sep\">|<\/span><span class=\"fusion-comments\"><span>Commentaires ferm\u00e9s<span class=\"screen-reader-text\"> sur NBAA Asks Congress To Update 135 Pilot Rest, Duty Regs<\/span><\/span><\/span><\/p><p> NBAA president and CEO Ed Bolen appealed to lawmakers to update Part 135 pilot rest and duty time regulations as part of the overarching FAA reauthorization bill. Specifically, Bolen supported the elimination of \u201ctail-end<\/p><\/div><\/article><article class=\"post fusion-column column col col-lg-3 col-md-3 col-sm-3\"><div class=\"fusion-flexslider fusion-flexslider-loading flexslider flexslider-hover-type-none\"><ul class=\"slides\"><li><a href=\"https:\/\/www.aircharter.com\/fr\/jefferies-estimates-pilot-shortage-at-5000-already\/\" aria-label=\"Jefferies Estimates Pilot Shortage at 5,000 Already\" class=\"hover-type-none\"><img decoding=\"async\" width=\"700\" height=\"441\" src=\"https:\/\/www.aircharter.com\/wp-content\/uploads\/2023\/06\/cockpit-924952_1280_1-700x441.jpeg\" class=\"attachment-recent-posts size-recent-posts\" alt=\"Jefferies Estimates Pilot Shortage at 5,000 Already\" srcset=\"https:\/\/www.aircharter.com\/wp-content\/uploads\/2023\/06\/cockpit-924952_1280_1-320x202.jpeg 320w, https:\/\/www.aircharter.com\/wp-content\/uploads\/2023\/06\/cockpit-924952_1280_1-700x441.jpeg 700w\" sizes=\"(max-width: 700px) 100vw, 700px\" \/><\/a><\/li><\/ul><\/div><div class=\"recent-posts-content\"><h4 class=\"\"><a href=\"https:\/\/www.aircharter.com\/fr\/jefferies-estimates-pilot-shortage-at-5000-already\/\">Jefferies Estimates Pilot Shortage at 5,000 Already<\/a><\/h4><p class=\"meta\"><span>juin 11th, 2023<\/span><span class=\"fusion-inline-sep\">|<\/span><span class=\"fusion-comments\"><span>Commentaires ferm\u00e9s<span class=\"screen-reader-text\"> sur Jefferies Estimates Pilot Shortage at 5,000 Already<\/span><\/span><\/span><\/p><p>While pilot certificates are increasing, the aviation industry is still estimated to be 5,000 pilots short, according to a recent analysis from Jefferies Research Services. Jefferies noted that student certificates increased 54 percent year-over-year in<\/p><\/div><\/article><article class=\"post fusion-column column col col-lg-3 col-md-3 col-sm-3\"><div class=\"fusion-flexslider fusion-flexslider-loading flexslider flexslider-hover-type-none\"><ul class=\"slides\"><li><a href=\"https:\/\/www.aircharter.com\/fr\/easa-staff-flies-leonardo-aw609-tiltrotor\/\" aria-label=\"EASA Staff Flies Leonardo AW609 Tiltrotor\" class=\"hover-type-none\"><img decoding=\"async\" width=\"700\" height=\"441\" src=\"https:\/\/www.aircharter.com\/wp-content\/uploads\/2023\/04\/c5d_1504_copy-700x441.jpg\" class=\"attachment-recent-posts size-recent-posts\" alt=\"EASA and FAA staff have flown the Leonardo AW609 civil tiltrotor in run-up to formal type inspection test flights. (Photo: Leonardo)\" srcset=\"https:\/\/www.aircharter.com\/wp-content\/uploads\/2023\/04\/c5d_1504_copy-320x202.jpg 320w, https:\/\/www.aircharter.com\/wp-content\/uploads\/2023\/04\/c5d_1504_copy-700x441.jpg 700w\" sizes=\"(max-width: 700px) 100vw, 700px\" \/><\/a><\/li><\/ul><\/div><div class=\"recent-posts-content\"><h4 class=\"\"><a href=\"https:\/\/www.aircharter.com\/fr\/easa-staff-flies-leonardo-aw609-tiltrotor\/\">EASA Staff Flies Leonardo AW609 Tiltrotor<\/a><\/h4><p class=\"meta\"><span>avril 2nd, 2023<\/span><span class=\"fusion-inline-sep\">|<\/span><span class=\"fusion-comments\"><span>Commentaires ferm\u00e9s<span class=\"screen-reader-text\"> sur EASA Staff Flies Leonardo AW609 Tiltrotor<\/span><\/span><\/span><\/p><p>EASA certification directorate staff members flew the Leonardo AW609 civil tiltrotor in Cascina Costa di Samarate, Italy, on March 16 and 17 as part of its first round of familiarization activities for the aircraft program.<\/p><\/div><\/article><article class=\"post fusion-column column col col-lg-3 col-md-3 col-sm-3\"><div class=\"fusion-flexslider fusion-flexslider-loading flexslider flexslider-hover-type-none\"><ul class=\"slides\"><li><a href=\"https:\/\/www.aircharter.com\/fr\/bombardier-ups-2025-revenue-profitability-goals\/\" aria-label=\"Bombardier Ups 2025 Revenue, Profitability Goals\" class=\"hover-type-none\"><img decoding=\"async\" width=\"700\" height=\"441\" src=\"https:\/\/www.aircharter.com\/wp-content\/uploads\/2023\/04\/global-7500-sunset-soleil-1400x1240-1-700x441.jpeg\" class=\"attachment-recent-posts size-recent-posts\" alt=\"Bombardier sees the Global 7500 as an integral part of improved profitability in upcoming years. (Photo: Bombardier)\" srcset=\"https:\/\/www.aircharter.com\/wp-content\/uploads\/2023\/04\/global-7500-sunset-soleil-1400x1240-1-320x202.jpeg 320w, https:\/\/www.aircharter.com\/wp-content\/uploads\/2023\/04\/global-7500-sunset-soleil-1400x1240-1-700x441.jpeg 700w\" sizes=\"(max-width: 700px) 100vw, 700px\" \/><\/a><\/li><\/ul><\/div><div class=\"recent-posts-content\"><h4 class=\"\"><a href=\"https:\/\/www.aircharter.com\/fr\/bombardier-ups-2025-revenue-profitability-goals\/\">Bombardier Ups 2025 Revenue, Profitability Goals<\/a><\/h4><p class=\"meta\"><span>avril 2nd, 2023<\/span><span class=\"fusion-inline-sep\">|<\/span><span class=\"fusion-comments\"><span>Commentaires ferm\u00e9s<span class=\"screen-reader-text\"> sur Bombardier Ups 2025 Revenue, Profitability Goals<\/span><\/span><\/span><\/p><p>Bombardier, continuing to meet financial objectives in its turnaround plan, has upped its goals for 2025, now targeting more than $9 billion in revenues by 2025 as it plans to deliver 150 aircraft annually by<\/p><\/div><\/article><article class=\"post fusion-column column col col-lg-3 col-md-3 col-sm-3\"><div class=\"fusion-flexslider fusion-flexslider-loading flexslider flexslider-hover-type-none\"><ul class=\"slides\"><li><a href=\"https:\/\/www.aircharter.com\/fr\/bizav-advocates-call-on-operators-to-ready-for-new-eu-entry-requirements\/\" aria-label=\"Bizav Advocates Call on Operators To Ready for New EU Entry Requirements\" class=\"hover-type-none\"><img decoding=\"async\" width=\"700\" height=\"441\" src=\"https:\/\/www.aircharter.com\/wp-content\/uploads\/2023\/04\/buffer-ge6812bc41_1920-700x441.jpg\" class=\"attachment-recent-posts size-recent-posts\" alt=\"The EU is transitioning this year to electronic passenger entry requirements, and bizav groups caution that operators should begin to prepare for them. (Photo: Pixabay)\" srcset=\"https:\/\/www.aircharter.com\/wp-content\/uploads\/2023\/04\/buffer-ge6812bc41_1920-320x202.jpg 320w, https:\/\/www.aircharter.com\/wp-content\/uploads\/2023\/04\/buffer-ge6812bc41_1920-700x441.jpg 700w\" sizes=\"(max-width: 700px) 100vw, 700px\" \/><\/a><\/li><\/ul><\/div><div class=\"recent-posts-content\"><h4 class=\"\"><a href=\"https:\/\/www.aircharter.com\/fr\/bizav-advocates-call-on-operators-to-ready-for-new-eu-entry-requirements\/\">Bizav Advocates Call on Operators To Ready for New EU Entry Requirements<\/a><\/h4><p class=\"meta\"><span>avril 2nd, 2023<\/span><span class=\"fusion-inline-sep\">|<\/span><span class=\"fusion-comments\"><span>Commentaires ferm\u00e9s<span class=\"screen-reader-text\"> sur Bizav Advocates Call on Operators To Ready for New EU Entry Requirements<\/span><\/span><\/span><\/p><p>Business aviation advocates are working with government leaders to help ease the transition in the implementation of the new EU passenger-entry programs\u2014the Entry\/Exit System (EES) and European Travel Information and Authorization System (ETIAS). Carriers that<\/p><\/div><\/article><article class=\"post fusion-column column col col-lg-3 col-md-3 col-sm-3\"><div class=\"fusion-flexslider fusion-flexslider-loading flexslider flexslider-hover-type-none\"><ul class=\"slides\"><li><a href=\"https:\/\/www.aircharter.com\/fr\/london-airports-aim-to-boost-business-aviation-workforce\/\" aria-label=\"London Airports Aim To Boost Business Aviation Workforce\" class=\"hover-type-none\"><img decoding=\"async\" width=\"700\" height=\"393\" src=\"https:\/\/www.aircharter.com\/wp-content\/uploads\/2023\/01\/farnborough-1070622_v1_copy-1.jpg\" class=\"attachment-recent-posts size-recent-posts\" alt=\"\" \/><\/a><\/li><\/ul><\/div><div class=\"recent-posts-content\"><h4 class=\"\"><a href=\"https:\/\/www.aircharter.com\/fr\/london-airports-aim-to-boost-business-aviation-workforce\/\">London Airports Aim To Boost Business Aviation Workforce<\/a><\/h4><p class=\"meta\"><span>janvier 15th, 2023<\/span><span class=\"fusion-inline-sep\">|<\/span><span class=\"fusion-comments\"><span>Commentaires ferm\u00e9s<span class=\"screen-reader-text\"> sur London Airports Aim To Boost Business Aviation Workforce<\/span><\/span><\/span><\/p><p>Seeking to expand the business aviation workforce, the UK\u2019s Farnborough Airport will\u00a0stage\u00a0a careers day event on January 23. In addition to the management team of the London-area private airport, the event will feature some of<\/p><\/div><\/article><article class=\"post fusion-column column col col-lg-3 col-md-3 col-sm-3\"><div class=\"fusion-flexslider fusion-flexslider-loading flexslider flexslider-hover-type-none\"><ul class=\"slides\"><li><a href=\"https:\/\/www.aircharter.com\/fr\/private-jet-card-membership-prices-continue-to-climb\/\" aria-label=\"Private Jet Card, Membership Prices Continue To Climb\" class=\"hover-type-none\"><img decoding=\"async\" width=\"700\" height=\"393\" src=\"https:\/\/www.aircharter.com\/wp-content\/uploads\/2023\/01\/starr-180723-0553-leucaena_leucocephala-aerial_view_tower_private_jets_and_heliport-kahului_airport-maui_43986205364_copy-2.jpg\" class=\"attachment-recent-posts size-recent-posts\" alt=\"\" \/><\/a><\/li><\/ul><\/div><div class=\"recent-posts-content\"><h4 class=\"\"><a href=\"https:\/\/www.aircharter.com\/fr\/private-jet-card-membership-prices-continue-to-climb\/\">Private Jet Card, Membership Prices Continue To Climb<\/a><\/h4><p class=\"meta\"><span>janvier 15th, 2023<\/span><span class=\"fusion-inline-sep\">|<\/span><span class=\"fusion-comments\"><span>Commentaires ferm\u00e9s<span class=\"screen-reader-text\"> sur Private Jet Card, Membership Prices Continue To Climb<\/span><\/span><\/span><\/p><p>Private Jet Card, Membership Prices Continue To Climb Fixed and capped hourly rate jet cards and memberships increased 4.9 percent quarter-over-quarter, according to private aviation services buyer\u2019s guide\u00a0Private Jet Card Comparisons. The average hourly price<\/p><\/div><\/article><article class=\"post fusion-column column col col-lg-3 col-md-3 col-sm-3\"><div class=\"fusion-flexslider fusion-flexslider-loading flexslider flexslider-hover-type-none\"><ul class=\"slides\"><li><a href=\"https:\/\/www.aircharter.com\/fr\/superbowl-lvii\/\" aria-label=\"Slot Reservations Required for Superbowl LVII\" class=\"hover-type-none\"><img decoding=\"async\" width=\"700\" height=\"380\" src=\"https:\/\/www.aircharter.com\/wp-content\/uploads\/2023\/01\/superbowl2013_neworleansweb.jpg\" class=\"attachment-recent-posts size-recent-posts\" alt=\"Superbowl LVII\" \/><\/a><\/li><\/ul><\/div><div class=\"recent-posts-content\"><h4 class=\"\"><a href=\"https:\/\/www.aircharter.com\/fr\/superbowl-lvii\/\">Slot Reservations Required for Superbowl LVII<\/a><\/h4><p class=\"meta\"><span>janvier 15th, 2023<\/span><span class=\"fusion-inline-sep\">|<\/span><span class=\"fusion-comments\"><span>Commentaires ferm\u00e9s<span class=\"screen-reader-text\"> sur Slot Reservations Required for Superbowl LVII<\/span><\/span><\/span><\/p><p>Slot Reservations Required for Superbowl LVII With the end of the NFL regular season this past weekend, the business aviation community\u2019s eyes now turn to the Superbowl LVII, which will be played at State Farm<\/p><\/div><\/article><article class=\"post fusion-column column col col-lg-3 col-md-3 col-sm-3\"><div class=\"fusion-flexslider fusion-flexslider-loading flexslider flexslider-hover-type-none\"><ul class=\"slides\"><li><a href=\"https:\/\/www.aircharter.com\/fr\/gulfstream-g700-arrives-for-mebaa-debut-on-world-tour\/\" aria-label=\"Gulfstream G700 Arrives for MEBAA Debut on World Tour\" class=\"hover-type-none\"><img decoding=\"async\" width=\"700\" height=\"441\" src=\"https:\/\/www.aircharter.com\/wp-content\/uploads\/2022\/12\/348_r7dm0072-700x441.jpg\" class=\"attachment-recent-posts size-recent-posts\" alt=\"\" srcset=\"https:\/\/www.aircharter.com\/wp-content\/uploads\/2022\/12\/348_r7dm0072-320x202.jpg 320w, https:\/\/www.aircharter.com\/wp-content\/uploads\/2022\/12\/348_r7dm0072-700x441.jpg 700w\" sizes=\"(max-width: 700px) 100vw, 700px\" \/><\/a><\/li><li><a href=\"https:\/\/www.aircharter.com\/fr\/gulfstream-g700-arrives-for-mebaa-debut-on-world-tour\/\" aria-label=\"Gulfstream G700 Arrives for MEBAA Debut on World Tour\" class=\"hover-type-none\"><img decoding=\"async\" width=\"700\" height=\"394\" src=\"https:\/\/www.aircharter.com\/wp-content\/uploads\/2022\/12\/Gulfstream_G700_Interior-1.png\" class=\"attachment-recent-posts size-recent-posts\" alt=\"Gulfstream G700 Interior\" \/><\/a><\/li><li><a href=\"https:\/\/www.aircharter.com\/fr\/gulfstream-g700-arrives-for-mebaa-debut-on-world-tour\/\" aria-label=\"Gulfstream G700 Arrives for MEBAA Debut on World Tour\" class=\"hover-type-none\"><img decoding=\"async\" width=\"700\" height=\"393\" src=\"https:\/\/www.aircharter.com\/wp-content\/uploads\/2022\/12\/Gulfstream_G700-1-1.png\" class=\"attachment-recent-posts size-recent-posts\" alt=\"Gulfstream G700\" \/><\/a><\/li><\/ul><\/div><div class=\"recent-posts-content\"><h4 class=\"\"><a href=\"https:\/\/www.aircharter.com\/fr\/gulfstream-g700-arrives-for-mebaa-debut-on-world-tour\/\">Gulfstream G700 Arrives for MEBAA Debut on World Tour<\/a><\/h4><p class=\"meta\"><span>d\u00e9cembre 7th, 2022<\/span><span class=\"fusion-inline-sep\">|<\/span><span class=\"fusion-comments\"><span>Commentaires ferm\u00e9s<span class=\"screen-reader-text\"> sur Gulfstream G700 Arrives for MEBAA Debut on World Tour<\/span><\/span><\/span><\/p><p>Gulfstream G700 Gulfstream Aerospace (Static A12) is showcasing the five-cabin-zone Gulfstream G700, the U.S. company\u2019s forthcoming ultra-long-range flagship, this week at MEBAA 2022 in the model\u2019s debut appearance in Dubai. Boasting what Gulfstream G700 claims<\/p><\/div><\/article><article class=\"post fusion-column column col col-lg-3 col-md-3 col-sm-3\"><div class=\"fusion-flexslider fusion-flexslider-loading flexslider flexslider-hover-type-none\"><ul class=\"slides\"><li><a href=\"https:\/\/www.aircharter.com\/fr\/world-cup-knockout-phase-brings-added-ad-hoc-congestion\/\" aria-label=\"World Cup Knockout Phase Brings Added Ad Hoc Congestion\" class=\"hover-type-none\"><img decoding=\"async\" width=\"700\" height=\"441\" src=\"https:\/\/www.aircharter.com\/wp-content\/uploads\/2022\/12\/358-ccelebritiesfotofifa-world-cup-2022-previews-katara-doha-qatar-700x441.jpg\" class=\"attachment-recent-posts size-recent-posts\" alt=\"\" srcset=\"https:\/\/www.aircharter.com\/wp-content\/uploads\/2022\/12\/358-ccelebritiesfotofifa-world-cup-2022-previews-katara-doha-qatar-320x202.jpg 320w, https:\/\/www.aircharter.com\/wp-content\/uploads\/2022\/12\/358-ccelebritiesfotofifa-world-cup-2022-previews-katara-doha-qatar-700x441.jpg 700w\" sizes=\"(max-width: 700px) 100vw, 700px\" \/><\/a><\/li><\/ul><\/div><div class=\"recent-posts-content\"><h4 class=\"\"><a href=\"https:\/\/www.aircharter.com\/fr\/world-cup-knockout-phase-brings-added-ad-hoc-congestion\/\">World Cup Knockout Phase Brings Added Ad Hoc Congestion<\/a><\/h4><p class=\"meta\"><span>d\u00e9cembre 7th, 2022<\/span><span class=\"fusion-inline-sep\">|<\/span><span class=\"fusion-comments\"><span>Commentaires ferm\u00e9s<span class=\"screen-reader-text\"> sur World Cup Knockout Phase Brings Added Ad Hoc Congestion<\/span><\/span><\/span><\/p><p>With the knockout phase of FIFA World Cup having started on Saturday, Middle East-based flight support companies are warning tournament-goers about an extra layer of unpredictability through the final match on December 18. \u201cWe knew<\/p><\/div><\/article><article class=\"post fusion-column column col col-lg-3 col-md-3 col-sm-3\"><div class=\"fusion-flexslider fusion-flexslider-loading flexslider flexslider-hover-type-none\"><ul class=\"slides\"><li><a href=\"https:\/\/www.aircharter.com\/fr\/wealth-coming-into-mideast-drives-eags-air-charter-growth\/\" aria-label=\"Wealth Coming Into Mideast Drives EAG&rsquo;s Air Charter Growth\" class=\"hover-type-none\"><img decoding=\"async\" width=\"700\" height=\"441\" src=\"https:\/\/www.aircharter.com\/wp-content\/uploads\/2022\/12\/jet-700x441.jpg\" class=\"attachment-recent-posts size-recent-posts\" alt=\"\" srcset=\"https:\/\/www.aircharter.com\/wp-content\/uploads\/2022\/12\/jet-320x202.jpg 320w, https:\/\/www.aircharter.com\/wp-content\/uploads\/2022\/12\/jet-700x441.jpg 700w\" sizes=\"(max-width: 700px) 100vw, 700px\" \/><\/a><\/li><\/ul><\/div><div class=\"recent-posts-content\"><h4 class=\"\"><a href=\"https:\/\/www.aircharter.com\/fr\/wealth-coming-into-mideast-drives-eags-air-charter-growth\/\">Wealth Coming Into Mideast Drives EAG&rsquo;s Air Charter Growth<\/a><\/h4><p class=\"meta\"><span>d\u00e9cembre 7th, 2022<\/span><span class=\"fusion-inline-sep\">|<\/span><span class=\"fusion-comments\"><span>Commentaires ferm\u00e9s<span class=\"screen-reader-text\"> sur Wealth Coming Into Mideast Drives EAG&rsquo;s Air Charter Growth<\/span><\/span><\/span><\/p><p>Celebrating its 15th year of operations this week at MEBAA 2022, management specialist Empire Aviation Group (Static S4; EAG) has seen its charter business triple since 2019, it said on the eve of the biennial<\/p><\/div><\/article><article class=\"post fusion-column column col col-lg-3 col-md-3 col-sm-3\"><div class=\"fusion-flexslider fusion-flexslider-loading flexslider flexslider-hover-type-none\"><ul class=\"slides\"><li><a href=\"https:\/\/www.aircharter.com\/fr\/middle-east-underequipped-for-volume-of-business-dassault-says\/\" aria-label=\"Middle East \u2018Underequipped\u2019 for Volume of Business, Dassault Says\" class=\"hover-type-none\"><img decoding=\"async\" width=\"700\" height=\"441\" src=\"https:\/\/www.aircharter.com\/wp-content\/uploads\/2022\/12\/371_r7dm0090-700x441.gif\" class=\"attachment-recent-posts size-recent-posts\" alt=\"\" srcset=\"https:\/\/www.aircharter.com\/wp-content\/uploads\/2022\/12\/371_r7dm0090-320x202.gif 320w, https:\/\/www.aircharter.com\/wp-content\/uploads\/2022\/12\/371_r7dm0090-700x441.gif 700w\" sizes=\"(max-width: 700px) 100vw, 700px\" \/><\/a><\/li><\/ul><\/div><div class=\"recent-posts-content\"><h4 class=\"\"><a href=\"https:\/\/www.aircharter.com\/fr\/middle-east-underequipped-for-volume-of-business-dassault-says\/\">Middle East \u2018Underequipped\u2019 for Volume of Business, Dassault Says<\/a><\/h4><p class=\"meta\"><span>d\u00e9cembre 7th, 2022<\/span><span class=\"fusion-inline-sep\">|<\/span><span class=\"fusion-comments\"><span>Commentaires ferm\u00e9s<span class=\"screen-reader-text\"> sur Middle East \u2018Underequipped\u2019 for Volume of Business, Dassault Says<\/span><\/span><\/span><\/p><p>While the Middle East represents only about 5 percent of general aviation worldwide, the region is poised for growth given its size, the different businesses that exist, and the fact that companies typically have dealings<\/p><\/div><\/article><article class=\"post fusion-column column col col-lg-3 col-md-3 col-sm-3\"><div class=\"fusion-flexslider fusion-flexslider-loading flexslider flexslider-hover-type-none\"><ul class=\"slides\"><li><a href=\"https:\/\/www.aircharter.com\/fr\/textron-aviations-q3-propelled-by-very-strong-demand\/\" aria-label=\"Textron Aviation&rsquo;s Q3 Propelled by &lsquo;Very Strong Demand&rsquo;\" class=\"hover-type-none\"><img decoding=\"async\" width=\"700\" height=\"441\" src=\"https:\/\/www.aircharter.com\/wp-content\/uploads\/2021\/11\/n260cl_c680a_latitude_-_barry_ambrose_copy-700x441.jpg\" class=\"attachment-recent-posts size-recent-posts\" alt=\"\" srcset=\"https:\/\/www.aircharter.com\/wp-content\/uploads\/2021\/11\/n260cl_c680a_latitude_-_barry_ambrose_copy-320x202.jpg 320w, https:\/\/www.aircharter.com\/wp-content\/uploads\/2021\/11\/n260cl_c680a_latitude_-_barry_ambrose_copy-700x441.jpg 700w\" sizes=\"(max-width: 700px) 100vw, 700px\" \/><\/a><\/li><\/ul><\/div><div class=\"recent-posts-content\"><h4 class=\"\"><a href=\"https:\/\/www.aircharter.com\/fr\/textron-aviations-q3-propelled-by-very-strong-demand\/\">Textron Aviation&rsquo;s Q3 Propelled by &lsquo;Very Strong Demand&rsquo;<\/a><\/h4><p class=\"meta\"><span>novembre 4th, 2021<\/span><span class=\"fusion-inline-sep\">|<\/span><span class=\"fusion-comments\"><span>Commentaires ferm\u00e9s<span class=\"screen-reader-text\"> sur Textron Aviation&rsquo;s Q3 Propelled by &lsquo;Very Strong Demand&rsquo;<\/span><\/span><\/span><\/p><p>Demand was strong \"across the board\" for all of Textron Aviation's aircraft models in the third quarter of 2021, Textron Inc. CEO Scott Donnelly told analysts on an earnings call Thursday. (Photo: AIN\/Barry Ambrose) Textron<\/p><\/div><\/article><article class=\"post fusion-column column col col-lg-3 col-md-3 col-sm-3\"><div class=\"fusion-flexslider fusion-flexslider-loading flexslider flexslider-hover-type-none\"><ul class=\"slides\"><li><a href=\"https:\/\/www.aircharter.com\/fr\/business-jet\/\" aria-label=\"New Report Says It&rsquo;s &lsquo;Party Time&rsquo; for business jets\" class=\"hover-type-none\"><img decoding=\"async\" width=\"700\" height=\"441\" src=\"https:\/\/www.aircharter.com\/wp-content\/uploads\/2021\/07\/g500-arrivalweb-700x441.jpg\" class=\"attachment-recent-posts size-recent-posts\" alt=\"\" srcset=\"https:\/\/www.aircharter.com\/wp-content\/uploads\/2021\/07\/g500-arrivalweb-320x202.jpg 320w, https:\/\/www.aircharter.com\/wp-content\/uploads\/2021\/07\/g500-arrivalweb-700x441.jpg 700w\" sizes=\"(max-width: 700px) 100vw, 700px\" \/><\/a><\/li><\/ul><\/div><div class=\"recent-posts-content\"><h4 class=\"\"><a href=\"https:\/\/www.aircharter.com\/fr\/business-jet\/\">New Report Says It&rsquo;s &lsquo;Party Time&rsquo; for business jets<\/a><\/h4><p class=\"meta\"><span>juillet 3rd, 2021<\/span><span class=\"fusion-inline-sep\">|<\/span><span class=\"fusion-comments\"><span>Commentaires ferm\u00e9s<span class=\"screen-reader-text\"> sur New Report Says It&rsquo;s &lsquo;Party Time&rsquo; for business jets<\/span><\/span><\/span><\/p><p>In a report to investors titled \u201cBizjet Party Time is Now,\u201d analysts at investment bank Cowen see a number of factors improving fortunes for the next couple of years for the business jet industry and,<\/p><\/div><\/article><article class=\"post fusion-column column col col-lg-3 col-md-3 col-sm-3\"><div class=\"fusion-flexslider fusion-flexslider-loading flexslider flexslider-hover-type-none\"><ul class=\"slides\"><li><a href=\"https:\/\/www.aircharter.com\/fr\/gulfstream-g550\/\" aria-label=\"Gulfstream G550 Production Reaches End of the Line\" class=\"hover-type-none\"><img decoding=\"async\" width=\"700\" height=\"441\" src=\"https:\/\/www.aircharter.com\/wp-content\/uploads\/2021\/07\/g550web_0-700x441.jpg\" class=\"attachment-recent-posts size-recent-posts\" alt=\"\" srcset=\"https:\/\/www.aircharter.com\/wp-content\/uploads\/2021\/07\/g550web_0-320x202.jpg 320w, https:\/\/www.aircharter.com\/wp-content\/uploads\/2021\/07\/g550web_0-700x441.jpg 700w\" sizes=\"(max-width: 700px) 100vw, 700px\" \/><\/a><\/li><li><a href=\"https:\/\/www.aircharter.com\/fr\/gulfstream-g550\/\" aria-label=\"Gulfstream G550 Production Reaches End of the Line\" class=\"hover-type-none\"><img decoding=\"async\" width=\"700\" height=\"441\" src=\"https:\/\/www.aircharter.com\/wp-content\/uploads\/2021\/07\/img-slider-fleet-g550-2-xl-700x441.jpg\" class=\"attachment-recent-posts size-recent-posts\" alt=\"\" srcset=\"https:\/\/www.aircharter.com\/wp-content\/uploads\/2021\/07\/img-slider-fleet-g550-2-xl-320x202.jpg 320w, https:\/\/www.aircharter.com\/wp-content\/uploads\/2021\/07\/img-slider-fleet-g550-2-xl-700x441.jpg 700w\" sizes=\"(max-width: 700px) 100vw, 700px\" \/><\/a><\/li><li><a href=\"https:\/\/www.aircharter.com\/fr\/gulfstream-g550\/\" aria-label=\"Gulfstream G550 Production Reaches End of the Line\" class=\"hover-type-none\"><img decoding=\"async\" width=\"700\" height=\"441\" src=\"https:\/\/www.aircharter.com\/wp-content\/uploads\/2021\/07\/db85ca3d28a9f664bc1472eaa9c1ca24-700x441.jpg\" class=\"attachment-recent-posts size-recent-posts\" alt=\"\" srcset=\"https:\/\/www.aircharter.com\/wp-content\/uploads\/2021\/07\/db85ca3d28a9f664bc1472eaa9c1ca24-320x202.jpg 320w, https:\/\/www.aircharter.com\/wp-content\/uploads\/2021\/07\/db85ca3d28a9f664bc1472eaa9c1ca24-700x441.jpg 700w\" sizes=\"(max-width: 700px) 100vw, 700px\" \/><\/a><\/li><li><a href=\"https:\/\/www.aircharter.com\/fr\/gulfstream-g550\/\" aria-label=\"Gulfstream G550 Production Reaches End of the Line\" class=\"hover-type-none\"><img decoding=\"async\" width=\"700\" height=\"441\" src=\"https:\/\/www.aircharter.com\/wp-content\/uploads\/2021\/07\/d_g550_i_mkt_176_web-700x441.jpg\" class=\"attachment-recent-posts size-recent-posts\" alt=\"\" srcset=\"https:\/\/www.aircharter.com\/wp-content\/uploads\/2021\/07\/d_g550_i_mkt_176_web-320x202.jpg 320w, https:\/\/www.aircharter.com\/wp-content\/uploads\/2021\/07\/d_g550_i_mkt_176_web-700x441.jpg 700w\" sizes=\"(max-width: 700px) 100vw, 700px\" \/><\/a><\/li><\/ul><\/div><div class=\"recent-posts-content\"><h4 class=\"\"><a href=\"https:\/\/www.aircharter.com\/fr\/gulfstream-g550\/\">Gulfstream G550 Production Reaches End of the Line<\/a><\/h4><p class=\"meta\"><span>juillet 3rd, 2021<\/span><span class=\"fusion-inline-sep\">|<\/span><span class=\"fusion-comments\"><span>Commentaires ferm\u00e9s<span class=\"screen-reader-text\"> sur Gulfstream G550 Production Reaches End of the Line<\/span><\/span><\/span><\/p><p>Gulfstream G550  After a production run spanning 18 years, Gulfstream delivered the final commercial G550 to an international customer on June 30. (Photo: Gulfstream)  Nearly two decades after it first entered service, Gulfstream<\/p><\/div><\/article><article class=\"post fusion-column column col col-lg-3 col-md-3 col-sm-3\"><div class=\"fusion-flexslider fusion-flexslider-loading flexslider flexslider-hover-type-none\"><ul class=\"slides\"><li><a href=\"https:\/\/www.aircharter.com\/fr\/falcon-6x\/\" aria-label=\"Third Dassault Falcon 6X Joins Flight-test Fleet\" class=\"hover-type-none\"><img decoding=\"async\" width=\"700\" height=\"441\" src=\"https:\/\/www.aircharter.com\/wp-content\/uploads\/2021\/07\/falcon6xsn003_01_hd-700x441.jpg\" class=\"attachment-recent-posts size-recent-posts\" alt=\"\" srcset=\"https:\/\/www.aircharter.com\/wp-content\/uploads\/2021\/07\/falcon6xsn003_01_hd-320x202.jpg 320w, https:\/\/www.aircharter.com\/wp-content\/uploads\/2021\/07\/falcon6xsn003_01_hd-700x441.jpg 700w\" sizes=\"(max-width: 700px) 100vw, 700px\" \/><\/a><\/li><li><a href=\"https:\/\/www.aircharter.com\/fr\/falcon-6x\/\" aria-label=\"Third Dassault Falcon 6X Joins Flight-test Fleet\" class=\"hover-type-none\"><img decoding=\"async\" width=\"700\" height=\"441\" src=\"https:\/\/www.aircharter.com\/wp-content\/uploads\/2021\/07\/SEJUPEDDCREJZICAVXFQQWSTO4-1-700x441.jpg\" class=\"attachment-recent-posts size-recent-posts\" alt=\"\" srcset=\"https:\/\/www.aircharter.com\/wp-content\/uploads\/2021\/07\/SEJUPEDDCREJZICAVXFQQWSTO4-1-320x202.jpg 320w, https:\/\/www.aircharter.com\/wp-content\/uploads\/2021\/07\/SEJUPEDDCREJZICAVXFQQWSTO4-1-700x441.jpg 700w\" sizes=\"(max-width: 700px) 100vw, 700px\" \/><\/a><\/li><li><a href=\"https:\/\/www.aircharter.com\/fr\/falcon-6x\/\" aria-label=\"Third Dassault Falcon 6X Joins Flight-test Fleet\" class=\"hover-type-none\"><img decoding=\"async\" width=\"700\" height=\"441\" src=\"https:\/\/www.aircharter.com\/wp-content\/uploads\/2021\/07\/CabinExperience2-1-700x441.jpg\" class=\"attachment-recent-posts size-recent-posts\" alt=\"\" srcset=\"https:\/\/www.aircharter.com\/wp-content\/uploads\/2021\/07\/CabinExperience2-1-320x202.jpg 320w, https:\/\/www.aircharter.com\/wp-content\/uploads\/2021\/07\/CabinExperience2-1-700x441.jpg 700w\" sizes=\"(max-width: 700px) 100vw, 700px\" \/><\/a><\/li><\/ul><\/div><div class=\"recent-posts-content\"><h4 class=\"\"><a href=\"https:\/\/www.aircharter.com\/fr\/falcon-6x\/\">Third Dassault Falcon 6X Joins Flight-test Fleet<\/a><\/h4><p class=\"meta\"><span>juillet 3rd, 2021<\/span><span class=\"fusion-inline-sep\">|<\/span><span class=\"fusion-comments\"><span>Commentaires ferm\u00e9s<span class=\"screen-reader-text\"> sur Third Dassault Falcon 6X Joins Flight-test Fleet<\/span><\/span><\/span><\/p><p>Dassault's third flight-test Falcon 6X took to the skies on June 24. The twinjet has a full interior and will be used to test in-flight entertainment and communications systems, as well as evaluate environmental features<\/p><\/div><\/article><article class=\"post fusion-column column col col-lg-3 col-md-3 col-sm-3\"><div class=\"fusion-flexslider fusion-flexslider-loading flexslider flexslider-hover-type-none\"><ul class=\"slides\"><li><a href=\"https:\/\/www.aircharter.com\/fr\/bombardier-hands-over-first-indonesia-based-global-7500\/\" aria-label=\"Bombardier Hands Over First Indonesia-based Global 7500\" class=\"hover-type-none\"><img decoding=\"async\" width=\"700\" height=\"441\" src=\"https:\/\/www.aircharter.com\/wp-content\/uploads\/2021\/06\/albums-global-7500-exterior-12_0-700x441.jpeg\" class=\"attachment-recent-posts size-recent-posts\" alt=\"\" srcset=\"https:\/\/www.aircharter.com\/wp-content\/uploads\/2021\/06\/albums-global-7500-exterior-12_0-320x202.jpeg 320w, https:\/\/www.aircharter.com\/wp-content\/uploads\/2021\/06\/albums-global-7500-exterior-12_0-700x441.jpeg 700w\" sizes=\"(max-width: 700px) 100vw, 700px\" \/><\/a><\/li><\/ul><\/div><div class=\"recent-posts-content\"><h4 class=\"\"><a href=\"https:\/\/www.aircharter.com\/fr\/bombardier-hands-over-first-indonesia-based-global-7500\/\">Bombardier Hands Over First Indonesia-based Global 7500<\/a><\/h4><p class=\"meta\"><span>juin 18th, 2021<\/span><span class=\"fusion-inline-sep\">|<\/span><span class=\"fusion-comments\"><span>Commentaires ferm\u00e9s<span class=\"screen-reader-text\"> sur Bombardier Hands Over First Indonesia-based Global 7500<\/span><\/span><\/span><\/p><p>Bombardier Hands Over First Indonesia-based Global 7500 Bombardier\u2019s Global 7500 has entered the Indonesian market with the first delivery of one of the company\u2019s flagship business jets to an undisclosed customer based in Jakarta. The<\/p><\/div><\/article><article class=\"post fusion-column column col col-lg-3 col-md-3 col-sm-3\"><div class=\"fusion-flexslider fusion-flexslider-loading flexslider flexslider-hover-type-none\"><ul class=\"slides\"><li><a href=\"https:\/\/www.aircharter.com\/fr\/argus-european-bizav-ops-rebound-156-in-may\/\" aria-label=\"Argus: European Bizav Ops Rebound 156% in May\" class=\"hover-type-none\"><img decoding=\"async\" width=\"700\" height=\"441\" src=\"https:\/\/www.aircharter.com\/wp-content\/uploads\/2021\/06\/challenger_350-700x441.jpeg\" class=\"attachment-recent-posts size-recent-posts\" alt=\"\" srcset=\"https:\/\/www.aircharter.com\/wp-content\/uploads\/2021\/06\/challenger_350-320x202.jpeg 320w, https:\/\/www.aircharter.com\/wp-content\/uploads\/2021\/06\/challenger_350-700x441.jpeg 700w\" sizes=\"(max-width: 700px) 100vw, 700px\" \/><\/a><\/li><\/ul><\/div><div class=\"recent-posts-content\"><h4 class=\"\"><a href=\"https:\/\/www.aircharter.com\/fr\/argus-european-bizav-ops-rebound-156-in-may\/\">Argus: European Bizav Ops Rebound 156% in May<\/a><\/h4><p class=\"meta\"><span>juin 18th, 2021<\/span><span class=\"fusion-inline-sep\">|<\/span><span class=\"fusion-comments\"><span>Commentaires ferm\u00e9s<span class=\"screen-reader-text\"> sur Argus: European Bizav Ops Rebound 156% in May<\/span><\/span><\/span><\/p><p>Argus May 2021 data showed that the midsize jet category marked the largest resurgence in Europe, up 227.8 percent year-over-year. Business aviation activity showed a sharp rebound across all categories in May in Europe with<\/p><\/div><\/article><article class=\"post fusion-column column col col-lg-3 col-md-3 col-sm-3\"><div class=\"fusion-flexslider fusion-flexslider-loading flexslider flexslider-hover-type-none\"><ul class=\"slides\"><li><a href=\"https:\/\/www.aircharter.com\/fr\/embraer-unveils-medevac-cabin-for-phenom-300\/\" aria-label=\"Embraer Unveils Medevac Cabin for Phenom 300\" class=\"hover-type-none\"><img decoding=\"async\" width=\"700\" height=\"441\" src=\"https:\/\/www.aircharter.com\/wp-content\/uploads\/2025\/09\/medavacext-700x441.jpg\" class=\"attachment-recent-posts size-recent-posts\" alt=\"\" srcset=\"https:\/\/www.aircharter.com\/wp-content\/uploads\/2025\/09\/medavacext-320x202.jpg 320w, https:\/\/www.aircharter.com\/wp-content\/uploads\/2025\/09\/medavacext-700x441.jpg 700w\" sizes=\"(max-width: 700px) 100vw, 700px\" \/><\/a><\/li><li><a href=\"https:\/\/www.aircharter.com\/fr\/embraer-unveils-medevac-cabin-for-phenom-300\/\" aria-label=\"Embraer Unveils Medevac Cabin for Phenom 300\" class=\"hover-type-none\"><img decoding=\"async\" width=\"700\" height=\"441\" src=\"https:\/\/www.aircharter.com\/wp-content\/uploads\/2025\/09\/8560-700x441.jpg\" class=\"attachment-recent-posts size-recent-posts\" alt=\"\" srcset=\"https:\/\/www.aircharter.com\/wp-content\/uploads\/2025\/09\/8560-320x202.jpg 320w, https:\/\/www.aircharter.com\/wp-content\/uploads\/2025\/09\/8560-700x441.jpg 700w\" sizes=\"(max-width: 700px) 100vw, 700px\" \/><\/a><\/li><li><a href=\"https:\/\/www.aircharter.com\/fr\/embraer-unveils-medevac-cabin-for-phenom-300\/\" aria-label=\"Embraer Unveils Medevac Cabin for Phenom 300\" class=\"hover-type-none\"><img decoding=\"async\" width=\"700\" height=\"441\" src=\"https:\/\/www.aircharter.com\/wp-content\/uploads\/2025\/09\/8561-700x441.jpg\" class=\"attachment-recent-posts size-recent-posts\" alt=\"\" srcset=\"https:\/\/www.aircharter.com\/wp-content\/uploads\/2025\/09\/8561-320x202.jpg 320w, https:\/\/www.aircharter.com\/wp-content\/uploads\/2025\/09\/8561-700x441.jpg 700w\" sizes=\"(max-width: 700px) 100vw, 700px\" \/><\/a><\/li><li><a href=\"https:\/\/www.aircharter.com\/fr\/embraer-unveils-medevac-cabin-for-phenom-300\/\" aria-label=\"Embraer Unveils Medevac Cabin for Phenom 300\" class=\"hover-type-none\"><img decoding=\"async\" width=\"700\" height=\"441\" src=\"https:\/\/www.aircharter.com\/wp-content\/uploads\/2025\/09\/8562-700x441.jpg\" class=\"attachment-recent-posts size-recent-posts\" alt=\"\" srcset=\"https:\/\/www.aircharter.com\/wp-content\/uploads\/2025\/09\/8562-320x202.jpg 320w, https:\/\/www.aircharter.com\/wp-content\/uploads\/2025\/09\/8562-700x441.jpg 700w\" sizes=\"(max-width: 700px) 100vw, 700px\" \/><\/a><\/li><li><a href=\"https:\/\/www.aircharter.com\/fr\/embraer-unveils-medevac-cabin-for-phenom-300\/\" aria-label=\"Embraer Unveils Medevac Cabin for Phenom 300\" class=\"hover-type-none\"><img decoding=\"async\" width=\"700\" height=\"441\" src=\"https:\/\/www.aircharter.com\/wp-content\/uploads\/2025\/09\/8564-700x441.jpg\" class=\"attachment-recent-posts size-recent-posts\" alt=\"\" srcset=\"https:\/\/www.aircharter.com\/wp-content\/uploads\/2025\/09\/8564-320x202.jpg 320w, https:\/\/www.aircharter.com\/wp-content\/uploads\/2025\/09\/8564-700x441.jpg 700w\" sizes=\"(max-width: 700px) 100vw, 700px\" \/><\/a><\/li><\/ul><\/div><div class=\"recent-posts-content\"><h4 class=\"\"><a href=\"https:\/\/www.aircharter.com\/fr\/embraer-unveils-medevac-cabin-for-phenom-300\/\">Embraer Unveils Medevac Cabin for Phenom 300<\/a><\/h4><p class=\"meta\"><span>juin 12th, 2021<\/span><span class=\"fusion-inline-sep\">|<\/span><span class=\"fusion-comments\"><span>Commentaires ferm\u00e9s<span class=\"screen-reader-text\"> sur Embraer Unveils Medevac Cabin for Phenom 300<\/span><\/span><\/span><\/p><p>Embraer's Medevac Cabin for Phenom 300 features a convertible medevac cabin. (Photo: Embraer) Part 135 operator GrandView Aviation will be Embraer\u2019s launch customer for a convertible Medevac Cabin for Phenom 300 interior STC that the<\/p><\/div><\/article><article class=\"post fusion-column column col col-lg-3 col-md-3 col-sm-3\"><div class=\"fusion-flexslider fusion-flexslider-loading flexslider flexslider-hover-type-none\"><ul class=\"slides\"><li><a href=\"https:\/\/www.aircharter.com\/fr\/covid-19-gives-africa-bizav-a-boost\/\" aria-label=\"Covid-19 Gives Africa Bizav a Boost\" class=\"hover-type-none\"><img decoding=\"async\" width=\"700\" height=\"441\" src=\"https:\/\/www.aircharter.com\/wp-content\/uploads\/2021\/06\/305-web-the-fireblade-fleet-of-bombardier-challenger-350s-and-l-a-bombardier-global-6500-credit-fireblade-aviation_0-700x441.jpg\" class=\"attachment-recent-posts size-recent-posts\" alt=\"\" srcset=\"https:\/\/www.aircharter.com\/wp-content\/uploads\/2021\/06\/305-web-the-fireblade-fleet-of-bombardier-challenger-350s-and-l-a-bombardier-global-6500-credit-fireblade-aviation_0-320x202.jpg 320w, https:\/\/www.aircharter.com\/wp-content\/uploads\/2021\/06\/305-web-the-fireblade-fleet-of-bombardier-challenger-350s-and-l-a-bombardier-global-6500-credit-fireblade-aviation_0-700x441.jpg 700w\" sizes=\"(max-width: 700px) 100vw, 700px\" \/><\/a><\/li><\/ul><\/div><div class=\"recent-posts-content\"><h4 class=\"\"><a href=\"https:\/\/www.aircharter.com\/fr\/covid-19-gives-africa-bizav-a-boost\/\">Covid-19 Gives Africa Bizav a Boost<\/a><\/h4><p class=\"meta\"><span>juin 11th, 2021<\/span><span class=\"fusion-inline-sep\">|<\/span><span class=\"fusion-comments\"><span>Commentaires ferm\u00e9s<span class=\"screen-reader-text\"> sur Covid-19 Gives Africa Bizav a Boost<\/span><\/span><\/span><\/p><p>The Fireblade fleet of Bombardier Challenger 350s and (left) a Bombardier Global 6500. (Photo: Fireblade Aviation) Although business aviation has prospered in Africa over the past 12 months due to Covid-19\u2019s destabilizing effects on its<\/p><\/div><\/article><article class=\"post fusion-column column col col-lg-3 col-md-3 col-sm-3\"><div class=\"fusion-flexslider fusion-flexslider-loading flexslider flexslider-hover-type-none\"><ul class=\"slides\"><li><a href=\"https:\/\/www.aircharter.com\/fr\/jet-edge-secures-150m-from-kkr-as-it-unveils-advantedge\/\" aria-label=\"Jet Edge Secures $150M from KKR as it Unveils AdvantEdge\" class=\"hover-type-none\"><img decoding=\"async\" width=\"700\" height=\"441\" src=\"https:\/\/www.aircharter.com\/wp-content\/uploads\/2021\/06\/jet_edge_and_kkr-700x441.jpeg\" class=\"attachment-recent-posts size-recent-posts\" alt=\"\" srcset=\"https:\/\/www.aircharter.com\/wp-content\/uploads\/2021\/06\/jet_edge_and_kkr-320x202.jpeg 320w, https:\/\/www.aircharter.com\/wp-content\/uploads\/2021\/06\/jet_edge_and_kkr-700x441.jpeg 700w\" sizes=\"(max-width: 700px) 100vw, 700px\" \/><\/a><\/li><\/ul><\/div><div class=\"recent-posts-content\"><h4 class=\"\"><a href=\"https:\/\/www.aircharter.com\/fr\/jet-edge-secures-150m-from-kkr-as-it-unveils-advantedge\/\">Jet Edge Secures $150M from KKR as it Unveils AdvantEdge<\/a><\/h4><p class=\"meta\"><span>juin 11th, 2021<\/span><span class=\"fusion-inline-sep\">|<\/span><span class=\"fusion-comments\"><span>Commentaires ferm\u00e9s<span class=\"screen-reader-text\"> sur Jet Edge Secures $150M from KKR as it Unveils AdvantEdge<\/span><\/span><\/span><\/p><p>Jet Edge's newly coined AdvantEdge charter and management program aims to provide predictable revenues and schedules. (Photo: Jet Edge) A day after KKR announced its $4.5 billion acquisition of Atlantic Aviation, the investment firm is<\/p><\/div><\/article><article class=\"post fusion-column column col col-lg-3 col-md-3 col-sm-3\"><div class=\"fusion-flexslider fusion-flexslider-loading flexslider flexslider-hover-type-none\"><ul class=\"slides\"><li><a href=\"https:\/\/www.aircharter.com\/fr\/signature-aviation-now-under-new-ownership\/\" aria-label=\"Signature Aviation Now Under New Ownership\" class=\"hover-type-none\"><img decoding=\"async\" width=\"700\" height=\"441\" src=\"https:\/\/www.aircharter.com\/wp-content\/uploads\/2021\/06\/signature_luton_web-700x441.jpg\" class=\"attachment-recent-posts size-recent-posts\" alt=\"\" srcset=\"https:\/\/www.aircharter.com\/wp-content\/uploads\/2021\/06\/signature_luton_web-320x202.jpg 320w, https:\/\/www.aircharter.com\/wp-content\/uploads\/2021\/06\/signature_luton_web-700x441.jpg 700w\" sizes=\"(max-width: 700px) 100vw, 700px\" \/><\/a><\/li><\/ul><\/div><div class=\"recent-posts-content\"><h4 class=\"\"><a href=\"https:\/\/www.aircharter.com\/fr\/signature-aviation-now-under-new-ownership\/\">Signature Aviation Now Under New Ownership<\/a><\/h4><p class=\"meta\"><span>juin 11th, 2021<\/span><span class=\"fusion-inline-sep\">|<\/span><span class=\"fusion-comments\"><span>Commentaires ferm\u00e9s<span class=\"screen-reader-text\"> sur Signature Aviation Now Under New Ownership<\/span><\/span><\/span><\/p><p>With the conclusion of its sale to a group of private investment firms, Signature Aviation is now under new ownership. A statement from the company noted it expects \"there will be no immediate change to<\/p><\/div><\/article><article class=\"post fusion-column column col col-lg-3 col-md-3 col-sm-3\"><div class=\"fusion-flexslider fusion-flexslider-loading flexslider flexslider-hover-type-none\"><ul class=\"slides\"><li><a href=\"https:\/\/www.aircharter.com\/fr\/as-aviation-digitizes-leaders-stress-need-for-accuracy-2\/\" aria-label=\"As Aviation Digitizes, Leaders Stress Need for Accuracy\" class=\"hover-type-none\"><img decoding=\"async\" width=\"700\" height=\"441\" src=\"https:\/\/www.aircharter.com\/wp-content\/uploads\/2021\/06\/fbo-pulkovo-3-web-700x441.jpg\" class=\"attachment-recent-posts size-recent-posts\" alt=\"\" srcset=\"https:\/\/www.aircharter.com\/wp-content\/uploads\/2021\/06\/fbo-pulkovo-3-web-320x202.jpg 320w, https:\/\/www.aircharter.com\/wp-content\/uploads\/2021\/06\/fbo-pulkovo-3-web-700x441.jpg 700w\" sizes=\"(max-width: 700px) 100vw, 700px\" \/><\/a><\/li><\/ul><\/div><div class=\"recent-posts-content\"><h4 class=\"\"><a href=\"https:\/\/www.aircharter.com\/fr\/as-aviation-digitizes-leaders-stress-need-for-accuracy-2\/\">As Aviation Digitizes, Leaders Stress Need for Accuracy<\/a><\/h4><p class=\"meta\"><span>juin 7th, 2021<\/span><span class=\"fusion-inline-sep\">|<\/span><span class=\"fusion-comments\"><span>Commentaires ferm\u00e9s<span class=\"screen-reader-text\"> sur As Aviation Digitizes, Leaders Stress Need for Accuracy<\/span><\/span><\/span><\/p><p>The Russian St. Petersburg Pulkovo International Airport is a hub of business aviation activity this week during the International Economic Forum (IEF), which is being held June 2 through 5 at the St. Petersburg ExpoForum<\/p><\/div><\/article><article class=\"post fusion-column column col col-lg-3 col-md-3 col-sm-3\"><div class=\"fusion-flexslider fusion-flexslider-loading flexslider flexslider-hover-type-none\"><ul class=\"slides\"><li><a href=\"https:\/\/www.aircharter.com\/fr\/as-aviation-digitizes-leaders-stress-need-for-accuracy\/\" aria-label=\"As Aviation Digitizes, Leaders Stress Need for Accuracy\" class=\"hover-type-none\"><img decoding=\"async\" width=\"700\" height=\"441\" src=\"https:\/\/www.aircharter.com\/wp-content\/uploads\/2021\/06\/112_falcon900lx_web_2017usb52_hd-700x441.jpg\" class=\"attachment-recent-posts size-recent-posts\" alt=\"\" srcset=\"https:\/\/www.aircharter.com\/wp-content\/uploads\/2021\/06\/112_falcon900lx_web_2017usb52_hd-320x202.jpg 320w, https:\/\/www.aircharter.com\/wp-content\/uploads\/2021\/06\/112_falcon900lx_web_2017usb52_hd-700x441.jpg 700w\" sizes=\"(max-width: 700px) 100vw, 700px\" \/><\/a><\/li><\/ul><\/div><div class=\"recent-posts-content\"><h4 class=\"\"><a href=\"https:\/\/www.aircharter.com\/fr\/as-aviation-digitizes-leaders-stress-need-for-accuracy\/\">As Aviation Digitizes, Leaders Stress Need for Accuracy<\/a><\/h4><p class=\"meta\"><span>juin 7th, 2021<\/span><span class=\"fusion-inline-sep\">|<\/span><span class=\"fusion-comments\"><span>Commentaires ferm\u00e9s<span class=\"screen-reader-text\"> sur As Aviation Digitizes, Leaders Stress Need for Accuracy<\/span><\/span><\/span><\/p><p>The aviation industry is approaching a time when the use of pen and paper will become nearly obsolete, underscoring the importance of ensuring the accuracy of data, industry leaders agree. Speaking during an EBACE Connect<\/p><\/div><\/article><article class=\"post fusion-column column col col-lg-3 col-md-3 col-sm-3\"><div class=\"fusion-flexslider fusion-flexslider-loading flexslider flexslider-hover-type-none\"><ul class=\"slides\"><li><a href=\"https:\/\/www.aircharter.com\/fr\/u-s-air-force-acquiring-global-6000s-for-battlefield-ops\/\" aria-label=\"U.S. Air Force Acquiring Global 6000s for Battlefield Ops\" class=\"hover-type-none\"><img decoding=\"async\" width=\"700\" height=\"441\" src=\"https:\/\/www.aircharter.com\/wp-content\/uploads\/2021\/06\/210601-f-jw594-001_copy-700x441.jpg\" class=\"attachment-recent-posts size-recent-posts\" alt=\"\" srcset=\"https:\/\/www.aircharter.com\/wp-content\/uploads\/2021\/06\/210601-f-jw594-001_copy-320x202.jpg 320w, https:\/\/www.aircharter.com\/wp-content\/uploads\/2021\/06\/210601-f-jw594-001_copy-700x441.jpg 700w\" sizes=\"(max-width: 700px) 100vw, 700px\" \/><\/a><\/li><\/ul><\/div><div class=\"recent-posts-content\"><h4 class=\"\"><a href=\"https:\/\/www.aircharter.com\/fr\/u-s-air-force-acquiring-global-6000s-for-battlefield-ops\/\">U.S. Air Force Acquiring Global 6000s for Battlefield Ops<\/a><\/h4><p class=\"meta\"><span>juin 7th, 2021<\/span><span class=\"fusion-inline-sep\">|<\/span><span class=\"fusion-comments\"><span>Commentaires ferm\u00e9s<span class=\"screen-reader-text\"> sur U.S. Air Force Acquiring Global 6000s for Battlefield Ops<\/span><\/span><\/span><\/p><p>A Battlefield Airborne Communications Node-equipped E-11A aircraft rolls out on the flight line at Hanscom Air Force Base in Massachusetts in July 2018. On June 1, the BACN program office at that base awarded a<\/p><\/div><\/article><article class=\"post fusion-column column col col-lg-3 col-md-3 col-sm-3\"><div class=\"fusion-flexslider fusion-flexslider-loading flexslider flexslider-hover-type-none\"><ul class=\"slides\"><li><a href=\"https:\/\/www.aircharter.com\/fr\/now-available-wholesale-first-and-business-class-tickets\/\" aria-label=\"Now available Wholesale First &#038; Business Class Tickets\" class=\"hover-type-none\"><img decoding=\"async\" width=\"700\" height=\"441\" src=\"https:\/\/www.aircharter.com\/wp-content\/uploads\/2021\/05\/Photo_of_American_Airlines_longhaul_business_class6144x4096-916x611-e1466876620982-700x441.jpg\" class=\"attachment-recent-posts size-recent-posts\" alt=\"\" srcset=\"https:\/\/www.aircharter.com\/wp-content\/uploads\/2021\/05\/Photo_of_American_Airlines_longhaul_business_class6144x4096-916x611-e1466876620982-320x202.jpg 320w, https:\/\/www.aircharter.com\/wp-content\/uploads\/2021\/05\/Photo_of_American_Airlines_longhaul_business_class6144x4096-916x611-e1466876620982-700x441.jpg 700w\" sizes=\"(max-width: 700px) 100vw, 700px\" \/><\/a><\/li><\/ul><\/div><div class=\"recent-posts-content\"><h4 class=\"\"><a href=\"https:\/\/www.aircharter.com\/fr\/now-available-wholesale-first-and-business-class-tickets\/\">Now available Wholesale First &#038; Business Class Tickets<\/a><\/h4><p class=\"meta\"><span>mai 24th, 2021<\/span><span class=\"fusion-inline-sep\">|<\/span><span class=\"fusion-comments\"><span>Commentaires ferm\u00e9s<span class=\"screen-reader-text\"> sur Now available Wholesale First &#038; Business Class Tickets<\/span><\/span><\/span><\/p><p>Real travel experts, genuine savings . Maximum Savings Major discounts on international first and business class flights Superior Service Expert travel manager providing support in real time before, during, and after your trip. Simple Amendments<\/p><\/div><\/article><article class=\"post fusion-column column col col-lg-3 col-md-3 col-sm-3\"><div class=\"fusion-flexslider fusion-flexslider-loading flexslider flexslider-hover-type-none\"><ul class=\"slides\"><li><a href=\"https:\/\/www.aircharter.com\/fr\/dassaults-10x-will-fly-7500nm-powered-by-pearls\/\" aria-label=\"Dassault&rsquo;s 10X will fly 7,500nm powered by Pearls\" class=\"hover-type-none\"><img decoding=\"async\" width=\"700\" height=\"441\" src=\"https:\/\/www.aircharter.com\/wp-content\/uploads\/2021\/05\/11773-700x441.jpg\" class=\"attachment-recent-posts size-recent-posts\" alt=\"\" srcset=\"https:\/\/www.aircharter.com\/wp-content\/uploads\/2021\/05\/11773-320x202.jpg 320w, https:\/\/www.aircharter.com\/wp-content\/uploads\/2021\/05\/11773-700x441.jpg 700w\" sizes=\"(max-width: 700px) 100vw, 700px\" \/><\/a><\/li><li><a href=\"https:\/\/www.aircharter.com\/fr\/dassaults-10x-will-fly-7500nm-powered-by-pearls\/\" aria-label=\"Dassault&rsquo;s 10X will fly 7,500nm powered by Pearls\" class=\"hover-type-none\"><img decoding=\"async\" width=\"700\" height=\"441\" src=\"https:\/\/www.aircharter.com\/wp-content\/uploads\/2021\/05\/117732-700x441.jpg\" class=\"attachment-recent-posts size-recent-posts\" alt=\"\" srcset=\"https:\/\/www.aircharter.com\/wp-content\/uploads\/2021\/05\/117732-320x202.jpg 320w, https:\/\/www.aircharter.com\/wp-content\/uploads\/2021\/05\/117732-700x441.jpg 700w\" sizes=\"(max-width: 700px) 100vw, 700px\" \/><\/a><\/li><li><a href=\"https:\/\/www.aircharter.com\/fr\/dassaults-10x-will-fly-7500nm-powered-by-pearls\/\" aria-label=\"Dassault&rsquo;s 10X will fly 7,500nm powered by Pearls\" class=\"hover-type-none\"><img decoding=\"async\" width=\"700\" height=\"441\" src=\"https:\/\/www.aircharter.com\/wp-content\/uploads\/2021\/05\/117734-700x441.jpg\" class=\"attachment-recent-posts size-recent-posts\" alt=\"\" srcset=\"https:\/\/www.aircharter.com\/wp-content\/uploads\/2021\/05\/117734-320x202.jpg 320w, https:\/\/www.aircharter.com\/wp-content\/uploads\/2021\/05\/117734-700x441.jpg 700w\" sizes=\"(max-width: 700px) 100vw, 700px\" \/><\/a><\/li><li><a href=\"https:\/\/www.aircharter.com\/fr\/dassaults-10x-will-fly-7500nm-powered-by-pearls\/\" aria-label=\"Dassault&rsquo;s 10X will fly 7,500nm powered by Pearls\" class=\"hover-type-none\"><img decoding=\"async\" width=\"700\" height=\"441\" src=\"https:\/\/www.aircharter.com\/wp-content\/uploads\/2021\/05\/117733-700x441.jpg\" class=\"attachment-recent-posts size-recent-posts\" alt=\"\" srcset=\"https:\/\/www.aircharter.com\/wp-content\/uploads\/2021\/05\/117733-320x202.jpg 320w, https:\/\/www.aircharter.com\/wp-content\/uploads\/2021\/05\/117733-700x441.jpg 700w\" sizes=\"(max-width: 700px) 100vw, 700px\" \/><\/a><\/li><li><a href=\"https:\/\/www.aircharter.com\/fr\/dassaults-10x-will-fly-7500nm-powered-by-pearls\/\" aria-label=\"Dassault&rsquo;s 10X will fly 7,500nm powered by Pearls\" class=\"hover-type-none\"><img decoding=\"async\" width=\"700\" height=\"441\" src=\"https:\/\/www.aircharter.com\/wp-content\/uploads\/2021\/05\/117736-700x441.jpg\" class=\"attachment-recent-posts size-recent-posts\" alt=\"\" srcset=\"https:\/\/www.aircharter.com\/wp-content\/uploads\/2021\/05\/117736-320x202.jpg 320w, https:\/\/www.aircharter.com\/wp-content\/uploads\/2021\/05\/117736-700x441.jpg 700w\" sizes=\"(max-width: 700px) 100vw, 700px\" \/><\/a><\/li><\/ul><\/div><div class=\"recent-posts-content\"><h4 class=\"\"><a href=\"https:\/\/www.aircharter.com\/fr\/dassaults-10x-will-fly-7500nm-powered-by-pearls\/\">Dassault&rsquo;s 10X will fly 7,500nm powered by Pearls<\/a><\/h4><p class=\"meta\"><span>mai 24th, 2021<\/span><span class=\"fusion-inline-sep\">|<\/span><span class=\"fusion-comments\"><span>Commentaires ferm\u00e9s<span class=\"screen-reader-text\"> sur Dassault&rsquo;s 10X will fly 7,500nm powered by Pearls<\/span><\/span><\/span><\/p><p>The Falcon 10X will enter service at the end of 2025, with the biggest and most comfortable cabin on the market, and multiple interior configurations. Large windows and pure air will be popular with passengers.<\/p><\/div><\/article><article class=\"post fusion-column column col col-lg-3 col-md-3 col-sm-3\"><div class=\"fusion-flexslider fusion-flexslider-loading flexslider flexslider-hover-type-none\"><ul class=\"slides\"><li><a href=\"https:\/\/www.aircharter.com\/fr\/a-cross-border-covid-collaboration-saw-eaas-mother-company-luxembourg-air-rescue-honoured-for-outstanding-work-during-the-pandemic-as-a-recipient-of-the-adenauer-de-gaulle-prize-for-2020\/\" aria-label=\"A cross-border COVID collaboration saw EAA&rsquo;s mother company Luxembourg Air Rescue honoured for outstanding work during the pandemic as a recipient of the Adenauer-De Gaulle Prize for 2020.\" class=\"hover-type-none\"><img decoding=\"async\" width=\"700\" height=\"441\" src=\"https:\/\/www.aircharter.com\/wp-content\/uploads\/2021\/05\/10914-700x441.jpg\" class=\"attachment-recent-posts size-recent-posts\" alt=\"\" srcset=\"https:\/\/www.aircharter.com\/wp-content\/uploads\/2021\/05\/10914-320x202.jpg 320w, https:\/\/www.aircharter.com\/wp-content\/uploads\/2021\/05\/10914-700x441.jpg 700w\" sizes=\"(max-width: 700px) 100vw, 700px\" \/><\/a><\/li><\/ul><\/div><div class=\"recent-posts-content\"><h4 class=\"\"><a href=\"https:\/\/www.aircharter.com\/fr\/a-cross-border-covid-collaboration-saw-eaas-mother-company-luxembourg-air-rescue-honoured-for-outstanding-work-during-the-pandemic-as-a-recipient-of-the-adenauer-de-gaulle-prize-for-2020\/\">A cross-border COVID collaboration saw EAA&rsquo;s mother company Luxembourg Air Rescue honoured for outstanding work during the pandemic as a recipient of the Adenauer-De Gaulle Prize for 2020.<\/a><\/h4><p class=\"meta\"><span>mai 24th, 2021<\/span><span class=\"fusion-inline-sep\">|<\/span><span class=\"fusion-comments\"><span>Commentaires ferm\u00e9s<span class=\"screen-reader-text\"> sur A cross-border COVID collaboration saw EAA&rsquo;s mother company Luxembourg Air Rescue honoured for outstanding work during the pandemic as a recipient of the Adenauer-De Gaulle Prize for 2020.<\/span><\/span><\/span><\/p><p>2020 will be remembered as a year like no other, when coronavirus forced everyone to find new ways to live and work. For Luxembourg airport-based European Air Ambulance (EAA), this meant adapting quickly but safely,<\/p><\/div><\/article><article class=\"post fusion-column column col col-lg-3 col-md-3 col-sm-3\"><div class=\"fusion-flexslider fusion-flexslider-loading flexslider flexslider-hover-type-none\"><ul class=\"slides\"><li><a href=\"https:\/\/www.aircharter.com\/fr\/air-charter-predicts-surge-in-summer-private-jet-travel-bookings-as-travellers-look-to-avoid-airport-chaos\/\" aria-label=\"AirCharter predicts surge in summer private jet travel bookings, as travellers look to avoid airport chaos\" class=\"hover-type-none\"><img decoding=\"async\" width=\"700\" height=\"441\" src=\"https:\/\/www.aircharter.com\/wp-content\/uploads\/2017\/01\/pc-24_ext10-700x441.jpg\" class=\"attachment-recent-posts size-recent-posts\" alt=\"\" srcset=\"https:\/\/www.aircharter.com\/wp-content\/uploads\/2017\/01\/pc-24_ext10-320x202.jpg 320w, https:\/\/www.aircharter.com\/wp-content\/uploads\/2017\/01\/pc-24_ext10-700x441.jpg 700w\" sizes=\"(max-width: 700px) 100vw, 700px\" \/><\/a><\/li><\/ul><\/div><div class=\"recent-posts-content\"><h4 class=\"\"><a href=\"https:\/\/www.aircharter.com\/fr\/air-charter-predicts-surge-in-summer-private-jet-travel-bookings-as-travellers-look-to-avoid-airport-chaos\/\">AirCharter predicts surge in summer private jet travel bookings, as travellers look to avoid airport chaos<\/a><\/h4><p class=\"meta\"><span>mai 24th, 2021<\/span><span class=\"fusion-inline-sep\">|<\/span><span class=\"fusion-comments\"><span>Commentaires ferm\u00e9s<span class=\"screen-reader-text\"> sur AirCharter predicts surge in summer private jet travel bookings, as travellers look to avoid airport chaos<\/span><\/span><\/span><\/p><p>Leading aircraft charter specialist,\u00a0AirCharter.com , is predicting a summer \u2018boom\u2019 in travel bookings for its private jet division this year. Despite seeing a surge in private demand directly after the US's first lockdown last year,<\/p><\/div><\/article><article class=\"post fusion-column column col col-lg-3 col-md-3 col-sm-3\"><div class=\"fusion-flexslider fusion-flexslider-loading flexslider flexslider-hover-type-none\"><ul class=\"slides\"><li><a href=\"https:\/\/www.aircharter.com\/fr\/why-cargo-charter-is-the-solution-to-the-scheduled-capacity-problem\/\" aria-label=\"Why cargo charter is the solution to the scheduled capacity problem\" class=\"hover-type-none\"><img decoding=\"async\" width=\"700\" height=\"441\" src=\"https:\/\/www.aircharter.com\/wp-content\/uploads\/2020\/05\/747-200f-700x441.jpg\" class=\"attachment-recent-posts size-recent-posts\" alt=\"\" srcset=\"https:\/\/www.aircharter.com\/wp-content\/uploads\/2020\/05\/747-200f-320x202.jpg 320w, https:\/\/www.aircharter.com\/wp-content\/uploads\/2020\/05\/747-200f-700x441.jpg 700w\" sizes=\"(max-width: 700px) 100vw, 700px\" \/><\/a><\/li><\/ul><\/div><div class=\"recent-posts-content\"><h4 class=\"\"><a href=\"https:\/\/www.aircharter.com\/fr\/why-cargo-charter-is-the-solution-to-the-scheduled-capacity-problem\/\">Why cargo charter is the solution to the scheduled capacity problem<\/a><\/h4><p class=\"meta\"><span>mai 24th, 2021<\/span><span class=\"fusion-inline-sep\">|<\/span><span class=\"fusion-comments\"><span>Commentaires ferm\u00e9s<span class=\"screen-reader-text\"> sur Why cargo charter is the solution to the scheduled capacity problem<\/span><\/span><\/span><\/p><p>With continued disruption to scheduled services severely impacting the capacity for cargo, a cargo charter could be the ideal solution. Everyone knows that scheduled airlines have suffered hugely during the Covid-19 pandemic, with flights still<\/p><\/div><\/article><article class=\"post fusion-column column col col-lg-3 col-md-3 col-sm-3\"><div class=\"fusion-flexslider fusion-flexslider-loading flexslider flexslider-hover-type-none\"><ul class=\"slides\"><li><a href=\"https:\/\/www.aircharter.com\/fr\/falcon-10-pilot-wanted\/\" aria-label=\"Falcon 10 Pilot wanted\" class=\"hover-type-none\"><img decoding=\"async\" width=\"400\" height=\"267\" src=\"https:\/\/www.aircharter.com\/wp-content\/uploads\/2020\/10\/CNTKN-AlphaAir-FalconExt2.jpg\" class=\"attachment-recent-posts size-recent-posts\" alt=\"\" srcset=\"https:\/\/www.aircharter.com\/wp-content\/uploads\/2020\/10\/CNTKN-AlphaAir-FalconExt2-300x200.jpg 300w, https:\/\/www.aircharter.com\/wp-content\/uploads\/2020\/10\/CNTKN-AlphaAir-FalconExt2.jpg 400w\" sizes=\"(max-width: 400px) 100vw, 400px\" \/><\/a><\/li><\/ul><\/div><div class=\"recent-posts-content\"><h4 class=\"\"><a href=\"https:\/\/www.aircharter.com\/fr\/falcon-10-pilot-wanted\/\">Falcon 10 Pilot wanted<\/a><\/h4><p class=\"meta\"><span>octobre 15th, 2020<\/span><span class=\"fusion-inline-sep\">|<\/span><span class=\"fusion-comments\"><span>Commentaires ferm\u00e9s<span class=\"screen-reader-text\"> sur Falcon 10 Pilot wanted<\/span><\/span><\/span><\/p><p>Our Partner Alfa Air\u00a0 located in Morocco is looking to hire a qualified Falcon 10 pilot.\u00a0 With a minimum of 500 flight hours. \u00a0 \u00a0 Please contact: eMail: info@alfaair.aero Phone: +212 619 900-900 Or visit:<\/p><\/div><\/article><article class=\"post fusion-column column col col-lg-3 col-md-3 col-sm-3\"><div class=\"fusion-flexslider fusion-flexslider-loading flexslider flexslider-hover-type-none\"><ul class=\"slides\"><li><a href=\"https:\/\/www.aircharter.com\/fr\/private-jets-in-a-world-with-covid-19\/\" aria-label=\"Private Jets In A World With COVID-19\" class=\"hover-type-none\"><img decoding=\"async\" width=\"700\" height=\"441\" src=\"https:\/\/www.aircharter.com\/wp-content\/uploads\/2020\/05\/planeCorona-700x441.jpg\" class=\"attachment-recent-posts size-recent-posts\" alt=\"\" srcset=\"https:\/\/www.aircharter.com\/wp-content\/uploads\/2020\/05\/planeCorona-320x202.jpg 320w, https:\/\/www.aircharter.com\/wp-content\/uploads\/2020\/05\/planeCorona-700x441.jpg 700w\" sizes=\"(max-width: 700px) 100vw, 700px\" \/><\/a><\/li><\/ul><\/div><div class=\"recent-posts-content\"><h4 class=\"\"><a href=\"https:\/\/www.aircharter.com\/fr\/private-jets-in-a-world-with-covid-19\/\">Private Jets In A World With COVID-19<\/a><\/h4><p class=\"meta\"><span>mai 20th, 2020<\/span><span class=\"fusion-inline-sep\">|<\/span><span class=\"fusion-comments\"><span>Commentaires ferm\u00e9s<span class=\"screen-reader-text\"> sur Private Jets In A World With COVID-19<\/span><\/span><\/span><\/p><p>The safest way to travel today is Private Jets In A World With COVID-19. Swaths of the country are reopening in the coming weeks and months. As stay-at-home orders recede, getting where you need or<\/p><\/div><\/article><article class=\"post fusion-column column col col-lg-3 col-md-3 col-sm-3\"><div class=\"fusion-flexslider fusion-flexslider-loading flexslider flexslider-hover-type-none\"><ul class=\"slides\"><li><a href=\"https:\/\/www.aircharter.com\/fr\/coronavirus-covid-10-update\/\" aria-label=\"Coronavirus Covid-19 Update\" class=\"hover-type-none\"><img decoding=\"async\" width=\"700\" height=\"441\" src=\"https:\/\/www.aircharter.com\/wp-content\/uploads\/2020\/03\/Corona_Private-700x441.jpg\" class=\"attachment-recent-posts size-recent-posts\" alt=\"\" srcset=\"https:\/\/www.aircharter.com\/wp-content\/uploads\/2020\/03\/Corona_Private-320x202.jpg 320w, https:\/\/www.aircharter.com\/wp-content\/uploads\/2020\/03\/Corona_Private-700x441.jpg 700w\" sizes=\"(max-width: 700px) 100vw, 700px\" \/><\/a><\/li><\/ul><\/div><div class=\"recent-posts-content\"><h4 class=\"\"><a href=\"https:\/\/www.aircharter.com\/fr\/coronavirus-covid-10-update\/\">Coronavirus Covid-19 Update<\/a><\/h4><p class=\"meta\"><span>mars 30th, 2020<\/span><span class=\"fusion-inline-sep\">|<\/span><span class=\"fusion-comments\"><span>Commentaires ferm\u00e9s<span class=\"screen-reader-text\"> sur Coronavirus Covid-19 Update<\/span><\/span><\/span><\/p><p>Private charter during the Coronavirus outbreak We\u2019re currently seeing increased demand for short notice on-demand private jet charter, relating to the Coronavirus, or COVID-19. Clients looking to take a private flight between a variety of<\/p><\/div><\/article><article class=\"post fusion-column column col col-lg-3 col-md-3 col-sm-3\"><div class=\"fusion-flexslider fusion-flexslider-loading flexslider flexslider-hover-type-none\"><ul class=\"slides\"><li><a href=\"https:\/\/www.aircharter.com\/fr\/no-private-flight-out-of-china\/\" aria-label=\"Private Flight in\/out of China\" class=\"hover-type-none\"><img decoding=\"async\" width=\"700\" height=\"375\" src=\"https:\/\/www.aircharter.com\/wp-content\/uploads\/2020\/02\/corona-virus-1-20-750x375-700x375.jpg\" class=\"attachment-recent-posts size-recent-posts\" alt=\"\" \/><\/a><\/li><\/ul><\/div><div class=\"recent-posts-content\"><h4 class=\"\"><a href=\"https:\/\/www.aircharter.com\/fr\/no-private-flight-out-of-china\/\">Private Flight in\/out of China<\/a><\/h4><p class=\"meta\"><span>f\u00e9vrier 8th, 2020<\/span><span class=\"fusion-inline-sep\">|<\/span><span class=\"fusion-comments\"><span>Commentaires ferm\u00e9s<span class=\"screen-reader-text\"> sur Private Flight in\/out of China<\/span><\/span><\/span><\/p><p>HOW THE CORONAVIRUS OUTBREAK IS IMPACTING BUSINESS AVIATION. The impact of the global coronavirus epidemic is fluid and evolving rapidly. The number of countries enacting travel bans to\/from mainland China along with imposing restrictions on<\/p><\/div><\/article><article class=\"post fusion-column column col col-lg-3 col-md-3 col-sm-3\"><div class=\"fusion-flexslider fusion-flexslider-loading flexslider flexslider-hover-type-none\"><ul class=\"slides\"><li><a href=\"https:\/\/www.aircharter.com\/fr\/bombardier-global-6500\/\" aria-label=\"Bombardier Global 6500\" class=\"hover-type-none\"><img decoding=\"async\" width=\"700\" height=\"441\" src=\"https:\/\/www.aircharter.com\/wp-content\/uploads\/2019\/11\/global6500-700x441.png\" class=\"attachment-recent-posts size-recent-posts\" alt=\"global 6500\" srcset=\"https:\/\/www.aircharter.com\/wp-content\/uploads\/2019\/11\/global6500-320x202.png 320w, https:\/\/www.aircharter.com\/wp-content\/uploads\/2019\/11\/global6500-700x441.png 700w\" sizes=\"(max-width: 700px) 100vw, 700px\" \/><\/a><\/li><\/ul><\/div><div class=\"recent-posts-content\"><h4 class=\"\"><a href=\"https:\/\/www.aircharter.com\/fr\/bombardier-global-6500\/\">Bombardier Global 6500<\/a><\/h4><p class=\"meta\"><span>novembre 16th, 2019<\/span><span class=\"fusion-inline-sep\">|<\/span><span class=\"fusion-comments\"><span>Commentaires ferm\u00e9s<span class=\"screen-reader-text\"> sur Bombardier Global 6500<\/span><\/span><\/span><\/p><p>The Global 6500 is a twin-engine, large-category business jet that is produced by Canadian manufacturer Bombardier. Part of the company\u2019s Global series of business jets, the Global 6500\u2019s first flight took place on Jan. 31,<\/p><\/div><\/article><article class=\"post fusion-column column col col-lg-3 col-md-3 col-sm-3\"><div class=\"fusion-flexslider fusion-flexslider-loading flexslider flexslider-hover-type-none\"><ul class=\"slides\"><li><a href=\"https:\/\/www.aircharter.com\/fr\/gulfstream-g600-gets-certification\/\" aria-label=\"Gulfstream G600 gets certification\" class=\"hover-type-none\"><img decoding=\"async\" width=\"700\" height=\"395\" src=\"https:\/\/www.aircharter.com\/wp-content\/uploads\/2019\/06\/G600-890x395-700x395.jpg\" class=\"attachment-recent-posts size-recent-posts\" alt=\"Gulfstream G600\" \/><\/a><\/li><\/ul><\/div><div class=\"recent-posts-content\"><h4 class=\"\"><a href=\"https:\/\/www.aircharter.com\/fr\/gulfstream-g600-gets-certification\/\">Gulfstream G600 gets certification<\/a><\/h4><p class=\"meta\"><span>juin 30th, 2019<\/span><span class=\"fusion-inline-sep\">|<\/span><span class=\"fusion-comments\"><span>Commentaires ferm\u00e9s<span class=\"screen-reader-text\"> sur Gulfstream G600 gets certification<\/span><\/span><\/span><\/p><p>The US Federal Aviation Administration (FAA) has handed Gulfstream the production and type certificates needed for deliveries of the Gulfstream G600 aircraft to begin. Whilst the type certificate confirms that the aircraft complies with aviation<\/p><\/div><\/article><article class=\"post fusion-column column col col-lg-3 col-md-3 col-sm-3\"><div class=\"fusion-flexslider fusion-flexslider-loading flexslider flexslider-hover-type-none\"><ul class=\"slides\"><li><a href=\"https:\/\/www.aircharter.com\/fr\/bombardier-celebrates-entry-into-service-of-the-industry-flagship-global-7500-business-jet\/\" aria-label=\"Bombardier celebrates Entry into Service of the industry flagship Global 7500 business jet\" class=\"hover-type-none\"><img decoding=\"async\" width=\"700\" height=\"441\" src=\"https:\/\/www.aircharter.com\/wp-content\/uploads\/2018\/12\/global-7500-banking-left-700x441.jpg\" class=\"attachment-recent-posts size-recent-posts\" alt=\"\" srcset=\"https:\/\/www.aircharter.com\/wp-content\/uploads\/2018\/12\/global-7500-banking-left-320x202.jpg 320w, https:\/\/www.aircharter.com\/wp-content\/uploads\/2018\/12\/global-7500-banking-left-700x441.jpg 700w\" sizes=\"(max-width: 700px) 100vw, 700px\" \/><\/a><\/li><\/ul><\/div><div class=\"recent-posts-content\"><h4 class=\"\"><a href=\"https:\/\/www.aircharter.com\/fr\/bombardier-celebrates-entry-into-service-of-the-industry-flagship-global-7500-business-jet\/\">Bombardier celebrates Entry into Service of the industry flagship Global 7500 business jet<\/a><\/h4><p class=\"meta\"><span>d\u00e9cembre 25th, 2018<\/span><span class=\"fusion-inline-sep\">|<\/span><span class=\"fusion-comments\"><span>Commentaires ferm\u00e9s<span class=\"screen-reader-text\"> sur Bombardier celebrates Entry into Service of the industry flagship Global 7500 business jet<\/span><\/span><\/span><\/p><p>Montreal, December 20, 2018 \u2013 Bombardier celebrated the entry-into-service of its award-winning Global 7500 business jet, during a special event held at its recently renamed Laurent Beaudoin Completion Centre, in presence of selected customers, suppliers<\/p><\/div><\/article><article class=\"post fusion-column column col col-lg-3 col-md-3 col-sm-3\"><div class=\"fusion-flexslider fusion-flexslider-loading flexslider flexslider-hover-type-none\"><ul class=\"slides\"><li><a href=\"https:\/\/www.aircharter.com\/fr\/cuba-limited-aircraft-mx-opens-door-incoming-support\/\" aria-label=\"Cuba Limited in Aircraft Mx, but Opens Door for Incoming Support\" class=\"hover-type-none\"><img decoding=\"async\" width=\"700\" height=\"422\" src=\"https:\/\/www.aircharter.com\/wp-content\/uploads\/2018\/09\/service-1-700x422.jpg\" class=\"attachment-recent-posts size-recent-posts\" alt=\"\" \/><\/a><\/li><\/ul><\/div><div class=\"recent-posts-content\"><h4 class=\"\"><a href=\"https:\/\/www.aircharter.com\/fr\/cuba-limited-aircraft-mx-opens-door-incoming-support\/\">Cuba Limited in Aircraft Mx, but Opens Door for Incoming Support<\/a><\/h4><p class=\"meta\"><span>septembre 8th, 2018<\/span><span class=\"fusion-inline-sep\">|<\/span><span class=\"fusion-comments\"><span>Commentaires ferm\u00e9s<span class=\"screen-reader-text\"> sur Cuba Limited in Aircraft Mx, but Opens Door for Incoming Support<\/span><\/span><\/span><\/p><p>Four years after the rules for travel between the U.S. and Cuba began to relax, aircraft repair services still remain in short supply in the island nation. But the easing of rules in recent years<\/p><\/div><\/article><article class=\"post fusion-column column col col-lg-3 col-md-3 col-sm-3\"><div class=\"fusion-flexslider fusion-flexslider-loading flexslider flexslider-hover-type-none\"><ul class=\"slides\"><li><a href=\"https:\/\/www.aircharter.com\/fr\/al-maktoum-airport\/\" aria-label=\"Al Maktoum Airport to become a \u2018cosmic super-port\u2019\" class=\"hover-type-none\"><img decoding=\"async\" width=\"500\" height=\"281\" src=\"https:\/\/www.aircharter.com\/wp-content\/uploads\/2018\/09\/Cosmicport_LR.jpg\" class=\"attachment-recent-posts size-recent-posts\" alt=\"\" srcset=\"https:\/\/www.aircharter.com\/wp-content\/uploads\/2018\/09\/Cosmicport_LR-300x169.jpg 300w, https:\/\/www.aircharter.com\/wp-content\/uploads\/2018\/09\/Cosmicport_LR.jpg 500w\" sizes=\"(max-width: 500px) 100vw, 500px\" \/><\/a><\/li><\/ul><\/div><div class=\"recent-posts-content\"><h4 class=\"\"><a href=\"https:\/\/www.aircharter.com\/fr\/al-maktoum-airport\/\">Al Maktoum Airport to become a \u2018cosmic super-port\u2019<\/a><\/h4><p class=\"meta\"><span>septembre 8th, 2018<\/span><span class=\"fusion-inline-sep\">|<\/span><span class=\"fusion-comments\"><span>Commentaires ferm\u00e9s<span class=\"screen-reader-text\"> sur Al Maktoum Airport to become a \u2018cosmic super-port\u2019<\/span><\/span><\/span><\/p><p>Al Maktoum Airport Al Maktoum Airport is to be reinvented as an aviation hub that can handle supersonic, hypersonic and even space planes in addition to aircraft. Steve Nichols reports. The announcement, made in June,<\/p><\/div><\/article><article class=\"post fusion-column column col col-lg-3 col-md-3 col-sm-3\"><div class=\"fusion-flexslider fusion-flexslider-loading flexslider flexslider-hover-type-none\"><ul class=\"slides\"><li><a href=\"https:\/\/www.aircharter.com\/fr\/saudi-female-pilots-skies\/\" aria-label=\"Five Saudi female pilots take to the skies\" class=\"hover-type-none\"><img decoding=\"async\" width=\"700\" height=\"393\" src=\"https:\/\/www.aircharter.com\/wp-content\/uploads\/2018\/09\/saudi-femal-700x393.jpg\" class=\"attachment-recent-posts size-recent-posts\" alt=\"\" srcset=\"https:\/\/www.aircharter.com\/wp-content\/uploads\/2018\/09\/saudi-femal-300x168.jpg 300w, https:\/\/www.aircharter.com\/wp-content\/uploads\/2018\/09\/saudi-femal.jpg 700w\" sizes=\"(max-width: 700px) 100vw, 700px\" \/><\/a><\/li><\/ul><\/div><div class=\"recent-posts-content\"><h4 class=\"\"><a href=\"https:\/\/www.aircharter.com\/fr\/saudi-female-pilots-skies\/\">Five Saudi female pilots take to the skies<\/a><\/h4><p class=\"meta\"><span>septembre 8th, 2018<\/span><span class=\"fusion-inline-sep\">|<\/span><span class=\"fusion-comments\"><span>Commentaires ferm\u00e9s<span class=\"screen-reader-text\"> sur Five Saudi female pilots take to the skies<\/span><\/span><\/span><\/p><p>Saudi Arabia\u2019s General Authority of Civil Aviation (GACA) has recently issued five licenses for Saudi female pilots, permitting them to work as pilots on Saudi Arabian Airlines aircraft, reports abouther.com. It was only this July<\/p><\/div><\/article><article class=\"post fusion-column column col col-lg-3 col-md-3 col-sm-3\"><div class=\"fusion-flexslider fusion-flexslider-loading flexslider flexslider-hover-type-none\"><ul class=\"slides\"><li><a href=\"https:\/\/www.aircharter.com\/fr\/air-charter-2018-fifa-world-cup-russia\/\" aria-label=\"Air Charter to the 2018 FIFA World Cup in Russia\" class=\"hover-type-none\"><img decoding=\"async\" width=\"700\" height=\"441\" src=\"https:\/\/www.aircharter.com\/wp-content\/uploads\/2018\/06\/coca-700x441.jpg\" class=\"attachment-recent-posts size-recent-posts\" alt=\"\" srcset=\"https:\/\/www.aircharter.com\/wp-content\/uploads\/2018\/06\/coca-320x202.jpg 320w, https:\/\/www.aircharter.com\/wp-content\/uploads\/2018\/06\/coca-700x441.jpg 700w\" sizes=\"(max-width: 700px) 100vw, 700px\" \/><\/a><\/li><\/ul><\/div><div class=\"recent-posts-content\"><h4 class=\"\"><a href=\"https:\/\/www.aircharter.com\/fr\/air-charter-2018-fifa-world-cup-russia\/\">Air Charter to the 2018 FIFA World Cup in Russia<\/a><\/h4><p class=\"meta\"><span>juin 15th, 2018<\/span><span class=\"fusion-inline-sep\">|<\/span><span class=\"fusion-comments\"><span>Commentaires ferm\u00e9s<span class=\"screen-reader-text\"> sur Air Charter to the 2018 FIFA World Cup in Russia<\/span><\/span><\/span><\/p><p>Air Charter to the 2018 FIFA World Cup in Russia! Since 1930 the FIFA World cup has been help every 4 years hosted by various countries throughout the world. The\u00a02018 FIFA World Cup\u00a0will be the<\/p><\/div><\/article><article class=\"post fusion-column column col col-lg-3 col-md-3 col-sm-3\"><div class=\"fusion-flexslider fusion-flexslider-loading flexslider flexslider-hover-type-none\"><ul class=\"slides\"><li><a href=\"https:\/\/www.aircharter.com\/fr\/bombardier-adds-globals-family-global-6000-and-global-6500\/\" aria-label=\"Bombardier Adds Two More Globals to Family\" class=\"hover-type-none\"><img decoding=\"async\" width=\"600\" height=\"338\" src=\"https:\/\/www.aircharter.com\/wp-content\/uploads\/2018\/05\/bomba.jpg\" class=\"attachment-recent-posts size-recent-posts\" alt=\"Global 6500\" srcset=\"https:\/\/www.aircharter.com\/wp-content\/uploads\/2018\/05\/bomba-300x169.jpg 300w, https:\/\/www.aircharter.com\/wp-content\/uploads\/2018\/05\/bomba.jpg 600w\" sizes=\"(max-width: 600px) 100vw, 600px\" \/><\/a><\/li><\/ul><\/div><div class=\"recent-posts-content\"><h4 class=\"\"><a href=\"https:\/\/www.aircharter.com\/fr\/bombardier-adds-globals-family-global-6000-and-global-6500\/\">Bombardier Adds Two More Globals to Family<\/a><\/h4><p class=\"meta\"><span>mai 31st, 2018<\/span><span class=\"fusion-inline-sep\">|<\/span><span class=\"fusion-comments\"><span>Commentaires ferm\u00e9s<span class=\"screen-reader-text\"> sur Bombardier Adds Two More Globals to Family<\/span><\/span><\/span><\/p><p> Global 5500 and Global 6500  Two new additions to\u00a0Bombardier\u2019s Global family were unveiled on the eve of EBACE: the Global 5500 and 6500. The flight test aircraft is making a surprise appearance here<\/p><\/div><\/article><article class=\"post fusion-column column col col-lg-3 col-md-3 col-sm-3\"><div class=\"fusion-flexslider fusion-flexslider-loading flexslider flexslider-hover-type-none\"><ul class=\"slides\"><li><a href=\"https:\/\/www.aircharter.com\/fr\/dassault-unveils-falcon-6x\/\" aria-label=\"DASSAULT UNVEILS THE FALCON 6X\" class=\"hover-type-none\"><img decoding=\"async\" width=\"700\" height=\"441\" src=\"https:\/\/www.aircharter.com\/wp-content\/uploads\/2018\/04\/ultimate-jet-news-23-falcon-6x-1280x640-700x441.jpg\" class=\"attachment-recent-posts size-recent-posts\" alt=\"\" srcset=\"https:\/\/www.aircharter.com\/wp-content\/uploads\/2018\/04\/ultimate-jet-news-23-falcon-6x-1280x640-320x202.jpg 320w, https:\/\/www.aircharter.com\/wp-content\/uploads\/2018\/04\/ultimate-jet-news-23-falcon-6x-1280x640-700x441.jpg 700w\" sizes=\"(max-width: 700px) 100vw, 700px\" \/><\/a><\/li><\/ul><\/div><div class=\"recent-posts-content\"><h4 class=\"\"><a href=\"https:\/\/www.aircharter.com\/fr\/dassault-unveils-falcon-6x\/\">DASSAULT UNVEILS THE FALCON 6X<\/a><\/h4><p class=\"meta\"><span>avril 25th, 2018<\/span><span class=\"fusion-inline-sep\">|<\/span><span class=\"fusion-comments\"><span>Commentaires ferm\u00e9s<span class=\"screen-reader-text\"> sur DASSAULT UNVEILS THE FALCON 6X<\/span><\/span><\/span><\/p><p> Falcon 6X  Time does not wait.\u00a0 Rather paradoxically, this quote from Lenin has never been more poignant than for Dassault and the launch of their new Falcon 6X on 28th\u00a0February 2018. In fact,<\/p><\/div><\/article><article class=\"post fusion-column column col col-lg-3 col-md-3 col-sm-3\"><div class=\"fusion-flexslider fusion-flexslider-loading flexslider flexslider-hover-type-none\"><ul class=\"slides\"><li><a href=\"https:\/\/www.aircharter.com\/fr\/gulfstream-delivers-300th-g650\/\" aria-label=\"Gulfstream Delivers 300th G650\" class=\"hover-type-none\"><img decoding=\"async\" width=\"700\" height=\"441\" src=\"https:\/\/www.aircharter.com\/wp-content\/uploads\/2018\/04\/41675_O-700x441.jpg\" class=\"attachment-recent-posts size-recent-posts\" alt=\"\" srcset=\"https:\/\/www.aircharter.com\/wp-content\/uploads\/2018\/04\/41675_O-320x202.jpg 320w, https:\/\/www.aircharter.com\/wp-content\/uploads\/2018\/04\/41675_O-700x441.jpg 700w\" sizes=\"(max-width: 700px) 100vw, 700px\" \/><\/a><\/li><\/ul><\/div><div class=\"recent-posts-content\"><h4 class=\"\"><a href=\"https:\/\/www.aircharter.com\/fr\/gulfstream-delivers-300th-g650\/\">Gulfstream Delivers 300th G650<\/a><\/h4><p class=\"meta\"><span>avril 25th, 2018<\/span><span class=\"fusion-inline-sep\">|<\/span><span class=\"fusion-comments\"><span>Commentaires ferm\u00e9s<span class=\"screen-reader-text\"> sur Gulfstream Delivers 300th G650<\/span><\/span><\/span><\/p><p> Gulstream delivered the first G650ER into mainland China in March 2016.  Gulfstream Aerospace\u00a0recently delivered the 300th aircraft in the Gulfstream G650 family, just over five years after the aircraft entered service in December<\/p><\/div><\/article><article class=\"post fusion-column column col col-lg-3 col-md-3 col-sm-3\"><div class=\"fusion-flexslider fusion-flexslider-loading flexslider flexslider-hover-type-none\"><ul class=\"slides\"><li><a href=\"https:\/\/www.aircharter.com\/fr\/embraer-certifies-delivers-phenom-300e\/\" aria-label=\"EMBRAER CERTIFIES AND DELIVERS FIRST PHENOM 300E\" class=\"hover-type-none\"><img decoding=\"async\" width=\"700\" height=\"441\" src=\"https:\/\/www.aircharter.com\/wp-content\/uploads\/2018\/04\/top-700x441.jpg\" class=\"attachment-recent-posts size-recent-posts\" alt=\"\" srcset=\"https:\/\/www.aircharter.com\/wp-content\/uploads\/2018\/04\/top-320x202.jpg 320w, https:\/\/www.aircharter.com\/wp-content\/uploads\/2018\/04\/top-700x441.jpg 700w\" sizes=\"(max-width: 700px) 100vw, 700px\" \/><\/a><\/li><\/ul><\/div><div class=\"recent-posts-content\"><h4 class=\"\"><a href=\"https:\/\/www.aircharter.com\/fr\/embraer-certifies-delivers-phenom-300e\/\">EMBRAER CERTIFIES AND DELIVERS FIRST PHENOM 300E<\/a><\/h4><p class=\"meta\"><span>avril 4th, 2018<\/span><span class=\"fusion-inline-sep\">|<\/span><span class=\"fusion-comments\"><span>Commentaires ferm\u00e9s<span class=\"screen-reader-text\"> sur EMBRAER CERTIFIES AND DELIVERS FIRST PHENOM 300E<\/span><\/span><\/span><\/p><p> Phenom 300E  Embraer has delivered the first new Phenom 300E business jet, having received its type certificate in the first quarter from the U.S. Federal Aviation Administration (FAA), the European Aviation Safety Agency<\/p><\/div><\/article><article class=\"post fusion-column column col col-lg-3 col-md-3 col-sm-3\"><div class=\"fusion-flexslider fusion-flexslider-loading flexslider flexslider-hover-type-none\"><ul class=\"slides\"><li><a href=\"https:\/\/www.aircharter.com\/fr\/bitcoins-flights-charter-operators-enter-world-cryptocurrency\/\" aria-label=\"Bitcoins for Flights: Charter Operators Enter the World of Cryptocurrency\" class=\"hover-type-none\"><img decoding=\"async\" width=\"700\" height=\"439\" src=\"https:\/\/www.aircharter.com\/wp-content\/uploads\/2018\/03\/How-to-Travel-Around-the-World-Using-Bitcoin-ngp6vprm7g6ymbwof0tzuyyugn73bh0dibh52qjacq-700x439.jpg\" class=\"attachment-recent-posts size-recent-posts\" alt=\"\" srcset=\"https:\/\/www.aircharter.com\/wp-content\/uploads\/2018\/03\/How-to-Travel-Around-the-World-Using-Bitcoin-ngp6vprm7g6ymbwof0tzuyyugn73bh0dibh52qjacq-320x202.jpg 320w, https:\/\/www.aircharter.com\/wp-content\/uploads\/2018\/03\/How-to-Travel-Around-the-World-Using-Bitcoin-ngp6vprm7g6ymbwof0tzuyyugn73bh0dibh52qjacq-700x439.jpg 700w\" sizes=\"(max-width: 700px) 100vw, 700px\" \/><\/a><\/li><\/ul><\/div><div class=\"recent-posts-content\"><h4 class=\"\"><a href=\"https:\/\/www.aircharter.com\/fr\/bitcoins-flights-charter-operators-enter-world-cryptocurrency\/\">Bitcoins for Flights: Charter Operators Enter the World of Cryptocurrency<\/a><\/h4><p class=\"meta\"><span>mars 17th, 2018<\/span><span class=\"fusion-inline-sep\">|<\/span><span class=\"fusion-comments\"><span>Commentaires ferm\u00e9s<span class=\"screen-reader-text\"> sur Bitcoins for Flights: Charter Operators Enter the World of Cryptocurrency<\/span><\/span><\/span><\/p><p>Some charter companies looking to keep up with consumer demand are accepting a new method of payment: Bitcoin.  bitcoin  Bitcoin is the world\u2019s first and highest-valued decentralized digital currency, meaning all transactions take<\/p><\/div><\/article><article class=\"post fusion-column column col col-lg-3 col-md-3 col-sm-3\"><div class=\"fusion-flexslider fusion-flexslider-loading flexslider flexslider-hover-type-none\"><ul class=\"slides\"><li><a href=\"https:\/\/www.aircharter.com\/fr\/dassault-launch-falcon-6x-replacement\/\" aria-label=\"Dassault launch Falcon 6X as a replacement for the X5\" class=\"hover-type-none\"><img decoding=\"async\" width=\"700\" height=\"441\" src=\"https:\/\/www.aircharter.com\/wp-content\/uploads\/2018\/02\/Falcon6X-2-700x441.jpg\" class=\"attachment-recent-posts size-recent-posts\" alt=\"\" srcset=\"https:\/\/www.aircharter.com\/wp-content\/uploads\/2018\/02\/Falcon6X-2-320x202.jpg 320w, https:\/\/www.aircharter.com\/wp-content\/uploads\/2018\/02\/Falcon6X-2-700x441.jpg 700w\" sizes=\"(max-width: 700px) 100vw, 700px\" \/><\/a><\/li><\/ul><\/div><div class=\"recent-posts-content\"><h4 class=\"\"><a href=\"https:\/\/www.aircharter.com\/fr\/dassault-launch-falcon-6x-replacement\/\">Dassault launch Falcon 6X as a replacement for the X5<\/a><\/h4><p class=\"meta\"><span>f\u00e9vrier 28th, 2018<\/span><span class=\"fusion-inline-sep\">|<\/span><span class=\"fusion-comments\"><span>Commentaires ferm\u00e9s<span class=\"screen-reader-text\"> sur Dassault launch Falcon 6X as a replacement for the X5<\/span><\/span><\/span><\/p><p>Dassault has launched the $47 million Falcon 6X, as the replacement for the Falcon 5X that the company was obliged to cancel last year. \u00a0  Falcon 6X  The Falcon 5X was officially canceled<\/p><\/div><\/article><article class=\"post fusion-column column col col-lg-3 col-md-3 col-sm-3\"><div class=\"fusion-flexslider fusion-flexslider-loading flexslider flexslider-hover-type-none\"><ul class=\"slides\"><li><a href=\"https:\/\/www.aircharter.com\/fr\/gulfstream-g500-goes-on-world-tour\/\" aria-label=\"Gulfstream&rsquo;s New G500 Goes on World Tour\" class=\"hover-type-none\"><img decoding=\"async\" width=\"700\" height=\"441\" src=\"https:\/\/www.aircharter.com\/wp-content\/uploads\/2018\/01\/d_g500_a_mkt_0382-700x441.jpg\" class=\"attachment-recent-posts size-recent-posts\" alt=\"G500\" srcset=\"https:\/\/www.aircharter.com\/wp-content\/uploads\/2018\/01\/d_g500_a_mkt_0382-320x202.jpg 320w, https:\/\/www.aircharter.com\/wp-content\/uploads\/2018\/01\/d_g500_a_mkt_0382-700x441.jpg 700w\" sizes=\"(max-width: 700px) 100vw, 700px\" \/><\/a><\/li><\/ul><\/div><div class=\"recent-posts-content\"><h4 class=\"\"><a href=\"https:\/\/www.aircharter.com\/fr\/gulfstream-g500-goes-on-world-tour\/\">Gulfstream&rsquo;s New G500 Goes on World Tour<\/a><\/h4><p class=\"meta\"><span>janvier 24th, 2018<\/span><span class=\"fusion-inline-sep\">|<\/span><span class=\"fusion-comments\"><span>Commentaires ferm\u00e9s<span class=\"screen-reader-text\"> sur Gulfstream&rsquo;s New G500 Goes on World Tour<\/span><\/span><\/span><\/p><p> Gulfstream G500  Gulfstream has launched a 12-country tour of its new fly-by-wire G500. It started at Dallas Love Field and will conclude in June, stopping at \u201cselect cities\u201d such as Atlanta, New York,<\/p><\/div><\/article><article class=\"post fusion-column column col col-lg-3 col-md-3 col-sm-3\"><div class=\"fusion-flexslider fusion-flexslider-loading flexslider flexslider-hover-type-none\"><ul class=\"slides\"><li><a href=\"https:\/\/www.aircharter.com\/fr\/gulfstream-delivers-final-g450\/\" aria-label=\"GULFSTREAM DELIVERS FINAL G450\" class=\"hover-type-none\"><img decoding=\"async\" width=\"700\" height=\"441\" src=\"https:\/\/www.aircharter.com\/wp-content\/uploads\/2018\/01\/Gulfstream-G450-700x441.jpg\" class=\"attachment-recent-posts size-recent-posts\" alt=\"Private Jet charter\" srcset=\"https:\/\/www.aircharter.com\/wp-content\/uploads\/2018\/01\/Gulfstream-G450-320x202.jpg 320w, https:\/\/www.aircharter.com\/wp-content\/uploads\/2018\/01\/Gulfstream-G450-700x441.jpg 700w\" sizes=\"(max-width: 700px) 100vw, 700px\" \/><\/a><\/li><\/ul><\/div><div class=\"recent-posts-content\"><h4 class=\"\"><a href=\"https:\/\/www.aircharter.com\/fr\/gulfstream-delivers-final-g450\/\">GULFSTREAM DELIVERS FINAL G450<\/a><\/h4><p class=\"meta\"><span>janvier 23rd, 2018<\/span><span class=\"fusion-inline-sep\">|<\/span><span class=\"fusion-comments\"><span>Commentaires ferm\u00e9s<span class=\"screen-reader-text\"> sur GULFSTREAM DELIVERS FINAL G450<\/span><\/span><\/span><\/p><p> G450  Gulfstream Aerospace Corp. today announced that it has delivered the final Gulfstream G450 as it prepares to usher in the next generation of business aviation with the all-new Gulfstream G500. \u201cFor the<\/p><\/div><\/article><article class=\"post fusion-column column col col-lg-3 col-md-3 col-sm-3\"><div class=\"fusion-flexslider fusion-flexslider-loading flexslider flexslider-hover-type-none\"><ul class=\"slides\"><li><a href=\"https:\/\/www.aircharter.com\/fr\/dassault-falcon-deliveries-stabilise-as-orders-rise\/\" aria-label=\"Dassault Falcon deliveries stabilise as orders rise\" class=\"hover-type-none\"><img decoding=\"async\" width=\"700\" height=\"441\" src=\"https:\/\/www.aircharter.com\/wp-content\/uploads\/2018\/01\/new_exterior_nov_2015-700x441.jpg\" class=\"attachment-recent-posts size-recent-posts\" alt=\"Dassault Falcon 900EX Easy\" srcset=\"https:\/\/www.aircharter.com\/wp-content\/uploads\/2018\/01\/new_exterior_nov_2015-320x202.jpg 320w, https:\/\/www.aircharter.com\/wp-content\/uploads\/2018\/01\/new_exterior_nov_2015-700x441.jpg 700w\" sizes=\"(max-width: 700px) 100vw, 700px\" \/><\/a><\/li><\/ul><\/div><div class=\"recent-posts-content\"><h4 class=\"\"><a href=\"https:\/\/www.aircharter.com\/fr\/dassault-falcon-deliveries-stabilise-as-orders-rise\/\">Dassault Falcon deliveries stabilise as orders rise<\/a><\/h4><p class=\"meta\"><span>janvier 13th, 2018<\/span><span class=\"fusion-inline-sep\">|<\/span><span class=\"fusion-comments\"><span>Commentaires ferm\u00e9s<span class=\"screen-reader-text\"> sur Dassault Falcon deliveries stabilise as orders rise<\/span><\/span><\/span><\/p><p> Dassault Falcon 5X  Deliveries of\u00a0 Dassault Falcon business jets remained flat in 2017, but, at 49 units, output was almost 9% higher than the 45 aircraft Dassault had forecast for period. It is<\/p><\/div><\/article><article class=\"post fusion-column column col col-lg-3 col-md-3 col-sm-3\"><div class=\"fusion-flexslider fusion-flexslider-loading flexslider flexslider-hover-type-none\"><ul class=\"slides\"><li><a href=\"https:\/\/www.aircharter.com\/fr\/honda-jet\/\" aria-label=\"HondaJet: Buyer\u2019s and Investor\u2019s Guide\" class=\"hover-type-none\"><img decoding=\"async\" width=\"700\" height=\"441\" src=\"https:\/\/www.aircharter.com\/wp-content\/uploads\/2018\/01\/HondaJet-700x441.jpg\" class=\"attachment-recent-posts size-recent-posts\" alt=\"\" srcset=\"https:\/\/www.aircharter.com\/wp-content\/uploads\/2018\/01\/HondaJet-320x202.jpg 320w, https:\/\/www.aircharter.com\/wp-content\/uploads\/2018\/01\/HondaJet-700x441.jpg 700w\" sizes=\"(max-width: 700px) 100vw, 700px\" \/><\/a><\/li><\/ul><\/div><div class=\"recent-posts-content\"><h4 class=\"\"><a href=\"https:\/\/www.aircharter.com\/fr\/honda-jet\/\">HondaJet: Buyer\u2019s and Investor\u2019s Guide<\/a><\/h4><p class=\"meta\"><span>janvier 4th, 2018<\/span><span class=\"fusion-inline-sep\">|<\/span><span class=\"fusion-comments\"><span>Commentaires ferm\u00e9s<span class=\"screen-reader-text\"> sur HondaJet: Buyer\u2019s and Investor\u2019s Guide<\/span><\/span><\/span><\/p><p>HondaJet: Buyer\u2019s and Investor\u2019s Guide  HondaJet  What is it? To say that the HondaJet has been one of the mostly closely followed business jet developments in history is something of an understatement. It<\/p><\/div><\/article><article class=\"post fusion-column column col col-lg-3 col-md-3 col-sm-3\"><div class=\"fusion-flexslider fusion-flexslider-loading flexslider flexslider-hover-type-none\"><ul class=\"slides\"><li><a href=\"https:\/\/www.aircharter.com\/fr\/global-8000\/\" aria-label=\"Global 7000 On Track, Questions Remain on Global 8000\" class=\"hover-type-none\"><img decoding=\"async\" width=\"700\" height=\"441\" src=\"https:\/\/www.aircharter.com\/wp-content\/uploads\/2018\/01\/global8000-700x441.jpg\" class=\"attachment-recent-posts size-recent-posts\" alt=\"Global 8000\" srcset=\"https:\/\/www.aircharter.com\/wp-content\/uploads\/2018\/01\/global8000-320x202.jpg 320w, https:\/\/www.aircharter.com\/wp-content\/uploads\/2018\/01\/global8000-700x441.jpg 700w\" sizes=\"(max-width: 700px) 100vw, 700px\" \/><\/a><\/li><\/ul><\/div><div class=\"recent-posts-content\"><h4 class=\"\"><a href=\"https:\/\/www.aircharter.com\/fr\/global-8000\/\">Global 7000 On Track, Questions Remain on Global 8000<\/a><\/h4><p class=\"meta\"><span>janvier 4th, 2018<\/span><span class=\"fusion-inline-sep\">|<\/span><span class=\"fusion-comments\"><span>Commentaires ferm\u00e9s<span class=\"screen-reader-text\"> sur Global 7000 On Track, Questions Remain on Global 8000<\/span><\/span><\/span><\/p><p>Recent comments from Bombardier executives portray a clouded future for the company's Global 8000. Compounding this uncertainty is a still-undefined certification schedule, an apparent paucity of orders, and, according to industry analyst Rollie Vincent, \u201cunclear\u201d<\/p><\/div><\/article><article class=\"post fusion-column column col col-lg-3 col-md-3 col-sm-3\"><div class=\"fusion-flexslider fusion-flexslider-loading flexslider flexslider-hover-type-none\"><ul class=\"slides\"><li><a href=\"https:\/\/www.aircharter.com\/fr\/falcon-5x-business-jet-cancellation\/\" aria-label=\"Falcon 5X business jet cancellation\" class=\"hover-type-none\"><img decoding=\"async\" width=\"700\" height=\"441\" src=\"https:\/\/www.aircharter.com\/wp-content\/uploads\/2017\/12\/Dassault-Aviation-Falcon-5X-Erstflug-Juli-2017-Dassault-Aviation.jpg.8580486-700x441.jpg\" class=\"attachment-recent-posts size-recent-posts\" alt=\"air charter\" srcset=\"https:\/\/www.aircharter.com\/wp-content\/uploads\/2017\/12\/Dassault-Aviation-Falcon-5X-Erstflug-Juli-2017-Dassault-Aviation.jpg.8580486-320x202.jpg 320w, https:\/\/www.aircharter.com\/wp-content\/uploads\/2017\/12\/Dassault-Aviation-Falcon-5X-Erstflug-Juli-2017-Dassault-Aviation.jpg.8580486-700x441.jpg 700w\" sizes=\"(max-width: 700px) 100vw, 700px\" \/><\/a><\/li><\/ul><\/div><div class=\"recent-posts-content\"><h4 class=\"\"><a href=\"https:\/\/www.aircharter.com\/fr\/falcon-5x-business-jet-cancellation\/\">Falcon 5X business jet cancellation<\/a><\/h4><p class=\"meta\"><span>d\u00e9cembre 28th, 2017<\/span><span class=\"fusion-inline-sep\">|<\/span><span class=\"fusion-comments\"><span>Commentaires ferm\u00e9s<span class=\"screen-reader-text\"> sur Falcon 5X business jet cancellation<\/span><\/span><\/span><\/p><p>Dassault has formally begun the process of cancelling its new Falcon 5X business jet, due to ongoing issues with its Safran engines.  Falcon 5X First fly  Cancelling a business jet programme is never<\/p><\/div><\/article><article class=\"post fusion-column column col col-lg-3 col-md-3 col-sm-3\"><div class=\"fusion-flexslider fusion-flexslider-loading flexslider flexslider-hover-type-none\"><ul class=\"slides\"><li><a href=\"https:\/\/www.aircharter.com\/fr\/look-ahead-2018-reset-year-business-aviation-market\/\" aria-label=\"Look Ahead: 2018 To Be &lsquo;Reset Year&rsquo; for Business Aviation Market\" class=\"hover-type-none\"><img decoding=\"async\" width=\"700\" height=\"441\" src=\"https:\/\/www.aircharter.com\/wp-content\/uploads\/2017\/12\/25d1913-700x441.jpg\" class=\"attachment-recent-posts size-recent-posts\" alt=\"\" srcset=\"https:\/\/www.aircharter.com\/wp-content\/uploads\/2017\/12\/25d1913-320x202.jpg 320w, https:\/\/www.aircharter.com\/wp-content\/uploads\/2017\/12\/25d1913-700x441.jpg 700w\" sizes=\"(max-width: 700px) 100vw, 700px\" \/><\/a><\/li><\/ul><\/div><div class=\"recent-posts-content\"><h4 class=\"\"><a href=\"https:\/\/www.aircharter.com\/fr\/look-ahead-2018-reset-year-business-aviation-market\/\">Look Ahead: 2018 To Be &lsquo;Reset Year&rsquo; for Business Aviation Market<\/a><\/h4><p class=\"meta\"><span>d\u00e9cembre 28th, 2017<\/span><span class=\"fusion-inline-sep\">|<\/span><span class=\"fusion-comments\"><span>Commentaires ferm\u00e9s<span class=\"screen-reader-text\"> sur Look Ahead: 2018 To Be &lsquo;Reset Year&rsquo; for Business Aviation Market<\/span><\/span><\/span><\/p><p>Business aviation industry watchers expect 2018 to be a \u201creset year,\u201d with business aircraft deliveries generally expected to be flat compared with 2017's, with an upward growth track projected to begin in 2019. This is<\/p><\/div><\/article><article class=\"post fusion-column column col col-lg-3 col-md-3 col-sm-3\"><div class=\"fusion-flexslider fusion-flexslider-loading flexslider flexslider-hover-type-none\"><ul class=\"slides\"><li><a href=\"https:\/\/www.aircharter.com\/fr\/pilatus-pc-24-certificates\/\" aria-label=\"Pilatus PC-24 Certificates\" class=\"hover-type-none\"><img decoding=\"async\" width=\"700\" height=\"441\" src=\"https:\/\/www.aircharter.com\/wp-content\/uploads\/2017\/12\/pelatus-700x441.jpg\" class=\"attachment-recent-posts size-recent-posts\" alt=\"\" srcset=\"https:\/\/www.aircharter.com\/wp-content\/uploads\/2017\/12\/pelatus-320x202.jpg 320w, https:\/\/www.aircharter.com\/wp-content\/uploads\/2017\/12\/pelatus-700x441.jpg 700w\" sizes=\"(max-width: 700px) 100vw, 700px\" \/><\/a><\/li><\/ul><\/div><div class=\"recent-posts-content\"><h4 class=\"\"><a href=\"https:\/\/www.aircharter.com\/fr\/pilatus-pc-24-certificates\/\">Pilatus PC-24 Certificates<\/a><\/h4><p class=\"meta\"><span>d\u00e9cembre 25th, 2017<\/span><span class=\"fusion-inline-sep\">|<\/span><span class=\"fusion-comments\"><span>Commentaires ferm\u00e9s<span class=\"screen-reader-text\"> sur Pilatus PC-24 Certificates<\/span><\/span><\/span><\/p><p>Pilatus obtains PC-24 Type Certificates \u00a0  PC-2  Pilatus has obtained type certificates from the European Aviation Safety Agency (EASA) and the US-American Federal Aviation Administration (FAA) for the first ever Swiss business jet.<\/p><\/div><\/article><article class=\"post fusion-column column col col-lg-3 col-md-3 col-sm-3\"><div class=\"fusion-flexslider fusion-flexslider-loading flexslider flexslider-hover-type-none\"><ul class=\"slides\"><li><a href=\"https:\/\/www.aircharter.com\/fr\/aviation-related-tax-reform-issues\/\" aria-label=\"Aviation Tax Reform Issues\" class=\"hover-type-none\"><img decoding=\"async\" width=\"700\" height=\"441\" src=\"https:\/\/www.aircharter.com\/wp-content\/uploads\/2017\/12\/congress-700x441.jpg\" class=\"attachment-recent-posts size-recent-posts\" alt=\"\" srcset=\"https:\/\/www.aircharter.com\/wp-content\/uploads\/2017\/12\/congress-320x202.jpg 320w, https:\/\/www.aircharter.com\/wp-content\/uploads\/2017\/12\/congress-700x441.jpg 700w\" sizes=\"(max-width: 700px) 100vw, 700px\" \/><\/a><\/li><\/ul><\/div><div class=\"recent-posts-content\"><h4 class=\"\"><a href=\"https:\/\/www.aircharter.com\/fr\/aviation-related-tax-reform-issues\/\">Aviation Tax Reform Issues<\/a><\/h4><p class=\"meta\"><span>d\u00e9cembre 25th, 2017<\/span><span class=\"fusion-inline-sep\">|<\/span><span class=\"fusion-comments\"><span>Commentaires ferm\u00e9s<span class=\"screen-reader-text\"> sur Aviation Tax Reform Issues<\/span><\/span><\/span><\/p><p>NBAA Members Urged to Contact Congress on Aviation Tax Reform Issues  Aviation tax reform  As the highly publicized aviation tax reform legislation moves forward in Washington, DC, NBAA continues its advocacy work, and<\/p><\/div><\/article><article class=\"post fusion-column column col col-lg-3 col-md-3 col-sm-3\"><div class=\"fusion-flexslider fusion-flexslider-loading flexslider flexslider-hover-type-none\"><ul class=\"slides\"><li><a href=\"https:\/\/www.aircharter.com\/fr\/supersonic-boost\/\" aria-label=\"Supersonic boost\" class=\"hover-type-none\"><img decoding=\"async\" width=\"700\" height=\"441\" src=\"https:\/\/www.aircharter.com\/wp-content\/uploads\/2017\/12\/supersonic-16x9-700x441.jpg\" class=\"attachment-recent-posts size-recent-posts\" alt=\"\" srcset=\"https:\/\/www.aircharter.com\/wp-content\/uploads\/2017\/12\/supersonic-16x9-320x202.jpg 320w, https:\/\/www.aircharter.com\/wp-content\/uploads\/2017\/12\/supersonic-16x9-700x441.jpg 700w\" sizes=\"(max-width: 700px) 100vw, 700px\" \/><\/a><\/li><\/ul><\/div><div class=\"recent-posts-content\"><h4 class=\"\"><a href=\"https:\/\/www.aircharter.com\/fr\/supersonic-boost\/\">Supersonic boost<\/a><\/h4><p class=\"meta\"><span>d\u00e9cembre 25th, 2017<\/span><span class=\"fusion-inline-sep\">|<\/span><span class=\"fusion-comments\"><span>Commentaires ferm\u00e9s<span class=\"screen-reader-text\"> sur Supersonic boost<\/span><\/span><\/span><\/p><p>Supersonic boost as Aerion links with Lockheed Martin Two leaders in supersonic technology, Aerion and Lockheed Martin have announced an MOU to explore the feasibility of a joint development of the world's first supersonic business<\/p><\/div><\/article><article class=\"post fusion-column column col col-lg-3 col-md-3 col-sm-3\"><div class=\"fusion-flexslider fusion-flexslider-loading flexslider flexslider-hover-type-none\"><ul class=\"slides\"><li><a href=\"https:\/\/www.aircharter.com\/fr\/supplier-delays-g500-delivery-early-2018\/\" aria-label=\"Supplier delays first G500 delivery to early 2018\" class=\"hover-type-none\"><img decoding=\"async\" width=\"700\" height=\"441\" src=\"https:\/\/www.aircharter.com\/wp-content\/uploads\/2017\/10\/gulfstream_g500_2-700x441.jpg\" class=\"attachment-recent-posts size-recent-posts\" alt=\"\" srcset=\"https:\/\/www.aircharter.com\/wp-content\/uploads\/2017\/10\/gulfstream_g500_2-320x202.jpg 320w, https:\/\/www.aircharter.com\/wp-content\/uploads\/2017\/10\/gulfstream_g500_2-700x441.jpg 700w\" sizes=\"(max-width: 700px) 100vw, 700px\" \/><\/a><\/li><\/ul><\/div><div class=\"recent-posts-content\"><h4 class=\"\"><a href=\"https:\/\/www.aircharter.com\/fr\/supplier-delays-g500-delivery-early-2018\/\">Supplier delays first G500 delivery to early 2018<\/a><\/h4><p class=\"meta\"><span>octobre 28th, 2017<\/span><span class=\"fusion-inline-sep\">|<\/span><span class=\"fusion-comments\"><span>Commentaires ferm\u00e9s<span class=\"screen-reader-text\"> sur Supplier delays first G500 delivery to early 2018<\/span><\/span><\/span><\/p><p>A delayed supplier has forced Gulfstream to backtrack on a promise to deliver the first G500 ahead of schedule by the end of this year, says parent company General Dynamics\u2019 chief financial officer. But the<\/p><\/div><\/article><article class=\"post fusion-column column col col-lg-3 col-md-3 col-sm-3\"><div class=\"fusion-flexslider fusion-flexslider-loading flexslider flexslider-hover-type-none\"><ul class=\"slides\"><li><a href=\"https:\/\/www.aircharter.com\/fr\/middle-east-carriers-fleet-size-double-2036\/\" aria-label=\"Middle East carriers&rsquo; fleet size to more than double by 2036\" class=\"hover-type-none\"><img decoding=\"async\" width=\"700\" height=\"441\" src=\"https:\/\/www.aircharter.com\/wp-content\/uploads\/2017\/03\/the787-10-700x441.jpg\" class=\"attachment-recent-posts size-recent-posts\" alt=\"\" srcset=\"https:\/\/www.aircharter.com\/wp-content\/uploads\/2017\/03\/the787-10-320x202.jpg 320w, https:\/\/www.aircharter.com\/wp-content\/uploads\/2017\/03\/the787-10-700x441.jpg 700w\" sizes=\"(max-width: 700px) 100vw, 700px\" \/><\/a><\/li><\/ul><\/div><div class=\"recent-posts-content\"><h4 class=\"\"><a href=\"https:\/\/www.aircharter.com\/fr\/middle-east-carriers-fleet-size-double-2036\/\">Middle East carriers&rsquo; fleet size to more than double by 2036<\/a><\/h4><p class=\"meta\"><span>octobre 19th, 2017<\/span><span class=\"fusion-inline-sep\">|<\/span><span class=\"fusion-comments\"><span>Commentaires ferm\u00e9s<span class=\"screen-reader-text\"> sur Middle East carriers&rsquo; fleet size to more than double by 2036<\/span><\/span><\/span><\/p><p>Middle East carriers' fleet size to more than double by 2036 The fleet size of operators in the Middle East is forecast to more than double from 1,250 to 3,320 aircraft over the next two<\/p><\/div><\/article><article class=\"post fusion-column column col col-lg-3 col-md-3 col-sm-3\"><div class=\"fusion-flexslider fusion-flexslider-loading flexslider flexslider-hover-type-none\"><ul class=\"slides\"><li><a href=\"https:\/\/www.aircharter.com\/fr\/bombardier-introduces-show-stopping-premier-cabin-global-5000-global-6000-aircraft-u-s-market-nbaa-bace\/\" aria-label=\"BOMBARDIER&rsquo;S SHOW-STOPPING PREMIER CABIN FOR GLOBAL 5000 AND 6000\" class=\"hover-type-none\"><img decoding=\"async\" width=\"700\" height=\"441\" src=\"https:\/\/www.aircharter.com\/wp-content\/uploads\/2017\/10\/980x-1-700x441.jpg\" class=\"attachment-recent-posts size-recent-posts\" alt=\"\" srcset=\"https:\/\/www.aircharter.com\/wp-content\/uploads\/2017\/10\/980x-1-320x202.jpg 320w, https:\/\/www.aircharter.com\/wp-content\/uploads\/2017\/10\/980x-1-700x441.jpg 700w\" sizes=\"(max-width: 700px) 100vw, 700px\" \/><\/a><\/li><\/ul><\/div><div class=\"recent-posts-content\"><h4 class=\"\"><a href=\"https:\/\/www.aircharter.com\/fr\/bombardier-introduces-show-stopping-premier-cabin-global-5000-global-6000-aircraft-u-s-market-nbaa-bace\/\">BOMBARDIER&rsquo;S SHOW-STOPPING PREMIER CABIN FOR GLOBAL 5000 AND 6000<\/a><\/h4><p class=\"meta\"><span>octobre 19th, 2017<\/span><span class=\"fusion-inline-sep\">|<\/span><span class=\"fusion-comments\"><span>Commentaires ferm\u00e9s<span class=\"screen-reader-text\"> sur BOMBARDIER&rsquo;S SHOW-STOPPING PREMIER CABIN FOR GLOBAL 5000 AND 6000<\/span><\/span><\/span><\/p><p>Bombardier has presented its spectacular new\u00a0Premier\u00a0cabin for\u00a0Global 5000\u00a0and\u00a0Global 6000\u00a0aircraft to U.S. customers for the first time. The new interior\u2019s elevated level of visual and functional refinement is showcased on board a\u00a0Global 6000\u00a0aircraft on static display<\/p><\/div><\/article><article class=\"post fusion-column column col col-lg-3 col-md-3 col-sm-3\"><div class=\"fusion-flexslider fusion-flexslider-loading flexslider flexslider-hover-type-none\"><ul class=\"slides\"><li><a href=\"https:\/\/www.aircharter.com\/fr\/gulfstream-debut-fully-outfitted-g600-nbaa\/\" aria-label=\"Gulfstream debut fully outfitted G600 at NBAA\" class=\"hover-type-none\"><img decoding=\"async\" width=\"700\" height=\"441\" src=\"https:\/\/www.aircharter.com\/wp-content\/uploads\/2017\/10\/4191638569001_5603436146001_5603419557001-vs-700x441.jpg\" class=\"attachment-recent-posts size-recent-posts\" alt=\"\" srcset=\"https:\/\/www.aircharter.com\/wp-content\/uploads\/2017\/10\/4191638569001_5603436146001_5603419557001-vs-320x202.jpg 320w, https:\/\/www.aircharter.com\/wp-content\/uploads\/2017\/10\/4191638569001_5603436146001_5603419557001-vs-700x441.jpg 700w\" sizes=\"(max-width: 700px) 100vw, 700px\" \/><\/a><\/li><\/ul><\/div><div class=\"recent-posts-content\"><h4 class=\"\"><a href=\"https:\/\/www.aircharter.com\/fr\/gulfstream-debut-fully-outfitted-g600-nbaa\/\">Gulfstream debut fully outfitted G600 at NBAA<\/a><\/h4><p class=\"meta\"><span>octobre 16th, 2017<\/span><span class=\"fusion-inline-sep\">|<\/span><span class=\"fusion-comments\"><span>Commentaires ferm\u00e9s<span class=\"screen-reader-text\"> sur Gulfstream debut fully outfitted G600 at NBAA<\/span><\/span><\/span><\/p><p> G600 interior  Gulfstream Aerospace has debuted its fully outfitted Gulfstream G600 at the 2017 at the NBAA Business Aviation Convention &amp; Exhibition (NBAA-BACE) in Las Vegas. \u201cThe G600 cabin, like that of its<\/p><\/div><\/article><article class=\"post fusion-column column col col-lg-3 col-md-3 col-sm-3\"><div class=\"fusion-flexslider fusion-flexslider-loading flexslider flexslider-hover-type-none\"><ul class=\"slides\"><li><a href=\"https:\/\/www.aircharter.com\/fr\/bombardiers-global-7000-sold-2021\/\" aria-label=\"Bombardier&rsquo;s Global 7000 Sold Out Through 2021\" class=\"hover-type-none\"><img decoding=\"async\" width=\"700\" height=\"441\" src=\"https:\/\/www.aircharter.com\/wp-content\/uploads\/2017\/10\/embed-02-bombardier-global-7000-1-700x441.jpg\" class=\"attachment-recent-posts size-recent-posts\" alt=\"\" srcset=\"https:\/\/www.aircharter.com\/wp-content\/uploads\/2017\/10\/embed-02-bombardier-global-7000-1-320x202.jpg 320w, https:\/\/www.aircharter.com\/wp-content\/uploads\/2017\/10\/embed-02-bombardier-global-7000-1-700x441.jpg 700w\" sizes=\"(max-width: 700px) 100vw, 700px\" \/><\/a><\/li><\/ul><\/div><div class=\"recent-posts-content\"><h4 class=\"\"><a href=\"https:\/\/www.aircharter.com\/fr\/bombardiers-global-7000-sold-2021\/\">Bombardier&rsquo;s Global 7000 Sold Out Through 2021<\/a><\/h4><p class=\"meta\"><span>octobre 16th, 2017<\/span><span class=\"fusion-inline-sep\">|<\/span><span class=\"fusion-comments\"><span>Commentaires ferm\u00e9s<span class=\"screen-reader-text\"> sur Bombardier&rsquo;s Global 7000 Sold Out Through 2021<\/span><\/span><\/span><\/p><p>Bombardier's Global 7000  Global 7000  Bombardier Business Aircraft president David Coleal, who said he is \u201cvery excited\u201d to have brought the ultra-long-range Global 7000 for its first public display at this year\u2019s\u00a0NBAA\u00a0show, said<\/p><\/div><\/article><article class=\"post fusion-column column col col-lg-3 col-md-3 col-sm-3\"><div class=\"fusion-flexslider fusion-flexslider-loading flexslider flexslider-hover-type-none\"><ul class=\"slides\"><li><a href=\"https:\/\/www.aircharter.com\/fr\/bombardier-global-7000-makes-world-debut\/\" aria-label=\"Bombardier Global 7000 Makes World Debut\" class=\"hover-type-none\"><img decoding=\"async\" width=\"700\" height=\"441\" src=\"https:\/\/www.aircharter.com\/wp-content\/uploads\/2017\/10\/bombardier-700x441.jpg\" class=\"attachment-recent-posts size-recent-posts\" alt=\"\" srcset=\"https:\/\/www.aircharter.com\/wp-content\/uploads\/2017\/10\/bombardier-320x202.jpg 320w, https:\/\/www.aircharter.com\/wp-content\/uploads\/2017\/10\/bombardier-700x441.jpg 700w\" sizes=\"(max-width: 700px) 100vw, 700px\" \/><\/a><\/li><\/ul><\/div><div class=\"recent-posts-content\"><h4 class=\"\"><a href=\"https:\/\/www.aircharter.com\/fr\/bombardier-global-7000-makes-world-debut\/\">Bombardier Global 7000 Makes World Debut<\/a><\/h4><p class=\"meta\"><span>octobre 14th, 2017<\/span><span class=\"fusion-inline-sep\">|<\/span><span class=\"fusion-comments\"><span>Commentaires ferm\u00e9s<span class=\"screen-reader-text\"> sur Bombardier Global 7000 Makes World Debut<\/span><\/span><\/span><\/p><p>Bombardier Global 7000  Global 7000  With the unveiling of\u00a0FTV4\u00a0(flight test vehicle 4) at Henderson Executive Airport on Sunday, Bombardier introduced the Global 7000, claimed to be the world\u2019s largest purpose-built business jet, at\u00a0NBAA\u00a02017.<\/p><\/div><\/article><article class=\"post fusion-column column col col-lg-3 col-md-3 col-sm-3\"><div class=\"fusion-flexslider fusion-flexslider-loading flexslider flexslider-hover-type-none\"><ul class=\"slides\"><li><a href=\"https:\/\/www.aircharter.com\/fr\/embraer-launches-phenom-300e\/\" aria-label=\"Embraer launches Phenom 300E\" class=\"hover-type-none\"><img decoding=\"async\" width=\"700\" height=\"441\" src=\"https:\/\/www.aircharter.com\/wp-content\/uploads\/2017\/10\/10-7-1-700x441.jpg\" class=\"attachment-recent-posts size-recent-posts\" alt=\"\" srcset=\"https:\/\/www.aircharter.com\/wp-content\/uploads\/2017\/10\/10-7-1-320x202.jpg 320w, https:\/\/www.aircharter.com\/wp-content\/uploads\/2017\/10\/10-7-1-700x441.jpg 700w\" sizes=\"(max-width: 700px) 100vw, 700px\" \/><\/a><\/li><\/ul><\/div><div class=\"recent-posts-content\"><h4 class=\"\"><a href=\"https:\/\/www.aircharter.com\/fr\/embraer-launches-phenom-300e\/\">Embraer launches Phenom 300E<\/a><\/h4><p class=\"meta\"><span>octobre 10th, 2017<\/span><span class=\"fusion-inline-sep\">|<\/span><span class=\"fusion-comments\"><span>Commentaires ferm\u00e9s<span class=\"screen-reader-text\"> sur Embraer launches Phenom 300E<\/span><\/span><\/span><\/p><p> Phenom 300E  Embraer has launched a new version of its successful Phenom 300 light jet series with the Phenom 300E. The Phenom 300E has an enhanced cabin and inflight entertainment system. It has<\/p><\/div><\/article><article class=\"post fusion-column column col col-lg-3 col-md-3 col-sm-3\"><div class=\"fusion-flexslider fusion-flexslider-loading flexslider flexslider-hover-type-none\"><ul class=\"slides\"><li><a href=\"https:\/\/www.aircharter.com\/fr\/europe-single-engine-turboprops-decades-delays\/\" aria-label=\"EUROPE AND ITS SINGLE-ENGINE TURBOPROPS: TWO DECADES OF DELAYS\" class=\"hover-type-none\"><img decoding=\"async\" width=\"700\" height=\"441\" src=\"https:\/\/www.aircharter.com\/wp-content\/uploads\/2017\/05\/GrandCaravanEx-700x441.jpg\" class=\"attachment-recent-posts size-recent-posts\" alt=\"\" srcset=\"https:\/\/www.aircharter.com\/wp-content\/uploads\/2017\/05\/GrandCaravanEx-320x202.jpg 320w, https:\/\/www.aircharter.com\/wp-content\/uploads\/2017\/05\/GrandCaravanEx-700x441.jpg 700w\" sizes=\"(max-width: 700px) 100vw, 700px\" \/><\/a><\/li><\/ul><\/div><div class=\"recent-posts-content\"><h4 class=\"\"><a href=\"https:\/\/www.aircharter.com\/fr\/europe-single-engine-turboprops-decades-delays\/\">EUROPE AND ITS SINGLE-ENGINE TURBOPROPS: TWO DECADES OF DELAYS<\/a><\/h4><p class=\"meta\"><span>septembre 27th, 2017<\/span><span class=\"fusion-inline-sep\">|<\/span><span class=\"fusion-comments\"><span>Commentaires ferm\u00e9s<span class=\"screen-reader-text\"> sur EUROPE AND ITS SINGLE-ENGINE TURBOPROPS: TWO DECADES OF DELAYS<\/span><\/span><\/span><\/p><p>On March 2, 2017, the EASA (European Aviation Safety Agency) brought the winds of freedom not only to operators but especially to manufacturers of single-engine turboprops. This date is effectively an important turning point in<\/p><\/div><\/article><article class=\"post fusion-column column col col-lg-3 col-md-3 col-sm-3\"><div class=\"fusion-flexslider fusion-flexslider-loading flexslider flexslider-hover-type-none\"><ul class=\"slides\"><li><a href=\"https:\/\/www.aircharter.com\/fr\/hurricane-irma-human-private-jets\/\" aria-label=\"HURRICANE IRMA: THE HUMAN SIDE OF PRIVATE JETS\" class=\"hover-type-none\"><img decoding=\"async\" width=\"700\" height=\"441\" src=\"https:\/\/www.aircharter.com\/wp-content\/uploads\/2017\/02\/global-7000-ftv1-tower-fly-by-1-700x441.jpg\" class=\"attachment-recent-posts size-recent-posts\" alt=\"\" srcset=\"https:\/\/www.aircharter.com\/wp-content\/uploads\/2017\/02\/global-7000-ftv1-tower-fly-by-1-320x202.jpg 320w, https:\/\/www.aircharter.com\/wp-content\/uploads\/2017\/02\/global-7000-ftv1-tower-fly-by-1-700x441.jpg 700w\" sizes=\"(max-width: 700px) 100vw, 700px\" \/><\/a><\/li><\/ul><\/div><div class=\"recent-posts-content\"><h4 class=\"\"><a href=\"https:\/\/www.aircharter.com\/fr\/hurricane-irma-human-private-jets\/\">HURRICANE IRMA: THE HUMAN SIDE OF PRIVATE JETS<\/a><\/h4><p class=\"meta\"><span>septembre 27th, 2017<\/span><span class=\"fusion-inline-sep\">|<\/span><span class=\"fusion-comments\"><span>Commentaires ferm\u00e9s<span class=\"screen-reader-text\"> sur HURRICANE IRMA: THE HUMAN SIDE OF PRIVATE JETS<\/span><\/span><\/span><\/p><p>To share chartering costs and fill up seats in available private jets, passengers used aircraft sharing to evacuate at-risk zones. There were multiple displays of solidarity and some passengers even invited families who were stuck<\/p><\/div><\/article><article class=\"post fusion-column column col col-lg-3 col-md-3 col-sm-3\"><div class=\"fusion-flexslider fusion-flexslider-loading flexslider flexslider-hover-type-none\"><ul class=\"slides\"><li><a href=\"https:\/\/www.aircharter.com\/fr\/airports-work-minimize-hurricane-irmas-issues\/\" aria-label=\"Airports Work To Minimize Hurricane Irma&rsquo;s Issues\" class=\"hover-type-none\"><img decoding=\"async\" width=\"700\" height=\"441\" src=\"https:\/\/www.aircharter.com\/wp-content\/uploads\/2017\/09\/packed2-airport-lnew-cmg-700x441.jpg\" class=\"attachment-recent-posts size-recent-posts\" alt=\"\" srcset=\"https:\/\/www.aircharter.com\/wp-content\/uploads\/2017\/09\/packed2-airport-lnew-cmg-320x202.jpg 320w, https:\/\/www.aircharter.com\/wp-content\/uploads\/2017\/09\/packed2-airport-lnew-cmg-700x441.jpg 700w\" sizes=\"(max-width: 700px) 100vw, 700px\" \/><\/a><\/li><\/ul><\/div><div class=\"recent-posts-content\"><h4 class=\"\"><a href=\"https:\/\/www.aircharter.com\/fr\/airports-work-minimize-hurricane-irmas-issues\/\">Airports Work To Minimize Hurricane Irma&rsquo;s Issues<\/a><\/h4><p class=\"meta\"><span>septembre 14th, 2017<\/span><span class=\"fusion-inline-sep\">|<\/span><span class=\"fusion-comments\"><span>Commentaires ferm\u00e9s<span class=\"screen-reader-text\"> sur Airports Work To Minimize Hurricane Irma&rsquo;s Issues<\/span><\/span><\/span><\/p><p> Awaiting the arrival of the President for a tour of hurricane-affected area in Florida, Marine One sits sequestered in a hangar at PrivateSky Aviation Services, the lone FBO at Southwest Florida International Airport. The<\/p><\/div><\/article><article class=\"post fusion-column column col col-lg-3 col-md-3 col-sm-3\"><div class=\"fusion-flexslider fusion-flexslider-loading flexslider flexslider-hover-type-none\"><ul class=\"slides\"><li><a href=\"https:\/\/www.aircharter.com\/fr\/piper-returns-grounded-m600-fleet-service\/\" aria-label=\"Piper returns grounded M600 fleet to service\" class=\"hover-type-none\"><img decoding=\"async\" width=\"600\" height=\"338\" src=\"https:\/\/www.aircharter.com\/wp-content\/uploads\/2017\/09\/piperaircraft-m600-logo.jpg\" class=\"attachment-recent-posts size-recent-posts\" alt=\"\" srcset=\"https:\/\/www.aircharter.com\/wp-content\/uploads\/2017\/09\/piperaircraft-m600-logo-300x169.jpg 300w, https:\/\/www.aircharter.com\/wp-content\/uploads\/2017\/09\/piperaircraft-m600-logo.jpg 600w\" sizes=\"(max-width: 600px) 100vw, 600px\" \/><\/a><\/li><\/ul><\/div><div class=\"recent-posts-content\"><h4 class=\"\"><a href=\"https:\/\/www.aircharter.com\/fr\/piper-returns-grounded-m600-fleet-service\/\">Piper returns grounded M600 fleet to service<\/a><\/h4><p class=\"meta\"><span>septembre 14th, 2017<\/span><span class=\"fusion-inline-sep\">|<\/span><span class=\"fusion-comments\"><span>Commentaires ferm\u00e9s<span class=\"screen-reader-text\"> sur Piper returns grounded M600 fleet to service<\/span><\/span><\/span><\/p><p>Piper says all 39 of its M600 single-engined turboprops that were grounded in July while the company investigated the extent of a supplier production error have now returned to service having successfully passed inspections. <\/p><\/div><\/article><article class=\"post fusion-column column col col-lg-3 col-md-3 col-sm-3\"><div class=\"fusion-flexslider fusion-flexslider-loading flexslider flexslider-hover-type-none\"><ul class=\"slides\"><li><a href=\"https:\/\/www.aircharter.com\/fr\/nextant-offer-safe-flight-autothrottle-604xt\/\" aria-label=\"Nextant To Offer Safe Flight Autothrottle on 604XT\" class=\"hover-type-none\"><img decoding=\"async\" width=\"700\" height=\"441\" src=\"https:\/\/www.aircharter.com\/wp-content\/uploads\/2017\/09\/Nextant-700x441.jpg\" class=\"attachment-recent-posts size-recent-posts\" alt=\"\" srcset=\"https:\/\/www.aircharter.com\/wp-content\/uploads\/2017\/09\/Nextant-320x202.jpg 320w, https:\/\/www.aircharter.com\/wp-content\/uploads\/2017\/09\/Nextant-700x441.jpg 700w\" sizes=\"(max-width: 700px) 100vw, 700px\" \/><\/a><\/li><\/ul><\/div><div class=\"recent-posts-content\"><h4 class=\"\"><a href=\"https:\/\/www.aircharter.com\/fr\/nextant-offer-safe-flight-autothrottle-604xt\/\">Nextant To Offer Safe Flight Autothrottle on 604XT<\/a><\/h4><p class=\"meta\"><span>septembre 11th, 2017<\/span><span class=\"fusion-inline-sep\">|<\/span><span class=\"fusion-comments\"><span>Commentaires ferm\u00e9s<span class=\"screen-reader-text\"> sur Nextant To Offer Safe Flight Autothrottle on 604XT<\/span><\/span><\/span><\/p><p> Nextant Aerospace's remanufactured Challenger 604XT will feature the Rockwell Collins Pro Line Fusion touchscreen cockpit, and the Safe Flight AutoPower autothrottle as a fully-integrated option.  Aircraft remanufacturing specialist Nextant Aerospace has announced that<\/p><\/div><\/article><article class=\"post fusion-column column col col-lg-3 col-md-3 col-sm-3\"><div class=\"fusion-flexslider fusion-flexslider-loading flexslider flexslider-hover-type-none\"><ul class=\"slides\"><li><a href=\"https:\/\/www.aircharter.com\/fr\/pilatus-calls-time-pc-6\/\" aria-label=\"Pilatus calls time on PC-6\" class=\"hover-type-none\"><img decoding=\"async\" width=\"700\" height=\"441\" src=\"https:\/\/www.aircharter.com\/wp-content\/uploads\/2017\/09\/Pilatus-PC-6C-Turbo-Porter-fsx1-700x441.jpg\" class=\"attachment-recent-posts size-recent-posts\" alt=\"\" srcset=\"https:\/\/www.aircharter.com\/wp-content\/uploads\/2017\/09\/Pilatus-PC-6C-Turbo-Porter-fsx1-320x202.jpg 320w, https:\/\/www.aircharter.com\/wp-content\/uploads\/2017\/09\/Pilatus-PC-6C-Turbo-Porter-fsx1-700x441.jpg 700w\" sizes=\"(max-width: 700px) 100vw, 700px\" \/><\/a><\/li><\/ul><\/div><div class=\"recent-posts-content\"><h4 class=\"\"><a href=\"https:\/\/www.aircharter.com\/fr\/pilatus-calls-time-pc-6\/\">Pilatus calls time on PC-6<\/a><\/h4><p class=\"meta\"><span>septembre 11th, 2017<\/span><span class=\"fusion-inline-sep\">|<\/span><span class=\"fusion-comments\"><span>Commentaires ferm\u00e9s<span class=\"screen-reader-text\"> sur Pilatus calls time on PC-6<\/span><\/span><\/span><\/p><p>Pilatus will cease production of its PC-6 multirole trainer in 2019 after a 60-year run. The decision follows poor sales of the single-engined turboprop, also known as the\u00a0Porter, and limited development opportunities for the platform.<\/p><\/div><\/article><article class=\"post fusion-column column col col-lg-3 col-md-3 col-sm-3\"><div class=\"fusion-flexslider fusion-flexslider-loading flexslider flexslider-hover-type-none\"><ul class=\"slides\"><li><a href=\"https:\/\/www.aircharter.com\/fr\/its-systems-gogos-new-service\/\" aria-label=\"It\u2019s all systems go for Gogo\u2019s new 4G service\" class=\"hover-type-none\"><img decoding=\"async\" width=\"700\" height=\"395\" src=\"https:\/\/www.aircharter.com\/wp-content\/uploads\/2017\/09\/gogo-with-border-890x395-1-700x395.png\" class=\"attachment-recent-posts size-recent-posts\" alt=\"\" srcset=\"https:\/\/www.aircharter.com\/wp-content\/uploads\/2017\/09\/gogo-with-border-890x395-1-300x169.png 300w, https:\/\/www.aircharter.com\/wp-content\/uploads\/2017\/09\/gogo-with-border-890x395-1-700x395.png 700w, https:\/\/www.aircharter.com\/wp-content\/uploads\/2017\/09\/gogo-with-border-890x395-1.png 702w\" sizes=\"(max-width: 700px) 100vw, 700px\" \/><\/a><\/li><\/ul><\/div><div class=\"recent-posts-content\"><h4 class=\"\"><a href=\"https:\/\/www.aircharter.com\/fr\/its-systems-gogos-new-service\/\">It\u2019s all systems go for Gogo\u2019s new 4G service<\/a><\/h4><p class=\"meta\"><span>septembre 11th, 2017<\/span><span class=\"fusion-inline-sep\">|<\/span><span class=\"fusion-comments\"><span>Commentaires ferm\u00e9s<span class=\"screen-reader-text\"> sur It\u2019s all systems go for Gogo\u2019s new 4G service<\/span><\/span><\/span><\/p><p> Gogo business aviation DASH  Internet connectivity specialist Gogo Business Aviation has got government approval for part of its new inflight Wi-Fi system. The Federal Aviation Administration has granted Supplemental Type Certification and Parts<\/p><\/div><\/article><article class=\"post fusion-column column col col-lg-3 col-md-3 col-sm-3\"><div class=\"fusion-flexslider fusion-flexslider-loading flexslider flexslider-hover-type-none\"><ul class=\"slides\"><li><a href=\"https:\/\/www.aircharter.com\/fr\/hurricane-irma-wreaks-havoc-caribbean-airports-rebound\/\" aria-label=\"Hurricane Irma Wreaks Havoc, But Many Caribbean Airports Rebound\" class=\"hover-type-none\"><img decoding=\"async\" width=\"700\" height=\"441\" src=\"https:\/\/www.aircharter.com\/wp-content\/uploads\/2017\/09\/14840679_G-700x441.jpg\" class=\"attachment-recent-posts size-recent-posts\" alt=\"\" srcset=\"https:\/\/www.aircharter.com\/wp-content\/uploads\/2017\/09\/14840679_G-320x202.jpg 320w, https:\/\/www.aircharter.com\/wp-content\/uploads\/2017\/09\/14840679_G-700x441.jpg 700w\" sizes=\"(max-width: 700px) 100vw, 700px\" \/><\/a><\/li><\/ul><\/div><div class=\"recent-posts-content\"><h4 class=\"\"><a href=\"https:\/\/www.aircharter.com\/fr\/hurricane-irma-wreaks-havoc-caribbean-airports-rebound\/\">Hurricane Irma Wreaks Havoc, But Many Caribbean Airports Rebound<\/a><\/h4><p class=\"meta\"><span>septembre 11th, 2017<\/span><span class=\"fusion-inline-sep\">|<\/span><span class=\"fusion-comments\"><span>Commentaires ferm\u00e9s<span class=\"screen-reader-text\"> sur Hurricane Irma Wreaks Havoc, But Many Caribbean Airports Rebound<\/span><\/span><\/span><\/p><p> St. Maarten\u2019s main airport, Princess Juliana International Airport (SXM), sustained infrastructure damage caused by the powerful winds of Hurricane Irma.  In the aftermath of a direct hit by Hurricane Irma on Wednesday, Signature<\/p><\/div><\/article><article class=\"post fusion-column column col col-lg-3 col-md-3 col-sm-3\"><div class=\"fusion-flexslider fusion-flexslider-loading flexslider flexslider-hover-type-none\"><ul class=\"slides\"><li><a href=\"https:\/\/www.aircharter.com\/fr\/gulfstream-streamline-enhance-customer-connectivity-new-program\/\" aria-label=\"GULFSTREAM TO STREAMLINE AND ENHANCE CUSTOMER CONNECTIVITY WITH NEW PROGRAM\" class=\"hover-type-none\"><img decoding=\"async\" width=\"427\" height=\"217\" src=\"https:\/\/www.aircharter.com\/wp-content\/uploads\/2017\/09\/connectivity-103116.jpg\" class=\"attachment-recent-posts size-recent-posts\" alt=\"\" srcset=\"https:\/\/www.aircharter.com\/wp-content\/uploads\/2017\/09\/connectivity-103116-300x152.jpg 300w, https:\/\/www.aircharter.com\/wp-content\/uploads\/2017\/09\/connectivity-103116.jpg 427w\" sizes=\"(max-width: 427px) 100vw, 427px\" \/><\/a><\/li><\/ul><\/div><div class=\"recent-posts-content\"><h4 class=\"\"><a href=\"https:\/\/www.aircharter.com\/fr\/gulfstream-streamline-enhance-customer-connectivity-new-program\/\">GULFSTREAM TO STREAMLINE AND ENHANCE CUSTOMER CONNECTIVITY WITH NEW PROGRAM<\/a><\/h4><p class=\"meta\"><span>septembre 11th, 2017<\/span><span class=\"fusion-inline-sep\">|<\/span><span class=\"fusion-comments\"><span>Commentaires ferm\u00e9s<span class=\"screen-reader-text\"> sur GULFSTREAM TO STREAMLINE AND ENHANCE CUSTOMER CONNECTIVITY WITH NEW PROGRAM<\/span><\/span><\/span><\/p><p> Gulfstream G280  Gulfstream Aerospace has announced the creation of its Connectivity Service program, a comprehensive, bundled suite of in-flight internet, voice and entertainment offerings customized to meet the needs of each Gulfstream operator.<\/p><\/div><\/article><article class=\"post fusion-column column col col-lg-3 col-md-3 col-sm-3\"><div class=\"fusion-flexslider fusion-flexslider-loading flexslider flexslider-hover-type-none\"><ul class=\"slides\"><li><a href=\"https:\/\/www.aircharter.com\/fr\/flight-activity-keeps-rising\/\" aria-label=\"US flight activity keeps on rising\" class=\"hover-type-none\"><img decoding=\"async\" width=\"700\" height=\"441\" src=\"https:\/\/www.aircharter.com\/wp-content\/uploads\/2017\/08\/Private-Jet-Dental-Holidays-700x441.png\" class=\"attachment-recent-posts size-recent-posts\" alt=\"\" srcset=\"https:\/\/www.aircharter.com\/wp-content\/uploads\/2017\/08\/Private-Jet-Dental-Holidays-320x202.png 320w, https:\/\/www.aircharter.com\/wp-content\/uploads\/2017\/08\/Private-Jet-Dental-Holidays-700x441.png 700w\" sizes=\"(max-width: 700px) 100vw, 700px\" \/><\/a><\/li><\/ul><\/div><div class=\"recent-posts-content\"><h4 class=\"\"><a href=\"https:\/\/www.aircharter.com\/fr\/flight-activity-keeps-rising\/\">US flight activity keeps on rising<\/a><\/h4><p class=\"meta\"><span>ao\u00fbt 10th, 2017<\/span><span class=\"fusion-inline-sep\">|<\/span><span class=\"fusion-comments\"><span>Commentaires ferm\u00e9s<span class=\"screen-reader-text\"> sur US flight activity keeps on rising<\/span><\/span><\/span><\/p><p>The first half of 2017 has been \u201cnothing but positive\u201d for US flight activity, according to the latest data from Argus.  Gulfstream-G650  Last year was a great year for the US business aviation,<\/p><\/div><\/article><article class=\"post fusion-column column col col-lg-3 col-md-3 col-sm-3\"><div class=\"fusion-flexslider fusion-flexslider-loading flexslider flexslider-hover-type-none\"><ul class=\"slides\"><li><a href=\"https:\/\/www.aircharter.com\/fr\/piper-records-second-quarter-hike-in-deliveries-and-revenues\/\" aria-label=\"Piper records second quarter hike in deliveries and revenues\" class=\"hover-type-none\"><img decoding=\"async\" width=\"700\" height=\"441\" src=\"https:\/\/www.aircharter.com\/wp-content\/uploads\/2017\/08\/Piper_Aircraft_Insurance_BG_Image_14273819031_jq-700x441.jpg\" class=\"attachment-recent-posts size-recent-posts\" alt=\"\" srcset=\"https:\/\/www.aircharter.com\/wp-content\/uploads\/2017\/08\/Piper_Aircraft_Insurance_BG_Image_14273819031_jq-320x202.jpg 320w, https:\/\/www.aircharter.com\/wp-content\/uploads\/2017\/08\/Piper_Aircraft_Insurance_BG_Image_14273819031_jq-700x441.jpg 700w\" sizes=\"(max-width: 700px) 100vw, 700px\" \/><\/a><\/li><\/ul><\/div><div class=\"recent-posts-content\"><h4 class=\"\"><a href=\"https:\/\/www.aircharter.com\/fr\/piper-records-second-quarter-hike-in-deliveries-and-revenues\/\">Piper records second quarter hike in deliveries and revenues<\/a><\/h4><p class=\"meta\"><span>ao\u00fbt 8th, 2017<\/span><span class=\"fusion-inline-sep\">|<\/span><span class=\"fusion-comments\"><span>Commentaires ferm\u00e9s<span class=\"screen-reader-text\"> sur Piper records second quarter hike in deliveries and revenues<\/span><\/span><\/span><\/p><p>Piper Aircraft has recorded a 30% increase in deliveries of its business and general aviation aircraft family for the second quarter of 2017, thanks to strong performance from the single-engined Archer and M600, and its<\/p><\/div><\/article><article class=\"post fusion-column column col col-lg-3 col-md-3 col-sm-3\"><div class=\"fusion-flexslider fusion-flexslider-loading flexslider flexslider-hover-type-none\"><ul class=\"slides\"><li><a href=\"https:\/\/www.aircharter.com\/fr\/gulfstream-flies-fourth-g600-prototype\/\" aria-label=\"GULFSTREAM FLIES THE FOURTH G600 PROTOTYPE\" class=\"hover-type-none\"><img decoding=\"async\" width=\"700\" height=\"441\" src=\"https:\/\/www.aircharter.com\/wp-content\/uploads\/2017\/07\/Ultimate-Complet-Jet-N58-MD-25-nc33qcqv659y8jjn01abmfiwsy223ryx5rbwnwv9j0-700x441.jpg\" class=\"attachment-recent-posts size-recent-posts\" alt=\"\" srcset=\"https:\/\/www.aircharter.com\/wp-content\/uploads\/2017\/07\/Ultimate-Complet-Jet-N58-MD-25-nc33qcqv659y8jjn01abmfiwsy223ryx5rbwnwv9j0-320x202.jpg 320w, https:\/\/www.aircharter.com\/wp-content\/uploads\/2017\/07\/Ultimate-Complet-Jet-N58-MD-25-nc33qcqv659y8jjn01abmfiwsy223ryx5rbwnwv9j0-700x441.jpg 700w\" sizes=\"(max-width: 700px) 100vw, 700px\" \/><\/a><\/li><\/ul><\/div><div class=\"recent-posts-content\"><h4 class=\"\"><a href=\"https:\/\/www.aircharter.com\/fr\/gulfstream-flies-fourth-g600-prototype\/\">GULFSTREAM FLIES THE FOURTH G600 PROTOTYPE<\/a><\/h4><p class=\"meta\"><span>juillet 27th, 2017<\/span><span class=\"fusion-inline-sep\">|<\/span><span class=\"fusion-comments\"><span>Commentaires ferm\u00e9s<span class=\"screen-reader-text\"> sur GULFSTREAM FLIES THE FOURTH G600 PROTOTYPE<\/span><\/span><\/span><\/p><p> G600 Cockpit  Gulfstream Aerospace announced that its fourth Gulfstream G600 aircraft\u00a0completed its debut flight just over six weeks after the third aircraft. The G600\u00a0departed Savannah-Hilton Head International Airport at 6:50 p.m. During\u00a0the 1-hour<\/p><\/div><\/article><article class=\"post fusion-column column col col-lg-3 col-md-3 col-sm-3\"><div class=\"fusion-flexslider fusion-flexslider-loading flexslider flexslider-hover-type-none\"><ul class=\"slides\"><li><a href=\"https:\/\/www.aircharter.com\/fr\/market-analysis-embraer-aircraft-and-deliveries\/\" aria-label=\"Market Analysis: Embraer aircraft and deliveries\" class=\"hover-type-none\"><img decoding=\"async\" width=\"700\" height=\"441\" src=\"https:\/\/www.aircharter.com\/wp-content\/uploads\/2017\/07\/embraer-700x441.jpg\" class=\"attachment-recent-posts size-recent-posts\" alt=\"embraer\" srcset=\"https:\/\/www.aircharter.com\/wp-content\/uploads\/2017\/07\/embraer-320x202.jpg 320w, https:\/\/www.aircharter.com\/wp-content\/uploads\/2017\/07\/embraer-700x441.jpg 700w\" sizes=\"(max-width: 700px) 100vw, 700px\" \/><\/a><\/li><\/ul><\/div><div class=\"recent-posts-content\"><h4 class=\"\"><a href=\"https:\/\/www.aircharter.com\/fr\/market-analysis-embraer-aircraft-and-deliveries\/\">Market Analysis: Embraer aircraft and deliveries<\/a><\/h4><p class=\"meta\"><span>juillet 24th, 2017<\/span><span class=\"fusion-inline-sep\">|<\/span><span class=\"fusion-comments\"><span>Commentaires ferm\u00e9s<span class=\"screen-reader-text\"> sur Market Analysis: Embraer aircraft and deliveries<\/span><\/span><\/span><\/p><p>Embraer first entered the business aviation market with the executive version of its Embraer 135 commercial airliner called the Legacy 600. The Embraer 135 was a shortened version of the ERJ-145 that flew for the<\/p><\/div><\/article><article class=\"post fusion-column column col col-lg-3 col-md-3 col-sm-3\"><div class=\"fusion-flexslider fusion-flexslider-loading flexslider flexslider-hover-type-none\"><ul class=\"slides\"><li><a href=\"https:\/\/www.aircharter.com\/fr\/dassault-delivers-2500th-falcon-business-jet\/\" aria-label=\"Dassault delivers 2,500th Falcon business jet\" class=\"hover-type-none\"><img decoding=\"async\" width=\"700\" height=\"441\" src=\"https:\/\/www.aircharter.com\/wp-content\/uploads\/2017\/07\/104_Falcon900LX_2017USB52-700x441.jpg\" class=\"attachment-recent-posts size-recent-posts\" alt=\"\" srcset=\"https:\/\/www.aircharter.com\/wp-content\/uploads\/2017\/07\/104_Falcon900LX_2017USB52-320x202.jpg 320w, https:\/\/www.aircharter.com\/wp-content\/uploads\/2017\/07\/104_Falcon900LX_2017USB52-700x441.jpg 700w\" sizes=\"(max-width: 700px) 100vw, 700px\" \/><\/a><\/li><\/ul><\/div><div class=\"recent-posts-content\"><h4 class=\"\"><a href=\"https:\/\/www.aircharter.com\/fr\/dassault-delivers-2500th-falcon-business-jet\/\">Dassault delivers 2,500th Falcon business jet<\/a><\/h4><p class=\"meta\"><span>juillet 22nd, 2017<\/span><span class=\"fusion-inline-sep\">|<\/span><span class=\"fusion-comments\"><span>Commentaires ferm\u00e9s<span class=\"screen-reader-text\"> sur Dassault delivers 2,500th Falcon business jet<\/span><\/span><\/span><\/p><p> Dassault Falcon 900LX  Dassault has delivered the 2,500th Falcon business jet. The aircraft was a Falcon 900LX that was delivered to a long time Falcon client based in the US. Dassault reached the<\/p><\/div><\/article><article class=\"post fusion-column column col col-lg-3 col-md-3 col-sm-3\"><div class=\"fusion-flexslider fusion-flexslider-loading flexslider flexslider-hover-type-none\"><ul class=\"slides\"><li><a href=\"https:\/\/www.aircharter.com\/fr\/gulfstream-delivers-milestone-g550\/\" aria-label=\"Gulfstream delivers milestone G550\" class=\"hover-type-none\"><img decoding=\"async\" width=\"700\" height=\"441\" src=\"https:\/\/www.aircharter.com\/wp-content\/uploads\/2017\/07\/G550-012613-700x441.jpg\" class=\"attachment-recent-posts size-recent-posts\" alt=\"\" srcset=\"https:\/\/www.aircharter.com\/wp-content\/uploads\/2017\/07\/G550-012613-320x202.jpg 320w, https:\/\/www.aircharter.com\/wp-content\/uploads\/2017\/07\/G550-012613-700x441.jpg 700w\" sizes=\"(max-width: 700px) 100vw, 700px\" \/><\/a><\/li><\/ul><\/div><div class=\"recent-posts-content\"><h4 class=\"\"><a href=\"https:\/\/www.aircharter.com\/fr\/gulfstream-delivers-milestone-g550\/\">Gulfstream delivers milestone G550<\/a><\/h4><p class=\"meta\"><span>juillet 20th, 2017<\/span><span class=\"fusion-inline-sep\">|<\/span><span class=\"fusion-comments\"><span>Commentaires ferm\u00e9s<span class=\"screen-reader-text\"> sur Gulfstream delivers milestone G550<\/span><\/span><\/span><\/p><p>Gulfstream has delivered its 550th G550, to an undisclosed customer, 14 years after the large-cabin business jet was introduced. Company president Mark Burns says the milestone \u201caffirms the continued demand for the G550, as one<\/p><\/div><\/article><article class=\"post fusion-column column col col-lg-3 col-md-3 col-sm-3\"><div class=\"fusion-flexslider fusion-flexslider-loading flexslider flexslider-hover-type-none\"><ul class=\"slides\"><li><a href=\"https:\/\/www.aircharter.com\/fr\/global-7000-aircraft-programme-surpasses-500-flight-test-hours\/\" aria-label=\"Global 7000 aircraft programme surpasses 500 flight test hours\" class=\"hover-type-none\"><img decoding=\"async\" width=\"700\" height=\"441\" src=\"https:\/\/www.aircharter.com\/wp-content\/uploads\/2017\/07\/Global-7000-side-view-700x441.jpg\" class=\"attachment-recent-posts size-recent-posts\" alt=\"\" srcset=\"https:\/\/www.aircharter.com\/wp-content\/uploads\/2017\/07\/Global-7000-side-view-320x202.jpg 320w, https:\/\/www.aircharter.com\/wp-content\/uploads\/2017\/07\/Global-7000-side-view-700x441.jpg 700w\" sizes=\"(max-width: 700px) 100vw, 700px\" \/><\/a><\/li><\/ul><\/div><div class=\"recent-posts-content\"><h4 class=\"\"><a href=\"https:\/\/www.aircharter.com\/fr\/global-7000-aircraft-programme-surpasses-500-flight-test-hours\/\">Global 7000 aircraft programme surpasses 500 flight test hours<\/a><\/h4><p class=\"meta\"><span>juillet 17th, 2017<\/span><span class=\"fusion-inline-sep\">|<\/span><span class=\"fusion-comments\"><span>Commentaires ferm\u00e9s<span class=\"screen-reader-text\"> sur Global 7000 aircraft programme surpasses 500 flight test hours<\/span><\/span><\/span><\/p><p> Global 7000 interior  Bombardier Business Aircraft has announced that its Global 7000 aircraft flight test programme is progressing as planned and has surpassed the 500-hour milestone. With three flight test vehicles (FTVs) in<\/p><\/div><\/article><article class=\"post fusion-column column col col-lg-3 col-md-3 col-sm-3\"><div class=\"fusion-flexslider fusion-flexslider-loading flexslider flexslider-hover-type-none\"><ul class=\"slides\"><li><a href=\"https:\/\/www.aircharter.com\/fr\/embraer-delivers-raf-phenom-100\/\" aria-label=\"Embraer delivers first RAF Phenom 100\" class=\"hover-type-none\"><img decoding=\"async\" width=\"700\" height=\"441\" src=\"https:\/\/www.aircharter.com\/wp-content\/uploads\/2017\/07\/nws_bizjet_160203-001_featured-700x441.jpg\" class=\"attachment-recent-posts size-recent-posts\" alt=\"\" srcset=\"https:\/\/www.aircharter.com\/wp-content\/uploads\/2017\/07\/nws_bizjet_160203-001_featured-320x202.jpg 320w, https:\/\/www.aircharter.com\/wp-content\/uploads\/2017\/07\/nws_bizjet_160203-001_featured-700x441.jpg 700w\" sizes=\"(max-width: 700px) 100vw, 700px\" \/><\/a><\/li><\/ul><\/div><div class=\"recent-posts-content\"><h4 class=\"\"><a href=\"https:\/\/www.aircharter.com\/fr\/embraer-delivers-raf-phenom-100\/\">Embraer delivers first RAF Phenom 100<\/a><\/h4><p class=\"meta\"><span>juillet 7th, 2017<\/span><span class=\"fusion-inline-sep\">|<\/span><span class=\"fusion-comments\"><span>Commentaires ferm\u00e9s<span class=\"screen-reader-text\"> sur Embraer delivers first RAF Phenom 100<\/span><\/span><\/span><\/p><p> RAF Phenom 100  Embraer has delivered the first Phenom 100 business jet to Affinity Flight Training Services. The aircraft has been selected to provide Multi-Engine Pilot Training to UK Armed Forces as part<\/p><\/div><\/article><article class=\"post fusion-column column col col-lg-3 col-md-3 col-sm-3\"><div class=\"fusion-flexslider fusion-flexslider-loading flexslider flexslider-hover-type-none\"><ul class=\"slides\"><li><a href=\"https:\/\/www.aircharter.com\/fr\/gulfstream-g500-vs-dassault-falcon-5x-vs-bombardier-global-5000\/\" aria-label=\"Gulfstream G500 vs Dassault Falcon 5X vs Bombardier Global 5000\" class=\"hover-type-none\"><img decoding=\"async\" width=\"630\" height=\"354\" src=\"https:\/\/www.aircharter.com\/wp-content\/uploads\/2017\/07\/Gulfstream-G500-vs-Dassault-Falcon-5X-vs-Bombardier-Global-5000-vs-G450-630x378.jpg\" class=\"attachment-recent-posts size-recent-posts\" alt=\"\" srcset=\"https:\/\/www.aircharter.com\/wp-content\/uploads\/2017\/07\/Gulfstream-G500-vs-Dassault-Falcon-5X-vs-Bombardier-Global-5000-vs-G450-630x378-300x169.jpg 300w, https:\/\/www.aircharter.com\/wp-content\/uploads\/2017\/07\/Gulfstream-G500-vs-Dassault-Falcon-5X-vs-Bombardier-Global-5000-vs-G450-630x378.jpg 630w\" sizes=\"(max-width: 630px) 100vw, 630px\" \/><\/a><\/li><\/ul><\/div><div class=\"recent-posts-content\"><h4 class=\"\"><a href=\"https:\/\/www.aircharter.com\/fr\/gulfstream-g500-vs-dassault-falcon-5x-vs-bombardier-global-5000\/\">Gulfstream G500 vs Dassault Falcon 5X vs Bombardier Global 5000<\/a><\/h4><p class=\"meta\"><span>juillet 7th, 2017<\/span><span class=\"fusion-inline-sep\">|<\/span><span class=\"fusion-comments\"><span>Commentaires ferm\u00e9s<span class=\"screen-reader-text\"> sur Gulfstream G500 vs Dassault Falcon 5X vs Bombardier Global 5000<\/span><\/span><\/span><\/p><p>First, a disclaimer (and it\u2019s one we use every time): \u201cA paper aircraft can always beat a real aircraft when you compare them,\u201d says the head of one aircraft manufacturer. \u201cUntil an aircraft is flying,<\/p><\/div><\/article><article class=\"post fusion-column column col col-lg-3 col-md-3 col-sm-3\"><div class=\"fusion-flexslider fusion-flexslider-loading flexslider flexslider-hover-type-none\"><ul class=\"slides\"><li><a href=\"https:\/\/www.aircharter.com\/fr\/m600-tour-africa\/\" aria-label=\"M600 to tour Africa\" class=\"hover-type-none\"><img decoding=\"async\" width=\"700\" height=\"441\" src=\"https:\/\/www.aircharter.com\/wp-content\/uploads\/2017\/06\/M600-1-700x441.jpg\" class=\"attachment-recent-posts size-recent-posts\" alt=\"\" srcset=\"https:\/\/www.aircharter.com\/wp-content\/uploads\/2017\/06\/M600-1-320x202.jpg 320w, https:\/\/www.aircharter.com\/wp-content\/uploads\/2017\/06\/M600-1-700x441.jpg 700w\" sizes=\"(max-width: 700px) 100vw, 700px\" \/><\/a><\/li><\/ul><\/div><div class=\"recent-posts-content\"><h4 class=\"\"><a href=\"https:\/\/www.aircharter.com\/fr\/m600-tour-africa\/\">M600 to tour Africa<\/a><\/h4><p class=\"meta\"><span>juin 28th, 2017<\/span><span class=\"fusion-inline-sep\">|<\/span><span class=\"fusion-comments\"><span>Commentaires ferm\u00e9s<span class=\"screen-reader-text\"> sur M600 to tour Africa<\/span><\/span><\/span><\/p><p> M600  Piper Aircraft\u00a0and its regional sales representative for Africa, National Airways Corporation (NAC), plan to organize an exhibition tour for the company\u2019s flagship aircraft, the\u00a0M600, in Africa. According to a company statement, the<\/p><\/div><\/article><article class=\"post fusion-column column col col-lg-3 col-md-3 col-sm-3\"><div class=\"fusion-flexslider fusion-flexslider-loading flexslider flexslider-hover-type-none\"><ul class=\"slides\"><li><a href=\"https:\/\/www.aircharter.com\/fr\/bombardier-new-lighter-wing-wont-delay-global-7000\/\" aria-label=\"Bombardier: New Lighter Wing Won&rsquo;t Delay Global 7000\" class=\"hover-type-none\"><img decoding=\"async\" width=\"700\" height=\"441\" src=\"https:\/\/www.aircharter.com\/wp-content\/uploads\/2017\/06\/ftv2.web_-700x441.jpg\" class=\"attachment-recent-posts size-recent-posts\" alt=\"\" srcset=\"https:\/\/www.aircharter.com\/wp-content\/uploads\/2017\/06\/ftv2.web_-320x202.jpg 320w, https:\/\/www.aircharter.com\/wp-content\/uploads\/2017\/06\/ftv2.web_-700x441.jpg 700w\" sizes=\"(max-width: 700px) 100vw, 700px\" \/><\/a><\/li><\/ul><\/div><div class=\"recent-posts-content\"><h4 class=\"\"><a href=\"https:\/\/www.aircharter.com\/fr\/bombardier-new-lighter-wing-wont-delay-global-7000\/\">Bombardier: New Lighter Wing Won&rsquo;t Delay Global 7000<\/a><\/h4><p class=\"meta\"><span>juin 16th, 2017<\/span><span class=\"fusion-inline-sep\">|<\/span><span class=\"fusion-comments\"><span>Commentaires ferm\u00e9s<span class=\"screen-reader-text\"> sur Bombardier: New Lighter Wing Won&rsquo;t Delay Global 7000<\/span><\/span><\/span><\/p><p> The fifth flight-test Global 7000, which is currently on the production line, has already been outfitted with the new lighter, and final, version of the wing for the ultra-long-range jet. (Photo: Bombardier)  Bombardier<\/p><\/div><\/article><article class=\"post fusion-column column col col-lg-3 col-md-3 col-sm-3\"><div class=\"fusion-flexslider fusion-flexslider-loading flexslider flexslider-hover-type-none\"><ul class=\"slides\"><li><a href=\"https:\/\/www.aircharter.com\/fr\/learjet-turns-3000-100th-model-delivery\/\" aria-label=\"Learjet Turns 3,000 with the 100th Model 75 Delivery\" class=\"hover-type-none\"><img decoding=\"async\" width=\"700\" height=\"441\" src=\"https:\/\/www.aircharter.com\/wp-content\/uploads\/2017\/06\/learjet_3000_ceremony-700x441.jpg\" class=\"attachment-recent-posts size-recent-posts\" alt=\"\" srcset=\"https:\/\/www.aircharter.com\/wp-content\/uploads\/2017\/06\/learjet_3000_ceremony-320x202.jpg 320w, https:\/\/www.aircharter.com\/wp-content\/uploads\/2017\/06\/learjet_3000_ceremony-700x441.jpg 700w\" sizes=\"(max-width: 700px) 100vw, 700px\" \/><\/a><\/li><\/ul><\/div><div class=\"recent-posts-content\"><h4 class=\"\"><a href=\"https:\/\/www.aircharter.com\/fr\/learjet-turns-3000-100th-model-delivery\/\">Learjet Turns 3,000 with the 100th Model 75 Delivery<\/a><\/h4><p class=\"meta\"><span>juin 6th, 2017<\/span><span class=\"fusion-inline-sep\">|<\/span><span class=\"fusion-comments\"><span>Commentaires ferm\u00e9s<span class=\"screen-reader-text\"> sur Learjet Turns 3,000 with the 100th Model 75 Delivery<\/span><\/span><\/span><\/p><p>\u00a0Bombardier celebrated the 3,000th Learjet delivery and delivery of the 100th Learjet 75 on June 2.  learjet 75  Bombardier\u2019s ceremonial handover of a Learjet 75 to Leggett &amp; Platt on Friday commemorated two<\/p><\/div><\/article><article class=\"post fusion-column column col col-lg-3 col-md-3 col-sm-3\"><div class=\"fusion-flexslider fusion-flexslider-loading flexslider flexslider-hover-type-none\"><ul class=\"slides\"><li><a href=\"https:\/\/www.aircharter.com\/fr\/bombardier-unveils-premier-global-family-cabins\/\" aria-label=\"Bombardier unveils \u2018Premier\u2019 Global family cabins\" class=\"hover-type-none\"><img decoding=\"async\" width=\"700\" height=\"441\" src=\"https:\/\/www.aircharter.com\/wp-content\/uploads\/2017\/05\/maxresdefault-700x441.jpg\" class=\"attachment-recent-posts size-recent-posts\" alt=\"\" srcset=\"https:\/\/www.aircharter.com\/wp-content\/uploads\/2017\/05\/maxresdefault-320x202.jpg 320w, https:\/\/www.aircharter.com\/wp-content\/uploads\/2017\/05\/maxresdefault-700x441.jpg 700w\" sizes=\"(max-width: 700px) 100vw, 700px\" \/><\/a><\/li><\/ul><\/div><div class=\"recent-posts-content\"><h4 class=\"\"><a href=\"https:\/\/www.aircharter.com\/fr\/bombardier-unveils-premier-global-family-cabins\/\">Bombardier unveils \u2018Premier\u2019 Global family cabins<\/a><\/h4><p class=\"meta\"><span>mai 29th, 2017<\/span><span class=\"fusion-inline-sep\">|<\/span><span class=\"fusion-comments\"><span>Commentaires ferm\u00e9s<span class=\"screen-reader-text\"> sur Bombardier unveils \u2018Premier\u2019 Global family cabins<\/span><\/span><\/span><\/p><p> Bombardier Global 5000 and 6000  Bombardier are displaying a Global 6000 with its new \u2018Premier\u2019 cabin at the EBACE show this year. Available on both all current in production Global family aircraft, the<\/p><\/div><\/article><article class=\"post fusion-column column col col-lg-3 col-md-3 col-sm-3\"><div class=\"fusion-flexslider fusion-flexslider-loading flexslider flexslider-hover-type-none\"><ul class=\"slides\"><li><a href=\"https:\/\/www.aircharter.com\/fr\/waves-technologies-orders-grand-caravan-ex\/\" aria-label=\"Waves Technologies orders Grand Caravan EX\" class=\"hover-type-none\"><img decoding=\"async\" width=\"700\" height=\"441\" src=\"https:\/\/www.aircharter.com\/wp-content\/uploads\/2017\/05\/GrandCaravanEx-700x441.jpg\" class=\"attachment-recent-posts size-recent-posts\" alt=\"\" srcset=\"https:\/\/www.aircharter.com\/wp-content\/uploads\/2017\/05\/GrandCaravanEx-320x202.jpg 320w, https:\/\/www.aircharter.com\/wp-content\/uploads\/2017\/05\/GrandCaravanEx-700x441.jpg 700w\" sizes=\"(max-width: 700px) 100vw, 700px\" \/><\/a><\/li><\/ul><\/div><div class=\"recent-posts-content\"><h4 class=\"\"><a href=\"https:\/\/www.aircharter.com\/fr\/waves-technologies-orders-grand-caravan-ex\/\">Waves Technologies orders Grand Caravan EX<\/a><\/h4><p class=\"meta\"><span>mai 29th, 2017<\/span><span class=\"fusion-inline-sep\">|<\/span><span class=\"fusion-comments\"><span>Commentaires ferm\u00e9s<span class=\"screen-reader-text\"> sur Waves Technologies orders Grand Caravan EX<\/span><\/span><\/span><\/p><p> Waves EBACE 2017\/Cessna Grand Caravan EX  Waves Technologies has ordered a Cessna Grand Caravan EX single engine turboprop for a new on-demand, user-driven air taxi service for the UK Channel Islands. The order<\/p><\/div><\/article><article class=\"post fusion-column column col col-lg-3 col-md-3 col-sm-3\"><div class=\"fusion-flexslider fusion-flexslider-loading flexslider flexslider-hover-type-none\"><ul class=\"slides\"><li><a href=\"https:\/\/www.aircharter.com\/fr\/standard-pc-24-ebace17\/\" aria-label=\"Standard PC-24 at EBACE17\" class=\"hover-type-none\"><img decoding=\"async\" width=\"700\" height=\"441\" src=\"https:\/\/www.aircharter.com\/wp-content\/uploads\/2017\/05\/PC-24-700x441.jpg\" class=\"attachment-recent-posts size-recent-posts\" alt=\"\" srcset=\"https:\/\/www.aircharter.com\/wp-content\/uploads\/2017\/05\/PC-24-320x202.jpg 320w, https:\/\/www.aircharter.com\/wp-content\/uploads\/2017\/05\/PC-24-700x441.jpg 700w\" sizes=\"(max-width: 700px) 100vw, 700px\" \/><\/a><\/li><\/ul><\/div><div class=\"recent-posts-content\"><h4 class=\"\"><a href=\"https:\/\/www.aircharter.com\/fr\/standard-pc-24-ebace17\/\">Standard PC-24 at EBACE17<\/a><\/h4><p class=\"meta\"><span>mai 27th, 2017<\/span><span class=\"fusion-inline-sep\">|<\/span><span class=\"fusion-comments\"><span>Commentaires ferm\u00e9s<span class=\"screen-reader-text\"> sur Standard PC-24 at EBACE17<\/span><\/span><\/span><\/p><p> PC-24  The third Pilatus PC-24 prototype \u2013 P03, representing the series standard \u2013 is being unveiled to the general public at this week\u2019s European Business Aviation Exhibition (EBACE) in Geneva, Switzerland. Three PC-24<\/p><\/div><\/article><article class=\"post fusion-column column col col-lg-3 col-md-3 col-sm-3\"><div class=\"fusion-flexslider fusion-flexslider-loading flexslider flexslider-hover-type-none\"><ul class=\"slides\"><li><a href=\"https:\/\/www.aircharter.com\/fr\/airbus-launches-acj330neo\/\" aria-label=\"Airbus launches ACJ330neo\" class=\"hover-type-none\"><img decoding=\"async\" width=\"600\" height=\"338\" src=\"https:\/\/www.aircharter.com\/wp-content\/uploads\/2017\/05\/ACJ330neo.jpg\" class=\"attachment-recent-posts size-recent-posts\" alt=\"\" srcset=\"https:\/\/www.aircharter.com\/wp-content\/uploads\/2017\/05\/ACJ330neo-300x169.jpg 300w, https:\/\/www.aircharter.com\/wp-content\/uploads\/2017\/05\/ACJ330neo.jpg 600w\" sizes=\"(max-width: 600px) 100vw, 600px\" \/><\/a><\/li><\/ul><\/div><div class=\"recent-posts-content\"><h4 class=\"\"><a href=\"https:\/\/www.aircharter.com\/fr\/airbus-launches-acj330neo\/\">Airbus launches ACJ330neo<\/a><\/h4><p class=\"meta\"><span>mai 27th, 2017<\/span><span class=\"fusion-inline-sep\">|<\/span><span class=\"fusion-comments\"><span>Commentaires ferm\u00e9s<span class=\"screen-reader-text\"> sur Airbus launches ACJ330neo<\/span><\/span><\/span><\/p><p> ACJ330neo  Airbus has officially launched the ACJ330neo private jet, completing its lineup of new engine option aircraft. Based on the A330neo commercial airliner, the ACJ330neo will be able to fly 25 passengers for<\/p><\/div><\/article><article class=\"post fusion-column column col col-lg-3 col-md-3 col-sm-3\"><div class=\"fusion-flexslider fusion-flexslider-loading flexslider flexslider-hover-type-none\"><ul class=\"slides\"><li><a href=\"https:\/\/www.aircharter.com\/fr\/passenger-wait-times-dxb-drops-thanks-new-technology\/\" aria-label=\"Passenger wait times at DXB drops thanks to new technology\" class=\"hover-type-none\"><img decoding=\"async\" width=\"700\" height=\"441\" src=\"https:\/\/www.aircharter.com\/wp-content\/uploads\/2017\/05\/WomanCoatAirport_400px-700x441.jpeg\" class=\"attachment-recent-posts size-recent-posts\" alt=\"\" srcset=\"https:\/\/www.aircharter.com\/wp-content\/uploads\/2017\/05\/WomanCoatAirport_400px-320x202.jpeg 320w, https:\/\/www.aircharter.com\/wp-content\/uploads\/2017\/05\/WomanCoatAirport_400px-700x441.jpeg 700w\" sizes=\"(max-width: 700px) 100vw, 700px\" \/><\/a><\/li><\/ul><\/div><div class=\"recent-posts-content\"><h4 class=\"\"><a href=\"https:\/\/www.aircharter.com\/fr\/passenger-wait-times-dxb-drops-thanks-new-technology\/\">Passenger wait times at DXB drops thanks to new technology<\/a><\/h4><p class=\"meta\"><span>mai 16th, 2017<\/span><span class=\"fusion-inline-sep\">|<\/span><span class=\"fusion-comments\"><span>Commentaires ferm\u00e9s<span class=\"screen-reader-text\"> sur Passenger wait times at DXB drops thanks to new technology<\/span><\/span><\/span><\/p><p>Passenger wait times at Dubai International (DXB) has dropped by as much as ten per cent during the first quarter of 2017 thanks to the implementation of new technologies at the world's busiest airport for<\/p><\/div><\/article><article class=\"post fusion-column column col col-lg-3 col-md-3 col-sm-3\"><div class=\"fusion-flexslider fusion-flexslider-loading flexslider flexslider-hover-type-none\"><ul class=\"slides\"><li><a href=\"https:\/\/www.aircharter.com\/fr\/cessna-rolls-mustang-genre-defining-run\/\" aria-label=\"Cessna rolls out last Mustang after genre-defining run\" class=\"hover-type-none\"><img decoding=\"async\" width=\"700\" height=\"441\" src=\"https:\/\/www.aircharter.com\/wp-content\/uploads\/2017\/05\/Cessna-Citation-Mustang-VH-NEQ-18-700x441.jpg\" class=\"attachment-recent-posts size-recent-posts\" alt=\"\" srcset=\"https:\/\/www.aircharter.com\/wp-content\/uploads\/2017\/05\/Cessna-Citation-Mustang-VH-NEQ-18-320x202.jpg 320w, https:\/\/www.aircharter.com\/wp-content\/uploads\/2017\/05\/Cessna-Citation-Mustang-VH-NEQ-18-700x441.jpg 700w\" sizes=\"(max-width: 700px) 100vw, 700px\" \/><\/a><\/li><\/ul><\/div><div class=\"recent-posts-content\"><h4 class=\"\"><a href=\"https:\/\/www.aircharter.com\/fr\/cessna-rolls-mustang-genre-defining-run\/\">Cessna rolls out last Mustang after genre-defining run<\/a><\/h4><p class=\"meta\"><span>mai 12th, 2017<\/span><span class=\"fusion-inline-sep\">|<\/span><span class=\"fusion-comments\"><span>Commentaires ferm\u00e9s<span class=\"screen-reader-text\"> sur Cessna rolls out last Mustang after genre-defining run<\/span><\/span><\/span><\/p><p>Cessna has stopped making the Citation Mustang that defined a once-booming market for entry-level light jets when the Textron Aviation subsidiary launched the programme 15 years ago. \u00a0  Cessna Citation Mustang  The last<\/p><\/div><\/article><article class=\"post fusion-column column col col-lg-3 col-md-3 col-sm-3\"><div class=\"fusion-flexslider fusion-flexslider-loading flexslider flexslider-hover-type-none\"><ul class=\"slides\"><li><a href=\"https:\/\/www.aircharter.com\/fr\/december-may-g600s\/\" aria-label=\"December through May: three G600s\" class=\"hover-type-none\"><img decoding=\"async\" width=\"700\" height=\"441\" src=\"https:\/\/www.aircharter.com\/wp-content\/uploads\/2017\/05\/G600-700x441.jpg\" class=\"attachment-recent-posts size-recent-posts\" alt=\"\" srcset=\"https:\/\/www.aircharter.com\/wp-content\/uploads\/2017\/05\/G600-320x202.jpg 320w, https:\/\/www.aircharter.com\/wp-content\/uploads\/2017\/05\/G600-700x441.jpg 700w\" sizes=\"(max-width: 700px) 100vw, 700px\" \/><\/a><\/li><\/ul><\/div><div class=\"recent-posts-content\"><h4 class=\"\"><a href=\"https:\/\/www.aircharter.com\/fr\/december-may-g600s\/\">December through May: three G600s<\/a><\/h4><p class=\"meta\"><span>mai 11th, 2017<\/span><span class=\"fusion-inline-sep\">|<\/span><span class=\"fusion-comments\"><span>Commentaires ferm\u00e9s<span class=\"screen-reader-text\"> sur December through May: three G600s<\/span><\/span><\/span><\/p><p> G600  The third Gulfstream G600 test aircraft successfully completed its first flight earlier this week, joining the test fleet. Taking off from the OEM\u2019s Savannah, GA headquarters at Savannah-Hilton Head International on May<\/p><\/div><\/article><article class=\"post fusion-column column col col-lg-3 col-md-3 col-sm-3\"><div class=\"fusion-flexslider fusion-flexslider-loading flexslider flexslider-hover-type-none\"><ul class=\"slides\"><li><a href=\"https:\/\/www.aircharter.com\/fr\/embraer-delivers-1100th-business-jet\/\" aria-label=\"Embraer Delivers 1,100th Business Jet\" class=\"hover-type-none\"><img decoding=\"async\" width=\"700\" height=\"441\" src=\"https:\/\/www.aircharter.com\/wp-content\/uploads\/2017\/05\/embraer-delivers-26-commercial-and-26-executive-jets-in-2q16-8979-tmEOgPCbXMSzJ2dAPtqfvoqak-700x441.jpg\" class=\"attachment-recent-posts size-recent-posts\" alt=\"\" srcset=\"https:\/\/www.aircharter.com\/wp-content\/uploads\/2017\/05\/embraer-delivers-26-commercial-and-26-executive-jets-in-2q16-8979-tmEOgPCbXMSzJ2dAPtqfvoqak-320x202.jpg 320w, https:\/\/www.aircharter.com\/wp-content\/uploads\/2017\/05\/embraer-delivers-26-commercial-and-26-executive-jets-in-2q16-8979-tmEOgPCbXMSzJ2dAPtqfvoqak-700x441.jpg 700w\" sizes=\"(max-width: 700px) 100vw, 700px\" \/><\/a><\/li><\/ul><\/div><div class=\"recent-posts-content\"><h4 class=\"\"><a href=\"https:\/\/www.aircharter.com\/fr\/embraer-delivers-1100th-business-jet\/\">Embraer Delivers 1,100th Business Jet<\/a><\/h4><p class=\"meta\"><span>mai 8th, 2017<\/span><span class=\"fusion-inline-sep\">|<\/span><span class=\"fusion-comments\"><span>Commentaires ferm\u00e9s<span class=\"screen-reader-text\"> sur Embraer Delivers 1,100th Business Jet<\/span><\/span><\/span><\/p><p>On May 4, Embraer delivered its 1,100th business jet\u2014a Phenom 300 that was handed over to fractional provider NetJets. (Photo: Embraer Executive Jets) Embraer delivered its 1,100th business jet on May 4, some 15 years<\/p><\/div><\/article><article class=\"post fusion-column column col col-lg-3 col-md-3 col-sm-3\"><div class=\"fusion-flexslider fusion-flexslider-loading flexslider flexslider-hover-type-none\"><ul class=\"slides\"><li><a href=\"https:\/\/www.aircharter.com\/fr\/g600-joins-flight-test-program\/\" aria-label=\"Third G600 joins flight test program\" class=\"hover-type-none\"><img decoding=\"async\" width=\"700\" height=\"441\" src=\"https:\/\/www.aircharter.com\/wp-content\/uploads\/2017\/05\/GulfstreamG600ProgressingTowardFirstFlight-700x441.jpg\" class=\"attachment-recent-posts size-recent-posts\" alt=\"\" srcset=\"https:\/\/www.aircharter.com\/wp-content\/uploads\/2017\/05\/GulfstreamG600ProgressingTowardFirstFlight-320x202.jpg 320w, https:\/\/www.aircharter.com\/wp-content\/uploads\/2017\/05\/GulfstreamG600ProgressingTowardFirstFlight-700x441.jpg 700w\" sizes=\"(max-width: 700px) 100vw, 700px\" \/><\/a><\/li><\/ul><\/div><div class=\"recent-posts-content\"><h4 class=\"\"><a href=\"https:\/\/www.aircharter.com\/fr\/g600-joins-flight-test-program\/\">Third G600 joins flight test program<\/a><\/h4><p class=\"meta\"><span>mai 8th, 2017<\/span><span class=\"fusion-inline-sep\">|<\/span><span class=\"fusion-comments\"><span>Commentaires ferm\u00e9s<span class=\"screen-reader-text\"> sur Third G600 joins flight test program<\/span><\/span><\/span><\/p><p> G600  Gulfstream has added a third Gulfstream G600 to its flight test program. The aircraft flew for the first time from Savannah on May 5, with the flight lasting for 4 hours and<\/p><\/div><\/article><article class=\"post fusion-column column col col-lg-3 col-md-3 col-sm-3\"><div class=\"fusion-flexslider fusion-flexslider-loading flexslider flexslider-hover-type-none\"><ul class=\"slides\"><li><a href=\"https:\/\/www.aircharter.com\/fr\/tav-adds-airports-saudi-arabia\/\" aria-label=\"TAV adds two more airports in Saudi Arabia\" class=\"hover-type-none\"><img decoding=\"async\" width=\"700\" height=\"441\" src=\"https:\/\/www.aircharter.com\/wp-content\/uploads\/2017\/05\/kingkhalid06-700x441.jpg\" class=\"attachment-recent-posts size-recent-posts\" alt=\"\" srcset=\"https:\/\/www.aircharter.com\/wp-content\/uploads\/2017\/05\/kingkhalid06-320x202.jpg 320w, https:\/\/www.aircharter.com\/wp-content\/uploads\/2017\/05\/kingkhalid06-700x441.jpg 700w\" sizes=\"(max-width: 700px) 100vw, 700px\" \/><\/a><\/li><\/ul><\/div><div class=\"recent-posts-content\"><h4 class=\"\"><a href=\"https:\/\/www.aircharter.com\/fr\/tav-adds-airports-saudi-arabia\/\">TAV adds two more airports in Saudi Arabia<\/a><\/h4><p class=\"meta\"><span>mai 5th, 2017<\/span><span class=\"fusion-inline-sep\">|<\/span><span class=\"fusion-comments\"><span>Commentaires ferm\u00e9s<span class=\"screen-reader-text\"> sur TAV adds two more airports in Saudi Arabia<\/span><\/span><\/span><\/p><p>TAV Airports has included Qassim and Hail airports in Saudi Arabia to its portfolio following Madinah and Yanbu. TAV, with its partner Al Rajhi Group, will develop the two airports and operate them for 30<\/p><\/div><\/article><article class=\"post fusion-column column col col-lg-3 col-md-3 col-sm-3\"><div class=\"fusion-flexslider fusion-flexslider-loading flexslider flexslider-hover-type-none\"><ul class=\"slides\"><li><a href=\"https:\/\/www.aircharter.com\/fr\/quarter-ends-strong-note-passenger-traffic\/\" aria-label=\"First quarter ends on strong note for passenger traffic\" class=\"hover-type-none\"><img decoding=\"async\" width=\"700\" height=\"441\" src=\"https:\/\/www.aircharter.com\/wp-content\/uploads\/2017\/05\/150826091112-02-hong-kong-airport-super-169-700x441.jpg\" class=\"attachment-recent-posts size-recent-posts\" alt=\"\" srcset=\"https:\/\/www.aircharter.com\/wp-content\/uploads\/2017\/05\/150826091112-02-hong-kong-airport-super-169-320x202.jpg 320w, https:\/\/www.aircharter.com\/wp-content\/uploads\/2017\/05\/150826091112-02-hong-kong-airport-super-169-700x441.jpg 700w\" sizes=\"(max-width: 700px) 100vw, 700px\" \/><\/a><\/li><\/ul><\/div><div class=\"recent-posts-content\"><h4 class=\"\"><a href=\"https:\/\/www.aircharter.com\/fr\/quarter-ends-strong-note-passenger-traffic\/\">First quarter ends on strong note for passenger traffic<\/a><\/h4><p class=\"meta\"><span>mai 4th, 2017<\/span><span class=\"fusion-inline-sep\">|<\/span><span class=\"fusion-comments\"><span>Commentaires ferm\u00e9s<span class=\"screen-reader-text\"> sur First quarter ends on strong note for passenger traffic<\/span><\/span><\/span><\/p><p>The International Air Transport Association (IATA) has announced global passenger traffic results for March 2017 showing that demand (measured in revenue passenger kilometers, or RPKs) rose 6.8%, compared to the same month a year ago.<\/p><\/div><\/article><article class=\"post fusion-column column col col-lg-3 col-md-3 col-sm-3\"><div class=\"fusion-flexslider fusion-flexslider-loading flexslider flexslider-hover-type-none\"><ul class=\"slides\"><li><a href=\"https:\/\/www.aircharter.com\/fr\/efvs-enhanced-flight-vision-system-legacy-450-500\/\" aria-label=\"EFVS (ENHANCED FLIGHT VISION SYSTEM): ON LEGACY 450 AND 500\" class=\"hover-type-none\"><img decoding=\"async\" width=\"700\" height=\"441\" src=\"https:\/\/www.aircharter.com\/wp-content\/uploads\/2017\/05\/Legacy_500-Records-700x441.jpg\" class=\"attachment-recent-posts size-recent-posts\" alt=\"\" srcset=\"https:\/\/www.aircharter.com\/wp-content\/uploads\/2017\/05\/Legacy_500-Records-320x202.jpg 320w, https:\/\/www.aircharter.com\/wp-content\/uploads\/2017\/05\/Legacy_500-Records-700x441.jpg 700w\" sizes=\"(max-width: 700px) 100vw, 700px\" \/><\/a><\/li><\/ul><\/div><div class=\"recent-posts-content\"><h4 class=\"\"><a href=\"https:\/\/www.aircharter.com\/fr\/efvs-enhanced-flight-vision-system-legacy-450-500\/\">EFVS (ENHANCED FLIGHT VISION SYSTEM): ON LEGACY 450 AND 500<\/a><\/h4><p class=\"meta\"><span>mai 4th, 2017<\/span><span class=\"fusion-inline-sep\">|<\/span><span class=\"fusion-comments\"><span>Commentaires ferm\u00e9s<span class=\"screen-reader-text\"> sur EFVS (ENHANCED FLIGHT VISION SYSTEM): ON LEGACY 450 AND 500<\/span><\/span><\/span><\/p><p> Legacy 500  We took a night flight on the Legacy 500\u00a0to test the EFVS (Enhanced Flight Vision\u00a0System). The EFVS is the name given to\u00a0the incorporation of an EVS (Enhanced\u00a0Vision System) image on an<\/p><\/div><\/article><article class=\"post fusion-column column col col-lg-3 col-md-3 col-sm-3\"><div class=\"fusion-flexslider fusion-flexslider-loading flexslider flexslider-hover-type-none\"><ul class=\"slides\"><li><a href=\"https:\/\/www.aircharter.com\/fr\/gulfstream-g500-schedule-certification\/\" aria-label=\"GULFSTREAM G500 ON SCHEDULE FOR CERTIFICATION\" class=\"hover-type-none\"><img decoding=\"async\" width=\"700\" height=\"441\" src=\"https:\/\/www.aircharter.com\/wp-content\/uploads\/2017\/05\/d_g500_a_mkt_00041-700x441.jpg\" class=\"attachment-recent-posts size-recent-posts\" alt=\"\" srcset=\"https:\/\/www.aircharter.com\/wp-content\/uploads\/2017\/05\/d_g500_a_mkt_00041-320x202.jpg 320w, https:\/\/www.aircharter.com\/wp-content\/uploads\/2017\/05\/d_g500_a_mkt_00041-700x441.jpg 700w\" sizes=\"(max-width: 700px) 100vw, 700px\" \/><\/a><\/li><\/ul><\/div><div class=\"recent-posts-content\"><h4 class=\"\"><a href=\"https:\/\/www.aircharter.com\/fr\/gulfstream-g500-schedule-certification\/\">GULFSTREAM G500 ON SCHEDULE FOR CERTIFICATION<\/a><\/h4><p class=\"meta\"><span>mai 4th, 2017<\/span><span class=\"fusion-inline-sep\">|<\/span><span class=\"fusion-comments\"><span>Commentaires ferm\u00e9s<span class=\"screen-reader-text\"> sur GULFSTREAM G500 ON SCHEDULE FOR CERTIFICATION<\/span><\/span><\/span><\/p><p> g500  Gulfstream Aerospace Corp.\u2019s G500 flight-test program continues to make\u00a0significant progress toward the aircraft\u2019s anticipated 2017 certification by the\u00a0Federal Aviation Administration (FAA). The five G500 test aircraft, including\u00a0a fully outfitted production aircraft, have<\/p><\/div><\/article><article class=\"post fusion-column column col col-lg-3 col-md-3 col-sm-3\"><div class=\"fusion-flexslider fusion-flexslider-loading flexslider flexslider-hover-type-none\"><ul class=\"slides\"><li><a href=\"https:\/\/www.aircharter.com\/fr\/gulfstream-readies-g600-g500-shows-endurance\/\" aria-label=\"Gulfstream Readies Third G600, G500 Shows Endurance\" class=\"hover-type-none\"><img decoding=\"async\" width=\"700\" height=\"441\" src=\"https:\/\/www.aircharter.com\/wp-content\/uploads\/2017\/05\/g500-2_full-700x441.jpg\" class=\"attachment-recent-posts size-recent-posts\" alt=\"\" srcset=\"https:\/\/www.aircharter.com\/wp-content\/uploads\/2017\/05\/g500-2_full-320x202.jpg 320w, https:\/\/www.aircharter.com\/wp-content\/uploads\/2017\/05\/g500-2_full-700x441.jpg 700w\" sizes=\"(max-width: 700px) 100vw, 700px\" \/><\/a><\/li><\/ul><\/div><div class=\"recent-posts-content\"><h4 class=\"\"><a href=\"https:\/\/www.aircharter.com\/fr\/gulfstream-readies-g600-g500-shows-endurance\/\">Gulfstream Readies Third G600, G500 Shows Endurance<\/a><\/h4><p class=\"meta\"><span>mai 2nd, 2017<\/span><span class=\"fusion-inline-sep\">|<\/span><span class=\"fusion-comments\"><span>Commentaires ferm\u00e9s<span class=\"screen-reader-text\"> sur Gulfstream Readies Third G600, G500 Shows Endurance<\/span><\/span><\/span><\/p><p>\u00a0 The G500 recently marked its longest flight on a mission from Savannah, Ga., out past San Francisco over the Pacific Ocean and back to Savannah. (Photo: Gulfstream Aerospace) Gulfstream continues to check off milestones<\/p><\/div><\/article><article class=\"post fusion-column column col col-lg-3 col-md-3 col-sm-3\"><div class=\"fusion-flexslider fusion-flexslider-loading flexslider flexslider-hover-type-none\"><ul class=\"slides\"><li><a href=\"https:\/\/www.aircharter.com\/fr\/gulfstream-offer\/\" aria-label=\"Gulfstream with so much to offer\u2026\" class=\"hover-type-none\"><img decoding=\"async\" width=\"700\" height=\"441\" src=\"https:\/\/www.aircharter.com\/wp-content\/uploads\/2017\/04\/gulfstream-private-jet-g650-700x441.jpg\" class=\"attachment-recent-posts size-recent-posts\" alt=\"\" srcset=\"https:\/\/www.aircharter.com\/wp-content\/uploads\/2017\/04\/gulfstream-private-jet-g650-320x202.jpg 320w, https:\/\/www.aircharter.com\/wp-content\/uploads\/2017\/04\/gulfstream-private-jet-g650-700x441.jpg 700w\" sizes=\"(max-width: 700px) 100vw, 700px\" \/><\/a><\/li><\/ul><\/div><div class=\"recent-posts-content\"><h4 class=\"\"><a href=\"https:\/\/www.aircharter.com\/fr\/gulfstream-offer\/\">Gulfstream with so much to offer\u2026<\/a><\/h4><p class=\"meta\"><span>avril 21st, 2017<\/span><span class=\"fusion-inline-sep\">|<\/span><span class=\"fusion-comments\"><span>Commentaires ferm\u00e9s<span class=\"screen-reader-text\"> sur Gulfstream with so much to offer\u2026<\/span><\/span><\/span><\/p><p>The visit of the Gulfstream flagship G650ER to Dubai World Central allowed Scott Neal, Gulfstream's senior vice-president of worldwide sales, the chance to show Dave Calderwood around the aircraft and explain why it is so<\/p><\/div><\/article><article class=\"post fusion-column column col col-lg-3 col-md-3 col-sm-3\"><div class=\"fusion-flexslider fusion-flexslider-loading flexslider flexslider-hover-type-none\"><ul class=\"slides\"><li><a href=\"https:\/\/www.aircharter.com\/fr\/embraer-deliveries-decline-quarter-2017\/\" aria-label=\"Embraer Deliveries Decline in First Quarter of 2017\" class=\"hover-type-none\"><img decoding=\"async\" width=\"700\" height=\"441\" src=\"https:\/\/www.aircharter.com\/wp-content\/uploads\/2017\/04\/embraer-700x441.jpg\" class=\"attachment-recent-posts size-recent-posts\" alt=\"\" srcset=\"https:\/\/www.aircharter.com\/wp-content\/uploads\/2017\/04\/embraer-320x202.jpg 320w, https:\/\/www.aircharter.com\/wp-content\/uploads\/2017\/04\/embraer-700x441.jpg 700w\" sizes=\"(max-width: 700px) 100vw, 700px\" \/><\/a><\/li><\/ul><\/div><div class=\"recent-posts-content\"><h4 class=\"\"><a href=\"https:\/\/www.aircharter.com\/fr\/embraer-deliveries-decline-quarter-2017\/\">Embraer Deliveries Decline in First Quarter of 2017<\/a><\/h4><p class=\"meta\"><span>avril 17th, 2017<\/span><span class=\"fusion-inline-sep\">|<\/span><span class=\"fusion-comments\"><span>Commentaires ferm\u00e9s<span class=\"screen-reader-text\"> sur Embraer Deliveries Decline in First Quarter of 2017<\/span><\/span><\/span><\/p><p> Embraer  Brazilian airframer Embraer delivered 33 aircraft in the first quarter of 2017\u201418 commercial airliners and 15 executive jets. The figures announced on April 13 represented a 25 percent drop compared with the<\/p><\/div><\/article><article class=\"post fusion-column column col col-lg-3 col-md-3 col-sm-3\"><div class=\"fusion-flexslider fusion-flexslider-loading flexslider flexslider-hover-type-none\"><ul class=\"slides\"><li><a href=\"https:\/\/www.aircharter.com\/fr\/boeing-business-jets-bbj-continue-strong-growth-china\/\" aria-label=\"Boeing Business Jets BBJ continue to show strong growth in China\" class=\"hover-type-none\"><img decoding=\"async\" width=\"640\" height=\"360\" src=\"https:\/\/www.aircharter.com\/wp-content\/uploads\/2017\/04\/bbj.jpg\" class=\"attachment-recent-posts size-recent-posts\" alt=\"\" srcset=\"https:\/\/www.aircharter.com\/wp-content\/uploads\/2017\/04\/bbj-300x169.jpg 300w, https:\/\/www.aircharter.com\/wp-content\/uploads\/2017\/04\/bbj.jpg 640w\" sizes=\"(max-width: 640px) 100vw, 640px\" \/><\/a><\/li><\/ul><\/div><div class=\"recent-posts-content\"><h4 class=\"\"><a href=\"https:\/\/www.aircharter.com\/fr\/boeing-business-jets-bbj-continue-strong-growth-china\/\">Boeing Business Jets BBJ continue to show strong growth in China<\/a><\/h4><p class=\"meta\"><span>avril 11th, 2017<\/span><span class=\"fusion-inline-sep\">|<\/span><span class=\"fusion-comments\"><span>Commentaires ferm\u00e9s<span class=\"screen-reader-text\"> sur Boeing Business Jets BBJ continue to show strong growth in China<\/span><\/span><\/span><\/p><p> BBJ  Boeing Business Jets (BBJ) is seeing unprecedented growth in Greater China, where the fleet has tripled over the last five years \u2013 with 29 BBJ aircraft in operation. The success of the<\/p><\/div><\/article><article class=\"post fusion-column column col col-lg-3 col-md-3 col-sm-3\"><div class=\"fusion-flexslider fusion-flexslider-loading flexslider flexslider-hover-type-none\"><ul class=\"slides\"><li><a href=\"https:\/\/www.aircharter.com\/fr\/global-7000-hits-m0-995-high-speed-tests\/\" aria-label=\"Global 7000 hits M0.995 in high-speed tests\" class=\"hover-type-none\"><img decoding=\"async\" width=\"700\" height=\"441\" src=\"https:\/\/www.aircharter.com\/wp-content\/uploads\/2017\/03\/05-bombardier-global-7000-700x441.jpg\" class=\"attachment-recent-posts size-recent-posts\" alt=\"\" srcset=\"https:\/\/www.aircharter.com\/wp-content\/uploads\/2017\/03\/05-bombardier-global-7000-320x202.jpg 320w, https:\/\/www.aircharter.com\/wp-content\/uploads\/2017\/03\/05-bombardier-global-7000-700x441.jpg 700w\" sizes=\"(max-width: 700px) 100vw, 700px\" \/><\/a><\/li><\/ul><\/div><div class=\"recent-posts-content\"><h4 class=\"\"><a href=\"https:\/\/www.aircharter.com\/fr\/global-7000-hits-m0-995-high-speed-tests\/\">Global 7000 hits M0.995 in high-speed tests<\/a><\/h4><p class=\"meta\"><span>mars 30th, 2017<\/span><span class=\"fusion-inline-sep\">|<\/span><span class=\"fusion-comments\"><span>Commentaires ferm\u00e9s<span class=\"screen-reader-text\"> sur Global 7000 hits M0.995 in high-speed tests<\/span><\/span><\/span><\/p><p>Bombardier has flown the Global 7000 prototype at speeds up to Mach 0.995 five months after launching the flight test programme, the company says on 29 March. In becoming the largest business jet to come<\/p><\/div><\/article><article class=\"post fusion-column column col col-lg-3 col-md-3 col-sm-3\"><div class=\"fusion-flexslider fusion-flexslider-loading flexslider flexslider-hover-type-none\"><ul class=\"slides\"><li><a href=\"https:\/\/www.aircharter.com\/fr\/gulfstream-begins-g500-certification-testing\/\" aria-label=\"Gulfstream begins G500 certification testing\" class=\"hover-type-none\"><img decoding=\"async\" width=\"700\" height=\"441\" src=\"https:\/\/www.aircharter.com\/wp-content\/uploads\/2017\/03\/gulfstream_g500-700x441.jpg\" class=\"attachment-recent-posts size-recent-posts\" alt=\"\" srcset=\"https:\/\/www.aircharter.com\/wp-content\/uploads\/2017\/03\/gulfstream_g500-320x202.jpg 320w, https:\/\/www.aircharter.com\/wp-content\/uploads\/2017\/03\/gulfstream_g500-700x441.jpg 700w\" sizes=\"(max-width: 700px) 100vw, 700px\" \/><\/a><\/li><\/ul><\/div><div class=\"recent-posts-content\"><h4 class=\"\"><a href=\"https:\/\/www.aircharter.com\/fr\/gulfstream-begins-g500-certification-testing\/\">Gulfstream begins G500 certification testing<\/a><\/h4><p class=\"meta\"><span>mars 24th, 2017<\/span><span class=\"fusion-inline-sep\">|<\/span><span class=\"fusion-comments\"><span>Commentaires ferm\u00e9s<span class=\"screen-reader-text\"> sur Gulfstream begins G500 certification testing<\/span><\/span><\/span><\/p><p> G500  Gulfstream has completed the development testing for the new G500 and has begun the FAA certification process. During the development testing the five test aircraft flew a combined 2,600 hours over 600<\/p><\/div><\/article><article class=\"post fusion-column column col col-lg-3 col-md-3 col-sm-3\"><div class=\"fusion-flexslider fusion-flexslider-loading flexslider flexslider-hover-type-none\"><ul class=\"slides\"><li><a href=\"https:\/\/www.aircharter.com\/fr\/pilatus-pc-12-ng-2016-best-selling-turboprop-business-aircraft-world\/\" aria-label=\"PC-12 NG is 2016\u2019s best-seller\" class=\"hover-type-none\"><img decoding=\"async\" width=\"700\" height=\"441\" src=\"https:\/\/www.aircharter.com\/wp-content\/uploads\/2017\/03\/PC12-NG-700x441.png\" class=\"attachment-recent-posts size-recent-posts\" alt=\"\" srcset=\"https:\/\/www.aircharter.com\/wp-content\/uploads\/2017\/03\/PC12-NG-320x202.png 320w, https:\/\/www.aircharter.com\/wp-content\/uploads\/2017\/03\/PC12-NG-700x441.png 700w\" sizes=\"(max-width: 700px) 100vw, 700px\" \/><\/a><\/li><\/ul><\/div><div class=\"recent-posts-content\"><h4 class=\"\"><a href=\"https:\/\/www.aircharter.com\/fr\/pilatus-pc-12-ng-2016-best-selling-turboprop-business-aircraft-world\/\">PC-12 NG is 2016\u2019s best-seller<\/a><\/h4><p class=\"meta\"><span>mars 22nd, 2017<\/span><span class=\"fusion-inline-sep\">|<\/span><span class=\"fusion-comments\"><span>Commentaires ferm\u00e9s<span class=\"screen-reader-text\"> sur PC-12 NG is 2016\u2019s best-seller<\/span><\/span><\/span><\/p><p> Pilatus- PC-12 NG  Delivery of 91 PC-12 NG single engine turboprops in 2016 make it officially the top-selling turbine-powered business aircraft in the world.\u00a0With 91 aircraft delivered to customers around the world in<\/p><\/div><\/article><article class=\"post fusion-column column col col-lg-3 col-md-3 col-sm-3\"><div class=\"fusion-flexslider fusion-flexslider-loading flexslider flexslider-hover-type-none\"><ul class=\"slides\"><li><a href=\"https:\/\/www.aircharter.com\/fr\/citation-longitude-takes-flight\/\" aria-label=\"Third citation longitude takes its first flight\" class=\"hover-type-none\"><img decoding=\"async\" width=\"700\" height=\"441\" src=\"https:\/\/www.aircharter.com\/wp-content\/uploads\/2017\/03\/Cicationlongitude-700x441.jpg\" class=\"attachment-recent-posts size-recent-posts\" alt=\"\" srcset=\"https:\/\/www.aircharter.com\/wp-content\/uploads\/2017\/03\/Cicationlongitude-320x202.jpg 320w, https:\/\/www.aircharter.com\/wp-content\/uploads\/2017\/03\/Cicationlongitude-700x441.jpg 700w\" sizes=\"(max-width: 700px) 100vw, 700px\" \/><\/a><\/li><\/ul><\/div><div class=\"recent-posts-content\"><h4 class=\"\"><a href=\"https:\/\/www.aircharter.com\/fr\/citation-longitude-takes-flight\/\">Third citation longitude takes its first flight<\/a><\/h4><p class=\"meta\"><span>mars 21st, 2017<\/span><span class=\"fusion-inline-sep\">|<\/span><span class=\"fusion-comments\"><span>Commentaires ferm\u00e9s<span class=\"screen-reader-text\"> sur Third citation longitude takes its first flight<\/span><\/span><\/span><\/p><p>The third Citation Longitude has joined the test programme. Test pilots Corey Eckhart and UJ Pesonen, along with flight test engineer Mike Bradfield, successfully tested various systems throughout the one-hour and 40-minute flight. The aircraft<\/p><\/div><\/article><article class=\"post fusion-column column col col-lg-3 col-md-3 col-sm-3\"><div class=\"fusion-flexslider fusion-flexslider-loading flexslider flexslider-hover-type-none\"><ul class=\"slides\"><li><a href=\"https:\/\/www.aircharter.com\/fr\/bombardier-business-aircraft-establishes-line-maintenance-stations-europe\/\" aria-label=\"BOMBARDIER BUSINESS AIRCRAFT ESTABLISHES FIVE LINE MAINTENANCE STATIONS IN EUROPE\" class=\"hover-type-none\"><img decoding=\"async\" width=\"700\" height=\"441\" src=\"https:\/\/www.aircharter.com\/wp-content\/uploads\/2017\/03\/bombardier-business-aircraft-700x441.jpg\" class=\"attachment-recent-posts size-recent-posts\" alt=\"\" srcset=\"https:\/\/www.aircharter.com\/wp-content\/uploads\/2017\/03\/bombardier-business-aircraft-320x202.jpg 320w, https:\/\/www.aircharter.com\/wp-content\/uploads\/2017\/03\/bombardier-business-aircraft-700x441.jpg 700w\" sizes=\"(max-width: 700px) 100vw, 700px\" \/><\/a><\/li><\/ul><\/div><div class=\"recent-posts-content\"><h4 class=\"\"><a href=\"https:\/\/www.aircharter.com\/fr\/bombardier-business-aircraft-establishes-line-maintenance-stations-europe\/\">BOMBARDIER BUSINESS AIRCRAFT ESTABLISHES FIVE LINE MAINTENANCE STATIONS IN EUROPE<\/a><\/h4><p class=\"meta\"><span>mars 20th, 2017<\/span><span class=\"fusion-inline-sep\">|<\/span><span class=\"fusion-comments\"><span>Commentaires ferm\u00e9s<span class=\"screen-reader-text\"> sur BOMBARDIER BUSINESS AIRCRAFT ESTABLISHES FIVE LINE MAINTENANCE STATIONS IN EUROPE<\/span><\/span><\/span><\/p><p>Bombardier Business Aircraft is pleased to announce its establishment of five new line maintenance stations across Europe. The facilities provide line maintenance support to Bombardier Business Aircraft customers in Europe, complementing the tip-to-tail heavy maintenance<\/p><\/div><\/article><article class=\"post fusion-column column col col-lg-3 col-md-3 col-sm-3\"><div class=\"fusion-flexslider fusion-flexslider-loading flexslider flexslider-hover-type-none\"><ul class=\"slides\"><li><a href=\"https:\/\/www.aircharter.com\/fr\/business-aviation-match-commercial-safety\/\" aria-label=\"Why business aviation must match commercial for safety\" class=\"hover-type-none\"><img decoding=\"async\" width=\"700\" height=\"441\" src=\"https:\/\/www.aircharter.com\/wp-content\/uploads\/2017\/03\/cit_mus_flt18_hires0-700x441.jpg\" class=\"attachment-recent-posts size-recent-posts\" alt=\"\" srcset=\"https:\/\/www.aircharter.com\/wp-content\/uploads\/2017\/03\/cit_mus_flt18_hires0-320x202.jpg 320w, https:\/\/www.aircharter.com\/wp-content\/uploads\/2017\/03\/cit_mus_flt18_hires0-700x441.jpg 700w\" sizes=\"(max-width: 700px) 100vw, 700px\" \/><\/a><\/li><\/ul><\/div><div class=\"recent-posts-content\"><h4 class=\"\"><a href=\"https:\/\/www.aircharter.com\/fr\/business-aviation-match-commercial-safety\/\">Why business aviation must match commercial for safety<\/a><\/h4><p class=\"meta\"><span>mars 20th, 2017<\/span><span class=\"fusion-inline-sep\">|<\/span><span class=\"fusion-comments\"><span>Commentaires ferm\u00e9s<span class=\"screen-reader-text\"> sur Why business aviation must match commercial for safety<\/span><\/span><\/span><\/p><p>Business aviation's safety record isn't bad but it needs to improve to match commercial air transport, and the Flight Safety Foundation is working to achieve that. FSF's Greg Marshall talks to Dave Calderwood. Business aviation<\/p><\/div><\/article><article class=\"post fusion-column column col col-lg-3 col-md-3 col-sm-3\"><div class=\"fusion-flexslider fusion-flexslider-loading flexslider flexslider-hover-type-none\"><ul class=\"slides\"><li><a href=\"https:\/\/www.aircharter.com\/fr\/opinion-needs-follow-dedicated-business-aviation-airports\/\" aria-label=\"Opinion:The UK needs to follow the US with dedicated business aviation airports\" class=\"hover-type-none\"><img decoding=\"async\" width=\"700\" height=\"395\" src=\"https:\/\/www.aircharter.com\/wp-content\/uploads\/2017\/03\/Biggin-Hill-Robert-Walters-director-1-890x395-700x395.jpg\" class=\"attachment-recent-posts size-recent-posts\" alt=\"\" \/><\/a><\/li><\/ul><\/div><div class=\"recent-posts-content\"><h4 class=\"\"><a href=\"https:\/\/www.aircharter.com\/fr\/opinion-needs-follow-dedicated-business-aviation-airports\/\">Opinion:The UK needs to follow the US with dedicated business aviation airports<\/a><\/h4><p class=\"meta\"><span>mars 20th, 2017<\/span><span class=\"fusion-inline-sep\">|<\/span><span class=\"fusion-comments\"><span>Commentaires ferm\u00e9s<span class=\"screen-reader-text\"> sur Opinion:The UK needs to follow the US with dedicated business aviation airports<\/span><\/span><\/span><\/p><p>Robert Walters,\u00a0business development director at\u00a0London\u00a0Biggin Hill\u00a0Airport, says that if the UK government does not recognise the importance of business aviation the country will not be able to keep up with demand. \u00a0  London Biggin<\/p><\/div><\/article><article class=\"post fusion-column column col col-lg-3 col-md-3 col-sm-3\"><div class=\"fusion-flexslider fusion-flexslider-loading flexslider flexslider-hover-type-none\"><ul class=\"slides\"><li><a href=\"https:\/\/www.aircharter.com\/fr\/u-s-faa-gives-nod-g500-g600-pwc-engines\/\" aria-label=\"U.S. FAA Gives Nod to G500, G600 P&#038;WC Engines\" class=\"hover-type-none\"><img decoding=\"async\" width=\"700\" height=\"441\" src=\"https:\/\/www.aircharter.com\/wp-content\/uploads\/2017\/03\/PW814GA-700x441.jpg\" class=\"attachment-recent-posts size-recent-posts\" alt=\"\" srcset=\"https:\/\/www.aircharter.com\/wp-content\/uploads\/2017\/03\/PW814GA-320x202.jpg 320w, https:\/\/www.aircharter.com\/wp-content\/uploads\/2017\/03\/PW814GA-700x441.jpg 700w\" sizes=\"(max-width: 700px) 100vw, 700px\" \/><\/a><\/li><\/ul><\/div><div class=\"recent-posts-content\"><h4 class=\"\"><a href=\"https:\/\/www.aircharter.com\/fr\/u-s-faa-gives-nod-g500-g600-pwc-engines\/\">U.S. FAA Gives Nod to G500, G600 P&#038;WC Engines<\/a><\/h4><p class=\"meta\"><span>mars 16th, 2017<\/span><span class=\"fusion-inline-sep\">|<\/span><span class=\"fusion-comments\"><span>Commentaires ferm\u00e9s<span class=\"screen-reader-text\"> sur U.S. FAA Gives Nod to G500, G600 P&#038;WC Engines<\/span><\/span><\/span><\/p><p> The new P&amp;WC \u00a0PW800 family will provide double-digit gains in fuel efficiency.  P&amp;WC (Pratt &amp; Whitney Canada)\u00a0\u00a0has received U.S. certification for its new PW814GA and 815GA turbofans that will power the Gulfstream G500<\/p><\/div><\/article><article class=\"post fusion-column column col col-lg-3 col-md-3 col-sm-3\"><div class=\"fusion-flexslider fusion-flexslider-loading flexslider flexslider-hover-type-none\"><ul class=\"slides\"><li><a href=\"https:\/\/www.aircharter.com\/fr\/piper-prepares-m600-european-debut\/\" aria-label=\"Piper prepares M600 for its European debut\" class=\"hover-type-none\"><img decoding=\"async\" width=\"700\" height=\"441\" src=\"https:\/\/www.aircharter.com\/wp-content\/uploads\/2017\/03\/M600_1-700x441.jpg\" class=\"attachment-recent-posts size-recent-posts\" alt=\"Organ Transplant Charter\" srcset=\"https:\/\/www.aircharter.com\/wp-content\/uploads\/2017\/03\/M600_1-320x202.jpg 320w, https:\/\/www.aircharter.com\/wp-content\/uploads\/2017\/03\/M600_1-700x441.jpg 700w\" sizes=\"(max-width: 700px) 100vw, 700px\" \/><\/a><\/li><\/ul><\/div><div class=\"recent-posts-content\"><h4 class=\"\"><a href=\"https:\/\/www.aircharter.com\/fr\/piper-prepares-m600-european-debut\/\">Piper prepares M600 for its European debut<\/a><\/h4><p class=\"meta\"><span>mars 14th, 2017<\/span><span class=\"fusion-inline-sep\">|<\/span><span class=\"fusion-comments\"><span>Commentaires ferm\u00e9s<span class=\"screen-reader-text\"> sur Piper prepares M600 for its European debut<\/span><\/span><\/span><\/p><p>Piper Aircraft\u2019s flagship model, the M600, will make its European debut from 5-8 April at the Aero Friedrichshafen show in Germany. \u00a0 The event \u2013 the largest dedicated business and general aviation showcase outside the<\/p><\/div><\/article><article class=\"post fusion-column column col col-lg-3 col-md-3 col-sm-3\"><div class=\"fusion-flexslider fusion-flexslider-loading flexslider flexslider-hover-type-none\"><ul class=\"slides\"><li><a href=\"https:\/\/www.aircharter.com\/fr\/third-and-final-pilatus-pc-24-enters-flight-testing\/\" aria-label=\"Third and final Pilatus PC-24 enters flight testing\" class=\"hover-type-none\"><img decoding=\"async\" width=\"700\" height=\"441\" src=\"https:\/\/www.aircharter.com\/wp-content\/uploads\/2017\/03\/PC-24-2-700x441.jpg\" class=\"attachment-recent-posts size-recent-posts\" alt=\"\" srcset=\"https:\/\/www.aircharter.com\/wp-content\/uploads\/2017\/03\/PC-24-2-320x202.jpg 320w, https:\/\/www.aircharter.com\/wp-content\/uploads\/2017\/03\/PC-24-2-700x441.jpg 700w\" sizes=\"(max-width: 700px) 100vw, 700px\" \/><\/a><\/li><\/ul><\/div><div class=\"recent-posts-content\"><h4 class=\"\"><a href=\"https:\/\/www.aircharter.com\/fr\/third-and-final-pilatus-pc-24-enters-flight-testing\/\">Third and final Pilatus PC-24 enters flight testing<\/a><\/h4><p class=\"meta\"><span>mars 7th, 2017<\/span><span class=\"fusion-inline-sep\">|<\/span><span class=\"fusion-comments\"><span>Commentaires ferm\u00e9s<span class=\"screen-reader-text\"> sur Third and final Pilatus PC-24 enters flight testing<\/span><\/span><\/span><\/p><p>Pilatus Aircraft\u2019s PC-24 business jet has entered the final stages of its certification programme, following the maiden sortie of its third and final test aircraft \u2013 the first in a production-standard configuration \u2013 on 6<\/p><\/div><\/article><article class=\"post fusion-column column col col-lg-3 col-md-3 col-sm-3\"><div class=\"fusion-flexslider fusion-flexslider-loading flexslider flexslider-hover-type-none\"><ul class=\"slides\"><li><a href=\"https:\/\/www.aircharter.com\/fr\/boeings-newest-dreamliner-aircraft-the-787-10\/\" aria-label=\"Boeing&rsquo;s newest Dreamliner aircraft, the 787-10\" class=\"hover-type-none\"><img decoding=\"async\" width=\"700\" height=\"441\" src=\"https:\/\/www.aircharter.com\/wp-content\/uploads\/2017\/02\/boeing-787-10-dreamliner--700x441.jpg\" class=\"attachment-recent-posts size-recent-posts\" alt=\"\" srcset=\"https:\/\/www.aircharter.com\/wp-content\/uploads\/2017\/02\/boeing-787-10-dreamliner--320x202.jpg 320w, https:\/\/www.aircharter.com\/wp-content\/uploads\/2017\/02\/boeing-787-10-dreamliner--700x441.jpg 700w\" sizes=\"(max-width: 700px) 100vw, 700px\" \/><\/a><\/li><\/ul><\/div><div class=\"recent-posts-content\"><h4 class=\"\"><a href=\"https:\/\/www.aircharter.com\/fr\/boeings-newest-dreamliner-aircraft-the-787-10\/\">Boeing&rsquo;s newest Dreamliner aircraft, the 787-10<\/a><\/h4><p class=\"meta\"><span>mars 7th, 2017<\/span><span class=\"fusion-inline-sep\">|<\/span><span class=\"fusion-comments\"><span>Commentaires ferm\u00e9s<span class=\"screen-reader-text\"> sur Boeing&rsquo;s newest Dreamliner aircraft, the 787-10<\/span><\/span><\/span><\/p><p> The 787-10 Dreamliner is parked at Boeing\u2019s final assembly facility in North Charleston, S.C. (Photo: Boeing)  Boeing rolled out the 787-10\u00a0widebody airliner assembled at its North Charleston, South Carolina, facility on February 17<\/p><\/div><\/article><article class=\"post fusion-column column col col-lg-3 col-md-3 col-sm-3\"><div class=\"fusion-flexslider fusion-flexslider-loading flexslider flexslider-hover-type-none\"><ul class=\"slides\"><li><a href=\"https:\/\/www.aircharter.com\/fr\/bird-aerosystems-announces-private-jet-anti-missile-protection-pod\/\" aria-label=\"Bird Aerosystems Announces Private Jet Anti-missile Protection Pod\" class=\"hover-type-none\"><img decoding=\"async\" width=\"700\" height=\"441\" src=\"https:\/\/www.aircharter.com\/wp-content\/uploads\/2017\/02\/bird-aeroshield-pod_web_-700x441.jpg\" class=\"attachment-recent-posts size-recent-posts\" alt=\"\" srcset=\"https:\/\/www.aircharter.com\/wp-content\/uploads\/2017\/02\/bird-aeroshield-pod_web_-320x202.jpg 320w, https:\/\/www.aircharter.com\/wp-content\/uploads\/2017\/02\/bird-aeroshield-pod_web_-700x441.jpg 700w\" sizes=\"(max-width: 700px) 100vw, 700px\" \/><\/a><\/li><\/ul><\/div><div class=\"recent-posts-content\"><h4 class=\"\"><a href=\"https:\/\/www.aircharter.com\/fr\/bird-aerosystems-announces-private-jet-anti-missile-protection-pod\/\">Bird Aerosystems Announces Private Jet Anti-missile Protection Pod<\/a><\/h4><p class=\"meta\"><span>f\u00e9vrier 18th, 2017<\/span><span class=\"fusion-inline-sep\">|<\/span><span class=\"fusion-comments\"><span>Commentaires ferm\u00e9s<span class=\"screen-reader-text\"> sur Bird Aerosystems Announces Private Jet Anti-missile Protection Pod<\/span><\/span><\/span><\/p><p>The Bird Aerosystems Aeroshield missile-defense pod for civil aircraft incorporates sensors and can dispense flares. Photo: Bird Aerosystems.  This simulation shows a laser fired from under the aircraft intercepting an incoming missile. (Image source:<\/p><\/div><\/article><article class=\"post fusion-column column col col-lg-3 col-md-3 col-sm-3\"><div class=\"fusion-flexslider fusion-flexslider-loading flexslider flexslider-hover-type-none\"><ul class=\"slides\"><li><a href=\"https:\/\/www.aircharter.com\/fr\/global-7000-logs-100-hours-ftv2-fly-soon\/\" aria-label=\"First Global 7000 Logs 100 Hours; FTV2 To Fly Soon\" class=\"hover-type-none\"><img decoding=\"async\" width=\"700\" height=\"441\" src=\"https:\/\/www.aircharter.com\/wp-content\/uploads\/2017\/02\/global7000_ext-700x441.jpg\" class=\"attachment-recent-posts size-recent-posts\" alt=\"\" srcset=\"https:\/\/www.aircharter.com\/wp-content\/uploads\/2017\/02\/global7000_ext-320x202.jpg 320w, https:\/\/www.aircharter.com\/wp-content\/uploads\/2017\/02\/global7000_ext-700x441.jpg 700w\" sizes=\"(max-width: 700px) 100vw, 700px\" \/><\/a><\/li><li><a href=\"https:\/\/www.aircharter.com\/fr\/global-7000-logs-100-hours-ftv2-fly-soon\/\" aria-label=\"First Global 7000 Logs 100 Hours; FTV2 To Fly Soon\" class=\"hover-type-none\"><img decoding=\"async\" width=\"700\" height=\"441\" src=\"https:\/\/www.aircharter.com\/wp-content\/uploads\/2017\/02\/global7000-700x441.jpg\" class=\"attachment-recent-posts size-recent-posts\" alt=\"\" srcset=\"https:\/\/www.aircharter.com\/wp-content\/uploads\/2017\/02\/global7000-320x202.jpg 320w, https:\/\/www.aircharter.com\/wp-content\/uploads\/2017\/02\/global7000-700x441.jpg 700w\" sizes=\"(max-width: 700px) 100vw, 700px\" \/><\/a><\/li><li><a href=\"https:\/\/www.aircharter.com\/fr\/global-7000-logs-100-hours-ftv2-fly-soon\/\" aria-label=\"First Global 7000 Logs 100 Hours; FTV2 To Fly Soon\" class=\"hover-type-none\"><img decoding=\"async\" width=\"700\" height=\"441\" src=\"https:\/\/www.aircharter.com\/wp-content\/uploads\/2017\/02\/global7000_cockpit-700x441.jpg\" class=\"attachment-recent-posts size-recent-posts\" alt=\"\" srcset=\"https:\/\/www.aircharter.com\/wp-content\/uploads\/2017\/02\/global7000_cockpit-300x188.jpg 300w, https:\/\/www.aircharter.com\/wp-content\/uploads\/2017\/02\/global7000_cockpit-320x202.jpg 320w, https:\/\/www.aircharter.com\/wp-content\/uploads\/2017\/02\/global7000_cockpit-700x441.jpg 700w\" sizes=\"(max-width: 700px) 100vw, 700px\" \/><\/a><\/li><li><a href=\"https:\/\/www.aircharter.com\/fr\/global-7000-logs-100-hours-ftv2-fly-soon\/\" aria-label=\"First Global 7000 Logs 100 Hours; FTV2 To Fly Soon\" class=\"hover-type-none\"><img decoding=\"async\" width=\"700\" height=\"441\" src=\"https:\/\/www.aircharter.com\/wp-content\/uploads\/2017\/02\/global7000_int1-700x441.jpg\" class=\"attachment-recent-posts size-recent-posts\" alt=\"\" srcset=\"https:\/\/www.aircharter.com\/wp-content\/uploads\/2017\/02\/global7000_int1-320x202.jpg 320w, https:\/\/www.aircharter.com\/wp-content\/uploads\/2017\/02\/global7000_int1-700x441.jpg 700w\" sizes=\"(max-width: 700px) 100vw, 700px\" \/><\/a><\/li><li><a href=\"https:\/\/www.aircharter.com\/fr\/global-7000-logs-100-hours-ftv2-fly-soon\/\" aria-label=\"First Global 7000 Logs 100 Hours; FTV2 To Fly Soon\" class=\"hover-type-none\"><img decoding=\"async\" width=\"700\" height=\"441\" src=\"https:\/\/www.aircharter.com\/wp-content\/uploads\/2017\/02\/global7000_int2-700x441.jpg\" class=\"attachment-recent-posts size-recent-posts\" alt=\"\" srcset=\"https:\/\/www.aircharter.com\/wp-content\/uploads\/2017\/02\/global7000_int2-320x202.jpg 320w, https:\/\/www.aircharter.com\/wp-content\/uploads\/2017\/02\/global7000_int2-700x441.jpg 700w\" sizes=\"(max-width: 700px) 100vw, 700px\" \/><\/a><\/li><\/ul><\/div><div class=\"recent-posts-content\"><h4 class=\"\"><a href=\"https:\/\/www.aircharter.com\/fr\/global-7000-logs-100-hours-ftv2-fly-soon\/\">First Global 7000 Logs 100 Hours; FTV2 To Fly Soon<\/a><\/h4><p class=\"meta\"><span>f\u00e9vrier 18th, 2017<\/span><span class=\"fusion-inline-sep\">|<\/span><span class=\"fusion-comments\"><span>Commentaires ferm\u00e9s<span class=\"screen-reader-text\"> sur First Global 7000 Logs 100 Hours; FTV2 To Fly Soon<\/span><\/span><\/span><\/p><p>The New Bombardier Global 7000 Logs 100 Hours; FTV2 To Fly Soon The first Bombardier Global 7000 flight test vehicle, FTV1, has now amassed more than 100 hours of flying. FTV2 will soon join the<\/p><\/div><\/article><article class=\"post fusion-column column col col-lg-3 col-md-3 col-sm-3\"><div class=\"fusion-flexslider fusion-flexslider-loading flexslider flexslider-hover-type-none\"><ul class=\"slides\"><li><a href=\"https:\/\/www.aircharter.com\/fr\/security-experts-offer-considerations-international-ground-transportation-private-jets\/\" aria-label=\"Private Jet Security and International Ground Transportation\" class=\"hover-type-none\"><img decoding=\"async\" width=\"700\" height=\"441\" src=\"https:\/\/www.aircharter.com\/wp-content\/uploads\/2016\/04\/havana-airport-03-700x441.jpg\" class=\"attachment-recent-posts size-recent-posts\" alt=\"\" srcset=\"https:\/\/www.aircharter.com\/wp-content\/uploads\/2016\/04\/havana-airport-03-320x202.jpg 320w, https:\/\/www.aircharter.com\/wp-content\/uploads\/2016\/04\/havana-airport-03-700x441.jpg 700w\" sizes=\"(max-width: 700px) 100vw, 700px\" \/><\/a><\/li><li><a href=\"https:\/\/www.aircharter.com\/fr\/security-experts-offer-considerations-international-ground-transportation-private-jets\/\" aria-label=\"Private Jet Security and International Ground Transportation\" class=\"hover-type-none\"><img decoding=\"async\" width=\"700\" height=\"441\" src=\"https:\/\/www.aircharter.com\/wp-content\/uploads\/2017\/01\/pc-24_ext-700x441.jpg\" class=\"attachment-recent-posts size-recent-posts\" alt=\"\" srcset=\"https:\/\/www.aircharter.com\/wp-content\/uploads\/2017\/01\/pc-24_ext-320x202.jpg 320w, https:\/\/www.aircharter.com\/wp-content\/uploads\/2017\/01\/pc-24_ext-700x441.jpg 700w\" sizes=\"(max-width: 700px) 100vw, 700px\" \/><\/a><\/li><li><a href=\"https:\/\/www.aircharter.com\/fr\/security-experts-offer-considerations-international-ground-transportation-private-jets\/\" aria-label=\"Private Jet Security and International Ground Transportation\" class=\"hover-type-none\"><img decoding=\"async\" width=\"200\" height=\"113\" src=\"https:\/\/www.aircharter.com\/wp-content\/uploads\/2014\/12\/van-nuys11.jpg\" class=\"attachment-recent-posts size-recent-posts\" alt=\"\" \/><\/a><\/li><\/ul><\/div><div class=\"recent-posts-content\"><h4 class=\"\"><a href=\"https:\/\/www.aircharter.com\/fr\/security-experts-offer-considerations-international-ground-transportation-private-jets\/\">Private Jet Security and International Ground Transportation<\/a><\/h4><p class=\"meta\"><span>f\u00e9vrier 18th, 2017<\/span><span class=\"fusion-inline-sep\">|<\/span><span class=\"fusion-comments\"><span>Commentaires ferm\u00e9s<span class=\"screen-reader-text\"> sur Private Jet Security and International Ground Transportation<\/span><\/span><\/span><\/p><p>Private Jet Security Experts Offer Three Considerations for International Ground Transportation Ensuring the safety of passengers and crew doesn\u2019t end when an aircraft reaches its destination. All parties must then be delivered securely to their<\/p><\/div><\/article><article class=\"post fusion-column column col col-lg-3 col-md-3 col-sm-3\"><div class=\"fusion-flexslider fusion-flexslider-loading flexslider flexslider-hover-type-none\"><ul class=\"slides\"><li><a href=\"https:\/\/www.aircharter.com\/fr\/pilatus-pc-24-2\/\" aria-label=\"Pilatus PC-24\" class=\"hover-type-none\"><img decoding=\"async\" width=\"700\" height=\"441\" src=\"https:\/\/www.aircharter.com\/wp-content\/uploads\/2016\/12\/pc-24_ext4-e1483476788107-700x441.jpg\" class=\"attachment-recent-posts size-recent-posts\" alt=\"\" srcset=\"https:\/\/www.aircharter.com\/wp-content\/uploads\/2016\/12\/pc-24_ext4-e1483476788107-320x202.jpg 320w, https:\/\/www.aircharter.com\/wp-content\/uploads\/2016\/12\/pc-24_ext4-e1483476788107-700x441.jpg 700w\" sizes=\"(max-width: 700px) 100vw, 700px\" \/><\/a><\/li><li><a href=\"https:\/\/www.aircharter.com\/fr\/pilatus-pc-24-2\/\" aria-label=\"Pilatus PC-24\" class=\"hover-type-none\"><img decoding=\"async\" width=\"644\" height=\"345\" src=\"https:\/\/www.aircharter.com\/wp-content\/uploads\/2017\/01\/pilatus_int.jpeg\" class=\"attachment-recent-posts size-recent-posts\" alt=\"\" srcset=\"https:\/\/www.aircharter.com\/wp-content\/uploads\/2017\/01\/pilatus_int-300x161.jpeg 300w, https:\/\/www.aircharter.com\/wp-content\/uploads\/2017\/01\/pilatus_int.jpeg 644w\" sizes=\"(max-width: 644px) 100vw, 644px\" \/><\/a><\/li><li><a href=\"https:\/\/www.aircharter.com\/fr\/pilatus-pc-24-2\/\" aria-label=\"Pilatus PC-24\" class=\"hover-type-none\"><img decoding=\"async\" width=\"700\" height=\"441\" src=\"https:\/\/www.aircharter.com\/wp-content\/uploads\/2017\/01\/fs_Pilatus-Aircraft-Ltd-PC-24-cabin-02-700x441.jpg\" class=\"attachment-recent-posts size-recent-posts\" alt=\"\" srcset=\"https:\/\/www.aircharter.com\/wp-content\/uploads\/2017\/01\/fs_Pilatus-Aircraft-Ltd-PC-24-cabin-02-320x202.jpg 320w, https:\/\/www.aircharter.com\/wp-content\/uploads\/2017\/01\/fs_Pilatus-Aircraft-Ltd-PC-24-cabin-02-700x441.jpg 700w\" sizes=\"(max-width: 700px) 100vw, 700px\" \/><\/a><\/li><li><a href=\"https:\/\/www.aircharter.com\/fr\/pilatus-pc-24-2\/\" aria-label=\"Pilatus PC-24\" class=\"hover-type-none\"><img decoding=\"async\" width=\"700\" height=\"441\" src=\"https:\/\/www.aircharter.com\/wp-content\/uploads\/2017\/01\/fs_Pilatus-Aircraft-Ltd-PC-24-cargo-03-700x441.jpg\" class=\"attachment-recent-posts size-recent-posts\" alt=\"\" srcset=\"https:\/\/www.aircharter.com\/wp-content\/uploads\/2017\/01\/fs_Pilatus-Aircraft-Ltd-PC-24-cargo-03-320x202.jpg 320w, https:\/\/www.aircharter.com\/wp-content\/uploads\/2017\/01\/fs_Pilatus-Aircraft-Ltd-PC-24-cargo-03-700x441.jpg 700w\" sizes=\"(max-width: 700px) 100vw, 700px\" \/><\/a><\/li><\/ul><\/div><div class=\"recent-posts-content\"><h4 class=\"\"><a href=\"https:\/\/www.aircharter.com\/fr\/pilatus-pc-24-2\/\">Pilatus PC-24<\/a><\/h4><p class=\"meta\"><span>d\u00e9cembre 25th, 2016<\/span><span class=\"fusion-inline-sep\">|<\/span><span class=\"fusion-comments\"><span>Commentaires ferm\u00e9s<span class=\"screen-reader-text\"> sur Pilatus PC-24<\/span><\/span><\/span><\/p><p>The Pilatus PC-24 is a twin-engine business jet developed by Pilatus Aircraft of Switzerland. The Super Versatile Jet A Class of its own. Every crystal found in the mountains of Switzerland is entirely unique. Just<\/p><\/div><\/article><article class=\"post fusion-column column col col-lg-3 col-md-3 col-sm-3\"><div class=\"fusion-flexslider fusion-flexslider-loading flexslider flexslider-hover-type-none\"><ul class=\"slides\"><li><a href=\"https:\/\/www.aircharter.com\/fr\/iraq-air-charter\/\" aria-label=\"Gateway to a new future for Iraq Air Charter\" class=\"hover-type-none\"><img decoding=\"async\" width=\"700\" height=\"441\" src=\"https:\/\/www.aircharter.com\/wp-content\/uploads\/2016\/12\/crj-100_ext-700x441.jpg\" class=\"attachment-recent-posts size-recent-posts\" alt=\"\" srcset=\"https:\/\/www.aircharter.com\/wp-content\/uploads\/2016\/12\/crj-100_ext-320x202.jpg 320w, https:\/\/www.aircharter.com\/wp-content\/uploads\/2016\/12\/crj-100_ext-700x441.jpg 700w\" sizes=\"(max-width: 700px) 100vw, 700px\" \/><\/a><\/li><li><a href=\"https:\/\/www.aircharter.com\/fr\/iraq-air-charter\/\" aria-label=\"Gateway to a new future for Iraq Air Charter\" class=\"hover-type-none\"><img decoding=\"async\" width=\"700\" height=\"441\" src=\"https:\/\/www.aircharter.com\/wp-content\/uploads\/2016\/12\/hawker800-700x441.jpg\" class=\"attachment-recent-posts size-recent-posts\" alt=\"\" srcset=\"https:\/\/www.aircharter.com\/wp-content\/uploads\/2016\/12\/hawker800-320x202.jpg 320w, https:\/\/www.aircharter.com\/wp-content\/uploads\/2016\/12\/hawker800-700x441.jpg 700w\" sizes=\"(max-width: 700px) 100vw, 700px\" \/><\/a><\/li><li><a href=\"https:\/\/www.aircharter.com\/fr\/iraq-air-charter\/\" aria-label=\"Gateway to a new future for Iraq Air Charter\" class=\"hover-type-none\"><img decoding=\"async\" width=\"700\" height=\"441\" src=\"https:\/\/www.aircharter.com\/wp-content\/uploads\/2016\/12\/Kingair_200_ext-700x441.jpg\" class=\"attachment-recent-posts size-recent-posts\" alt=\"\" srcset=\"https:\/\/www.aircharter.com\/wp-content\/uploads\/2016\/12\/Kingair_200_ext-320x202.jpg 320w, https:\/\/www.aircharter.com\/wp-content\/uploads\/2016\/12\/Kingair_200_ext-700x441.jpg 700w\" sizes=\"(max-width: 700px) 100vw, 700px\" \/><\/a><\/li><li><a href=\"https:\/\/www.aircharter.com\/fr\/iraq-air-charter\/\" aria-label=\"Gateway to a new future for Iraq Air Charter\" class=\"hover-type-none\"><img decoding=\"async\" width=\"700\" height=\"441\" src=\"https:\/\/www.aircharter.com\/wp-content\/uploads\/2016\/12\/crj-200_ext-700x441.jpg\" class=\"attachment-recent-posts size-recent-posts\" alt=\"\" srcset=\"https:\/\/www.aircharter.com\/wp-content\/uploads\/2016\/12\/crj-200_ext-320x202.jpg 320w, https:\/\/www.aircharter.com\/wp-content\/uploads\/2016\/12\/crj-200_ext-700x441.jpg 700w\" sizes=\"(max-width: 700px) 100vw, 700px\" \/><\/a><\/li><li><a href=\"https:\/\/www.aircharter.com\/fr\/iraq-air-charter\/\" aria-label=\"Gateway to a new future for Iraq Air Charter\" class=\"hover-type-none\"><img decoding=\"async\" width=\"700\" height=\"441\" src=\"https:\/\/www.aircharter.com\/wp-content\/uploads\/2016\/12\/crj-100_floorplan-700x441.png\" class=\"attachment-recent-posts size-recent-posts\" alt=\"\" srcset=\"https:\/\/www.aircharter.com\/wp-content\/uploads\/2016\/12\/crj-100_floorplan-320x202.png 320w, https:\/\/www.aircharter.com\/wp-content\/uploads\/2016\/12\/crj-100_floorplan-700x441.png 700w\" sizes=\"(max-width: 700px) 100vw, 700px\" \/><\/a><\/li><\/ul><\/div><div class=\"recent-posts-content\"><h4 class=\"\"><a href=\"https:\/\/www.aircharter.com\/fr\/iraq-air-charter\/\">Gateway to a new future for Iraq Air Charter<\/a><\/h4><p class=\"meta\"><span>d\u00e9cembre 21st, 2016<\/span><span class=\"fusion-inline-sep\">|<\/span><span class=\"fusion-comments\"><span>Commentaires ferm\u00e9s<span class=\"screen-reader-text\"> sur Gateway to a new future for Iraq Air Charter<\/span><\/span><\/span><\/p><p>Iraq\u00a0Air Charter Now Iraqi Government forces are steadily pushing back against Daesh insurgents with the extremists now holding around 15% of the country, roughly one-third of the territory they did two years ago. Behind the<\/p><\/div><\/article><article class=\"post fusion-column column col col-lg-3 col-md-3 col-sm-3\"><div class=\"fusion-flexslider fusion-flexslider-loading flexslider flexslider-hover-type-none\"><ul class=\"slides\"><li><a href=\"https:\/\/www.aircharter.com\/fr\/citation-hemisphere\/\" aria-label=\"The new Citation Hemisphere\" class=\"hover-type-none\"><img decoding=\"async\" width=\"700\" height=\"441\" src=\"https:\/\/www.aircharter.com\/wp-content\/uploads\/2016\/12\/hemi-ext-700x441.jpg\" class=\"attachment-recent-posts size-recent-posts\" alt=\"\" srcset=\"https:\/\/www.aircharter.com\/wp-content\/uploads\/2016\/12\/hemi-ext-320x202.jpg 320w, https:\/\/www.aircharter.com\/wp-content\/uploads\/2016\/12\/hemi-ext-700x441.jpg 700w\" sizes=\"(max-width: 700px) 100vw, 700px\" \/><\/a><\/li><li><a href=\"https:\/\/www.aircharter.com\/fr\/citation-hemisphere\/\" aria-label=\"The new Citation Hemisphere\" class=\"hover-type-none\"><img decoding=\"async\" width=\"700\" height=\"441\" src=\"https:\/\/www.aircharter.com\/wp-content\/uploads\/2016\/12\/hem-int-4-700x441.jpg\" class=\"attachment-recent-posts size-recent-posts\" alt=\"\" srcset=\"https:\/\/www.aircharter.com\/wp-content\/uploads\/2016\/12\/hem-int-4-320x202.jpg 320w, https:\/\/www.aircharter.com\/wp-content\/uploads\/2016\/12\/hem-int-4-700x441.jpg 700w\" sizes=\"(max-width: 700px) 100vw, 700px\" \/><\/a><\/li><li><a href=\"https:\/\/www.aircharter.com\/fr\/citation-hemisphere\/\" aria-label=\"The new Citation Hemisphere\" class=\"hover-type-none\"><img decoding=\"async\" width=\"700\" height=\"441\" src=\"https:\/\/www.aircharter.com\/wp-content\/uploads\/2016\/12\/hem-int-2-700x441.jpg\" class=\"attachment-recent-posts size-recent-posts\" alt=\"\" srcset=\"https:\/\/www.aircharter.com\/wp-content\/uploads\/2016\/12\/hem-int-2-320x202.jpg 320w, https:\/\/www.aircharter.com\/wp-content\/uploads\/2016\/12\/hem-int-2-700x441.jpg 700w\" sizes=\"(max-width: 700px) 100vw, 700px\" \/><\/a><\/li><li><a href=\"https:\/\/www.aircharter.com\/fr\/citation-hemisphere\/\" aria-label=\"The new Citation Hemisphere\" class=\"hover-type-none\"><img decoding=\"async\" width=\"700\" height=\"441\" src=\"https:\/\/www.aircharter.com\/wp-content\/uploads\/2016\/12\/hem-int-1-700x441.jpg\" class=\"attachment-recent-posts size-recent-posts\" alt=\"\" srcset=\"https:\/\/www.aircharter.com\/wp-content\/uploads\/2016\/12\/hem-int-1-320x202.jpg 320w, https:\/\/www.aircharter.com\/wp-content\/uploads\/2016\/12\/hem-int-1-700x441.jpg 700w\" sizes=\"(max-width: 700px) 100vw, 700px\" \/><\/a><\/li><li><a href=\"https:\/\/www.aircharter.com\/fr\/citation-hemisphere\/\" aria-label=\"The new Citation Hemisphere\" class=\"hover-type-none\"><img decoding=\"async\" width=\"700\" height=\"441\" src=\"https:\/\/www.aircharter.com\/wp-content\/uploads\/2016\/12\/Citation-hemisphere-floorplan-700x441.jpg\" class=\"attachment-recent-posts size-recent-posts\" alt=\"\" srcset=\"https:\/\/www.aircharter.com\/wp-content\/uploads\/2016\/12\/Citation-hemisphere-floorplan-320x202.jpg 320w, https:\/\/www.aircharter.com\/wp-content\/uploads\/2016\/12\/Citation-hemisphere-floorplan-700x441.jpg 700w\" sizes=\"(max-width: 700px) 100vw, 700px\" \/><\/a><\/li><\/ul><\/div><div class=\"recent-posts-content\"><h4 class=\"\"><a href=\"https:\/\/www.aircharter.com\/fr\/citation-hemisphere\/\">The new Citation Hemisphere<\/a><\/h4><p class=\"meta\"><span>d\u00e9cembre 9th, 2016<\/span><span class=\"fusion-inline-sep\">|<\/span><span class=\"fusion-comments\"><span>Commentaires ferm\u00e9s<span class=\"screen-reader-text\"> sur The new Citation Hemisphere<\/span><\/span><\/span><\/p><p>IT TAKES VISION TO RISE ABOVE with the new Citation Hemisphere Cessna Citation Hemisphere. The Cessna Citation Hemisphere is a 4,500 nautical miles (8,300 km) range business jet project by Cessna, expected to fly in<\/p><\/div><\/article><article class=\"post fusion-column column col col-lg-3 col-md-3 col-sm-3\"><div class=\"fusion-flexslider fusion-flexslider-loading flexslider flexslider-hover-type-none\"><ul class=\"slides\"><li><a href=\"https:\/\/www.aircharter.com\/fr\/gulfstream-continues-sonic-boom-mitigation-research\/\" aria-label=\"Gulfstream Continues Sonic-boom Mitigation Research\" class=\"hover-type-none\"><img decoding=\"async\" width=\"700\" height=\"441\" src=\"https:\/\/www.aircharter.com\/wp-content\/uploads\/2016\/11\/gulfstream_quiet_spike_03-700x441.jpg\" class=\"attachment-recent-posts size-recent-posts\" alt=\"\" srcset=\"https:\/\/www.aircharter.com\/wp-content\/uploads\/2016\/11\/gulfstream_quiet_spike_03-320x202.jpg 320w, https:\/\/www.aircharter.com\/wp-content\/uploads\/2016\/11\/gulfstream_quiet_spike_03-700x441.jpg 700w\" sizes=\"(max-width: 700px) 100vw, 700px\" \/><\/a><\/li><\/ul><\/div><div class=\"recent-posts-content\"><h4 class=\"\"><a href=\"https:\/\/www.aircharter.com\/fr\/gulfstream-continues-sonic-boom-mitigation-research\/\">Gulfstream Continues Sonic-boom Mitigation Research<\/a><\/h4><p class=\"meta\"><span>novembre 27th, 2016<\/span><span class=\"fusion-inline-sep\">|<\/span><span class=\"fusion-comments\"><span>Commentaires ferm\u00e9s<span class=\"screen-reader-text\"> sur Gulfstream Continues Sonic-boom Mitigation Research<\/span><\/span><\/span><\/p><p>Gulfstream Aerospace continues to pursue technologies that would enable building a supersonic business jet (SSBJ). The company has logged two new patents for sonic-boom mitigation technologies in the past two months alone. Queried about the<\/p><\/div><\/article><article class=\"post fusion-column column col col-lg-3 col-md-3 col-sm-3\"><div class=\"fusion-flexslider fusion-flexslider-loading flexslider flexslider-hover-type-none\"><ul class=\"slides\"><li><a href=\"https:\/\/www.aircharter.com\/fr\/bombardiers-flagship-global-7000-takes-sky\/\" aria-label=\"Bombardier&rsquo;s Flagship Global 7000 Takes To The Sky\" class=\"hover-type-none\"><img decoding=\"async\" width=\"700\" height=\"441\" src=\"https:\/\/www.aircharter.com\/wp-content\/uploads\/2016\/11\/Global-7000-700x441.jpg\" class=\"attachment-recent-posts size-recent-posts\" alt=\"Global-7000\" srcset=\"https:\/\/www.aircharter.com\/wp-content\/uploads\/2016\/11\/Global-7000-320x202.jpg 320w, https:\/\/www.aircharter.com\/wp-content\/uploads\/2016\/11\/Global-7000-700x441.jpg 700w\" sizes=\"(max-width: 700px) 100vw, 700px\" \/><\/a><\/li><\/ul><\/div><div class=\"recent-posts-content\"><h4 class=\"\"><a href=\"https:\/\/www.aircharter.com\/fr\/bombardiers-flagship-global-7000-takes-sky\/\">Bombardier&rsquo;s Flagship Global 7000 Takes To The Sky<\/a><\/h4><p class=\"meta\"><span>novembre 27th, 2016<\/span><span class=\"fusion-inline-sep\">|<\/span><span class=\"fusion-comments\"><span>Commentaires ferm\u00e9s<span class=\"screen-reader-text\"> sur Bombardier&rsquo;s Flagship Global 7000 Takes To The Sky<\/span><\/span><\/span><\/p><p>Bombardier\u2019s flagship Global 7000 felt the wind beneath its wings for the first time on November 4, completing a two-hour, 27-minute maiden flight from the company\u2019s facility in Toronto. Under the control of captain Ed<\/p><\/div><\/article><article class=\"post fusion-column column col col-lg-3 col-md-3 col-sm-3\"><div class=\"fusion-flexslider fusion-flexslider-loading flexslider flexslider-hover-type-none\"><ul class=\"slides\"><li><a href=\"https:\/\/www.aircharter.com\/fr\/change-air-royal-jet-shows-latest-new-bbj\/\" aria-label=\"Change In the air as Royal Jet shows off latest New BBJ\" class=\"hover-type-none\"><img decoding=\"async\" width=\"500\" height=\"281\" src=\"https:\/\/www.aircharter.com\/wp-content\/uploads\/2016\/11\/2-Royal-Jet-BBJ-R6RJV-Interior-LR.jpg\" class=\"attachment-recent-posts size-recent-posts\" alt=\"\" srcset=\"https:\/\/www.aircharter.com\/wp-content\/uploads\/2016\/11\/2-Royal-Jet-BBJ-R6RJV-Interior-LR-300x169.jpg 300w, https:\/\/www.aircharter.com\/wp-content\/uploads\/2016\/11\/2-Royal-Jet-BBJ-R6RJV-Interior-LR.jpg 500w\" sizes=\"(max-width: 500px) 100vw, 500px\" \/><\/a><\/li><\/ul><\/div><div class=\"recent-posts-content\"><h4 class=\"\"><a href=\"https:\/\/www.aircharter.com\/fr\/change-air-royal-jet-shows-latest-new-bbj\/\">Change In the air as Royal Jet shows off latest New BBJ<\/a><\/h4><p class=\"meta\"><span>novembre 27th, 2016<\/span><span class=\"fusion-inline-sep\">|<\/span><span class=\"fusion-comments\"><span>Commentaires ferm\u00e9s<span class=\"screen-reader-text\"> sur Change In the air as Royal Jet shows off latest New BBJ<\/span><\/span><\/span><\/p><p>Royal Jet, the Abu Dhabi-headquartered, award-winning international luxury flight service provider, has taken delivery of a striking new BBJ 34 seat Boeing Business Jet \u2013 the world's first BBJ equipped with KA-band satellite broadband Internet<\/p><\/div><\/article><article class=\"post fusion-column column col col-lg-3 col-md-3 col-sm-3\"><div class=\"fusion-flexslider fusion-flexslider-loading flexslider flexslider-hover-type-none\"><ul class=\"slides\"><li><a href=\"https:\/\/www.aircharter.com\/fr\/ubs-bizjet-market-index-inches-upward\/\" aria-label=\"UBS Bizjet Market Index Inches Upward\" class=\"hover-type-none\"><img decoding=\"async\" width=\"700\" height=\"441\" src=\"https:\/\/www.aircharter.com\/wp-content\/uploads\/2016\/08\/biz-jet-700x441.jpg\" class=\"attachment-recent-posts size-recent-posts\" alt=\"\" srcset=\"https:\/\/www.aircharter.com\/wp-content\/uploads\/2016\/08\/biz-jet-320x202.jpg 320w, https:\/\/www.aircharter.com\/wp-content\/uploads\/2016\/08\/biz-jet-700x441.jpg 700w\" sizes=\"(max-width: 700px) 100vw, 700px\" \/><\/a><\/li><\/ul><\/div><div class=\"recent-posts-content\"><h4 class=\"\"><a href=\"https:\/\/www.aircharter.com\/fr\/ubs-bizjet-market-index-inches-upward\/\">UBS Bizjet Market Index Inches Upward<\/a><\/h4><p class=\"meta\"><span>ao\u00fbt 3rd, 2016<\/span><span class=\"fusion-inline-sep\">|<\/span><span class=\"fusion-comments\"><span>Commentaires ferm\u00e9s<span class=\"screen-reader-text\"> sur UBS Bizjet Market Index Inches Upward<\/span><\/span><\/span><\/p><p>Customer interest for business jets rose in North and South America, Asia and the Middle East, according to the latest business jet index from UBS Equities. Pricing and inventories of pre-owned aircraft are still a<\/p><\/div><\/article><article class=\"post fusion-column column col col-lg-3 col-md-3 col-sm-3\"><div class=\"fusion-flexslider fusion-flexslider-loading flexslider flexslider-hover-type-none\"><ul class=\"slides\"><li><a href=\"https:\/\/www.aircharter.com\/fr\/embraers-phenom-100e-evolves\/\" aria-label=\"Embraer&rsquo;s Phenom 100E Evolves to EV Phenom 100EV\" class=\"hover-type-none\"><img decoding=\"async\" width=\"700\" height=\"441\" src=\"https:\/\/www.aircharter.com\/wp-content\/uploads\/2016\/08\/100E_Ext-700x441.jpg\" class=\"attachment-recent-posts size-recent-posts\" alt=\"\" srcset=\"https:\/\/www.aircharter.com\/wp-content\/uploads\/2016\/08\/100E_Ext-320x202.jpg 320w, https:\/\/www.aircharter.com\/wp-content\/uploads\/2016\/08\/100E_Ext-700x441.jpg 700w\" sizes=\"(max-width: 700px) 100vw, 700px\" \/><\/a><\/li><li><a href=\"https:\/\/www.aircharter.com\/fr\/embraers-phenom-100e-evolves\/\" aria-label=\"Embraer&rsquo;s Phenom 100E Evolves to EV Phenom 100EV\" class=\"hover-type-none\"><img decoding=\"async\" width=\"700\" height=\"441\" src=\"https:\/\/www.aircharter.com\/wp-content\/uploads\/2016\/08\/100E_int-700x441.jpg\" class=\"attachment-recent-posts size-recent-posts\" alt=\"\" srcset=\"https:\/\/www.aircharter.com\/wp-content\/uploads\/2016\/08\/100E_int-320x202.jpg 320w, https:\/\/www.aircharter.com\/wp-content\/uploads\/2016\/08\/100E_int-700x441.jpg 700w\" sizes=\"(max-width: 700px) 100vw, 700px\" \/><\/a><\/li><li><a href=\"https:\/\/www.aircharter.com\/fr\/embraers-phenom-100e-evolves\/\" aria-label=\"Embraer&rsquo;s Phenom 100E Evolves to EV Phenom 100EV\" class=\"hover-type-none\"><img decoding=\"async\" width=\"700\" height=\"441\" src=\"https:\/\/www.aircharter.com\/wp-content\/uploads\/2016\/08\/100E_Cockpit-700x441.jpg\" class=\"attachment-recent-posts size-recent-posts\" alt=\"\" srcset=\"https:\/\/www.aircharter.com\/wp-content\/uploads\/2016\/08\/100E_Cockpit-320x202.jpg 320w, https:\/\/www.aircharter.com\/wp-content\/uploads\/2016\/08\/100E_Cockpit-700x441.jpg 700w\" sizes=\"(max-width: 700px) 100vw, 700px\" \/><\/a><\/li><\/ul><\/div><div class=\"recent-posts-content\"><h4 class=\"\"><a href=\"https:\/\/www.aircharter.com\/fr\/embraers-phenom-100e-evolves\/\">Embraer&rsquo;s Phenom 100E Evolves to EV Phenom 100EV<\/a><\/h4><p class=\"meta\"><span>ao\u00fbt 3rd, 2016<\/span><span class=\"fusion-inline-sep\">|<\/span><span class=\"fusion-comments\"><span>Commentaires ferm\u00e9s<span class=\"screen-reader-text\"> sur Embraer&rsquo;s Phenom 100E Evolves to EV Phenom 100EV<\/span><\/span><\/span><\/p><p>Phenom 100EV Today at EAA AirVenture 2016, Embraer Executive Jets announced an updated version of its Phenom 100E light jet with new avionics, slightly faster top cruise speed, substantially faster climb to altitude times, 43<\/p><\/div><\/article><article class=\"post fusion-column column col col-lg-3 col-md-3 col-sm-3\"><div class=\"fusion-flexslider fusion-flexslider-loading flexslider flexslider-hover-type-none\"><ul class=\"slides\"><li><a href=\"https:\/\/www.aircharter.com\/fr\/nice-have\/\" aria-label=\"Have to have or nice to have?\" class=\"hover-type-none\"><img decoding=\"async\" width=\"700\" height=\"441\" src=\"https:\/\/www.aircharter.com\/wp-content\/uploads\/2015\/01\/jet-cards-700x441.jpg\" class=\"attachment-recent-posts size-recent-posts\" alt=\"\" srcset=\"https:\/\/www.aircharter.com\/wp-content\/uploads\/2015\/01\/jet-cards-320x202.jpg 320w, https:\/\/www.aircharter.com\/wp-content\/uploads\/2015\/01\/jet-cards-700x441.jpg 700w\" sizes=\"(max-width: 700px) 100vw, 700px\" \/><\/a><\/li><li><a href=\"https:\/\/www.aircharter.com\/fr\/nice-have\/\" aria-label=\"Have to have or nice to have?\" class=\"hover-type-none\"><img decoding=\"async\" width=\"700\" height=\"433\" src=\"https:\/\/www.aircharter.com\/wp-content\/uploads\/2015\/01\/Falcon-7x-tail-number-700x433.jpg\" class=\"attachment-recent-posts size-recent-posts\" alt=\"\" \/><\/a><\/li><li><a href=\"https:\/\/www.aircharter.com\/fr\/nice-have\/\" aria-label=\"Have to have or nice to have?\" class=\"hover-type-none\"><img decoding=\"async\" width=\"400\" height=\"225\" src=\"https:\/\/www.aircharter.com\/wp-content\/uploads\/2015\/01\/Gulfstream-G650-tail-number.jpg\" class=\"attachment-recent-posts size-recent-posts\" alt=\"Gulfstream G650 tail number\" srcset=\"https:\/\/www.aircharter.com\/wp-content\/uploads\/2015\/01\/Gulfstream-G650-tail-number-300x169.jpg 300w, https:\/\/www.aircharter.com\/wp-content\/uploads\/2015\/01\/Gulfstream-G650-tail-number.jpg 400w\" sizes=\"(max-width: 400px) 100vw, 400px\" \/><\/a><\/li><\/ul><\/div><div class=\"recent-posts-content\"><h4 class=\"\"><a href=\"https:\/\/www.aircharter.com\/fr\/nice-have\/\">Have to have or nice to have?<\/a><\/h4><p class=\"meta\"><span>juin 14th, 2016<\/span><span class=\"fusion-inline-sep\">|<\/span><span class=\"fusion-comments\"><span>Commentaires ferm\u00e9s<span class=\"screen-reader-text\"> sur Have to have or nice to have?<\/span><\/span><\/span><\/p><p>For the last few years, deliveries of large cabin long-range jets have remained stable while the rest of the market has suffered. However, I have to wonder \u2013 intercontinental range may be nice, but do<\/p><\/div><\/article><article class=\"post fusion-column column col col-lg-3 col-md-3 col-sm-3\"><div class=\"fusion-flexslider fusion-flexslider-loading flexslider flexslider-hover-type-none\"><ul class=\"slides\"><li><a href=\"https:\/\/www.aircharter.com\/fr\/longitude-powers\/\" aria-label=\"First Longitude powers up\" class=\"hover-type-none\"><img decoding=\"async\" width=\"700\" height=\"441\" src=\"https:\/\/www.aircharter.com\/wp-content\/uploads\/2016\/06\/longitude_ext-700x441.jpg\" class=\"attachment-recent-posts size-recent-posts\" alt=\"\" srcset=\"https:\/\/www.aircharter.com\/wp-content\/uploads\/2016\/06\/longitude_ext-320x202.jpg 320w, https:\/\/www.aircharter.com\/wp-content\/uploads\/2016\/06\/longitude_ext-700x441.jpg 700w\" sizes=\"(max-width: 700px) 100vw, 700px\" \/><\/a><\/li><li><a href=\"https:\/\/www.aircharter.com\/fr\/longitude-powers\/\" aria-label=\"First Longitude powers up\" class=\"hover-type-none\"><img decoding=\"async\" width=\"700\" height=\"441\" src=\"https:\/\/www.aircharter.com\/wp-content\/uploads\/2016\/06\/longitude_int1-700x441.jpg\" class=\"attachment-recent-posts size-recent-posts\" alt=\"\" srcset=\"https:\/\/www.aircharter.com\/wp-content\/uploads\/2016\/06\/longitude_int1-320x202.jpg 320w, https:\/\/www.aircharter.com\/wp-content\/uploads\/2016\/06\/longitude_int1-700x441.jpg 700w\" sizes=\"(max-width: 700px) 100vw, 700px\" \/><\/a><\/li><li><a href=\"https:\/\/www.aircharter.com\/fr\/longitude-powers\/\" aria-label=\"First Longitude powers up\" class=\"hover-type-none\"><img decoding=\"async\" width=\"700\" height=\"441\" src=\"https:\/\/www.aircharter.com\/wp-content\/uploads\/2016\/06\/longitude_int-700x441.jpg\" class=\"attachment-recent-posts size-recent-posts\" alt=\"\" srcset=\"https:\/\/www.aircharter.com\/wp-content\/uploads\/2016\/06\/longitude_int-320x202.jpg 320w, https:\/\/www.aircharter.com\/wp-content\/uploads\/2016\/06\/longitude_int-700x441.jpg 700w\" sizes=\"(max-width: 700px) 100vw, 700px\" \/><\/a><\/li><li><a href=\"https:\/\/www.aircharter.com\/fr\/longitude-powers\/\" aria-label=\"First Longitude powers up\" class=\"hover-type-none\"><img decoding=\"async\" width=\"700\" height=\"441\" src=\"https:\/\/www.aircharter.com\/wp-content\/uploads\/2016\/06\/longitude_ext1-700x441.jpg\" class=\"attachment-recent-posts size-recent-posts\" alt=\"\" srcset=\"https:\/\/www.aircharter.com\/wp-content\/uploads\/2016\/06\/longitude_ext1-320x202.jpg 320w, https:\/\/www.aircharter.com\/wp-content\/uploads\/2016\/06\/longitude_ext1-700x441.jpg 700w\" sizes=\"(max-width: 700px) 100vw, 700px\" \/><\/a><\/li><\/ul><\/div><div class=\"recent-posts-content\"><h4 class=\"\"><a href=\"https:\/\/www.aircharter.com\/fr\/longitude-powers\/\">First Longitude powers up<\/a><\/h4><p class=\"meta\"><span>juin 14th, 2016<\/span><span class=\"fusion-inline-sep\">|<\/span><span class=\"fusion-comments\"><span>Commentaires ferm\u00e9s<span class=\"screen-reader-text\"> sur First Longitude powers up<\/span><\/span><\/span><\/p><p>Three weeks after the\u00a0Citation Longitude\u2019s wings were joined with the aircraft\u2019s fuselage, Cessna\u00a0powered the electrical distribution system on its\u00a0super-midsize jet. Both steps are significant milestones in the aircraft\u2019s path to accomplish first flight this summer.<\/p><\/div><\/article><article class=\"post fusion-column column col col-lg-3 col-md-3 col-sm-3\"><div class=\"fusion-flexslider fusion-flexslider-loading flexslider flexslider-hover-type-none\"><ul class=\"slides\"><li><a href=\"https:\/\/www.aircharter.com\/fr\/comlux-america-completes-wide-body-hangar\/\" aria-label=\"Comlux America completes wide-body hangar\" class=\"hover-type-none\"><img decoding=\"async\" width=\"700\" height=\"403\" src=\"https:\/\/www.aircharter.com\/wp-content\/uploads\/2016\/05\/Comlux-1-700x403.jpg\" class=\"attachment-recent-posts size-recent-posts\" alt=\"\" \/><\/a><\/li><\/ul><\/div><div class=\"recent-posts-content\"><h4 class=\"\"><a href=\"https:\/\/www.aircharter.com\/fr\/comlux-america-completes-wide-body-hangar\/\">Comlux America completes wide-body hangar<\/a><\/h4><p class=\"meta\"><span>mai 11th, 2016<\/span><span class=\"fusion-inline-sep\">|<\/span><span class=\"fusion-comments\"><span>Commentaires ferm\u00e9s<span class=\"screen-reader-text\"> sur Comlux America completes wide-body hangar<\/span><\/span><\/span><\/p><p>Indianapolis-based Comlux America has completed an expansion of its VIP hangar. The hangar now has the capability to house wide-body and narrow-body aircraft simultaneously. Comlux America\u2019s first wide body completion, an ACJ330 aircraft, was inside<\/p><\/div><\/article><article class=\"post fusion-column column col col-lg-3 col-md-3 col-sm-3\"><div class=\"fusion-flexslider fusion-flexslider-loading flexslider flexslider-hover-type-none\"><ul class=\"slides\"><li><a href=\"https:\/\/www.aircharter.com\/fr\/falcon-2000lxs-performs-lpv-approach-charles-gaulle\/\" aria-label=\"Falcon 2000LXS performs first LPV approach at Charles de Gaulle\" class=\"hover-type-none\"><img decoding=\"async\" width=\"640\" height=\"360\" src=\"https:\/\/www.aircharter.com\/wp-content\/uploads\/2016\/05\/2000lx.jpg\" class=\"attachment-recent-posts size-recent-posts\" alt=\"\" srcset=\"https:\/\/www.aircharter.com\/wp-content\/uploads\/2016\/05\/2000lx-300x169.jpg 300w, https:\/\/www.aircharter.com\/wp-content\/uploads\/2016\/05\/2000lx.jpg 640w\" sizes=\"(max-width: 640px) 100vw, 640px\" \/><\/a><\/li><li><a href=\"https:\/\/www.aircharter.com\/fr\/falcon-2000lxs-performs-lpv-approach-charles-gaulle\/\" aria-label=\"Falcon 2000LXS performs first LPV approach at Charles de Gaulle\" class=\"hover-type-none\"><img decoding=\"async\" width=\"640\" height=\"360\" src=\"https:\/\/www.aircharter.com\/wp-content\/uploads\/2016\/05\/pilots.jpg\" class=\"attachment-recent-posts size-recent-posts\" alt=\"\" srcset=\"https:\/\/www.aircharter.com\/wp-content\/uploads\/2016\/05\/pilots-300x169.jpg 300w, https:\/\/www.aircharter.com\/wp-content\/uploads\/2016\/05\/pilots.jpg 640w\" sizes=\"(max-width: 640px) 100vw, 640px\" \/><\/a><\/li><\/ul><\/div><div class=\"recent-posts-content\"><h4 class=\"\"><a href=\"https:\/\/www.aircharter.com\/fr\/falcon-2000lxs-performs-lpv-approach-charles-gaulle\/\">Falcon 2000LXS performs first LPV approach at Charles de Gaulle<\/a><\/h4><p class=\"meta\"><span>mai 11th, 2016<\/span><span class=\"fusion-inline-sep\">|<\/span><span class=\"fusion-comments\"><span>Commentaires ferm\u00e9s<span class=\"screen-reader-text\"> sur Falcon 2000LXS performs first LPV approach at Charles de Gaulle<\/span><\/span><\/span><\/p><p>A Dassault Falcon 2000LXS has become the first business jet to fly an instrument approach with a published localizer performance with vertical guidance (LPV) minima of 200ft (LPV200), using the European geostationary navigation overlay service.<\/p><\/div><\/article><article class=\"post fusion-column column col col-lg-3 col-md-3 col-sm-3\"><div class=\"fusion-flexslider fusion-flexslider-loading flexslider flexslider-hover-type-none\"><ul class=\"slides\"><li><a href=\"https:\/\/www.aircharter.com\/fr\/production-cirrus-vision-sf50-takes-flight\/\" aria-label=\"First production Cirrus Vision SF50 takes flight\" class=\"hover-type-none\"><img decoding=\"async\" width=\"700\" height=\"402\" src=\"https:\/\/www.aircharter.com\/wp-content\/uploads\/2016\/05\/Cirrus-Vision-SF50-1-700x402.jpg\" class=\"attachment-recent-posts size-recent-posts\" alt=\"\" \/><\/a><\/li><\/ul><\/div><div class=\"recent-posts-content\"><h4 class=\"\"><a href=\"https:\/\/www.aircharter.com\/fr\/production-cirrus-vision-sf50-takes-flight\/\">First production Cirrus Vision SF50 takes flight<\/a><\/h4><p class=\"meta\"><span>mai 11th, 2016<\/span><span class=\"fusion-inline-sep\">|<\/span><span class=\"fusion-comments\"><span>Commentaires ferm\u00e9s<span class=\"screen-reader-text\"> sur First production Cirrus Vision SF50 takes flight<\/span><\/span><\/span><\/p><p>The first production Cirrus Vision SF50 recently completed its inaugural flight in Duluth, Minn. The flight moves the single-engine jet one step closer to FAA certification. Coined P1, the aircraft had a large and captive<\/p><\/div><\/article><article class=\"post fusion-column column col col-lg-3 col-md-3 col-sm-3\"><div class=\"fusion-flexslider fusion-flexslider-loading flexslider flexslider-hover-type-none\"><ul class=\"slides\"><li><a href=\"https:\/\/www.aircharter.com\/fr\/private-jet-to-cuba\/\" aria-label=\"Private Jet to Cuba\" class=\"hover-type-none\"><img decoding=\"async\" width=\"700\" height=\"441\" src=\"https:\/\/www.aircharter.com\/wp-content\/uploads\/2016\/04\/havana-airport-03-700x441.jpg\" class=\"attachment-recent-posts size-recent-posts\" alt=\"\" srcset=\"https:\/\/www.aircharter.com\/wp-content\/uploads\/2016\/04\/havana-airport-03-320x202.jpg 320w, https:\/\/www.aircharter.com\/wp-content\/uploads\/2016\/04\/havana-airport-03-700x441.jpg 700w\" sizes=\"(max-width: 700px) 100vw, 700px\" \/><\/a><\/li><li><a href=\"https:\/\/www.aircharter.com\/fr\/private-jet-to-cuba\/\" aria-label=\"Private Jet to Cuba\" class=\"hover-type-none\"><img decoding=\"async\" width=\"700\" height=\"441\" src=\"https:\/\/www.aircharter.com\/wp-content\/uploads\/2016\/04\/havanaach-700x441.jpg\" class=\"attachment-recent-posts size-recent-posts\" alt=\"\" srcset=\"https:\/\/www.aircharter.com\/wp-content\/uploads\/2016\/04\/havanaach-320x202.jpg 320w, https:\/\/www.aircharter.com\/wp-content\/uploads\/2016\/04\/havanaach-700x441.jpg 700w\" sizes=\"(max-width: 700px) 100vw, 700px\" \/><\/a><\/li><li><a href=\"https:\/\/www.aircharter.com\/fr\/private-jet-to-cuba\/\" aria-label=\"Private Jet to Cuba\" class=\"hover-type-none\"><img decoding=\"async\" width=\"700\" height=\"441\" src=\"https:\/\/www.aircharter.com\/wp-content\/uploads\/2016\/04\/HavanaCuba-700x441.jpg\" class=\"attachment-recent-posts size-recent-posts\" alt=\"\" srcset=\"https:\/\/www.aircharter.com\/wp-content\/uploads\/2016\/04\/HavanaCuba-320x202.jpg 320w, https:\/\/www.aircharter.com\/wp-content\/uploads\/2016\/04\/HavanaCuba-700x441.jpg 700w\" sizes=\"(max-width: 700px) 100vw, 700px\" \/><\/a><\/li><\/ul><\/div><div class=\"recent-posts-content\"><h4 class=\"\"><a href=\"https:\/\/www.aircharter.com\/fr\/private-jet-to-cuba\/\">Private Jet to Cuba<\/a><\/h4><p class=\"meta\"><span>avril 10th, 2016<\/span><span class=\"fusion-inline-sep\">|<\/span><span class=\"fusion-comments\"><span>Commentaires ferm\u00e9s<span class=\"screen-reader-text\"> sur Private Jet to Cuba<\/span><\/span><\/span><\/p><p>Private Jet to Cuba If you have been looking for the top of the line private charter service for your next trip to Havana, Cuba, you can count on on the Air Charter team to<\/p><\/div><\/article><article class=\"post fusion-column column col col-lg-3 col-md-3 col-sm-3\"><div class=\"fusion-flexslider fusion-flexslider-loading flexslider flexslider-hover-type-none\"><ul class=\"slides\"><li><a href=\"https:\/\/www.aircharter.com\/fr\/new-mobile-app\/\" aria-label=\"New Mobile App\" class=\"hover-type-none\"><img decoding=\"async\" width=\"700\" height=\"441\" src=\"https:\/\/www.aircharter.com\/wp-content\/uploads\/2014\/10\/android-Mockup-700x441.jpg\" class=\"attachment-recent-posts size-recent-posts\" alt=\"\" srcset=\"https:\/\/www.aircharter.com\/wp-content\/uploads\/2014\/10\/android-Mockup-320x202.jpg 320w, https:\/\/www.aircharter.com\/wp-content\/uploads\/2014\/10\/android-Mockup-700x441.jpg 700w\" sizes=\"(max-width: 700px) 100vw, 700px\" \/><\/a><\/li><\/ul><\/div><div class=\"recent-posts-content\"><h4 class=\"\"><a href=\"https:\/\/www.aircharter.com\/fr\/new-mobile-app\/\">New Mobile App<\/a><\/h4><p class=\"meta\"><span>mars 18th, 2016<\/span><span class=\"fusion-inline-sep\">|<\/span><span class=\"fusion-comments\"><span>Commentaires ferm\u00e9s<span class=\"screen-reader-text\"> sur New Mobile App<\/span><\/span><\/span><\/p><p>AirCharter SmartPhone App AirCharter.com is pleased to announce the release of its mobile app available on Android, iOS and Microsoft. For the first time in the US a system will allow users to view what<\/p><\/div><\/article><article class=\"post fusion-column column col col-lg-3 col-md-3 col-sm-3\"><div class=\"fusion-flexslider fusion-flexslider-loading flexslider flexslider-hover-type-none\"><ul class=\"slides\"><li><a href=\"https:\/\/www.aircharter.com\/fr\/app\/\" aria-label=\"Air Charter App\" class=\"hover-type-none\"><img decoding=\"async\" width=\"700\" height=\"441\" src=\"https:\/\/www.aircharter.com\/wp-content\/uploads\/2014\/10\/android-Mockup-700x441.jpg\" class=\"attachment-recent-posts size-recent-posts\" alt=\"\" srcset=\"https:\/\/www.aircharter.com\/wp-content\/uploads\/2014\/10\/android-Mockup-320x202.jpg 320w, https:\/\/www.aircharter.com\/wp-content\/uploads\/2014\/10\/android-Mockup-700x441.jpg 700w\" sizes=\"(max-width: 700px) 100vw, 700px\" \/><\/a><\/li><\/ul><\/div><div class=\"recent-posts-content\"><h4 class=\"\"><a href=\"https:\/\/www.aircharter.com\/fr\/app\/\">Air Charter App<\/a><\/h4><p class=\"meta\"><span>mars 18th, 2016<\/span><span class=\"fusion-inline-sep\">|<\/span><span class=\"fusion-comments\"><span>Commentaires ferm\u00e9s<span class=\"screen-reader-text\"> sur Air Charter App<\/span><\/span><\/span><\/p><p>Air Charter App Aviation market place AirCharter.com is pleased to announce the release of its new Air Charter app available on Android, iOS and Microsoft. For the first time ever a system will allow users<\/p><\/div><\/article><article class=\"post fusion-column column col col-lg-3 col-md-3 col-sm-3\"><div class=\"fusion-flexslider fusion-flexslider-loading flexslider flexslider-hover-type-none\"><ul class=\"slides\"><li><a href=\"https:\/\/www.aircharter.com\/fr\/private-jet-routes\/\" aria-label=\"Top Ten Private Jet Routes\" class=\"hover-type-none\"><img decoding=\"async\" width=\"700\" height=\"441\" src=\"https:\/\/www.aircharter.com\/wp-content\/uploads\/2015\/03\/Untitled-700x441.png\" class=\"attachment-recent-posts size-recent-posts\" alt=\"\" srcset=\"https:\/\/www.aircharter.com\/wp-content\/uploads\/2015\/03\/Untitled-320x202.png 320w, https:\/\/www.aircharter.com\/wp-content\/uploads\/2015\/03\/Untitled-700x441.png 700w\" sizes=\"(max-width: 700px) 100vw, 700px\" \/><\/a><\/li><\/ul><\/div><div class=\"recent-posts-content\"><h4 class=\"\"><a href=\"https:\/\/www.aircharter.com\/fr\/private-jet-routes\/\">Top Ten Private Jet Routes<\/a><\/h4><p class=\"meta\"><span>mars 9th, 2015<\/span><span class=\"fusion-inline-sep\">|<\/span><span class=\"fusion-comments\"><span>Commentaires ferm\u00e9s<span class=\"screen-reader-text\"> sur Top Ten Private Jet Routes<\/span><\/span><\/span><\/p><p>Private Jet Routes: Ever seen a private jet in the sky? Chances are it\u2019s on its way to NYC, or on the way back. Out of the most traveled jet routes in 2013, Knight Frank<\/p><\/div><\/article><article class=\"post fusion-column column col col-lg-3 col-md-3 col-sm-3\"><div class=\"fusion-flexslider fusion-flexslider-loading flexslider flexslider-hover-type-none\"><ul class=\"slides\"><li><a href=\"https:\/\/www.aircharter.com\/fr\/g650-1-fuel-stop\/\" aria-label=\"G650 Round-The-World 1 Fuel Stop\" class=\"hover-type-none\"><img decoding=\"async\" width=\"700\" height=\"441\" src=\"https:\/\/www.aircharter.com\/wp-content\/uploads\/2015\/03\/g650_aerial_2_1300_580_70-700x441.jpg\" class=\"attachment-recent-posts size-recent-posts\" alt=\"\" srcset=\"https:\/\/www.aircharter.com\/wp-content\/uploads\/2015\/03\/g650_aerial_2_1300_580_70-320x202.jpg 320w, https:\/\/www.aircharter.com\/wp-content\/uploads\/2015\/03\/g650_aerial_2_1300_580_70-700x441.jpg 700w\" sizes=\"(max-width: 700px) 100vw, 700px\" \/><\/a><\/li><\/ul><\/div><div class=\"recent-posts-content\"><h4 class=\"\"><a href=\"https:\/\/www.aircharter.com\/fr\/g650-1-fuel-stop\/\">G650 Round-The-World 1 Fuel Stop<\/a><\/h4><p class=\"meta\"><span>mars 4th, 2015<\/span><span class=\"fusion-inline-sep\">|<\/span><span class=\"fusion-comments\"><span>Commentaires ferm\u00e9s<span class=\"screen-reader-text\"> sur G650 Round-The-World 1 Fuel Stop<\/span><\/span><\/span><\/p><p>As aviation companies race to manufacture the perfect aircraft, Gulfstream Aerospace was honored recently to connect two pair cities, making one tech stop in between. The G650 ER\u00a0landed both times with fuel in excess of<\/p><\/div><\/article><article class=\"post fusion-column column col col-lg-3 col-md-3 col-sm-3\"><div class=\"fusion-flexslider fusion-flexslider-loading flexslider flexslider-hover-type-none\"><ul class=\"slides\"><li><a href=\"https:\/\/www.aircharter.com\/fr\/embraer-rj145\/\" aria-label=\"Embraer RJ145 &#8211; Regional Airliner (ERJ145)\" class=\"hover-type-none\"><img decoding=\"async\" width=\"700\" height=\"433\" src=\"https:\/\/www.aircharter.com\/wp-content\/uploads\/2015\/02\/Embraer-ERJ-145-700x433.jpg\" class=\"attachment-recent-posts size-recent-posts\" alt=\"\" \/><\/a><\/li><\/ul><\/div><div class=\"recent-posts-content\"><h4 class=\"\"><a href=\"https:\/\/www.aircharter.com\/fr\/embraer-rj145\/\">Embraer RJ145 &#8211; Regional Airliner (ERJ145)<\/a><\/h4><p class=\"meta\"><span>f\u00e9vrier 2nd, 2015<\/span><span class=\"fusion-inline-sep\">|<\/span><span class=\"fusion-comments\"><span>Commentaires ferm\u00e9s<span class=\"screen-reader-text\"> sur Embraer RJ145 &#8211; Regional Airliner (ERJ145)<\/span><\/span><\/span><\/p><p>Embraer RJ145 ( Regional Jet 145) The RJ145 is a 50 passenger regional airliner developed by Embraer, the Brazilian aerospace company best known for the Phenom and Legacy series of aircraft commonly used for private<\/p><\/div><\/article><article class=\"post fusion-column column col col-lg-3 col-md-3 col-sm-3\"><div class=\"fusion-flexslider fusion-flexslider-loading flexslider flexslider-hover-type-none\"><ul class=\"slides\"><li><a href=\"https:\/\/www.aircharter.com\/fr\/booking-engine-version-3\/\" aria-label=\"Nouveau syst\u00e8me de r\u00e9servation\" class=\"hover-type-none\"><img decoding=\"async\" width=\"700\" height=\"441\" src=\"https:\/\/www.aircharter.com\/wp-content\/uploads\/2015\/01\/Booking-Engine-Home-700x441.jpg\" class=\"attachment-recent-posts size-recent-posts\" alt=\"AirCharter.com New Booking Engine\" srcset=\"https:\/\/www.aircharter.com\/wp-content\/uploads\/2015\/01\/Booking-Engine-Home-300x189.jpg 300w, https:\/\/www.aircharter.com\/wp-content\/uploads\/2015\/01\/Booking-Engine-Home-320x202.jpg 320w, https:\/\/www.aircharter.com\/wp-content\/uploads\/2015\/01\/Booking-Engine-Home.jpg 700w\" sizes=\"(max-width: 700px) 100vw, 700px\" \/><\/a><\/li><li><a href=\"https:\/\/www.aircharter.com\/fr\/booking-engine-version-3\/\" aria-label=\"Nouveau syst\u00e8me de r\u00e9servation\" class=\"hover-type-none\"><img decoding=\"async\" width=\"700\" height=\"441\" src=\"https:\/\/www.aircharter.com\/wp-content\/uploads\/2015\/01\/Booking-Engine-categories-700x441.jpg\" class=\"attachment-recent-posts size-recent-posts\" alt=\"\" srcset=\"https:\/\/www.aircharter.com\/wp-content\/uploads\/2015\/01\/Booking-Engine-categories-300x189.jpg 300w, https:\/\/www.aircharter.com\/wp-content\/uploads\/2015\/01\/Booking-Engine-categories-320x202.jpg 320w, https:\/\/www.aircharter.com\/wp-content\/uploads\/2015\/01\/Booking-Engine-categories.jpg 700w\" sizes=\"(max-width: 700px) 100vw, 700px\" \/><\/a><\/li><li><a href=\"https:\/\/www.aircharter.com\/fr\/booking-engine-version-3\/\" aria-label=\"Nouveau syst\u00e8me de r\u00e9servation\" class=\"hover-type-none\"><img decoding=\"async\" width=\"700\" height=\"441\" src=\"https:\/\/www.aircharter.com\/wp-content\/uploads\/2015\/01\/Booking-engine-Results-700x441.jpg\" class=\"attachment-recent-posts size-recent-posts\" alt=\"\" srcset=\"https:\/\/www.aircharter.com\/wp-content\/uploads\/2015\/01\/Booking-engine-Results-300x189.jpg 300w, https:\/\/www.aircharter.com\/wp-content\/uploads\/2015\/01\/Booking-engine-Results-320x202.jpg 320w, https:\/\/www.aircharter.com\/wp-content\/uploads\/2015\/01\/Booking-engine-Results.jpg 700w\" sizes=\"(max-width: 700px) 100vw, 700px\" \/><\/a><\/li><li><a href=\"https:\/\/www.aircharter.com\/fr\/booking-engine-version-3\/\" aria-label=\"Nouveau syst\u00e8me de r\u00e9servation\" class=\"hover-type-none\"><img decoding=\"async\" width=\"700\" height=\"441\" src=\"https:\/\/www.aircharter.com\/wp-content\/uploads\/2015\/01\/Booking-Engine-Details-700x441.jpg\" class=\"attachment-recent-posts size-recent-posts\" alt=\"\" srcset=\"https:\/\/www.aircharter.com\/wp-content\/uploads\/2015\/01\/Booking-Engine-Details-300x189.jpg 300w, https:\/\/www.aircharter.com\/wp-content\/uploads\/2015\/01\/Booking-Engine-Details-320x202.jpg 320w, https:\/\/www.aircharter.com\/wp-content\/uploads\/2015\/01\/Booking-Engine-Details.jpg 700w\" sizes=\"(max-width: 700px) 100vw, 700px\" \/><\/a><\/li><li><a href=\"https:\/\/www.aircharter.com\/fr\/booking-engine-version-3\/\" aria-label=\"Nouveau syst\u00e8me de r\u00e9servation\" class=\"hover-type-none\"><img decoding=\"async\" width=\"700\" height=\"441\" src=\"https:\/\/www.aircharter.com\/wp-content\/uploads\/2015\/01\/Bokkin-Engine_confirmatoin-700x441.jpg\" class=\"attachment-recent-posts size-recent-posts\" alt=\"New Booking Engine Detailed Confirmation\" srcset=\"https:\/\/www.aircharter.com\/wp-content\/uploads\/2015\/01\/Bokkin-Engine_confirmatoin-300x189.jpg 300w, https:\/\/www.aircharter.com\/wp-content\/uploads\/2015\/01\/Bokkin-Engine_confirmatoin-320x202.jpg 320w, https:\/\/www.aircharter.com\/wp-content\/uploads\/2015\/01\/Bokkin-Engine_confirmatoin.jpg 700w\" sizes=\"(max-width: 700px) 100vw, 700px\" \/><\/a><\/li><\/ul><\/div><div class=\"recent-posts-content\"><h4 class=\"\"><a href=\"https:\/\/www.aircharter.com\/fr\/booking-engine-version-3\/\">Nouveau syst\u00e8me de r\u00e9servation<\/a><\/h4><p class=\"meta\"><span>janvier 25th, 2015<\/span><span class=\"fusion-inline-sep\">|<\/span><span class=\"fusion-comments\"><span>Commentaires ferm\u00e9s<span class=\"screen-reader-text\"> sur Nouveau syst\u00e8me de r\u00e9servation<\/span><\/span><\/span><\/p><p>Aircharter lance un\u00a0nouveau syst\u00e8me de r\u00e9servation en ligne qui va r\u00e9volutionner l'industrie de l'aviation priv\u00e9. AirCharter.com LLC , sp\u00e9cialiste dans les r\u00e9servations en ligne en temps r\u00e9el a lanc\u00e9 la troisi\u00e8me version de eCharterConnect le<\/p><\/div><\/article><article class=\"post fusion-column column col col-lg-3 col-md-3 col-sm-3\"><div class=\"fusion-flexslider fusion-flexslider-loading flexslider flexslider-hover-type-none\"><ul class=\"slides\"><li><a href=\"https:\/\/www.aircharter.com\/fr\/jet-card-programs-vs-charter\/\" aria-label=\"Jet Card Programs vs Private Jet Charter\" class=\"hover-type-none\"><img decoding=\"async\" width=\"700\" height=\"441\" src=\"https:\/\/www.aircharter.com\/wp-content\/uploads\/2015\/01\/jet-cards-700x441.jpg\" class=\"attachment-recent-posts size-recent-posts\" alt=\"\" srcset=\"https:\/\/www.aircharter.com\/wp-content\/uploads\/2015\/01\/jet-cards-320x202.jpg 320w, https:\/\/www.aircharter.com\/wp-content\/uploads\/2015\/01\/jet-cards-700x441.jpg 700w\" sizes=\"(max-width: 700px) 100vw, 700px\" \/><\/a><\/li><\/ul><\/div><div class=\"recent-posts-content\"><h4 class=\"\"><a href=\"https:\/\/www.aircharter.com\/fr\/jet-card-programs-vs-charter\/\">Jet Card Programs vs Private Jet Charter<\/a><\/h4><p class=\"meta\"><span>janvier 23rd, 2015<\/span><span class=\"fusion-inline-sep\">|<\/span><span class=\"fusion-comments\"><span>Commentaires ferm\u00e9s<span class=\"screen-reader-text\"> sur Jet Card Programs vs Private Jet Charter<\/span><\/span><\/span><\/p><p>Jet Card Programs vs Private Jet Charter \u00a0 When faced with a need for a private aircraft, you will find\u00a0many options to choose from, and each has it\u2019s own advantages\u00a0and disadvantages. The three major options\u00a0are:<\/p><\/div><\/article><article class=\"post fusion-column column col col-lg-3 col-md-3 col-sm-3\"><div class=\"fusion-flexslider fusion-flexslider-loading flexslider flexslider-hover-type-none\"><ul class=\"slides\"><li><a href=\"https:\/\/www.aircharter.com\/fr\/airplane-tail-numbers\/\" aria-label=\"Airplane Tail Numbers\" class=\"hover-type-none\"><img decoding=\"async\" width=\"700\" height=\"433\" src=\"https:\/\/www.aircharter.com\/wp-content\/uploads\/2015\/01\/Falcon-7x-tail-number-700x433.jpg\" class=\"attachment-recent-posts size-recent-posts\" alt=\"\" \/><\/a><\/li><\/ul><\/div><div class=\"recent-posts-content\"><h4 class=\"\"><a href=\"https:\/\/www.aircharter.com\/fr\/airplane-tail-numbers\/\">Airplane Tail Numbers<\/a><\/h4><p class=\"meta\"><span>janvier 22nd, 2015<\/span><span class=\"fusion-inline-sep\">|<\/span><span class=\"fusion-comments\"><span>Commentaires ferm\u00e9s<span class=\"screen-reader-text\"> sur Airplane Tail Numbers<\/span><\/span><\/span><\/p><p>Airplane Tail Numbers Explained Aircraft tail numbers are used for unique identification of aircraft. Similar to a license plate on a vehicle, there are a combination of rules that require the aircraft to display the<\/p><\/div><\/article><article class=\"post fusion-column column col col-lg-3 col-md-3 col-sm-3\"><div class=\"fusion-flexslider fusion-flexslider-loading flexslider flexslider-hover-type-none\"><ul class=\"slides\"><li><a href=\"https:\/\/www.aircharter.com\/fr\/falcon-900-by-dassault\/\" aria-label=\"Falcon 900 by Dassault\" class=\"hover-type-none\"><img decoding=\"async\" width=\"700\" height=\"433\" src=\"https:\/\/www.aircharter.com\/wp-content\/uploads\/2015\/01\/Falcon-900-ext1-700x433.jpg\" class=\"attachment-recent-posts size-recent-posts\" alt=\"\" \/><\/a><\/li><li><a href=\"https:\/\/www.aircharter.com\/fr\/falcon-900-by-dassault\/\" aria-label=\"Falcon 900 by Dassault\" class=\"hover-type-none\"><img decoding=\"async\" width=\"700\" height=\"433\" src=\"https:\/\/www.aircharter.com\/wp-content\/uploads\/2015\/01\/Falcon-900-ext-700x433.jpg\" class=\"attachment-recent-posts size-recent-posts\" alt=\"\" \/><\/a><\/li><li><a href=\"https:\/\/www.aircharter.com\/fr\/falcon-900-by-dassault\/\" aria-label=\"Falcon 900 by Dassault\" class=\"hover-type-none\"><img decoding=\"async\" width=\"700\" height=\"433\" src=\"https:\/\/www.aircharter.com\/wp-content\/uploads\/2015\/01\/900LX-int-700x433.jpg\" class=\"attachment-recent-posts size-recent-posts\" alt=\"\" \/><\/a><\/li><\/ul><\/div><div class=\"recent-posts-content\"><h4 class=\"\"><a href=\"https:\/\/www.aircharter.com\/fr\/falcon-900-by-dassault\/\">Falcon 900 by Dassault<\/a><\/h4><p class=\"meta\"><span>janvier 20th, 2015<\/span><span class=\"fusion-inline-sep\">|<\/span><span class=\"fusion-comments\"><span>Commentaires ferm\u00e9s<span class=\"screen-reader-text\"> sur Falcon 900 by Dassault<\/span><\/span><\/span><\/p><p>Dassault Falcon 900 The Falcon 900 is Dassault\u2019s longest running current production aircraft. The original Falcon 900 was released in 1984 and is still a best seller with it\u2019s diverse variants. The original Falcon 900<\/p><\/div><\/article><article class=\"post fusion-column column col col-lg-3 col-md-3 col-sm-3\"><div class=\"fusion-flexslider fusion-flexslider-loading flexslider flexslider-hover-type-none\"><ul class=\"slides\"><li><a href=\"https:\/\/www.aircharter.com\/fr\/wef-2015-meeting-in-davos\/\" aria-label=\"World Economic Forum &#8211; 2015 Meeting in Davos\" class=\"hover-type-none\"><img decoding=\"async\" width=\"700\" height=\"441\" src=\"https:\/\/www.aircharter.com\/wp-content\/uploads\/2015\/01\/Davos_town-700x441.jpg\" class=\"attachment-recent-posts size-recent-posts\" alt=\"\" srcset=\"https:\/\/www.aircharter.com\/wp-content\/uploads\/2015\/01\/Davos_town-320x202.jpg 320w, https:\/\/www.aircharter.com\/wp-content\/uploads\/2015\/01\/Davos_town-700x441.jpg 700w\" sizes=\"(max-width: 700px) 100vw, 700px\" \/><\/a><\/li><\/ul><\/div><div class=\"recent-posts-content\"><h4 class=\"\"><a href=\"https:\/\/www.aircharter.com\/fr\/wef-2015-meeting-in-davos\/\">World Economic Forum &#8211; 2015 Meeting in Davos<\/a><\/h4><p class=\"meta\"><span>janvier 19th, 2015<\/span><span class=\"fusion-inline-sep\">|<\/span><span class=\"fusion-comments\"><span>Commentaires ferm\u00e9s<span class=\"screen-reader-text\"> sur World Economic Forum &#8211; 2015 Meeting in Davos<\/span><\/span><\/span><\/p><p>World Economic Forum - 2015 Meeting in Davos Since 1971, the World Economic Forum or WEF has been known for helping shape the future of the world. Best known for the annual meeting centered in<\/p><\/div><\/article><article class=\"post fusion-column column col col-lg-3 col-md-3 col-sm-3\"><div class=\"fusion-flexslider fusion-flexslider-loading flexslider flexslider-hover-type-none\"><ul class=\"slides\"><li><a href=\"https:\/\/www.aircharter.com\/fr\/embraer-phenom-100\/\" aria-label=\"Embraer Phenom 100\" class=\"hover-type-none\"><img decoding=\"async\" width=\"700\" height=\"432\" src=\"https:\/\/www.aircharter.com\/wp-content\/uploads\/2015\/01\/Phenom-1002-700x432.jpg\" class=\"attachment-recent-posts size-recent-posts\" alt=\"\" \/><\/a><\/li><li><a href=\"https:\/\/www.aircharter.com\/fr\/embraer-phenom-100\/\" aria-label=\"Embraer Phenom 100\" class=\"hover-type-none\"><img decoding=\"async\" width=\"700\" height=\"441\" src=\"https:\/\/www.aircharter.com\/wp-content\/uploads\/2015\/01\/100_int-700x441.jpg\" class=\"attachment-recent-posts size-recent-posts\" alt=\"\" srcset=\"https:\/\/www.aircharter.com\/wp-content\/uploads\/2015\/01\/100_int-320x202.jpg 320w, https:\/\/www.aircharter.com\/wp-content\/uploads\/2015\/01\/100_int-700x441.jpg 700w\" sizes=\"(max-width: 700px) 100vw, 700px\" \/><\/a><\/li><li><a href=\"https:\/\/www.aircharter.com\/fr\/embraer-phenom-100\/\" aria-label=\"Embraer Phenom 100\" class=\"hover-type-none\"><img decoding=\"async\" width=\"680\" height=\"383\" src=\"https:\/\/www.aircharter.com\/wp-content\/uploads\/2015\/01\/100_ext.jpg\" class=\"attachment-recent-posts size-recent-posts\" alt=\"\" srcset=\"https:\/\/www.aircharter.com\/wp-content\/uploads\/2015\/01\/100_ext-300x169.jpg 300w, https:\/\/www.aircharter.com\/wp-content\/uploads\/2015\/01\/100_ext.jpg 680w\" sizes=\"(max-width: 680px) 100vw, 680px\" \/><\/a><\/li><\/ul><\/div><div class=\"recent-posts-content\"><h4 class=\"\"><a href=\"https:\/\/www.aircharter.com\/fr\/embraer-phenom-100\/\">Embraer Phenom 100<\/a><\/h4><p class=\"meta\"><span>janvier 16th, 2015<\/span><span class=\"fusion-inline-sep\">|<\/span><span class=\"fusion-comments\"><span>Commentaires ferm\u00e9s<span class=\"screen-reader-text\"> sur Embraer Phenom 100<\/span><\/span><\/span><\/p><p>Embraer Phenom 100 In terms of VLJs the Embraer Phenom 100 is a stunningly engineered private jet. Embraer, known for their lineage and legacy series of private jets, introduced this aircraft in 2007 to challenge<\/p><\/div><\/article><article class=\"post fusion-column column col col-lg-3 col-md-3 col-sm-3\"><div class=\"fusion-flexslider fusion-flexslider-loading flexslider flexslider-hover-type-none\"><ul class=\"slides\"><li><a href=\"https:\/\/www.aircharter.com\/fr\/hondajet\/\" aria-label=\"HondaJet\" class=\"hover-type-none\"><img decoding=\"async\" width=\"700\" height=\"439\" src=\"https:\/\/www.aircharter.com\/wp-content\/uploads\/2015\/01\/hondajet_in_flight-wallpaper-1920x1200-700x439.jpg\" class=\"attachment-recent-posts size-recent-posts\" alt=\"\" srcset=\"https:\/\/www.aircharter.com\/wp-content\/uploads\/2015\/01\/hondajet_in_flight-wallpaper-1920x1200-320x202.jpg 320w, https:\/\/www.aircharter.com\/wp-content\/uploads\/2015\/01\/hondajet_in_flight-wallpaper-1920x1200-700x439.jpg 700w\" sizes=\"(max-width: 700px) 100vw, 700px\" \/><\/a><\/li><\/ul><\/div><div class=\"recent-posts-content\"><h4 class=\"\"><a href=\"https:\/\/www.aircharter.com\/fr\/hondajet\/\">HondaJet<\/a><\/h4><p class=\"meta\"><span>janvier 14th, 2015<\/span><span class=\"fusion-inline-sep\">|<\/span><span class=\"fusion-comments\"><span>Commentaires ferm\u00e9s<span class=\"screen-reader-text\"> sur HondaJet<\/span><\/span><\/span><\/p><p>HondaJet - A VLJ to wait for Honda\u2019s HondaJet was an unexpected first from an unexpected manufacturer. This very light business jet is being developed as a direct competitor to all existing very light jets<\/p><\/div><\/article><article class=\"post fusion-column column col col-lg-3 col-md-3 col-sm-3\"><div class=\"fusion-flexslider fusion-flexslider-loading flexslider flexslider-hover-type-none\"><ul class=\"slides\"><li><a href=\"https:\/\/www.aircharter.com\/fr\/last-minute-flights\/\" aria-label=\"Last Minute Flights\" class=\"hover-type-none\"><img decoding=\"async\" width=\"700\" height=\"441\" src=\"https:\/\/www.aircharter.com\/wp-content\/uploads\/2014\/05\/cessna_citation_x-700x441.jpg\" class=\"attachment-recent-posts size-recent-posts\" alt=\"best last minute deals on private jets\" srcset=\"https:\/\/www.aircharter.com\/wp-content\/uploads\/2014\/05\/cessna_citation_x-320x202.jpg 320w, https:\/\/www.aircharter.com\/wp-content\/uploads\/2014\/05\/cessna_citation_x-700x441.jpg 700w\" sizes=\"(max-width: 700px) 100vw, 700px\" \/><\/a><\/li><\/ul><\/div><div class=\"recent-posts-content\"><h4 class=\"\"><a href=\"https:\/\/www.aircharter.com\/fr\/last-minute-flights\/\">Last Minute Flights<\/a><\/h4><p class=\"meta\"><span>janvier 13th, 2015<\/span><span class=\"fusion-inline-sep\">|<\/span><span class=\"fusion-comments\"><span>Commentaires ferm\u00e9s<span class=\"screen-reader-text\"> sur Last Minute Flights<\/span><\/span><\/span><\/p><p>Last Minute Flights Booking a private jet at the last minute flight can be rather difficult for most private jet charter providers. But where others may fail, Aircharter exceeds expectations by offering a 24\/7 concierge<\/p><\/div><\/article><article class=\"post fusion-column column col col-lg-3 col-md-3 col-sm-3\"><div class=\"fusion-flexslider fusion-flexslider-loading flexslider flexslider-hover-type-none\"><ul class=\"slides\"><li><a href=\"https:\/\/www.aircharter.com\/fr\/charter-flights-to-super-bowl-xlix\/\" aria-label=\"Charter Flights to Super Bowl XLIX\" class=\"hover-type-none\"><img decoding=\"async\" width=\"700\" height=\"262\" src=\"https:\/\/www.aircharter.com\/wp-content\/uploads\/2014\/10\/super-bowl-700x262.jpg\" class=\"attachment-recent-posts size-recent-posts\" alt=\"super bowl\" \/><\/a><\/li><\/ul><\/div><div class=\"recent-posts-content\"><h4 class=\"\"><a href=\"https:\/\/www.aircharter.com\/fr\/charter-flights-to-super-bowl-xlix\/\">Charter Flights to Super Bowl XLIX<\/a><\/h4><p class=\"meta\"><span>janvier 12th, 2015<\/span><span class=\"fusion-inline-sep\">|<\/span><span class=\"fusion-comments\"><span>Commentaires ferm\u00e9s<span class=\"screen-reader-text\"> sur Charter Flights to Super Bowl XLIX<\/span><\/span><\/span><\/p><p>Charter Flights to Super Bowl XLIX February 1st, 2015: Watch history in the making when chartering a private jet to Glendale, AZ\u2019s University of Phoenix Stadium to watch Super Bowl XLIX. Eyewitness the second Super<\/p><\/div><\/article><article class=\"post fusion-column column col col-lg-3 col-md-3 col-sm-3\"><div class=\"fusion-flexslider fusion-flexslider-loading flexslider flexslider-hover-type-none\"><ul class=\"slides\"><li><a href=\"https:\/\/www.aircharter.com\/fr\/learjet-45-aotw\/\" aria-label=\"Learjet 45\" class=\"hover-type-none\"><img decoding=\"async\" width=\"700\" height=\"433\" src=\"https:\/\/www.aircharter.com\/wp-content\/uploads\/2015\/01\/Learjet_45_ext-700x433.jpg\" class=\"attachment-recent-posts size-recent-posts\" alt=\"lear 45 exterior\" \/><\/a><\/li><\/ul><\/div><div class=\"recent-posts-content\"><h4 class=\"\"><a href=\"https:\/\/www.aircharter.com\/fr\/learjet-45-aotw\/\">Learjet 45<\/a><\/h4><p class=\"meta\"><span>janvier 10th, 2015<\/span><span class=\"fusion-inline-sep\">|<\/span><span class=\"fusion-comments\"><span>Commentaires ferm\u00e9s<span class=\"screen-reader-text\"> sur Learjet 45<\/span><\/span><\/span><\/p><p>Aircraft of the Week - Learjet 45 This week\u2019s aircraft of the week is a difficult aircraft to classify. Most aviation professionals consider\u00a0the Bombardier Learjet 45 as a \u201csuper light jet\u201d meaning a larger light<\/p><\/div><\/article><article class=\"post fusion-column column col col-lg-3 col-md-3 col-sm-3\"><div class=\"fusion-flexslider fusion-flexslider-loading flexslider flexslider-hover-type-none\"><ul class=\"slides\"><li><a href=\"https:\/\/www.aircharter.com\/fr\/aircraft-hourly-charter-rates-piston\/\" aria-label=\"Aircraft Hourly Charter Rates &#8211; Piston\" class=\"hover-type-none\"><img decoding=\"async\" width=\"700\" height=\"364\" src=\"https:\/\/www.aircharter.com\/wp-content\/uploads\/2015\/01\/Matrix_China-700x364.jpg\" class=\"attachment-recent-posts size-recent-posts\" alt=\"piston charter\" \/><\/a><\/li><\/ul><\/div><div class=\"recent-posts-content\"><h4 class=\"\"><a href=\"https:\/\/www.aircharter.com\/fr\/aircraft-hourly-charter-rates-piston\/\">Aircraft Hourly Charter Rates &#8211; Piston<\/a><\/h4><p class=\"meta\"><span>janvier 9th, 2015<\/span><span class=\"fusion-inline-sep\">|<\/span><span class=\"fusion-comments\"><span>Commentaires ferm\u00e9s<span class=\"screen-reader-text\"> sur Aircraft Hourly Charter Rates &#8211; Piston<\/span><\/span><\/span><\/p><p>Piston Aircraft Hourly Charter Rates \u00a0 Piston aircraft are smaller and generally have a slower maximum speed than their turboprop alternatives. Generally configured to seat between 2 and 6 passengers, these piston aircraft are nearly<\/p><\/div><\/article><article class=\"post fusion-column column col col-lg-3 col-md-3 col-sm-3\"><div class=\"fusion-flexslider fusion-flexslider-loading flexslider flexslider-hover-type-none\"><ul class=\"slides\"><li><a href=\"https:\/\/www.aircharter.com\/fr\/private-plane-charter-cost-turboprops\/\" aria-label=\"Private Plane Charter Cost &#8211; TurboProps\" class=\"hover-type-none\"><img decoding=\"async\" width=\"700\" height=\"433\" src=\"https:\/\/www.aircharter.com\/wp-content\/uploads\/2015\/01\/Kingair_C90_ext-copy-700x433.jpg\" class=\"attachment-recent-posts size-recent-posts\" alt=\"Private Plane Charter Cost\" \/><\/a><\/li><\/ul><\/div><div class=\"recent-posts-content\"><h4 class=\"\"><a href=\"https:\/\/www.aircharter.com\/fr\/private-plane-charter-cost-turboprops\/\">Private Plane Charter Cost &#8211; TurboProps<\/a><\/h4><p class=\"meta\"><span>janvier 8th, 2015<\/span><span class=\"fusion-inline-sep\">|<\/span><span class=\"fusion-comments\"><span>Commentaires ferm\u00e9s<span class=\"screen-reader-text\"> sur Private Plane Charter Cost &#8211; TurboProps<\/span><\/span><\/span><\/p><p>Private Plane Charter\u00a0Cost - TurboProps Turboprop aircraft are powered by turbine engines, unlike piston engines, these aircraft can fly much faster and farther than pistons. Generally configured for around 8 passengers, these aircraft have cabins<\/p><\/div><\/article><article class=\"post fusion-column column col col-lg-3 col-md-3 col-sm-3\"><div class=\"fusion-flexslider fusion-flexslider-loading flexslider flexslider-hover-type-none\"><ul class=\"slides\"><li><a href=\"https:\/\/www.aircharter.com\/fr\/best-private-jet-posts-2014\/\" aria-label=\"Best Private Jet Posts from 2014\" class=\"hover-type-none\"><img decoding=\"async\" width=\"700\" height=\"432\" src=\"https:\/\/www.aircharter.com\/wp-content\/uploads\/2014\/12\/new-year-700x432.jpg\" class=\"attachment-recent-posts size-recent-posts\" alt=\"\" \/><\/a><\/li><\/ul><\/div><div class=\"recent-posts-content\"><h4 class=\"\"><a href=\"https:\/\/www.aircharter.com\/fr\/best-private-jet-posts-2014\/\">Best Private Jet Posts from 2014<\/a><\/h4><p class=\"meta\"><span>d\u00e9cembre 30th, 2014<\/span><span class=\"fusion-inline-sep\">|<\/span><span class=\"fusion-comments\"><span>Commentaires ferm\u00e9s<span class=\"screen-reader-text\"> sur Best Private Jet Posts from 2014<\/span><\/span><\/span><\/p><p>Pilatus PC-24 Unveiled at EBACE14 An unexpected aircraft from Pilatus, the PC-24, was the least expected from a company best known for their piston aircraft. This private jet\u00a0will be capable of takeoffs in 2690 feet,<\/p><\/div><\/article><article class=\"post fusion-column column col col-lg-3 col-md-3 col-sm-3\"><div class=\"fusion-flexslider fusion-flexslider-loading flexslider flexslider-hover-type-none\"><ul class=\"slides\"><li><a href=\"https:\/\/www.aircharter.com\/fr\/private-jet-charter-cost-very-light-jets\/\" aria-label=\"Private Jet Charter Cost &#8211; Very Light Jets\" class=\"hover-type-none\"><img decoding=\"async\" width=\"700\" height=\"433\" src=\"https:\/\/www.aircharter.com\/wp-content\/uploads\/2014\/12\/Phenom-100-700x433.jpg\" class=\"attachment-recent-posts size-recent-posts\" alt=\"\" \/><\/a><\/li><\/ul><\/div><div class=\"recent-posts-content\"><h4 class=\"\"><a href=\"https:\/\/www.aircharter.com\/fr\/private-jet-charter-cost-very-light-jets\/\">Private Jet Charter Cost &#8211; Very Light Jets<\/a><\/h4><p class=\"meta\"><span>d\u00e9cembre 29th, 2014<\/span><span class=\"fusion-inline-sep\">|<\/span><span class=\"fusion-comments\"><span>Commentaires ferm\u00e9s<span class=\"screen-reader-text\"> sur Private Jet Charter Cost &#8211; Very Light Jets<\/span><\/span><\/span><\/p><p>Private Jet Charter Cost - Very Light Jets (VLJ) Very light jets are a marvelous method of private air travel, allowing a smaller number of passengers than a light jet, and slightly reduces range. These<\/p><\/div><\/article><article class=\"post fusion-column column col col-lg-3 col-md-3 col-sm-3\"><div class=\"fusion-flexslider fusion-flexslider-loading flexslider flexslider-hover-type-none\"><ul class=\"slides\"><li><a href=\"https:\/\/www.aircharter.com\/fr\/global-express-6000\/\" aria-label=\"Global Express 6000\" class=\"hover-type-none\"><img decoding=\"async\" width=\"700\" height=\"433\" src=\"https:\/\/www.aircharter.com\/wp-content\/uploads\/2014\/12\/global-express-ext-700x433.jpg\" class=\"attachment-recent-posts size-recent-posts\" alt=\"global express exterior\" \/><\/a><\/li><\/ul><\/div><div class=\"recent-posts-content\"><h4 class=\"\"><a href=\"https:\/\/www.aircharter.com\/fr\/global-express-6000\/\">Global Express 6000<\/a><\/h4><p class=\"meta\"><span>d\u00e9cembre 27th, 2014<\/span><span class=\"fusion-inline-sep\">|<\/span><span class=\"fusion-comments\"><span>Commentaires ferm\u00e9s<span class=\"screen-reader-text\"> sur Global Express 6000<\/span><\/span><\/span><\/p><p>Aircraft of the Week - Global Express 6000 The Bombardier global express 6000 is an aircraft well known in the business aviation community and beyond. Global Express has become synonymous with top-end luxury. Occasionally, it<\/p><\/div><\/article><article class=\"post fusion-column column col col-lg-3 col-md-3 col-sm-3\"><div class=\"fusion-flexslider fusion-flexslider-loading flexslider flexslider-hover-type-none\"><ul class=\"slides\"><li><a href=\"https:\/\/www.aircharter.com\/fr\/hourly-private-jet-prices-light-jets\/\" aria-label=\"Hourly Private Jet Prices &#8211; Light Jets\" class=\"hover-type-none\"><img decoding=\"async\" width=\"700\" height=\"433\" src=\"https:\/\/www.aircharter.com\/wp-content\/uploads\/2014\/12\/Hourly-Private-Jet-Prices-700x433.jpg\" class=\"attachment-recent-posts size-recent-posts\" alt=\"Hourly private Jet Prices\" \/><\/a><\/li><\/ul><\/div><div class=\"recent-posts-content\"><h4 class=\"\"><a href=\"https:\/\/www.aircharter.com\/fr\/hourly-private-jet-prices-light-jets\/\">Hourly Private Jet Prices &#8211; Light Jets<\/a><\/h4><p class=\"meta\"><span>d\u00e9cembre 26th, 2014<\/span><span class=\"fusion-inline-sep\">|<\/span><span class=\"fusion-comments\"><span>Commentaires ferm\u00e9s<span class=\"screen-reader-text\"> sur Hourly Private Jet Prices &#8211; Light Jets<\/span><\/span><\/span><\/p><p>Hourly Private Jet Prices - Light Jets Light jets are the backbone to the private jet charter industry. Light jets account for the largest portion of aircraft, narrowly beating turboprops and piston aircraft. Hourly private<\/p><\/div><\/article><article class=\"post fusion-column column col col-lg-3 col-md-3 col-sm-3\"><div class=\"fusion-flexslider fusion-flexslider-loading flexslider flexslider-hover-type-none\"><ul class=\"slides\"><li><a href=\"https:\/\/www.aircharter.com\/fr\/favorite-private-jet-photos-2014\/\" aria-label=\"Our Favorite Private Jet Moments from 2014\" class=\"hover-type-none\"><img decoding=\"async\" width=\"700\" height=\"441\" src=\"https:\/\/www.aircharter.com\/wp-content\/uploads\/2014\/06\/Ghana_plane-700x441.jpg\" class=\"attachment-recent-posts size-recent-posts\" alt=\"\" srcset=\"https:\/\/www.aircharter.com\/wp-content\/uploads\/2014\/06\/Ghana_plane-320x202.jpg 320w, https:\/\/www.aircharter.com\/wp-content\/uploads\/2014\/06\/Ghana_plane-700x441.jpg 700w\" sizes=\"(max-width: 700px) 100vw, 700px\" \/><\/a><\/li><\/ul><\/div><div class=\"recent-posts-content\"><h4 class=\"\"><a href=\"https:\/\/www.aircharter.com\/fr\/favorite-private-jet-photos-2014\/\">Our Favorite Private Jet Moments from 2014<\/a><\/h4><p class=\"meta\"><span>d\u00e9cembre 25th, 2014<\/span><span class=\"fusion-inline-sep\">|<\/span><span class=\"fusion-comments\"><span>Commentaires ferm\u00e9s<span class=\"screen-reader-text\"> sur Our Favorite Private Jet Moments from 2014<\/span><\/span><\/span><\/p><p>Our Favorite Private Jet Moments\u00a0from 2014 Merry Christmas and Happy Holidays from the Aircharter.com team! We here at Aircharter love our\u00a0private jet photos, and included are our favorite 7\u00a0photos from 2014. Featured above was our<\/p><\/div><\/article><article class=\"post fusion-column column col col-lg-3 col-md-3 col-sm-3\"><div class=\"fusion-flexslider fusion-flexslider-loading flexslider flexslider-hover-type-none\"><ul class=\"slides\"><li><a href=\"https:\/\/www.aircharter.com\/fr\/private-jet-cost-per-hour-mid-sized-jets\/\" aria-label=\"Private Jet Cost Per Hour &#8211; Mid Sized Jets\" class=\"hover-type-none\"><img decoding=\"async\" width=\"700\" height=\"433\" src=\"https:\/\/www.aircharter.com\/wp-content\/uploads\/2014\/12\/Private-Jet-Cost-Per-Hour-Mid-Sized-Jets-700x433.jpg\" class=\"attachment-recent-posts size-recent-posts\" alt=\"Private-Jet-Cost-Per-Hour---Mid-Sized-Jets\" \/><\/a><\/li><\/ul><\/div><div class=\"recent-posts-content\"><h4 class=\"\"><a href=\"https:\/\/www.aircharter.com\/fr\/private-jet-cost-per-hour-mid-sized-jets\/\">Private Jet Cost Per Hour &#8211; Mid Sized Jets<\/a><\/h4><p class=\"meta\"><span>d\u00e9cembre 24th, 2014<\/span><span class=\"fusion-inline-sep\">|<\/span><span class=\"fusion-comments\"><span>Commentaires ferm\u00e9s<span class=\"screen-reader-text\"> sur Private Jet Cost Per Hour &#8211; Mid Sized Jets<\/span><\/span><\/span><\/p><p>Private Jet Cost Per Hour - Mid Sized Jets Mid sized jets account for a surprisingly large portion of jets in operation, though outnumbered by light jets. Mid sized jets are built for trips between<\/p><\/div><\/article><article class=\"post fusion-column column col col-lg-3 col-md-3 col-sm-3\"><div class=\"fusion-flexslider fusion-flexslider-loading flexslider flexslider-hover-type-none\"><ul class=\"slides\"><li><a href=\"https:\/\/www.aircharter.com\/fr\/super-mid-sized-jets-private-plane-charter-cost\/\" aria-label=\"Super Mid Sized Jets &#8211; Private Plane Charter Cost\" class=\"hover-type-none\"><img decoding=\"async\" width=\"700\" height=\"432\" src=\"https:\/\/www.aircharter.com\/wp-content\/uploads\/2014\/12\/private-plane-charter-cost-700x432.jpg\" class=\"attachment-recent-posts size-recent-posts\" alt=\"private plane charter cost\" \/><\/a><\/li><\/ul><\/div><div class=\"recent-posts-content\"><h4 class=\"\"><a href=\"https:\/\/www.aircharter.com\/fr\/super-mid-sized-jets-private-plane-charter-cost\/\">Super Mid Sized Jets &#8211; Private Plane Charter Cost<\/a><\/h4><p class=\"meta\"><span>d\u00e9cembre 23rd, 2014<\/span><span class=\"fusion-inline-sep\">|<\/span><span class=\"fusion-comments\"><span>Commentaires ferm\u00e9s<span class=\"screen-reader-text\"> sur Super Mid Sized Jets &#8211; Private Plane Charter Cost<\/span><\/span><\/span><\/p><p>Super Mid Sized Jets - Private Plane Charter Cost Each type of aircraft has it\u2019s own price range for it\u2019s hourly cost. A super mid sized jet private plane charter cost can vary greatly, as<\/p><\/div><\/article><article class=\"post fusion-column column col col-lg-3 col-md-3 col-sm-3\"><div class=\"fusion-flexslider fusion-flexslider-loading flexslider flexslider-hover-type-none\"><ul class=\"slides\"><li><a href=\"https:\/\/www.aircharter.com\/fr\/large-jets-private-jet-cost-per-hour\/\" aria-label=\"Large Jets &#8211; Private Jet Cost per Hour\" class=\"hover-type-none\"><img decoding=\"async\" width=\"700\" height=\"433\" src=\"https:\/\/www.aircharter.com\/wp-content\/uploads\/2014\/12\/Embraer-Legacy-650-700x433.jpg\" class=\"attachment-recent-posts size-recent-posts\" alt=\"large jet charter cost per hour\" \/><\/a><\/li><\/ul><\/div><div class=\"recent-posts-content\"><h4 class=\"\"><a href=\"https:\/\/www.aircharter.com\/fr\/large-jets-private-jet-cost-per-hour\/\">Large Jets &#8211; Private Jet Cost per Hour<\/a><\/h4><p class=\"meta\"><span>d\u00e9cembre 22nd, 2014<\/span><span class=\"fusion-inline-sep\">|<\/span><span class=\"fusion-comments\"><span>Commentaires ferm\u00e9s<span class=\"screen-reader-text\"> sur Large Jets &#8211; Private Jet Cost per Hour<\/span><\/span><\/span><\/p><p>Large Jets - Private Jet Cost per Hour One of the advantages of private jet charter is paying for the hours you fly. Your private jet cost per hour can easily be used to estimate<\/p><\/div><\/article><article class=\"post fusion-column column col col-lg-3 col-md-3 col-sm-3\"><div class=\"fusion-flexslider fusion-flexslider-loading flexslider flexslider-hover-type-none\"><ul class=\"slides\"><li><a href=\"https:\/\/www.aircharter.com\/fr\/super-long-ranged-jets-private-jet-cost-per-hour\/\" aria-label=\"Super Long Ranged Jets &#8211; Private Jet Cost per Hour\" class=\"hover-type-none\"><img decoding=\"async\" width=\"700\" height=\"433\" src=\"https:\/\/www.aircharter.com\/wp-content\/uploads\/2014\/12\/private-jet-cost-per-hour-700x433.jpg\" class=\"attachment-recent-posts size-recent-posts\" alt=\"private jet cost per hour\" \/><\/a><\/li><\/ul><\/div><div class=\"recent-posts-content\"><h4 class=\"\"><a href=\"https:\/\/www.aircharter.com\/fr\/super-long-ranged-jets-private-jet-cost-per-hour\/\">Super Long Ranged Jets &#8211; Private Jet Cost per Hour<\/a><\/h4><p class=\"meta\"><span>d\u00e9cembre 22nd, 2014<\/span><span class=\"fusion-inline-sep\">|<\/span><span class=\"fusion-comments\"><span>Commentaires ferm\u00e9s<span class=\"screen-reader-text\"> sur Super Long Ranged Jets &#8211; Private Jet Cost per Hour<\/span><\/span><\/span><\/p><p>Super Long Ranged Jets - Private Jet Cost per Hour We begin our multi-part article about the approximate private jet cost per hour for each major aircraft category. We will begin with Long Ranged Large<\/p><\/div><\/article><article class=\"post fusion-column column col col-lg-3 col-md-3 col-sm-3\"><div class=\"fusion-flexslider fusion-flexslider-loading flexslider flexslider-hover-type-none\"><ul class=\"slides\"><li><a href=\"https:\/\/www.aircharter.com\/fr\/aotw-citation-x\/\" aria-label=\"Cessna Citation X+\" class=\"hover-type-none\"><img decoding=\"async\" width=\"700\" height=\"300\" src=\"https:\/\/www.aircharter.com\/wp-content\/uploads\/2014\/12\/citation-x-ext-700x300.jpg\" class=\"attachment-recent-posts size-recent-posts\" alt=\"\" \/><\/a><\/li><\/ul><\/div><div class=\"recent-posts-content\"><h4 class=\"\"><a href=\"https:\/\/www.aircharter.com\/fr\/aotw-citation-x\/\">Cessna Citation X+<\/a><\/h4><p class=\"meta\"><span>d\u00e9cembre 20th, 2014<\/span><span class=\"fusion-inline-sep\">|<\/span><span class=\"fusion-comments\"><span>Commentaires ferm\u00e9s<span class=\"screen-reader-text\"> sur Cessna Citation X+<\/span><\/span><\/span><\/p><p>Aircraft of the Week - Cessna Citation X+ The Citation X+ is a Mid Sized Jet produced by Cessna. The Citation X+ is a very unique aircraft when considering the cruise speed and top speed<\/p><\/div><\/article><article class=\"post fusion-column column col col-lg-3 col-md-3 col-sm-3\"><div class=\"fusion-flexslider fusion-flexslider-loading flexslider flexslider-hover-type-none\"><ul class=\"slides\"><li><a href=\"https:\/\/www.aircharter.com\/fr\/christmas-empty-legs\/\" aria-label=\"Christmas Empty Legs\" class=\"hover-type-none\"><img decoding=\"async\" width=\"700\" height=\"432\" src=\"https:\/\/www.aircharter.com\/wp-content\/uploads\/2014\/12\/empty-legs-700x432.jpg\" class=\"attachment-recent-posts size-recent-posts\" alt=\"\" \/><\/a><\/li><\/ul><\/div><div class=\"recent-posts-content\"><h4 class=\"\"><a href=\"https:\/\/www.aircharter.com\/fr\/christmas-empty-legs\/\">Christmas Empty Legs<\/a><\/h4><p class=\"meta\"><span>d\u00e9cembre 19th, 2014<\/span><span class=\"fusion-inline-sep\">|<\/span><span class=\"fusion-comments\"><span>Commentaires ferm\u00e9s<span class=\"screen-reader-text\"> sur Christmas Empty Legs<\/span><\/span><\/span><\/p><p>Christmas\u00a0Empty Legs Happy holidays from Aircharter.com! Christmas is a time of sharing, and we are sharing our best empty leg offers for the days leading up to Christmas day. Christmas is also the time to<\/p><\/div><\/article><article class=\"post fusion-column column col col-lg-3 col-md-3 col-sm-3\"><div class=\"fusion-flexslider fusion-flexslider-loading flexslider flexslider-hover-type-none\"><ul class=\"slides\"><li><a href=\"https:\/\/www.aircharter.com\/fr\/falcon-8x-rolled-out\/\" aria-label=\"Falcon 8X rolled out in in M\u00e9rignac\" class=\"hover-type-none\"><img decoding=\"async\" width=\"700\" height=\"433\" src=\"https:\/\/www.aircharter.com\/wp-content\/uploads\/2014\/12\/falcon8x-700x433.jpg\" class=\"attachment-recent-posts size-recent-posts\" alt=\"falcon 8x\" \/><\/a><\/li><\/ul><\/div><div class=\"recent-posts-content\"><h4 class=\"\"><a href=\"https:\/\/www.aircharter.com\/fr\/falcon-8x-rolled-out\/\">Falcon 8X rolled out in in M\u00e9rignac<\/a><\/h4><p class=\"meta\"><span>d\u00e9cembre 18th, 2014<\/span><span class=\"fusion-inline-sep\">|<\/span><span class=\"fusion-comments\"><span>Commentaires ferm\u00e9s<span class=\"screen-reader-text\"> sur Falcon 8X rolled out in in M\u00e9rignac<\/span><\/span><\/span><\/p><p>Falcon 8X Roll-Out in in M\u00e9rignac Christmas came early this year when Dassault Aviation rolled out the Falcon 8X yesterday at A\u00e9roport de Bordeaux-M\u00e9rignac (BOD) in M\u00e9rignac, France. The aircraft has been sufficiently ground tested<\/p><\/div><\/article><article class=\"post fusion-column column col col-lg-3 col-md-3 col-sm-3\"><div class=\"fusion-flexslider fusion-flexslider-loading flexslider flexslider-hover-type-none\"><ul class=\"slides\"><li><a href=\"https:\/\/www.aircharter.com\/fr\/private-flights\/\" aria-label=\"Advantages of Private Flights\" class=\"hover-type-none\"><img decoding=\"async\" width=\"700\" height=\"441\" src=\"https:\/\/www.aircharter.com\/wp-content\/uploads\/2014\/10\/G650-700x441.jpg\" class=\"attachment-recent-posts size-recent-posts\" alt=\"Jet card programs\" srcset=\"https:\/\/www.aircharter.com\/wp-content\/uploads\/2014\/10\/G650-320x202.jpg 320w, https:\/\/www.aircharter.com\/wp-content\/uploads\/2014\/10\/G650-700x441.jpg 700w\" sizes=\"(max-width: 700px) 100vw, 700px\" \/><\/a><\/li><\/ul><\/div><div class=\"recent-posts-content\"><h4 class=\"\"><a href=\"https:\/\/www.aircharter.com\/fr\/private-flights\/\">Advantages of Private Flights<\/a><\/h4><p class=\"meta\"><span>d\u00e9cembre 17th, 2014<\/span><span class=\"fusion-inline-sep\">|<\/span><span class=\"fusion-comments\"><span>Commentaires ferm\u00e9s<span class=\"screen-reader-text\"> sur Advantages of Private Flights<\/span><\/span><\/span><\/p><p>Advantages of Private Flights Whether you\u2019re flying for business or recreational purposes, you can choose\u00a0to travel on private flights or fly with commercial airlines to get to your desired destination. With many executives looking at<\/p><\/div><\/article><article class=\"post fusion-column column col col-lg-3 col-md-3 col-sm-3\"><div class=\"fusion-flexslider fusion-flexslider-loading flexslider flexslider-hover-type-none\"><ul class=\"slides\"><li><a href=\"https:\/\/www.aircharter.com\/fr\/charter-flights-to-phoenix-deer-valley-airport\/\" aria-label=\"Charter Flights to Phoenix Deer Valley Airport\" class=\"hover-type-none\"><img decoding=\"async\" width=\"700\" height=\"432\" src=\"https:\/\/www.aircharter.com\/wp-content\/uploads\/2014\/12\/Charter-Flights-to-Phoenix-Deer-Valley-Airport-700x432.jpg\" class=\"attachment-recent-posts size-recent-posts\" alt=\"Phoenix Deer Valley Airport\" \/><\/a><\/li><\/ul><\/div><div class=\"recent-posts-content\"><h4 class=\"\"><a href=\"https:\/\/www.aircharter.com\/fr\/charter-flights-to-phoenix-deer-valley-airport\/\">Charter Flights to Phoenix Deer Valley Airport<\/a><\/h4><p class=\"meta\"><span>d\u00e9cembre 16th, 2014<\/span><span class=\"fusion-inline-sep\">|<\/span><span class=\"fusion-comments\"><span>Commentaires ferm\u00e9s<span class=\"screen-reader-text\"> sur Charter Flights to Phoenix Deer Valley Airport<\/span><\/span><\/span><\/p><p>Charter Flights to Phoenix Deer Valley Airport One of the busiest airports for private jet charter is Phoenix Deer Valley Airport, located approximately 17 miles north of Phoenix, AZ. It is about a 30 minute<\/p><\/div><\/article><article class=\"post fusion-column column col col-lg-3 col-md-3 col-sm-3\"><div class=\"fusion-flexslider fusion-flexslider-loading flexslider flexslider-hover-type-none\"><ul class=\"slides\"><li><a href=\"https:\/\/www.aircharter.com\/fr\/private-jet-cost\/\" aria-label=\"Private Jet Cost of Ownership vs Private Jet Charter\" class=\"hover-type-none\"><img decoding=\"async\" width=\"700\" height=\"441\" src=\"https:\/\/www.aircharter.com\/wp-content\/uploads\/2014\/10\/CH-650-700x441.png\" class=\"attachment-recent-posts size-recent-posts\" alt=\"charter plane hourly rates\" srcset=\"https:\/\/www.aircharter.com\/wp-content\/uploads\/2014\/10\/CH-650-320x202.png 320w, https:\/\/www.aircharter.com\/wp-content\/uploads\/2014\/10\/CH-650-700x441.png 700w\" sizes=\"(max-width: 700px) 100vw, 700px\" \/><\/a><\/li><\/ul><\/div><div class=\"recent-posts-content\"><h4 class=\"\"><a href=\"https:\/\/www.aircharter.com\/fr\/private-jet-cost\/\">Private Jet Cost of Ownership vs Private Jet Charter<\/a><\/h4><p class=\"meta\"><span>d\u00e9cembre 15th, 2014<\/span><span class=\"fusion-inline-sep\">|<\/span><span class=\"fusion-comments\"><span>Commentaires ferm\u00e9s<span class=\"screen-reader-text\"> sur Private Jet Cost of Ownership vs Private Jet Charter<\/span><\/span><\/span><\/p><p>Private Jet Cost of Ownership versus Charter\u00a0 Many customers\u00a0wonder what are the costs of owning or chartering a private jet. Very few realize that a\u00a0private jet's cost of ownership for is not only a one<\/p><\/div><\/article><article class=\"post fusion-column column col col-lg-3 col-md-3 col-sm-3\"><div class=\"fusion-flexslider fusion-flexslider-loading flexslider flexslider-hover-type-none\"><ul class=\"slides\"><li><a href=\"https:\/\/www.aircharter.com\/fr\/gulfstream-g5\/\" aria-label=\"Gulfstream G5 Jet\" class=\"hover-type-none\"><img decoding=\"async\" width=\"700\" height=\"441\" src=\"https:\/\/www.aircharter.com\/wp-content\/uploads\/2014\/12\/Gulfstream-G5-Jet-700x441.jpg\" class=\"attachment-recent-posts size-recent-posts\" alt=\"Gulfstream G5 Jet\" srcset=\"https:\/\/www.aircharter.com\/wp-content\/uploads\/2014\/12\/Gulfstream-G5-Jet-320x202.jpg 320w, https:\/\/www.aircharter.com\/wp-content\/uploads\/2014\/12\/Gulfstream-G5-Jet-700x441.jpg 700w\" sizes=\"(max-width: 700px) 100vw, 700px\" \/><\/a><\/li><\/ul><\/div><div class=\"recent-posts-content\"><h4 class=\"\"><a href=\"https:\/\/www.aircharter.com\/fr\/gulfstream-g5\/\">Gulfstream G5 Jet<\/a><\/h4><p class=\"meta\"><span>d\u00e9cembre 13th, 2014<\/span><span class=\"fusion-inline-sep\">|<\/span><span class=\"fusion-comments\"><span>Commentaires ferm\u00e9s<span class=\"screen-reader-text\"> sur Gulfstream G5 Jet<\/span><\/span><\/span><\/p><p>Gulfstream G5 Jet The Gulfstream G5 Jet or Gulfstream G-V is a long range enabled large jet first made by Gulfstream Aerospace in 1998. The Gulfstream GV Jet was one of the very first jets<\/p><\/div><\/article><article class=\"post fusion-column column col col-lg-3 col-md-3 col-sm-3\"><div class=\"fusion-flexslider fusion-flexslider-loading flexslider flexslider-hover-type-none\"><ul class=\"slides\"><li><a href=\"https:\/\/www.aircharter.com\/fr\/private-plane-charter-rates\/\" aria-label=\"Private Plane Charter Rates\" class=\"hover-type-none\"><img decoding=\"async\" width=\"700\" height=\"441\" src=\"https:\/\/www.aircharter.com\/wp-content\/uploads\/2014\/12\/BBJ3-most-expensive-private-jet-700x441.jpg\" class=\"attachment-recent-posts size-recent-posts\" alt=\"private jet charter rates\" srcset=\"https:\/\/www.aircharter.com\/wp-content\/uploads\/2014\/12\/BBJ3-most-expensive-private-jet-320x202.jpg 320w, https:\/\/www.aircharter.com\/wp-content\/uploads\/2014\/12\/BBJ3-most-expensive-private-jet-700x441.jpg 700w\" sizes=\"(max-width: 700px) 100vw, 700px\" \/><\/a><\/li><\/ul><\/div><div class=\"recent-posts-content\"><h4 class=\"\"><a href=\"https:\/\/www.aircharter.com\/fr\/private-plane-charter-rates\/\">Private Plane Charter Rates<\/a><\/h4><p class=\"meta\"><span>d\u00e9cembre 12th, 2014<\/span><span class=\"fusion-inline-sep\">|<\/span><span class=\"fusion-comments\"><span>Commentaires ferm\u00e9s<span class=\"screen-reader-text\"> sur Private Plane Charter Rates<\/span><\/span><\/span><\/p><p>Private Plane Charter Rates Various types of aircraft are available for charter, and therefor each category of private plane has significantly different private plane charter rates. The smallest type of propellor given aircraft, or pistons<\/p><\/div><\/article><article class=\"post fusion-column column col col-lg-3 col-md-3 col-sm-3\"><div class=\"fusion-flexslider fusion-flexslider-loading flexslider flexslider-hover-type-none\"><ul class=\"slides\"><li><a href=\"https:\/\/www.aircharter.com\/fr\/most-expensive-private-jet\/\" aria-label=\"The Most Expensive Private Jets Available\" class=\"hover-type-none\"><img decoding=\"async\" width=\"700\" height=\"433\" src=\"https:\/\/www.aircharter.com\/wp-content\/uploads\/2014\/12\/Most-expensive-private-jet-700x433.jpg\" class=\"attachment-recent-posts size-recent-posts\" alt=\"Most-expensive-private-jet\" \/><\/a><\/li><\/ul><\/div><div class=\"recent-posts-content\"><h4 class=\"\"><a href=\"https:\/\/www.aircharter.com\/fr\/most-expensive-private-jet\/\">The Most Expensive Private Jets Available<\/a><\/h4><p class=\"meta\"><span>d\u00e9cembre 10th, 2014<\/span><span class=\"fusion-inline-sep\">|<\/span><span class=\"fusion-comments\"><span>Commentaires ferm\u00e9s<span class=\"screen-reader-text\"> sur The Most Expensive Private Jets Available<\/span><\/span><\/span><\/p><p>The Most Expensive Private Jets Available \u00a0 Ultra VIP 747 The Boeing 747 is known for being the one of the notoriously fuel consuming aircraft, with a very high cost of operation. A brand new<\/p><\/div><\/article><article class=\"post fusion-column column col col-lg-3 col-md-3 col-sm-3\"><div class=\"fusion-flexslider fusion-flexslider-loading flexslider flexslider-hover-type-none\"><ul class=\"slides\"><li><a href=\"https:\/\/www.aircharter.com\/fr\/best-private-jet\/\" aria-label=\"How to Choose the Best Private Jet\" class=\"hover-type-none\"><img decoding=\"async\" width=\"700\" height=\"363\" src=\"https:\/\/www.aircharter.com\/wp-content\/uploads\/2014\/12\/best-private-jet-700x363.jpg\" class=\"attachment-recent-posts size-recent-posts\" alt=\"best private jet\" \/><\/a><\/li><\/ul><\/div><div class=\"recent-posts-content\"><h4 class=\"\"><a href=\"https:\/\/www.aircharter.com\/fr\/best-private-jet\/\">How to Choose the Best Private Jet<\/a><\/h4><p class=\"meta\"><span>d\u00e9cembre 9th, 2014<\/span><span class=\"fusion-inline-sep\">|<\/span><span class=\"fusion-comments\"><span>Commentaires ferm\u00e9s<span class=\"screen-reader-text\"> sur How to Choose the Best Private Jet<\/span><\/span><\/span><\/p><p>How to Choose the Best Private Jet for Charter Choosing the best private jet for your trip can make a huge difference in airtime, comfort, and price. The basics of private jet charter involve receiving<\/p><\/div><\/article><article class=\"post fusion-column column col col-lg-3 col-md-3 col-sm-3\"><div class=\"fusion-flexslider fusion-flexslider-loading flexslider flexslider-hover-type-none\"><ul class=\"slides\"><li><a href=\"https:\/\/www.aircharter.com\/fr\/private-jet-charter-guide-iv\/\" aria-label=\"Private Jet Charter Guide Part IV\" class=\"hover-type-none\"><img decoding=\"async\" width=\"700\" height=\"377\" src=\"https:\/\/www.aircharter.com\/wp-content\/uploads\/2014\/12\/private-jet-charter-700x377.jpg\" class=\"attachment-recent-posts size-recent-posts\" alt=\"private jet charter\" \/><\/a><\/li><\/ul><\/div><div class=\"recent-posts-content\"><h4 class=\"\"><a href=\"https:\/\/www.aircharter.com\/fr\/private-jet-charter-guide-iv\/\">Private Jet Charter Guide Part IV<\/a><\/h4><p class=\"meta\"><span>d\u00e9cembre 8th, 2014<\/span><span class=\"fusion-inline-sep\">|<\/span><span class=\"fusion-comments\"><span>Commentaires ferm\u00e9s<span class=\"screen-reader-text\"> sur Private Jet Charter Guide Part IV<\/span><\/span><\/span><\/p><p>Private Jet Charter Guide - \u00a0Part IV Welcome to part IV of our private jet charter guide. In this section we will summarize all of the factors that go in to building a private jet<\/p><\/div><\/article><article class=\"post fusion-column column col col-lg-3 col-md-3 col-sm-3\"><div class=\"fusion-flexslider fusion-flexslider-loading flexslider flexslider-hover-type-none\"><ul class=\"slides\"><li><a href=\"https:\/\/www.aircharter.com\/fr\/aotw-nextant-400xti\/\" aria-label=\"Nextant 400XTi\" class=\"hover-type-none\"><img decoding=\"async\" width=\"700\" height=\"441\" src=\"https:\/\/www.aircharter.com\/wp-content\/uploads\/2014\/12\/nextant-400xit-700x441.jpg\" class=\"attachment-recent-posts size-recent-posts\" alt=\"nextant 400xti\" srcset=\"https:\/\/www.aircharter.com\/wp-content\/uploads\/2014\/12\/nextant-400xit-320x202.jpg 320w, https:\/\/www.aircharter.com\/wp-content\/uploads\/2014\/12\/nextant-400xit-700x441.jpg 700w\" sizes=\"(max-width: 700px) 100vw, 700px\" \/><\/a><\/li><\/ul><\/div><div class=\"recent-posts-content\"><h4 class=\"\"><a href=\"https:\/\/www.aircharter.com\/fr\/aotw-nextant-400xti\/\">Nextant 400XTi<\/a><\/h4><p class=\"meta\"><span>d\u00e9cembre 6th, 2014<\/span><span class=\"fusion-inline-sep\">|<\/span><span class=\"fusion-comments\"><span>Commentaires ferm\u00e9s<span class=\"screen-reader-text\"> sur Nextant 400XTi<\/span><\/span><\/span><\/p><p>Aircraft of the Week - Nextant 400XTi The Nextant 400XTi is a unique aircraft, but is not technically an aircraft, but a modification. The Nextant 400XTi is an updated hawker 400, which according to Nextant,<\/p><\/div><\/article><article class=\"post fusion-column column col col-lg-3 col-md-3 col-sm-3\"><div class=\"fusion-flexslider fusion-flexslider-loading flexslider flexslider-hover-type-none\"><ul class=\"slides\"><li><a href=\"https:\/\/www.aircharter.com\/fr\/falcon-5x-charter-info\/\" aria-label=\"Dassault Falcon 5X Specifications and Charter Info\" class=\"hover-type-none\"><img decoding=\"async\" width=\"700\" height=\"433\" src=\"https:\/\/www.aircharter.com\/wp-content\/uploads\/2014\/12\/Falcon-5x-700x433.jpg\" class=\"attachment-recent-posts size-recent-posts\" alt=\"Falcon 5X\" \/><\/a><\/li><\/ul><\/div><div class=\"recent-posts-content\"><h4 class=\"\"><a href=\"https:\/\/www.aircharter.com\/fr\/falcon-5x-charter-info\/\">Dassault Falcon 5X Specifications and Charter Info<\/a><\/h4><p class=\"meta\"><span>d\u00e9cembre 5th, 2014<\/span><span class=\"fusion-inline-sep\">|<\/span><span class=\"fusion-comments\"><span>Commentaires ferm\u00e9s<span class=\"screen-reader-text\"> sur Dassault Falcon 5X Specifications and Charter Info<\/span><\/span><\/span><\/p><p>Dassault Falcon 5X Specifications and Charter Info The Falcon 5X is marketed by Dassault Aviation as their biggest and most advanced jet as of yet. First introduced in 2013, and aiming for a first flight<\/p><\/div><\/article><article class=\"post fusion-column column col col-lg-3 col-md-3 col-sm-3\"><div class=\"fusion-flexslider fusion-flexslider-loading flexslider flexslider-hover-type-none\"><ul class=\"slides\"><li><a href=\"https:\/\/www.aircharter.com\/fr\/private-jet-charter-guide-part-iii\/\" aria-label=\"Private Jet Charter Guide part III\" class=\"hover-type-none\"><img decoding=\"async\" width=\"700\" height=\"433\" src=\"https:\/\/www.aircharter.com\/wp-content\/uploads\/2014\/12\/Falcon_8X_homepage-700x433.jpg\" class=\"attachment-recent-posts size-recent-posts\" alt=\"private jet charter bguide part III\" \/><\/a><\/li><\/ul><\/div><div class=\"recent-posts-content\"><h4 class=\"\"><a href=\"https:\/\/www.aircharter.com\/fr\/private-jet-charter-guide-part-iii\/\">Private Jet Charter Guide part III<\/a><\/h4><p class=\"meta\"><span>d\u00e9cembre 4th, 2014<\/span><span class=\"fusion-inline-sep\">|<\/span><span class=\"fusion-comments\"><span>Commentaires ferm\u00e9s<span class=\"screen-reader-text\"> sur Private Jet Charter Guide part III<\/span><\/span><\/span><\/p><p>Private Jet Charter Guide part III \u00a0 Many conditions can impact the price and details of a private jet charter, and here in part III of our private jet charter guide, we will list and<\/p><\/div><\/article><article class=\"post fusion-column column col col-lg-3 col-md-3 col-sm-3\"><div class=\"fusion-flexslider fusion-flexslider-loading flexslider flexslider-hover-type-none\"><ul class=\"slides\"><li><a href=\"https:\/\/www.aircharter.com\/fr\/holiday-empty-legs\/\" aria-label=\"Holiday Empty Legs\" class=\"hover-type-none\"><img decoding=\"async\" width=\"700\" height=\"441\" src=\"https:\/\/www.aircharter.com\/wp-content\/uploads\/2014\/05\/Dassault-Falcon-7X-700x441.jpg\" class=\"attachment-recent-posts size-recent-posts\" alt=\"holiday empty legs\" srcset=\"https:\/\/www.aircharter.com\/wp-content\/uploads\/2014\/05\/Dassault-Falcon-7X-320x202.jpg 320w, https:\/\/www.aircharter.com\/wp-content\/uploads\/2014\/05\/Dassault-Falcon-7X-700x441.jpg 700w\" sizes=\"(max-width: 700px) 100vw, 700px\" \/><\/a><\/li><\/ul><\/div><div class=\"recent-posts-content\"><h4 class=\"\"><a href=\"https:\/\/www.aircharter.com\/fr\/holiday-empty-legs\/\">Holiday Empty Legs<\/a><\/h4><p class=\"meta\"><span>d\u00e9cembre 3rd, 2014<\/span><span class=\"fusion-inline-sep\">|<\/span><span class=\"fusion-comments\"><span>Commentaires ferm\u00e9s<span class=\"screen-reader-text\"> sur Holiday Empty Legs<\/span><\/span><\/span><\/p><p>Holiday Empty Legs With the holiday season just around the corner, Aircharter.com is delighted to announce their hot new empty legs for this holiday season. This holiday season is the perfect time to travel, and<\/p><\/div><\/article><article class=\"post fusion-column column col col-lg-3 col-md-3 col-sm-3\"><div class=\"fusion-flexslider fusion-flexslider-loading flexslider flexslider-hover-type-none\"><ul class=\"slides\"><li><a href=\"https:\/\/www.aircharter.com\/fr\/winter-private-jet-destinations\/\" aria-label=\"Winter Private Jet Destinations\" class=\"hover-type-none\"><img decoding=\"async\" width=\"640\" height=\"425\" src=\"https:\/\/www.aircharter.com\/wp-content\/uploads\/2014\/10\/caribbean1.jpg\" class=\"attachment-recent-posts size-recent-posts\" alt=\"winter private jet destinations\" srcset=\"https:\/\/www.aircharter.com\/wp-content\/uploads\/2014\/10\/caribbean1-300x199.jpg 300w, https:\/\/www.aircharter.com\/wp-content\/uploads\/2014\/10\/caribbean1.jpg 640w\" sizes=\"(max-width: 640px) 100vw, 640px\" \/><\/a><\/li><\/ul><\/div><div class=\"recent-posts-content\"><h4 class=\"\"><a href=\"https:\/\/www.aircharter.com\/fr\/winter-private-jet-destinations\/\">Winter Private Jet Destinations<\/a><\/h4><p class=\"meta\"><span>d\u00e9cembre 2nd, 2014<\/span><span class=\"fusion-inline-sep\">|<\/span><span class=\"fusion-comments\"><span>Commentaires ferm\u00e9s<span class=\"screen-reader-text\"> sur Winter Private Jet Destinations<\/span><\/span><\/span><\/p><p>Winter Private Jet Destinations Wintertime is the time to travel in style with Aircharter.com to a warm destination. Aircharter can fly to 16,000 airports all around the world encompassing many popular winter private jet destinations.<\/p><\/div><\/article><article class=\"post fusion-column column col col-lg-3 col-md-3 col-sm-3\"><div class=\"fusion-flexslider fusion-flexslider-loading flexslider flexslider-hover-type-none\"><ul class=\"slides\"><li><a href=\"https:\/\/www.aircharter.com\/fr\/private-jet-charter-guide-ii\/\" aria-label=\"Private Jet Charter Guide &#8211; Part II\" class=\"hover-type-none\"><img decoding=\"async\" width=\"700\" height=\"441\" src=\"https:\/\/www.aircharter.com\/wp-content\/uploads\/2014\/10\/G600-700x441.jpg\" class=\"attachment-recent-posts size-recent-posts\" alt=\"private jet charter\" srcset=\"https:\/\/www.aircharter.com\/wp-content\/uploads\/2014\/10\/G600-320x202.jpg 320w, https:\/\/www.aircharter.com\/wp-content\/uploads\/2014\/10\/G600-700x441.jpg 700w\" sizes=\"(max-width: 700px) 100vw, 700px\" \/><\/a><\/li><\/ul><\/div><div class=\"recent-posts-content\"><h4 class=\"\"><a href=\"https:\/\/www.aircharter.com\/fr\/private-jet-charter-guide-ii\/\">Private Jet Charter Guide &#8211; Part II<\/a><\/h4><p class=\"meta\"><span>d\u00e9cembre 1st, 2014<\/span><span class=\"fusion-inline-sep\">|<\/span><span class=\"fusion-comments\"><span>Commentaires ferm\u00e9s<span class=\"screen-reader-text\"> sur Private Jet Charter Guide &#8211; Part II<\/span><\/span><\/span><\/p><p>\u00a0Private Jet Charter Guide -\u00a0Part II Welcome to part II of our private jet charter guide, previously we discussed the basics of private jet charter here. Before continuing any further we must understand the concept<\/p><\/div><\/article><article class=\"post fusion-column column col col-lg-3 col-md-3 col-sm-3\"><div class=\"fusion-flexslider fusion-flexslider-loading flexslider flexslider-hover-type-none\"><ul class=\"slides\"><li><a href=\"https:\/\/www.aircharter.com\/fr\/aotw-embraer-lineage-1000\/\" aria-label=\"Embraer Lineage 1000\" class=\"hover-type-none\"><img decoding=\"async\" width=\"700\" height=\"441\" src=\"https:\/\/www.aircharter.com\/wp-content\/uploads\/2014\/11\/Lineage1000_exterior_003_alta-700x441.jpg\" class=\"attachment-recent-posts size-recent-posts\" alt=\"Lineage 1000\" srcset=\"https:\/\/www.aircharter.com\/wp-content\/uploads\/2014\/11\/Lineage1000_exterior_003_alta-320x202.jpg 320w, https:\/\/www.aircharter.com\/wp-content\/uploads\/2014\/11\/Lineage1000_exterior_003_alta-700x441.jpg 700w\" sizes=\"(max-width: 700px) 100vw, 700px\" \/><\/a><\/li><\/ul><\/div><div class=\"recent-posts-content\"><h4 class=\"\"><a href=\"https:\/\/www.aircharter.com\/fr\/aotw-embraer-lineage-1000\/\">Embraer Lineage 1000<\/a><\/h4><p class=\"meta\"><span>novembre 29th, 2014<\/span><span class=\"fusion-inline-sep\">|<\/span><span class=\"fusion-comments\"><span>Commentaires ferm\u00e9s<span class=\"screen-reader-text\"> sur Embraer Lineage 1000<\/span><\/span><\/span><\/p><p>Aircraft of the Week - Embraer Lineage 1000 This week\u2019s aircraft of the week is the Embraer Lineage 1000, an aircraft that doesn\u2019t fit as easily into a category as other jets of it\u2019s size<\/p><\/div><\/article><article class=\"post fusion-column column col col-lg-3 col-md-3 col-sm-3\"><div class=\"fusion-flexslider fusion-flexslider-loading flexslider flexslider-hover-type-none\"><ul class=\"slides\"><li><a href=\"https:\/\/www.aircharter.com\/fr\/private-jet-charter-guide\/\" aria-label=\"Private Jet Charter Guide\" class=\"hover-type-none\"><img decoding=\"async\" width=\"700\" height=\"432\" src=\"https:\/\/www.aircharter.com\/wp-content\/uploads\/2014\/11\/airport-availability-700x432.jpg\" class=\"attachment-recent-posts size-recent-posts\" alt=\"Private Jet\" \/><\/a><\/li><\/ul><\/div><div class=\"recent-posts-content\"><h4 class=\"\"><a href=\"https:\/\/www.aircharter.com\/fr\/private-jet-charter-guide\/\">Private Jet Charter Guide<\/a><\/h4><p class=\"meta\"><span>novembre 28th, 2014<\/span><span class=\"fusion-inline-sep\">|<\/span><span class=\"fusion-comments\"><span>Commentaires ferm\u00e9s<span class=\"screen-reader-text\"> sur Private Jet Charter Guide<\/span><\/span><\/span><\/p><p>Private Jet Charter\u00a0Guide Part 1 Private Jet Charter\u00a0is a term given to the full rental of a private aircraft for a limited duration (usually the duration of the trip in question) but there are a<\/p><\/div><\/article><article class=\"post fusion-column column col col-lg-3 col-md-3 col-sm-3\"><div class=\"fusion-flexslider fusion-flexslider-loading flexslider flexslider-hover-type-none\"><ul class=\"slides\"><li><a href=\"https:\/\/www.aircharter.com\/fr\/last-minute-charters-for-thanksgiving\/\" aria-label=\"Last Minute Charters for Thanksgiving\" class=\"hover-type-none\"><img decoding=\"async\" width=\"700\" height=\"441\" src=\"https:\/\/www.aircharter.com\/wp-content\/uploads\/2013\/12\/learjet-60-700x441.jpg\" class=\"attachment-recent-posts size-recent-posts\" alt=\"\" srcset=\"https:\/\/www.aircharter.com\/wp-content\/uploads\/2013\/12\/learjet-60-320x202.jpg 320w, https:\/\/www.aircharter.com\/wp-content\/uploads\/2013\/12\/learjet-60-700x441.jpg 700w\" sizes=\"(max-width: 700px) 100vw, 700px\" \/><\/a><\/li><\/ul><\/div><div class=\"recent-posts-content\"><h4 class=\"\"><a href=\"https:\/\/www.aircharter.com\/fr\/last-minute-charters-for-thanksgiving\/\">Last Minute Charters for Thanksgiving<\/a><\/h4><p class=\"meta\"><span>novembre 27th, 2014<\/span><span class=\"fusion-inline-sep\">|<\/span><span class=\"fusion-comments\"><span>Commentaires ferm\u00e9s<span class=\"screen-reader-text\"> sur Last Minute Charters for Thanksgiving<\/span><\/span><\/span><\/p><p>Last Minute Charters for Thanksgiving\u00a0are available from aircharter.com. Very soon, families will sit down for Thanksgiving weekend! If you\u2019re interested in flying, this would be the best time to book your charter to travel anywhere<\/p><\/div><\/article><article class=\"post fusion-column column col col-lg-3 col-md-3 col-sm-3\"><div class=\"fusion-flexslider fusion-flexslider-loading flexslider flexslider-hover-type-none\"><ul class=\"slides\"><li><a href=\"https:\/\/www.aircharter.com\/fr\/private-flights-to-daytona-beach\/\" aria-label=\"Private Flights to Daytona Beach\" class=\"hover-type-none\"><img decoding=\"async\" width=\"700\" height=\"433\" src=\"https:\/\/www.aircharter.com\/wp-content\/uploads\/2014\/11\/daytona-beach2-700x433.jpg\" class=\"attachment-recent-posts size-recent-posts\" alt=\"Daytona Beach International Airport\" \/><\/a><\/li><\/ul><\/div><div class=\"recent-posts-content\"><h4 class=\"\"><a href=\"https:\/\/www.aircharter.com\/fr\/private-flights-to-daytona-beach\/\">Private Flights to Daytona Beach<\/a><\/h4><p class=\"meta\"><span>novembre 24th, 2014<\/span><span class=\"fusion-inline-sep\">|<\/span><span class=\"fusion-comments\"><span>Commentaires ferm\u00e9s<span class=\"screen-reader-text\"> sur Private Flights to Daytona Beach<\/span><\/span><\/span><\/p><p>Private Flights to Daytona Beach Daytona Beach International Airport, although being an international airport, is one of the highest traffic airports for private flights. With Four FBOs (fixed base operators) and 8 flight schools on<\/p><\/div><\/article><article class=\"post fusion-column column col col-lg-3 col-md-3 col-sm-3\"><div class=\"fusion-flexslider fusion-flexslider-loading flexslider flexslider-hover-type-none\"><ul class=\"slides\"><li><a href=\"https:\/\/www.aircharter.com\/fr\/piaggio-p180-avanti\/\" aria-label=\"Piaggio P180 Avanti\" class=\"hover-type-none\"><img decoding=\"async\" width=\"700\" height=\"441\" src=\"https:\/\/www.aircharter.com\/wp-content\/uploads\/2014\/11\/p180-avanti-700x441.jpg\" class=\"attachment-recent-posts size-recent-posts\" alt=\"p180 avanti\" srcset=\"https:\/\/www.aircharter.com\/wp-content\/uploads\/2014\/11\/p180-avanti-320x202.jpg 320w, https:\/\/www.aircharter.com\/wp-content\/uploads\/2014\/11\/p180-avanti-700x441.jpg 700w\" sizes=\"(max-width: 700px) 100vw, 700px\" \/><\/a><\/li><\/ul><\/div><div class=\"recent-posts-content\"><h4 class=\"\"><a href=\"https:\/\/www.aircharter.com\/fr\/piaggio-p180-avanti\/\">Piaggio P180 Avanti<\/a><\/h4><p class=\"meta\"><span>novembre 22nd, 2014<\/span><span class=\"fusion-inline-sep\">|<\/span><span class=\"fusion-comments\"><span>Commentaires ferm\u00e9s<span class=\"screen-reader-text\"> sur Piaggio P180 Avanti<\/span><\/span><\/span><\/p><p>Aircraft of the Week - Piaggio P180 Avanti The Piaggio P180 Avanti is a unique aircraft, loved by many, ridiculed by others. Those who have seen the P180 Avanti in person have realized how beautiful<\/p><\/div><\/article><article class=\"post fusion-column column col col-lg-3 col-md-3 col-sm-3\"><div class=\"fusion-flexslider fusion-flexslider-loading flexslider flexslider-hover-type-none\"><ul class=\"slides\"><li><a href=\"https:\/\/www.aircharter.com\/fr\/private-jets-to-las-vegas\/\" aria-label=\"Private Charter Flights to Las Vegas\" class=\"hover-type-none\"><img decoding=\"async\" width=\"700\" height=\"423\" src=\"https:\/\/www.aircharter.com\/wp-content\/uploads\/2014\/11\/las-vegas-700x423.jpg\" class=\"attachment-recent-posts size-recent-posts\" alt=\"las vegas\" \/><\/a><\/li><\/ul><\/div><div class=\"recent-posts-content\"><h4 class=\"\"><a href=\"https:\/\/www.aircharter.com\/fr\/private-jets-to-las-vegas\/\">Private Charter Flights to Las Vegas<\/a><\/h4><p class=\"meta\"><span>novembre 20th, 2014<\/span><span class=\"fusion-inline-sep\">|<\/span><span class=\"fusion-comments\"><span>Commentaires ferm\u00e9s<span class=\"screen-reader-text\"> sur Private Charter Flights to Las Vegas<\/span><\/span><\/span><\/p><p>Private Charter Flights to Las Vegas If you have flown to the Las Vegas area, it is more than likely you have seen McCarran International Airport. McCarran International Airport or LAS as per it\u2019s given<\/p><\/div><\/article><article class=\"post fusion-column column col col-lg-3 col-md-3 col-sm-3\"><div class=\"fusion-flexslider fusion-flexslider-loading flexslider flexslider-hover-type-none\"><ul class=\"slides\"><li><a href=\"https:\/\/www.aircharter.com\/fr\/gulfstream-jet-specifications-and-charter-info-2\/\" aria-label=\"Gulfstream Jet Specifications and Charter Info\" class=\"hover-type-none\"><img decoding=\"async\" width=\"700\" height=\"441\" src=\"https:\/\/www.aircharter.com\/wp-content\/uploads\/2014\/01\/G550_03-700x441.jpg\" class=\"attachment-recent-posts size-recent-posts\" alt=\"Gulfstream\" srcset=\"https:\/\/www.aircharter.com\/wp-content\/uploads\/2014\/01\/G550_03-320x202.jpg 320w, https:\/\/www.aircharter.com\/wp-content\/uploads\/2014\/01\/G550_03-700x441.jpg 700w\" sizes=\"(max-width: 700px) 100vw, 700px\" \/><\/a><\/li><\/ul><\/div><div class=\"recent-posts-content\"><h4 class=\"\"><a href=\"https:\/\/www.aircharter.com\/fr\/gulfstream-jet-specifications-and-charter-info-2\/\">Gulfstream Jet Specifications and Charter Info<\/a><\/h4><p class=\"meta\"><span>novembre 19th, 2014<\/span><span class=\"fusion-inline-sep\">|<\/span><span class=\"fusion-comments\"><span>Commentaires ferm\u00e9s<span class=\"screen-reader-text\"> sur Gulfstream Jet Specifications and Charter Info<\/span><\/span><\/span><\/p><p>Gulfstream Jet\u00a0Specifications and\u00a0Charter Info Gulfstream jets are very common jets in the industry, nearly as common as lear\u00a0jets\u00a0for smaller flights, and much more popular as aircraft for longer ranged flights. Gulfstream\u2019s ability to produce amazing<\/p><\/div><\/article><article class=\"post fusion-column column col col-lg-3 col-md-3 col-sm-3\"><div class=\"fusion-flexslider fusion-flexslider-loading flexslider flexslider-hover-type-none\"><ul class=\"slides\"><li><a href=\"https:\/\/www.aircharter.com\/fr\/gulfstream-jet-specifications-and-charter-info\/\" aria-label=\"Gulfstream Jet Specifications and Charter Info\" class=\"hover-type-none\"><img decoding=\"async\" width=\"700\" height=\"441\" src=\"https:\/\/www.aircharter.com\/wp-content\/uploads\/2014\/01\/G550_03-700x441.jpg\" class=\"attachment-recent-posts size-recent-posts\" alt=\"Gulfstream\" srcset=\"https:\/\/www.aircharter.com\/wp-content\/uploads\/2014\/01\/G550_03-320x202.jpg 320w, https:\/\/www.aircharter.com\/wp-content\/uploads\/2014\/01\/G550_03-700x441.jpg 700w\" sizes=\"(max-width: 700px) 100vw, 700px\" \/><\/a><\/li><\/ul><\/div><div class=\"recent-posts-content\"><h4 class=\"\"><a href=\"https:\/\/www.aircharter.com\/fr\/gulfstream-jet-specifications-and-charter-info\/\">Gulfstream Jet Specifications and Charter Info<\/a><\/h4><p class=\"meta\"><span>novembre 19th, 2014<\/span><span class=\"fusion-inline-sep\">|<\/span><span class=\"fusion-comments\"><span>Commentaires ferm\u00e9s<span class=\"screen-reader-text\"> sur Gulfstream Jet Specifications and Charter Info<\/span><\/span><\/span><\/p><p>Gulfstream Jet\u00a0Specifications and\u00a0Charter Info Gulfstream jets are very common jets in the industry, nearly as common as lear\u00a0jets\u00a0for smaller flights, and much more popular as aircraft for longer ranged flights. Gulfstream\u2019s ability to produce amazing<\/p><\/div><\/article><article class=\"post fusion-column column col col-lg-3 col-md-3 col-sm-3\"><div class=\"fusion-flexslider fusion-flexslider-loading flexslider flexslider-hover-type-none\"><ul class=\"slides\"><li><a href=\"https:\/\/www.aircharter.com\/fr\/private-charter-flights-to-van-nuys-airport\/\" aria-label=\"Private Charter Flights to Van Nuys Airport\" class=\"hover-type-none\"><img decoding=\"async\" width=\"700\" height=\"406\" src=\"https:\/\/www.aircharter.com\/wp-content\/uploads\/2014\/11\/van-nuys1-700x406.jpg\" class=\"attachment-recent-posts size-recent-posts\" alt=\"van nuys\" \/><\/a><\/li><\/ul><\/div><div class=\"recent-posts-content\"><h4 class=\"\"><a href=\"https:\/\/www.aircharter.com\/fr\/private-charter-flights-to-van-nuys-airport\/\">Private Charter Flights to Van Nuys Airport<\/a><\/h4><p class=\"meta\"><span>novembre 17th, 2014<\/span><span class=\"fusion-inline-sep\">|<\/span><span class=\"fusion-comments\"><span>Commentaires ferm\u00e9s<span class=\"screen-reader-text\"> sur Private Charter Flights to Van Nuys Airport<\/span><\/span><\/span><\/p><p>Private Charter Flights to Van Nuys Airport Just as Teterboro is the major charter hub for the northeastern united states, Van Nuys\u00a0Airport in Los Angeles is the most common executive airport in the southwest. Averaging<\/p><\/div><\/article><article class=\"post fusion-column column col col-lg-3 col-md-3 col-sm-3\"><div class=\"fusion-flexslider fusion-flexslider-loading flexslider flexslider-hover-type-none\"><ul class=\"slides\"><li><a href=\"https:\/\/www.aircharter.com\/fr\/bbj-boeing-business-jet\/\" aria-label=\"Boeing Business Jet\" class=\"hover-type-none\"><img decoding=\"async\" width=\"700\" height=\"441\" src=\"https:\/\/www.aircharter.com\/wp-content\/uploads\/2014\/11\/BBJ-700x441.jpg\" class=\"attachment-recent-posts size-recent-posts\" alt=\"BBJ\" srcset=\"https:\/\/www.aircharter.com\/wp-content\/uploads\/2014\/11\/BBJ-320x202.jpg 320w, https:\/\/www.aircharter.com\/wp-content\/uploads\/2014\/11\/BBJ-700x441.jpg 700w\" sizes=\"(max-width: 700px) 100vw, 700px\" \/><\/a><\/li><\/ul><\/div><div class=\"recent-posts-content\"><h4 class=\"\"><a href=\"https:\/\/www.aircharter.com\/fr\/bbj-boeing-business-jet\/\">Boeing Business Jet<\/a><\/h4><p class=\"meta\"><span>novembre 15th, 2014<\/span><span class=\"fusion-inline-sep\">|<\/span><span class=\"fusion-comments\"><span>Commentaires ferm\u00e9s<span class=\"screen-reader-text\"> sur Boeing Business Jet<\/span><\/span><\/span><\/p><p>Aircraft of the Week - Boeing Business Jet \u00a0 The Boeing Business Jet is a VIP configured airliner which can be assigned to many platforms. Boeing BBJs are usually Boeing 737s although many other variants<\/p><\/div><\/article><article class=\"post fusion-column column col col-lg-3 col-md-3 col-sm-3\"><div class=\"fusion-flexslider fusion-flexslider-loading flexslider flexslider-hover-type-none\"><ul class=\"slides\"><li><a href=\"https:\/\/www.aircharter.com\/fr\/abu-dhabi-grand-prix-2014\/\" aria-label=\"Private flights to the 2014 Formula 1 Abu Dhabi Grand Prix\" class=\"hover-type-none\"><img decoding=\"async\" width=\"700\" height=\"441\" src=\"https:\/\/www.aircharter.com\/wp-content\/uploads\/2014\/11\/grand-prix-700x441.jpg\" class=\"attachment-recent-posts size-recent-posts\" alt=\"grand prix\" srcset=\"https:\/\/www.aircharter.com\/wp-content\/uploads\/2014\/11\/grand-prix-320x202.jpg 320w, https:\/\/www.aircharter.com\/wp-content\/uploads\/2014\/11\/grand-prix-700x441.jpg 700w\" sizes=\"(max-width: 700px) 100vw, 700px\" \/><\/a><\/li><\/ul><\/div><div class=\"recent-posts-content\"><h4 class=\"\"><a href=\"https:\/\/www.aircharter.com\/fr\/abu-dhabi-grand-prix-2014\/\">Private flights to the 2014 Formula 1 Abu Dhabi Grand Prix<\/a><\/h4><p class=\"meta\"><span>novembre 13th, 2014<\/span><span class=\"fusion-inline-sep\">|<\/span><span class=\"fusion-comments\"><span>Commentaires ferm\u00e9s<span class=\"screen-reader-text\"> sur Private flights to the 2014 Formula 1 Abu Dhabi Grand Prix<\/span><\/span><\/span><\/p><p>Private flights to the 2014 Formula 1 Abu Dhabi Grand Prix Starting with practice races on Friday November 21 to the final race on Sunday November 23rd, this year\u2019s final Formula 1 Grand Prix is<\/p><\/div><\/article><article class=\"post fusion-column column col col-lg-3 col-md-3 col-sm-3\"><div class=\"fusion-flexslider fusion-flexslider-loading flexslider flexslider-hover-type-none\"><ul class=\"slides\"><li><a href=\"https:\/\/www.aircharter.com\/fr\/cessna-citation-series-explained\/\" aria-label=\"Cessna Citation series explained\" class=\"hover-type-none\"><img decoding=\"async\" width=\"700\" height=\"441\" src=\"https:\/\/www.aircharter.com\/wp-content\/uploads\/2014\/11\/citation-x-700x441.jpg\" class=\"attachment-recent-posts size-recent-posts\" alt=\"private jet charter\" srcset=\"https:\/\/www.aircharter.com\/wp-content\/uploads\/2014\/11\/citation-x-320x202.jpg 320w, https:\/\/www.aircharter.com\/wp-content\/uploads\/2014\/11\/citation-x-700x441.jpg 700w\" sizes=\"(max-width: 700px) 100vw, 700px\" \/><\/a><\/li><\/ul><\/div><div class=\"recent-posts-content\"><h4 class=\"\"><a href=\"https:\/\/www.aircharter.com\/fr\/cessna-citation-series-explained\/\">Cessna Citation series explained<\/a><\/h4><p class=\"meta\"><span>novembre 12th, 2014<\/span><span class=\"fusion-inline-sep\">|<\/span><span class=\"fusion-comments\"><span>Commentaires ferm\u00e9s<span class=\"screen-reader-text\"> sur Cessna Citation series explained<\/span><\/span><\/span><\/p><p>Understanding the Cessna Citation series The Cessna Citation series is well known for a wide range of light and mid sized jets, all with the Citation nomenclature. Though things may get confusing for some travelers<\/p><\/div><\/article><article class=\"post fusion-column column col col-lg-3 col-md-3 col-sm-3\"><div class=\"fusion-flexslider fusion-flexslider-loading flexslider flexslider-hover-type-none\"><ul class=\"slides\"><li><a href=\"https:\/\/www.aircharter.com\/fr\/teterboro-nj\/\" aria-label=\"Private flights to Teterboro\" class=\"hover-type-none\"><img decoding=\"async\" width=\"700\" height=\"433\" src=\"https:\/\/www.aircharter.com\/wp-content\/uploads\/2014\/11\/Teterboro-700x433.jpg\" class=\"attachment-recent-posts size-recent-posts\" alt=\"\" \/><\/a><\/li><\/ul><\/div><div class=\"recent-posts-content\"><h4 class=\"\"><a href=\"https:\/\/www.aircharter.com\/fr\/teterboro-nj\/\">Private flights to Teterboro<\/a><\/h4><p class=\"meta\"><span>novembre 11th, 2014<\/span><span class=\"fusion-inline-sep\">|<\/span><span class=\"fusion-comments\"><span>Commentaires ferm\u00e9s<span class=\"screen-reader-text\"> sur Private flights to Teterboro<\/span><\/span><\/span><\/p><p>Private flights to Teterboro Airport Teterboro NJ, 8 miles from Manhattan, this is the go-to airport for travelers heading into the New York City area. Teterboro airport (KTEB) features two runways, 6,015 ft long and<\/p><\/div><\/article><article class=\"post fusion-column column col col-lg-3 col-md-3 col-sm-3\"><div class=\"fusion-flexslider fusion-flexslider-loading flexslider flexslider-hover-type-none\"><ul class=\"slides\"><li><a href=\"https:\/\/www.aircharter.com\/fr\/aotw-eclipse-550\/\" aria-label=\"Eclipse 550\" class=\"hover-type-none\"><img decoding=\"async\" width=\"700\" height=\"441\" src=\"https:\/\/www.aircharter.com\/wp-content\/uploads\/2014\/11\/Eclipse-550-700x441.jpg\" class=\"attachment-recent-posts size-recent-posts\" alt=\"Eclipse 550\" srcset=\"https:\/\/www.aircharter.com\/wp-content\/uploads\/2014\/11\/Eclipse-550-320x202.jpg 320w, https:\/\/www.aircharter.com\/wp-content\/uploads\/2014\/11\/Eclipse-550-700x441.jpg 700w\" sizes=\"(max-width: 700px) 100vw, 700px\" \/><\/a><\/li><\/ul><\/div><div class=\"recent-posts-content\"><h4 class=\"\"><a href=\"https:\/\/www.aircharter.com\/fr\/aotw-eclipse-550\/\">Eclipse 550<\/a><\/h4><p class=\"meta\"><span>novembre 8th, 2014<\/span><span class=\"fusion-inline-sep\">|<\/span><span class=\"fusion-comments\"><span>Commentaires ferm\u00e9s<span class=\"screen-reader-text\"> sur Eclipse 550<\/span><\/span><\/span><\/p><p>Saturdays Aircraft of the Week - Eclipse 550 The Eclipse 550 is a 4 passenger VLJ (very light jet) capable of flying 1,125 nmi at a maximum cruise speed of 430 mph. A max range<\/p><\/div><\/article><article class=\"post fusion-column column col col-lg-3 col-md-3 col-sm-3\"><div class=\"fusion-flexslider fusion-flexslider-loading flexslider flexslider-hover-type-none\"><ul class=\"slides\"><li><a href=\"https:\/\/www.aircharter.com\/fr\/are-fuel-stops-worth-it\/\" aria-label=\"Are fuel stops worth it?\" class=\"hover-type-none\"><img decoding=\"async\" width=\"700\" height=\"441\" src=\"https:\/\/www.aircharter.com\/wp-content\/uploads\/2014\/11\/fuel-stop-700x441.jpg\" class=\"attachment-recent-posts size-recent-posts\" alt=\"fuel stop\" srcset=\"https:\/\/www.aircharter.com\/wp-content\/uploads\/2014\/11\/fuel-stop-320x202.jpg 320w, https:\/\/www.aircharter.com\/wp-content\/uploads\/2014\/11\/fuel-stop-700x441.jpg 700w\" sizes=\"(max-width: 700px) 100vw, 700px\" \/><\/a><\/li><\/ul><\/div><div class=\"recent-posts-content\"><h4 class=\"\"><a href=\"https:\/\/www.aircharter.com\/fr\/are-fuel-stops-worth-it\/\">Are fuel stops worth it?<\/a><\/h4><p class=\"meta\"><span>novembre 7th, 2014<\/span><span class=\"fusion-inline-sep\">|<\/span><span class=\"fusion-comments\"><span>Commentaires ferm\u00e9s<span class=\"screen-reader-text\"> sur Are fuel stops worth it?<\/span><\/span><\/span><\/p><p>Are fuel stops worth it? A great deal of our customers understand that flying without a fuel stop is the best way to fly. But this isn\u2019t just in terms of time saving, flying without<\/p><\/div><\/article><article class=\"post fusion-column column col col-lg-3 col-md-3 col-sm-3\"><div class=\"fusion-flexslider fusion-flexslider-loading flexslider flexslider-hover-type-none\"><ul class=\"slides\"><li><a href=\"https:\/\/www.aircharter.com\/fr\/how-airport-availability-works\/\" aria-label=\"How airport availability works\" class=\"hover-type-none\"><img decoding=\"async\" width=\"700\" height=\"432\" src=\"https:\/\/www.aircharter.com\/wp-content\/uploads\/2014\/11\/airport-availability-700x432.jpg\" class=\"attachment-recent-posts size-recent-posts\" alt=\"Private Jet\" \/><\/a><\/li><\/ul><\/div><div class=\"recent-posts-content\"><h4 class=\"\"><a href=\"https:\/\/www.aircharter.com\/fr\/how-airport-availability-works\/\">How airport availability works<\/a><\/h4><p class=\"meta\"><span>novembre 5th, 2014<\/span><span class=\"fusion-inline-sep\">|<\/span><span class=\"fusion-comments\"><span>Commentaires ferm\u00e9s<span class=\"screen-reader-text\"> sur How airport availability works<\/span><\/span><\/span><\/p><p>How\u00a0does\u00a0airport availability work? Flying private air charter flights, airport availability becomes much more important than with commercial flights. Commercial flights are planned on an airtight schedule, though the aircraft departure and arrival times may greatly<\/p><\/div><\/article><article class=\"post fusion-column column col col-lg-3 col-md-3 col-sm-3\"><div class=\"fusion-flexslider fusion-flexslider-loading flexslider flexslider-hover-type-none\"><ul class=\"slides\"><li><a href=\"https:\/\/www.aircharter.com\/fr\/ultra-long-range-jet-roundup\/\" aria-label=\"Ultra long range jet roundup\" class=\"hover-type-none\"><img decoding=\"async\" width=\"700\" height=\"441\" src=\"https:\/\/www.aircharter.com\/wp-content\/uploads\/2014\/10\/G650-EXT-700x441.jpg\" class=\"attachment-recent-posts size-recent-posts\" alt=\"ong range jets\" srcset=\"https:\/\/www.aircharter.com\/wp-content\/uploads\/2014\/10\/G650-EXT-320x202.jpg 320w, https:\/\/www.aircharter.com\/wp-content\/uploads\/2014\/10\/G650-EXT-700x441.jpg 700w\" sizes=\"(max-width: 700px) 100vw, 700px\" \/><\/a><\/li><\/ul><\/div><div class=\"recent-posts-content\"><h4 class=\"\"><a href=\"https:\/\/www.aircharter.com\/fr\/ultra-long-range-jet-roundup\/\">Ultra long range jet roundup<\/a><\/h4><p class=\"meta\"><span>octobre 30th, 2014<\/span><span class=\"fusion-inline-sep\">|<\/span><span class=\"fusion-comments\"><span>Commentaires ferm\u00e9s<span class=\"screen-reader-text\"> sur Ultra long range jet roundup<\/span><\/span><\/span><\/p><p>Aircharter's ultra long range jet roundup Long range jets are the best way to travel in larger groups (8-18) passengers while eliminating as many fuel stops as possible. Long range jets are known for their<\/p><\/div><\/article><article class=\"post fusion-column column col col-lg-3 col-md-3 col-sm-3\"><div class=\"fusion-flexslider fusion-flexslider-loading flexslider flexslider-hover-type-none\"><ul class=\"slides\"><li><a href=\"https:\/\/www.aircharter.com\/fr\/empty-legs-october-31st-to-november-30th\/\" aria-label=\"Empty Legs &#8211; October 31st to November 30th\" class=\"hover-type-none\"><img decoding=\"async\" width=\"700\" height=\"432\" src=\"https:\/\/www.aircharter.com\/wp-content\/uploads\/2014\/10\/global_express_ext2-700x432.jpg\" class=\"attachment-recent-posts size-recent-posts\" alt=\"empty legs\" \/><\/a><\/li><\/ul><\/div><div class=\"recent-posts-content\"><h4 class=\"\"><a href=\"https:\/\/www.aircharter.com\/fr\/empty-legs-october-31st-to-november-30th\/\">Empty Legs &#8211; October 31st to November 30th<\/a><\/h4><p class=\"meta\"><span>octobre 29th, 2014<\/span><span class=\"fusion-inline-sep\">|<\/span><span class=\"fusion-comments\"><span>Commentaires ferm\u00e9s<span class=\"screen-reader-text\"> sur Empty Legs &#8211; October 31st to November 30th<\/span><\/span><\/span><\/p><p>Empty Legs - October 31st to November\u00a030th Aircharter.com is pleased to announce its 9 hottest empty leg offers. We offer thousands of empty legs via our booking engine, but the Aircharter team has compiled a<\/p><\/div><\/article><article class=\"post fusion-column column col col-lg-3 col-md-3 col-sm-3\"><div class=\"recent-posts-content\"><h4 class=\"\"><a href=\"https:\/\/www.aircharter.com\/fr\/what-is-public-charter\/\">What is Public Charter?<\/a><\/h4><p class=\"meta\"><span>octobre 27th, 2014<\/span><span class=\"fusion-inline-sep\">|<\/span><span class=\"fusion-comments\"><span>Commentaires ferm\u00e9s<span class=\"screen-reader-text\"> sur What is Public Charter?<\/span><\/span><\/span><\/p><p> Public Charter Express Boarding from the FBO directly on-board. NO MORE LONG CHECK INS &amp; TSA LINES  What is a Public Charter? Unlike a regular charter flight where you lease\/ rent an entire<\/p><\/div><\/article><article class=\"post fusion-column column col col-lg-3 col-md-3 col-sm-3\"><div class=\"fusion-flexslider fusion-flexslider-loading flexslider flexslider-hover-type-none\"><ul class=\"slides\"><li><a href=\"https:\/\/www.aircharter.com\/fr\/large-group-catering\/\" aria-label=\"Large group catering\" class=\"hover-type-none\"><img decoding=\"async\" width=\"700\" height=\"441\" src=\"https:\/\/www.aircharter.com\/wp-content\/uploads\/2014\/10\/airlinercatering-700x441.jpg\" class=\"attachment-recent-posts size-recent-posts\" alt=\"\" srcset=\"https:\/\/www.aircharter.com\/wp-content\/uploads\/2014\/10\/airlinercatering-320x202.jpg 320w, https:\/\/www.aircharter.com\/wp-content\/uploads\/2014\/10\/airlinercatering-700x441.jpg 700w\" sizes=\"(max-width: 700px) 100vw, 700px\" \/><\/a><\/li><\/ul><\/div><div class=\"recent-posts-content\"><h4 class=\"\"><a href=\"https:\/\/www.aircharter.com\/fr\/large-group-catering\/\">Large group catering<\/a><\/h4><p class=\"meta\"><span>octobre 27th, 2014<\/span><span class=\"fusion-inline-sep\">|<\/span><span class=\"fusion-comments\"><span>Commentaires ferm\u00e9s<span class=\"screen-reader-text\"> sur Large group catering<\/span><\/span><\/span><\/p><p>Large group catering Another Aircharter group catering menu has been revealed. This menu is specific to a VIP configured Boeing 737-800 for 68 passengers. Aircharter has organized large scale catering for groups surpassing 1000 passengers.<\/p><\/div><\/article><article class=\"post fusion-column column col col-lg-3 col-md-3 col-sm-3\"><div class=\"fusion-flexslider fusion-flexslider-loading flexslider flexslider-hover-type-none\"><ul class=\"slides\"><li><a href=\"https:\/\/www.aircharter.com\/fr\/bombadiers-learjet-roundup\/\" aria-label=\"Aircharter&rsquo;s Learjet roundup\" class=\"hover-type-none\"><img decoding=\"async\" width=\"700\" height=\"441\" src=\"https:\/\/www.aircharter.com\/wp-content\/uploads\/2014\/10\/lear-85-700x441.jpeg\" class=\"attachment-recent-posts size-recent-posts\" alt=\"learjet 85\" srcset=\"https:\/\/www.aircharter.com\/wp-content\/uploads\/2014\/10\/lear-85-320x202.jpeg 320w, https:\/\/www.aircharter.com\/wp-content\/uploads\/2014\/10\/lear-85-700x441.jpeg 700w\" sizes=\"(max-width: 700px) 100vw, 700px\" \/><\/a><\/li><\/ul><\/div><div class=\"recent-posts-content\"><h4 class=\"\"><a href=\"https:\/\/www.aircharter.com\/fr\/bombadiers-learjet-roundup\/\">Aircharter&rsquo;s Learjet roundup<\/a><\/h4><p class=\"meta\"><span>octobre 24th, 2014<\/span><span class=\"fusion-inline-sep\">|<\/span><span class=\"fusion-comments\"><span>Commentaires ferm\u00e9s<span class=\"screen-reader-text\"> sur Aircharter&rsquo;s Learjet roundup<\/span><\/span><\/span><\/p><p>Aircharter's Learjet roundup Bombardier\u2019s immense line of lear jets especially catered for 7 to 9 passengers, covers a wide range of aircraft, all with specific features and cabin styles. Bombardier currently sells the Learjet 70,<\/p><\/div><\/article><article class=\"post fusion-column column col col-lg-3 col-md-3 col-sm-3\"><div class=\"fusion-flexslider fusion-flexslider-loading flexslider flexslider-hover-type-none\"><ul class=\"slides\"><li><a href=\"https:\/\/www.aircharter.com\/fr\/nbaa-2014-roundup\/\" aria-label=\"NBAA 2014 Roundup\" class=\"hover-type-none\"><img decoding=\"async\" width=\"700\" height=\"441\" src=\"https:\/\/www.aircharter.com\/wp-content\/uploads\/2014\/10\/lear-85-700x441.jpg\" class=\"attachment-recent-posts size-recent-posts\" alt=\"NBAA 2014 lear-85\" srcset=\"https:\/\/www.aircharter.com\/wp-content\/uploads\/2014\/10\/lear-85-320x202.jpg 320w, https:\/\/www.aircharter.com\/wp-content\/uploads\/2014\/10\/lear-85-700x441.jpg 700w\" sizes=\"(max-width: 700px) 100vw, 700px\" \/><\/a><\/li><\/ul><\/div><div class=\"recent-posts-content\"><h4 class=\"\"><a href=\"https:\/\/www.aircharter.com\/fr\/nbaa-2014-roundup\/\">NBAA 2014 Roundup<\/a><\/h4><p class=\"meta\"><span>octobre 23rd, 2014<\/span><span class=\"fusion-inline-sep\">|<\/span><span class=\"fusion-comments\"><span>Commentaires ferm\u00e9s<span class=\"screen-reader-text\"> sur NBAA 2014 Roundup<\/span><\/span><\/span><\/p><p>NBAA 2014 News Roundup Aircharter is proud to announce the hottest events that sparked our attention from NBAA 2014. The National Business Aviation Association's annual show is being held in Orlando, FL from October 21st<\/p><\/div><\/article><article class=\"post fusion-column column col col-lg-3 col-md-3 col-sm-3\"><div class=\"fusion-flexslider fusion-flexslider-loading flexslider flexslider-hover-type-none\"><ul class=\"slides\"><li><a href=\"https:\/\/www.aircharter.com\/fr\/aircharter-com-launches-version-ii-of-its-echarterconnect-software\/\" aria-label=\"Aircharter.com launches version II of it&rsquo;s echarterconnect software\" class=\"hover-type-none\"><img decoding=\"async\" width=\"700\" height=\"441\" src=\"https:\/\/www.aircharter.com\/wp-content\/uploads\/2014\/10\/bookingengine-700x441.jpg\" class=\"attachment-recent-posts size-recent-posts\" alt=\"\" srcset=\"https:\/\/www.aircharter.com\/wp-content\/uploads\/2014\/10\/bookingengine-320x202.jpg 320w, https:\/\/www.aircharter.com\/wp-content\/uploads\/2014\/10\/bookingengine-700x441.jpg 700w\" sizes=\"(max-width: 700px) 100vw, 700px\" \/><\/a><\/li><\/ul><\/div><div class=\"recent-posts-content\"><h4 class=\"\"><a href=\"https:\/\/www.aircharter.com\/fr\/aircharter-com-launches-version-ii-of-its-echarterconnect-software\/\">Aircharter.com launches version II of it&rsquo;s echarterconnect software<\/a><\/h4><p class=\"meta\"><span>octobre 21st, 2014<\/span><span class=\"fusion-inline-sep\">|<\/span><span class=\"fusion-comments\"><span>Commentaires ferm\u00e9s<span class=\"screen-reader-text\"> sur Aircharter.com launches version II of it&rsquo;s echarterconnect software<\/span><\/span><\/span><\/p><p>This means instant online pricing for customers New York City, Oct 21, 2014\/Aircharter.com LLC\/- Aircharter, known for echarterconnect software, has offered an online booking engine to calculate pricing on private jets for years now, calculating<\/p><\/div><\/article><article class=\"post fusion-column column col col-lg-3 col-md-3 col-sm-3\"><div class=\"fusion-flexslider fusion-flexslider-loading flexslider flexslider-hover-type-none\"><ul class=\"slides\"><li><a href=\"https:\/\/www.aircharter.com\/fr\/empty-legs-october-17th-to-october-24th\/\" aria-label=\"Empty Legs &#8211; October 17th to October 24th\" class=\"hover-type-none\"><img decoding=\"async\" width=\"600\" height=\"360\" src=\"https:\/\/www.aircharter.com\/wp-content\/uploads\/2014\/05\/G650ER.jpg\" class=\"attachment-recent-posts size-recent-posts\" alt=\"G650\" srcset=\"https:\/\/www.aircharter.com\/wp-content\/uploads\/2014\/05\/G650ER-300x180.jpg 300w, https:\/\/www.aircharter.com\/wp-content\/uploads\/2014\/05\/G650ER.jpg 600w\" sizes=\"(max-width: 600px) 100vw, 600px\" \/><\/a><\/li><\/ul><\/div><div class=\"recent-posts-content\"><h4 class=\"\"><a href=\"https:\/\/www.aircharter.com\/fr\/empty-legs-october-17th-to-october-24th\/\">Empty Legs &#8211; October 17th to October 24th<\/a><\/h4><p class=\"meta\"><span>octobre 16th, 2014<\/span><span class=\"fusion-inline-sep\">|<\/span><span class=\"fusion-comments\"><span>Commentaires ferm\u00e9s<span class=\"screen-reader-text\"> sur Empty Legs &#8211; October 17th to October 24th<\/span><\/span><\/span><\/p><p>Empty Legs - October 17th to October 24th Aircharter.com is pleased to announce its 9 hottest empty leg offers. We offer thousands of empty legs via our booking engine, but the Aircharter team has compiled<\/p><\/div><\/article><article class=\"post fusion-column column col col-lg-3 col-md-3 col-sm-3\"><div class=\"fusion-flexslider fusion-flexslider-loading flexslider flexslider-hover-type-none\"><ul class=\"slides\"><li><a href=\"https:\/\/www.aircharter.com\/fr\/gulfstream-g500-g600\/\" aria-label=\"Gulfstream announces G500 and G600\" class=\"hover-type-none\"><img decoding=\"async\" width=\"700\" height=\"441\" src=\"https:\/\/www.aircharter.com\/wp-content\/uploads\/2014\/10\/G600-700x441.jpg\" class=\"attachment-recent-posts size-recent-posts\" alt=\"private jet charter\" srcset=\"https:\/\/www.aircharter.com\/wp-content\/uploads\/2014\/10\/G600-320x202.jpg 320w, https:\/\/www.aircharter.com\/wp-content\/uploads\/2014\/10\/G600-700x441.jpg 700w\" sizes=\"(max-width: 700px) 100vw, 700px\" \/><\/a><\/li><\/ul><\/div><div class=\"recent-posts-content\"><h4 class=\"\"><a href=\"https:\/\/www.aircharter.com\/fr\/gulfstream-g500-g600\/\">Gulfstream announces G500 and G600<\/a><\/h4><p class=\"meta\"><span>octobre 15th, 2014<\/span><span class=\"fusion-inline-sep\">|<\/span><span class=\"fusion-comments\"><span>Commentaires ferm\u00e9s<span class=\"screen-reader-text\"> sur Gulfstream announces G500 and G600<\/span><\/span><\/span><\/p><p>Gulfstream announces G500 and G600 October 14, 2014 - Gulfstream today announced a new pair of high-end business jets: an all new G500 and G600 will be available for delivery in 2017 and 2019 respectively.<\/p><\/div><\/article><article class=\"post fusion-column column col col-lg-3 col-md-3 col-sm-3\"><div class=\"fusion-flexslider fusion-flexslider-loading flexslider flexslider-hover-type-none\"><ul class=\"slides\"><li><a href=\"https:\/\/www.aircharter.com\/fr\/super-bowl-2015\/\" aria-label=\"Super Bowl XLIX\" class=\"hover-type-none\"><img decoding=\"async\" width=\"700\" height=\"262\" src=\"https:\/\/www.aircharter.com\/wp-content\/uploads\/2014\/10\/super-bowl-700x262.jpg\" class=\"attachment-recent-posts size-recent-posts\" alt=\"super bowl\" \/><\/a><\/li><\/ul><\/div><div class=\"recent-posts-content\"><h4 class=\"\"><a href=\"https:\/\/www.aircharter.com\/fr\/super-bowl-2015\/\">Super Bowl XLIX<\/a><\/h4><p class=\"meta\"><span>octobre 13th, 2014<\/span><span class=\"fusion-inline-sep\">|<\/span><span class=\"fusion-comments\"><span>Commentaires ferm\u00e9s<span class=\"screen-reader-text\"> sur Super Bowl XLIX<\/span><\/span><\/span><\/p><p>Super Bowl XLIX February 1st, 2015: Watch history in the making when chartering a private jet to Glendale, AZ\u2019s University of Phoenix Stadium to watch Super Bowl XLIX. Eyewitness the second Super Bowl to be<\/p><\/div><\/article><article class=\"post fusion-column column col col-lg-3 col-md-3 col-sm-3\"><div class=\"fusion-flexslider fusion-flexslider-loading flexslider flexslider-hover-type-none\"><ul class=\"slides\"><li><a href=\"https:\/\/www.aircharter.com\/fr\/private-flights-to-the-caribbean\/\" aria-label=\"Private flights to the Caribbean\" class=\"hover-type-none\"><img decoding=\"async\" width=\"700\" height=\"441\" src=\"https:\/\/www.aircharter.com\/wp-content\/uploads\/2014\/10\/caribbean-700x441.jpg\" class=\"attachment-recent-posts size-recent-posts\" alt=\"caribbean\" srcset=\"https:\/\/www.aircharter.com\/wp-content\/uploads\/2014\/10\/caribbean-320x202.jpg 320w, https:\/\/www.aircharter.com\/wp-content\/uploads\/2014\/10\/caribbean-700x441.jpg 700w\" sizes=\"(max-width: 700px) 100vw, 700px\" \/><\/a><\/li><\/ul><\/div><div class=\"recent-posts-content\"><h4 class=\"\"><a href=\"https:\/\/www.aircharter.com\/fr\/private-flights-to-the-caribbean\/\">Private flights to the Caribbean<\/a><\/h4><p class=\"meta\"><span>octobre 8th, 2014<\/span><span class=\"fusion-inline-sep\">|<\/span><span class=\"fusion-comments\"><span>Commentaires ferm\u00e9s<span class=\"screen-reader-text\"> sur Private flights to the Caribbean<\/span><\/span><\/span><\/p><p>Private flights to the Caribbean Aircharter.com is responsible for thousands of trips to Caribbean destinations annually. With 30 years of private jet charter experience, Aircharter.com is your go-to destination for any private aircraft trips to<\/p><\/div><\/article><article class=\"post fusion-column column col col-lg-3 col-md-3 col-sm-3\"><div class=\"fusion-flexslider fusion-flexslider-loading flexslider flexslider-hover-type-none\"><ul class=\"slides\"><li><a href=\"https:\/\/www.aircharter.com\/fr\/safety\/\" aria-label=\"Our Views On Safety\" class=\"hover-type-none\"><img decoding=\"async\" width=\"700\" height=\"441\" src=\"https:\/\/www.aircharter.com\/wp-content\/uploads\/2014\/10\/Gulfstream_G550-700x441.jpg\" class=\"attachment-recent-posts size-recent-posts\" alt=\"Safety\" srcset=\"https:\/\/www.aircharter.com\/wp-content\/uploads\/2014\/10\/Gulfstream_G550-320x202.jpg 320w, https:\/\/www.aircharter.com\/wp-content\/uploads\/2014\/10\/Gulfstream_G550-700x441.jpg 700w\" sizes=\"(max-width: 700px) 100vw, 700px\" \/><\/a><\/li><\/ul><\/div><div class=\"recent-posts-content\"><h4 class=\"\"><a href=\"https:\/\/www.aircharter.com\/fr\/safety\/\">Our Views On Safety<\/a><\/h4><p class=\"meta\"><span>octobre 4th, 2014<\/span><span class=\"fusion-inline-sep\">|<\/span><span class=\"fusion-comments\"><span>Commentaires ferm\u00e9s<span class=\"screen-reader-text\"> sur Our Views On Safety<\/span><\/span><\/span><\/p><p>Our Views On Safety \u00a0 Air charter operators meet very stringent safety requirements set forth by the Federal Aviation Administration and other regulatory authorities worldwide. As a result, air charter is one of the safest<\/p><\/div><\/article><article class=\"post fusion-column column col col-lg-3 col-md-3 col-sm-3\"><div class=\"fusion-flexslider fusion-flexslider-loading flexslider flexslider-hover-type-none\"><ul class=\"slides\"><li><a href=\"https:\/\/www.aircharter.com\/fr\/special-catering\/\" aria-label=\"Special catering\" class=\"hover-type-none\"><img decoding=\"async\" width=\"700\" height=\"441\" src=\"https:\/\/www.aircharter.com\/wp-content\/uploads\/2014\/10\/airlinercatering-700x441.jpg\" class=\"attachment-recent-posts size-recent-posts\" alt=\"\" srcset=\"https:\/\/www.aircharter.com\/wp-content\/uploads\/2014\/10\/airlinercatering-320x202.jpg 320w, https:\/\/www.aircharter.com\/wp-content\/uploads\/2014\/10\/airlinercatering-700x441.jpg 700w\" sizes=\"(max-width: 700px) 100vw, 700px\" \/><\/a><\/li><\/ul><\/div><div class=\"recent-posts-content\"><h4 class=\"\"><a href=\"https:\/\/www.aircharter.com\/fr\/special-catering\/\">Special catering<\/a><\/h4><p class=\"meta\"><span>octobre 2nd, 2014<\/span><span class=\"fusion-inline-sep\">|<\/span><span class=\"fusion-comments\"><span>Commentaires ferm\u00e9s<span class=\"screen-reader-text\"> sur Special catering<\/span><\/span><\/span><\/p><p>Gourmet Catering for your Private Jet Flight \u00a0 With\u00a0AirCharter.com's Gourmet Catering, every day is a new opportunity to raise our standards of freshness, flavor, and culinary craft skills. We innovate relentlessly, searching for the finest<\/p><\/div><\/article><article class=\"post fusion-column column col col-lg-3 col-md-3 col-sm-3\"><div class=\"fusion-flexslider fusion-flexslider-loading flexslider flexslider-hover-type-none\"><ul class=\"slides\"><li><a href=\"https:\/\/www.aircharter.com\/fr\/private-cargo-charter\/\" aria-label=\"Private Cargo Charter\" class=\"hover-type-none\"><img decoding=\"async\" width=\"700\" height=\"441\" src=\"https:\/\/www.aircharter.com\/wp-content\/uploads\/2014\/09\/cargo1-700x441.jpg\" class=\"attachment-recent-posts size-recent-posts\" alt=\"cargo\" srcset=\"https:\/\/www.aircharter.com\/wp-content\/uploads\/2014\/09\/cargo1-320x202.jpg 320w, https:\/\/www.aircharter.com\/wp-content\/uploads\/2014\/09\/cargo1-700x441.jpg 700w\" sizes=\"(max-width: 700px) 100vw, 700px\" \/><\/a><\/li><\/ul><\/div><div class=\"recent-posts-content\"><h4 class=\"\"><a href=\"https:\/\/www.aircharter.com\/fr\/private-cargo-charter\/\">Private Cargo Charter<\/a><\/h4><p class=\"meta\"><span>septembre 30th, 2014<\/span><span class=\"fusion-inline-sep\">|<\/span><span class=\"fusion-comments\"><span>Commentaires ferm\u00e9s<span class=\"screen-reader-text\"> sur Private Cargo Charter<\/span><\/span><\/span><\/p><p>Private Cargo Charter \u00a0 There are many options for transporting your cargo on the market, but few offer the flexibility, speed, and safety of private cargo charter. Would you trust a standard shipping company with<\/p><\/div><\/article><article class=\"post fusion-column column col col-lg-3 col-md-3 col-sm-3\"><div class=\"fusion-flexslider fusion-flexslider-loading flexslider flexslider-hover-type-none\"><ul class=\"slides\"><li><a href=\"https:\/\/www.aircharter.com\/fr\/entertainment-industry-charter\/\" aria-label=\"Entertainment Industry Charter\" class=\"hover-type-none\"><img decoding=\"async\" width=\"700\" height=\"441\" src=\"https:\/\/www.aircharter.com\/wp-content\/uploads\/2014\/09\/Entertainment-industry-700x441.jpg\" class=\"attachment-recent-posts size-recent-posts\" alt=\"Entertainment industry\" srcset=\"https:\/\/www.aircharter.com\/wp-content\/uploads\/2014\/09\/Entertainment-industry-320x202.jpg 320w, https:\/\/www.aircharter.com\/wp-content\/uploads\/2014\/09\/Entertainment-industry-700x441.jpg 700w\" sizes=\"(max-width: 700px) 100vw, 700px\" \/><\/a><\/li><\/ul><\/div><div class=\"recent-posts-content\"><h4 class=\"\"><a href=\"https:\/\/www.aircharter.com\/fr\/entertainment-industry-charter\/\">Entertainment Industry Charter<\/a><\/h4><p class=\"meta\"><span>septembre 22nd, 2014<\/span><span class=\"fusion-inline-sep\">|<\/span><span class=\"fusion-comments\"><span>Commentaires ferm\u00e9s<span class=\"screen-reader-text\"> sur Entertainment Industry Charter<\/span><\/span><\/span><\/p><p>Entertainment Industry Charter Since 1996, AirCharter.com has provided online private jet\u00a0charter booking services to a wide array of customers, including the\u00a0entertainment industry, business and leisure travelers, sports teams and corporations worldwide. Through AirCharter\u2019s online booking<\/p><\/div><\/article><article class=\"post fusion-column column col col-lg-3 col-md-3 col-sm-3\"><div class=\"fusion-flexslider fusion-flexslider-loading flexslider flexslider-hover-type-none\"><ul class=\"slides\"><li><a href=\"https:\/\/www.aircharter.com\/fr\/charter-flights-to-hawaii\/\" aria-label=\"Charter flights to Hawaii\" class=\"hover-type-none\"><img decoding=\"async\" width=\"700\" height=\"441\" src=\"https:\/\/www.aircharter.com\/wp-content\/uploads\/2014\/09\/charter-flights-to-hawaii2-700x441.jpg\" class=\"attachment-recent-posts size-recent-posts\" alt=\"charter flights to hawaii\" srcset=\"https:\/\/www.aircharter.com\/wp-content\/uploads\/2014\/09\/charter-flights-to-hawaii2-320x202.jpg 320w, https:\/\/www.aircharter.com\/wp-content\/uploads\/2014\/09\/charter-flights-to-hawaii2-700x441.jpg 700w\" sizes=\"(max-width: 700px) 100vw, 700px\" \/><\/a><\/li><\/ul><\/div><div class=\"recent-posts-content\"><h4 class=\"\"><a href=\"https:\/\/www.aircharter.com\/fr\/charter-flights-to-hawaii\/\">Charter flights to Hawaii<\/a><\/h4><p class=\"meta\"><span>septembre 17th, 2014<\/span><span class=\"fusion-inline-sep\">|<\/span><span class=\"fusion-comments\"><span>Commentaires ferm\u00e9s<span class=\"screen-reader-text\"> sur Charter flights to Hawaii<\/span><\/span><\/span><\/p><p>Charter flights to Hawaii \u00a0 Now that summer traffic has almost dissipated entirely, it\u2019s time to find charter flights to Hawaii. Now keep in mind, many other tropical locations would probably offer a cost benefit<\/p><\/div><\/article><article class=\"post fusion-column column col col-lg-3 col-md-3 col-sm-3\"><div class=\"fusion-flexslider fusion-flexslider-loading flexslider flexslider-hover-type-none\"><ul class=\"slides\"><li><a href=\"https:\/\/www.aircharter.com\/fr\/what-is-private-jet-charter\/\" aria-label=\"What is Private Jet Charter?\" class=\"hover-type-none\"><img decoding=\"async\" width=\"700\" height=\"441\" src=\"https:\/\/www.aircharter.com\/wp-content\/uploads\/2014\/09\/private-jet-charter-700x441.jpg\" class=\"attachment-recent-posts size-recent-posts\" alt=\"Many have asked, what is private jet charter? What does charter entail? Air charter is easy enough to explain; Air charter is the business of renting an entire aircraft (i.e., chartering) as opposed to individual aircraft seats (i.e., purchasing a ticket through a traditional airline). While the airlines sp\" srcset=\"https:\/\/www.aircharter.com\/wp-content\/uploads\/2014\/09\/private-jet-charter-320x202.jpg 320w, https:\/\/www.aircharter.com\/wp-content\/uploads\/2014\/09\/private-jet-charter-700x441.jpg 700w\" sizes=\"(max-width: 700px) 100vw, 700px\" \/><\/a><\/li><\/ul><\/div><div class=\"recent-posts-content\"><h4 class=\"\"><a href=\"https:\/\/www.aircharter.com\/fr\/what-is-private-jet-charter\/\">What is Private Jet Charter?<\/a><\/h4><p class=\"meta\"><span>septembre 13th, 2014<\/span><span class=\"fusion-inline-sep\">|<\/span><span class=\"fusion-comments\"><span>Commentaires ferm\u00e9s<span class=\"screen-reader-text\"> sur What is Private Jet Charter?<\/span><\/span><\/span><\/p><p>What is Private Jet Charter? Many have asked, what is private jet charter? What does air charter entail? Air charter is easy enough to explain; Air charter or private jet charter is the business of<\/p><\/div><\/article><article class=\"post fusion-column column col col-lg-3 col-md-3 col-sm-3\"><div class=\"fusion-flexslider fusion-flexslider-loading flexslider flexslider-hover-type-none\"><ul class=\"slides\"><li><a href=\"https:\/\/www.aircharter.com\/fr\/private-golf-charter\/\" aria-label=\"Private Golf Charter\" class=\"hover-type-none\"><img decoding=\"async\" width=\"700\" height=\"300\" src=\"https:\/\/www.aircharter.com\/wp-content\/uploads\/2014\/09\/private-golf-charter-700x300.jpeg\" class=\"attachment-recent-posts size-recent-posts\" alt=\"private golf charter\" \/><\/a><\/li><\/ul><\/div><div class=\"recent-posts-content\"><h4 class=\"\"><a href=\"https:\/\/www.aircharter.com\/fr\/private-golf-charter\/\">Private Golf Charter<\/a><\/h4><p class=\"meta\"><span>septembre 4th, 2014<\/span><span class=\"fusion-inline-sep\">|<\/span><span class=\"fusion-comments\"><span>Commentaires ferm\u00e9s<span class=\"screen-reader-text\"> sur Private Golf Charter<\/span><\/span><\/span><\/p><p>Private Golf Charter \u00a0 Looking to fly to Pine valley or Royal County down for your next golf trip? Private golf charter can be arranged for you at a moments notice. You can fly to<\/p><\/div><\/article><article class=\"post fusion-column column col col-lg-3 col-md-3 col-sm-3\"><div class=\"fusion-flexslider fusion-flexslider-loading flexslider flexslider-hover-type-none\"><ul class=\"slides\"><li><a href=\"https:\/\/www.aircharter.com\/fr\/organ-transplant-transportation\/\" aria-label=\"Organ Transplant Transportation\" class=\"hover-type-none\"><img decoding=\"async\" width=\"700\" height=\"441\" src=\"https:\/\/www.aircharter.com\/wp-content\/uploads\/2014\/08\/organ-transplant-transportation-700x441.jpg\" class=\"attachment-recent-posts size-recent-posts\" alt=\"organ transplant transportation\" srcset=\"https:\/\/www.aircharter.com\/wp-content\/uploads\/2014\/08\/organ-transplant-transportation-320x202.jpg 320w, https:\/\/www.aircharter.com\/wp-content\/uploads\/2014\/08\/organ-transplant-transportation-700x441.jpg 700w\" sizes=\"(max-width: 700px) 100vw, 700px\" \/><\/a><\/li><\/ul><\/div><div class=\"recent-posts-content\"><h4 class=\"\"><a href=\"https:\/\/www.aircharter.com\/fr\/organ-transplant-transportation\/\">Organ Transplant Transportation<\/a><\/h4><p class=\"meta\"><span>ao\u00fbt 28th, 2014<\/span><span class=\"fusion-inline-sep\">|<\/span><span class=\"fusion-comments\"><span>Commentaires ferm\u00e9s<span class=\"screen-reader-text\"> sur Organ Transplant Transportation<\/span><\/span><\/span><\/p><p>Organ Transplant Transportation The immediate nature of organ transplant transportation\u00a0is becoming more and more difficult without the use of private jet charter or private helicopter transport. It is recommended that vital organs such as the<\/p><\/div><\/article><article class=\"post fusion-column column col col-lg-3 col-md-3 col-sm-3\"><div class=\"fusion-flexslider fusion-flexslider-loading flexslider flexslider-hover-type-none\"><ul class=\"slides\"><li><a href=\"https:\/\/www.aircharter.com\/fr\/air-share-programs-vs-private-jet-charter\/\" aria-label=\"Air Share Programs vs Private Jet Charter\" class=\"hover-type-none\"><img decoding=\"async\" width=\"700\" height=\"441\" src=\"https:\/\/www.aircharter.com\/wp-content\/uploads\/2014\/08\/Air-share-700x441.jpeg\" class=\"attachment-recent-posts size-recent-posts\" alt=\"Air share\" srcset=\"https:\/\/www.aircharter.com\/wp-content\/uploads\/2014\/08\/Air-share-320x202.jpeg 320w, https:\/\/www.aircharter.com\/wp-content\/uploads\/2014\/08\/Air-share-700x441.jpeg 700w\" sizes=\"(max-width: 700px) 100vw, 700px\" \/><\/a><\/li><\/ul><\/div><div class=\"recent-posts-content\"><h4 class=\"\"><a href=\"https:\/\/www.aircharter.com\/fr\/air-share-programs-vs-private-jet-charter\/\">Air Share Programs vs Private Jet Charter<\/a><\/h4><p class=\"meta\"><span>ao\u00fbt 27th, 2014<\/span><span class=\"fusion-inline-sep\">|<\/span><span class=\"fusion-comments\"><span>Commentaires ferm\u00e9s<span class=\"screen-reader-text\"> sur Air Share Programs vs Private Jet Charter<\/span><\/span><\/span><\/p><p>Air Share Programs vs Private Jet Charter Air share options offered by private jet charter companies have become a buzz-word since early this year again. These programs, which were more often called fractional ownership had<\/p><\/div><\/article><article class=\"post fusion-column column col col-lg-3 col-md-3 col-sm-3\"><div class=\"fusion-flexslider fusion-flexslider-loading flexslider flexslider-hover-type-none\"><ul class=\"slides\"><li><a href=\"https:\/\/www.aircharter.com\/fr\/chartering-vs-first-class\/\" aria-label=\"Chartering vs First-Class | When is it more efficient to charter?\" class=\"hover-type-none\"><img decoding=\"async\" width=\"700\" height=\"441\" src=\"https:\/\/www.aircharter.com\/wp-content\/uploads\/2014\/08\/First-Class-700x441.jpg\" class=\"attachment-recent-posts size-recent-posts\" alt=\"First-Class\" srcset=\"https:\/\/www.aircharter.com\/wp-content\/uploads\/2014\/08\/First-Class-320x202.jpg 320w, https:\/\/www.aircharter.com\/wp-content\/uploads\/2014\/08\/First-Class-700x441.jpg 700w\" sizes=\"(max-width: 700px) 100vw, 700px\" \/><\/a><\/li><\/ul><\/div><div class=\"recent-posts-content\"><h4 class=\"\"><a href=\"https:\/\/www.aircharter.com\/fr\/chartering-vs-first-class\/\">Chartering vs First-Class | When is it more efficient to charter?<\/a><\/h4><p class=\"meta\"><span>ao\u00fbt 26th, 2014<\/span><span class=\"fusion-inline-sep\">|<\/span><span class=\"fusion-comments\"><span>Commentaires ferm\u00e9s<span class=\"screen-reader-text\"> sur Chartering vs First-Class | When is it more efficient to charter?<\/span><\/span><\/span><\/p><p>Chartering vs First-Class | When is it more efficient to charter? Lets start with the basics; while first-class remains as one of the most comfortable flying options in terms of commercial travel, first-class travel is<\/p><\/div><\/article><article class=\"post fusion-column column col col-lg-3 col-md-3 col-sm-3\"><div class=\"fusion-flexslider fusion-flexslider-loading flexslider flexslider-hover-type-none\"><ul class=\"slides\"><li><a href=\"https:\/\/www.aircharter.com\/fr\/can-i-charter-from-any-airport\/\" aria-label=\"Can i charter from any airport?\" class=\"hover-type-none\"><img decoding=\"async\" width=\"700\" height=\"400\" src=\"https:\/\/www.aircharter.com\/wp-content\/uploads\/2014\/05\/pilatus_pc24-700x400.jpg\" class=\"attachment-recent-posts size-recent-posts\" alt=\"can i charter from any airport\" \/><\/a><\/li><\/ul><\/div><div class=\"recent-posts-content\"><h4 class=\"\"><a href=\"https:\/\/www.aircharter.com\/fr\/can-i-charter-from-any-airport\/\">Can i charter from any airport?<\/a><\/h4><p class=\"meta\"><span>ao\u00fbt 25th, 2014<\/span><span class=\"fusion-inline-sep\">|<\/span><span class=\"fusion-comments\"><span>Commentaires ferm\u00e9s<span class=\"screen-reader-text\"> sur Can i charter from any airport?<\/span><\/span><\/span><\/p><p>Can I\u00a0charter from any airport? Private jet charter is known for its functionality and ability to fly out from nearly any airport you desire. Though the question remains,\u00a0can I charter from any airport? In short,<\/p><\/div><\/article><article class=\"post fusion-column column col col-lg-3 col-md-3 col-sm-3\"><div class=\"fusion-flexslider fusion-flexslider-loading flexslider flexslider-hover-type-none\"><ul class=\"slides\"><li><a href=\"https:\/\/www.aircharter.com\/fr\/acmi\/\" aria-label=\"ACMI\" class=\"hover-type-none\"><img decoding=\"async\" width=\"700\" height=\"441\" src=\"https:\/\/www.aircharter.com\/wp-content\/uploads\/2013\/11\/coach-700x441.jpg\" class=\"attachment-recent-posts size-recent-posts\" alt=\"\" srcset=\"https:\/\/www.aircharter.com\/wp-content\/uploads\/2013\/11\/coach-320x202.jpg 320w, https:\/\/www.aircharter.com\/wp-content\/uploads\/2013\/11\/coach-700x441.jpg 700w\" sizes=\"(max-width: 700px) 100vw, 700px\" \/><\/a><\/li><\/ul><\/div><div class=\"recent-posts-content\"><h4 class=\"\"><a href=\"https:\/\/www.aircharter.com\/fr\/acmi\/\">ACMI<\/a><\/h4><p class=\"meta\"><span>ao\u00fbt 15th, 2014<\/span><span class=\"fusion-inline-sep\">|<\/span><span class=\"fusion-comments\"><span>Commentaires ferm\u00e9s<span class=\"screen-reader-text\"> sur ACMI<\/span><\/span><\/span><\/p><p>ACMI provider. Under an ACMI -- or wet lease -- contract, customers receive a dedicated aircraft that is crewed, maintained and insured by AirCharter in exchange for agreed-upon rates and levels of operation, enabling customers<\/p><\/div><\/article><article class=\"post fusion-column column col col-lg-3 col-md-3 col-sm-3\"><div class=\"fusion-flexslider fusion-flexslider-loading flexslider flexslider-hover-type-none\"><ul class=\"slides\"><li><a href=\"https:\/\/www.aircharter.com\/fr\/how-a-wet-lease-works\/\" aria-label=\"How a Wet Lease Works\" class=\"hover-type-none\"><img decoding=\"async\" width=\"700\" height=\"441\" src=\"https:\/\/www.aircharter.com\/wp-content\/uploads\/2014\/08\/8X_04-700x441.jpg\" class=\"attachment-recent-posts size-recent-posts\" alt=\"How a Wet Lease Works\" srcset=\"https:\/\/www.aircharter.com\/wp-content\/uploads\/2014\/08\/8X_04-320x202.jpg 320w, https:\/\/www.aircharter.com\/wp-content\/uploads\/2014\/08\/8X_04-700x441.jpg 700w\" sizes=\"(max-width: 700px) 100vw, 700px\" \/><\/a><\/li><\/ul><\/div><div class=\"recent-posts-content\"><h4 class=\"\"><a href=\"https:\/\/www.aircharter.com\/fr\/how-a-wet-lease-works\/\">How a Wet Lease Works<\/a><\/h4><p class=\"meta\"><span>ao\u00fbt 6th, 2014<\/span><span class=\"fusion-inline-sep\">|<\/span><span class=\"fusion-comments\"><span>Commentaires ferm\u00e9s<span class=\"screen-reader-text\"> sur How a Wet Lease Works<\/span><\/span><\/span><\/p><p>How a wet lease works - When is it better to charter? There are two very different ways of renting out aircraft flight time. The first method is traditional charter, this is what most trips<\/p><\/div><\/article><article class=\"post fusion-column column col col-lg-3 col-md-3 col-sm-3\"><div class=\"fusion-flexslider fusion-flexslider-loading flexslider flexslider-hover-type-none\"><ul class=\"slides\"><li><a href=\"https:\/\/www.aircharter.com\/fr\/prive-guide-de-laller-simple-vol-a-vide-ou-pas\/\" aria-label=\"Priv\u00e9: Guide de l\u2019aller simple: Vol \u00e0 vide ou pas?\" class=\"hover-type-none\"><img decoding=\"async\" width=\"700\" height=\"441\" src=\"https:\/\/www.aircharter.com\/wp-content\/uploads\/2017\/10\/bombardier-700x441.jpg\" class=\"attachment-recent-posts size-recent-posts\" alt=\"\" srcset=\"https:\/\/www.aircharter.com\/wp-content\/uploads\/2017\/10\/bombardier-320x202.jpg 320w, https:\/\/www.aircharter.com\/wp-content\/uploads\/2017\/10\/bombardier-700x441.jpg 700w\" sizes=\"(max-width: 700px) 100vw, 700px\" \/><\/a><\/li><\/ul><\/div><div class=\"recent-posts-content\"><h4 class=\"\"><a href=\"https:\/\/www.aircharter.com\/fr\/prive-guide-de-laller-simple-vol-a-vide-ou-pas\/\">Priv\u00e9: Guide de l\u2019aller simple: Vol \u00e0 vide ou pas?<\/a><\/h4><p class=\"meta\"><span>ao\u00fbt 2nd, 2014<\/span><span class=\"fusion-inline-sep\">|<\/span><span class=\"fusion-comments\"><span>Commentaires ferm\u00e9s<span class=\"screen-reader-text\"> sur Priv\u00e9: Guide de l\u2019aller simple: Vol \u00e0 vide ou pas?<\/span><\/span><\/span><\/p><p>Les voyageurs en jets priv\u00e9s utilisent g\u00e9n\u00e9ralement des allers simples. La question est: quand-est ce qu\u2019il est possible d\u2019en demander un? Traditionnellement, qu\u2019est ce que l\u2019affr\u00e8tement d\u2019un jet priv\u00e9 ? L\u2019affr\u00e8tement d\u2019un jet priv\u00e9 signifie<\/p><\/div><\/article><article class=\"post fusion-column column col col-lg-3 col-md-3 col-sm-3\"><div class=\"fusion-flexslider fusion-flexslider-loading flexslider flexslider-hover-type-none\"><ul class=\"slides\"><li><a href=\"https:\/\/www.aircharter.com\/fr\/turboprops-vs-light-jets\/\" aria-label=\"Turboprops vs Light Jets\" class=\"hover-type-none\"><img decoding=\"async\" width=\"700\" height=\"330\" src=\"https:\/\/www.aircharter.com\/wp-content\/uploads\/2014\/08\/350i_hero-700x330.jpg\" class=\"attachment-recent-posts size-recent-posts\" alt=\"turboprops vs light jets\" \/><\/a><\/li><\/ul><\/div><div class=\"recent-posts-content\"><h4 class=\"\"><a href=\"https:\/\/www.aircharter.com\/fr\/turboprops-vs-light-jets\/\">Turboprops vs Light Jets<\/a><\/h4><p class=\"meta\"><span>ao\u00fbt 1st, 2014<\/span><span class=\"fusion-inline-sep\">|<\/span><span class=\"fusion-comments\"><span>Commentaires ferm\u00e9s<span class=\"screen-reader-text\"> sur Turboprops vs Light Jets<\/span><\/span><\/span><\/p><p>Turboprops: Why so unpopular? When asked the difference between turboprops vs\u00a0light jets, a handful\u00a0of everyday non-aviation specialists stated that they don\u2019t use jet engines, and instead use propellors, this is true, but when given a<\/p><\/div><\/article><article class=\"post fusion-column column col col-lg-3 col-md-3 col-sm-3\"><div class=\"fusion-flexslider fusion-flexslider-loading flexslider flexslider-hover-type-none\"><ul class=\"slides\"><li><a href=\"https:\/\/www.aircharter.com\/fr\/summer-private-jet-destinations\/\" aria-label=\"Summer private jet destinations\" class=\"hover-type-none\"><img decoding=\"async\" width=\"700\" height=\"441\" src=\"https:\/\/www.aircharter.com\/wp-content\/uploads\/2014\/07\/12500049075_7b60e2823b_o-700x441.jpg\" class=\"attachment-recent-posts size-recent-posts\" alt=\"Summer private jet destinations\" srcset=\"https:\/\/www.aircharter.com\/wp-content\/uploads\/2014\/07\/12500049075_7b60e2823b_o-320x202.jpg 320w, https:\/\/www.aircharter.com\/wp-content\/uploads\/2014\/07\/12500049075_7b60e2823b_o-700x441.jpg 700w\" sizes=\"(max-width: 700px) 100vw, 700px\" \/><\/a><\/li><\/ul><\/div><div class=\"recent-posts-content\"><h4 class=\"\"><a href=\"https:\/\/www.aircharter.com\/fr\/summer-private-jet-destinations\/\">Summer private jet destinations<\/a><\/h4><p class=\"meta\"><span>juillet 31st, 2014<\/span><span class=\"fusion-inline-sep\">|<\/span><span class=\"fusion-comments\"><span>Commentaires ferm\u00e9s<span class=\"screen-reader-text\"> sur Summer private jet destinations<\/span><\/span><\/span><\/p><p>Summer Private Jet Destinations Summertime is the time to travel in style with Aircharter.com. Aircharter can fly to 16,000 airports all around the world encompassing many popular summer private jet destinations. We allow you to<\/p><\/div><\/article><article class=\"post fusion-column column col col-lg-3 col-md-3 col-sm-3\"><div class=\"fusion-flexslider fusion-flexslider-loading flexslider flexslider-hover-type-none\"><ul class=\"slides\"><li><a href=\"https:\/\/www.aircharter.com\/fr\/confirmed-airliner-availability-for-world-cup\/\" aria-label=\"Confirmed Airliner Availability for World Cup\" class=\"hover-type-none\"><img decoding=\"async\" width=\"700\" height=\"441\" src=\"https:\/\/www.aircharter.com\/wp-content\/uploads\/2014\/06\/240-700x441.jpg\" class=\"attachment-recent-posts size-recent-posts\" alt=\"\" srcset=\"https:\/\/www.aircharter.com\/wp-content\/uploads\/2014\/06\/240-320x202.jpg 320w, https:\/\/www.aircharter.com\/wp-content\/uploads\/2014\/06\/240-700x441.jpg 700w\" sizes=\"(max-width: 700px) 100vw, 700px\" \/><\/a><\/li><li><a href=\"https:\/\/www.aircharter.com\/fr\/confirmed-airliner-availability-for-world-cup\/\" aria-label=\"Confirmed Airliner Availability for World Cup\" class=\"hover-type-none\"><img decoding=\"async\" width=\"700\" height=\"441\" src=\"https:\/\/www.aircharter.com\/wp-content\/uploads\/2014\/06\/218-700x441.jpg\" class=\"attachment-recent-posts size-recent-posts\" alt=\"\" srcset=\"https:\/\/www.aircharter.com\/wp-content\/uploads\/2014\/06\/218-320x202.jpg 320w, https:\/\/www.aircharter.com\/wp-content\/uploads\/2014\/06\/218-700x441.jpg 700w\" sizes=\"(max-width: 700px) 100vw, 700px\" \/><\/a><\/li><\/ul><\/div><div class=\"recent-posts-content\"><h4 class=\"\"><a href=\"https:\/\/www.aircharter.com\/fr\/confirmed-airliner-availability-for-world-cup\/\">Confirmed Airliner Availability for World Cup<\/a><\/h4><p class=\"meta\"><span>juin 13th, 2014<\/span><span class=\"fusion-inline-sep\">|<\/span><span class=\"fusion-comments\"><span>Commentaires ferm\u00e9s<span class=\"screen-reader-text\"> sur Confirmed Airliner Availability for World Cup<\/span><\/span><\/span><\/p><p>Confirmed Airliner Availability for World Cup In anticipation of the 2014 Fifa world cup, Aircharter.com will have 2 airliners stationed full time in brazil for domestic flights. Aircharter is happy to assist anyone wishing to<\/p><\/div><\/article><article class=\"post fusion-column column col col-lg-3 col-md-3 col-sm-3\"><div class=\"fusion-flexslider fusion-flexslider-loading flexslider flexslider-hover-type-none\"><ul class=\"slides\"><li><a href=\"https:\/\/www.aircharter.com\/fr\/why-fly-through-aircharter\/\" aria-label=\"Why fly through Aircharter.com?\" class=\"hover-type-none\"><img decoding=\"async\" width=\"700\" height=\"418\" src=\"https:\/\/www.aircharter.com\/wp-content\/uploads\/2014\/06\/privatejets-700x418.jpg\" class=\"attachment-recent-posts size-recent-posts\" alt=\"private jet charter\" \/><\/a><\/li><\/ul><\/div><div class=\"recent-posts-content\"><h4 class=\"\"><a href=\"https:\/\/www.aircharter.com\/fr\/why-fly-through-aircharter\/\">Why fly through Aircharter.com?<\/a><\/h4><p class=\"meta\"><span>juin 10th, 2014<\/span><span class=\"fusion-inline-sep\">|<\/span><span class=\"fusion-comments\"><span>Commentaires ferm\u00e9s<span class=\"screen-reader-text\"> sur Why fly through Aircharter.com?<\/span><\/span><\/span><\/p><p>Why fly through Aircharter.com instead of going directly to an aircraft owner or operator? Most customers believe that going to the source is always the best way to do business, but in private jet charter,<\/p><\/div><\/article><article class=\"post fusion-column column col col-lg-3 col-md-3 col-sm-3\"><div class=\"fusion-flexslider fusion-flexslider-loading flexslider flexslider-hover-type-none\"><ul class=\"slides\"><li><a href=\"https:\/\/www.aircharter.com\/fr\/lequipe-de-ghana-2014-senvol-pour-la-coupe-du-monde-de-la-fifa-avec-aircharter-com\/\" aria-label=\"L\u2019\u00e9quipe du Ghana 2014 s\u2019envol pour la coupe du Monde de la FIFA avec Aircharter.com\" class=\"hover-type-none\"><img decoding=\"async\" width=\"700\" height=\"441\" src=\"https:\/\/www.aircharter.com\/wp-content\/uploads\/2014\/06\/Ghana_plane-700x441.jpg\" class=\"attachment-recent-posts size-recent-posts\" alt=\"\" srcset=\"https:\/\/www.aircharter.com\/wp-content\/uploads\/2014\/06\/Ghana_plane-320x202.jpg 320w, https:\/\/www.aircharter.com\/wp-content\/uploads\/2014\/06\/Ghana_plane-700x441.jpg 700w\" sizes=\"(max-width: 700px) 100vw, 700px\" \/><\/a><\/li><\/ul><\/div><div class=\"recent-posts-content\"><h4 class=\"\"><a href=\"https:\/\/www.aircharter.com\/fr\/lequipe-de-ghana-2014-senvol-pour-la-coupe-du-monde-de-la-fifa-avec-aircharter-com\/\">L\u2019\u00e9quipe du Ghana 2014 s\u2019envol pour la coupe du Monde de la FIFA avec Aircharter.com<\/a><\/h4><p class=\"meta\"><span>juin 7th, 2014<\/span><span class=\"fusion-inline-sep\">|<\/span><span class=\"fusion-comments\"><span>Commentaires ferm\u00e9s<span class=\"screen-reader-text\"> sur L\u2019\u00e9quipe du Ghana 2014 s\u2019envol pour la coupe du Monde de la FIFA avec Aircharter.com<\/span><\/span><\/span><\/p><p>L\u2019\u00e9quipe du Ghana 2014 s\u2019envol pour la coupe du Monde de la FIFA avec Aircharter.com L\u2019\u00e9quipe de Ghana 2014 s\u2019envol pour la coupe du Monde de la FIFA avec Aircharter.com New York - L'\u00e9quipe nationale<\/p><\/div><\/article><article class=\"post fusion-column column col col-lg-3 col-md-3 col-sm-3\"><div class=\"fusion-flexslider fusion-flexslider-loading flexslider flexslider-hover-type-none\"><ul class=\"slides\"><li><a href=\"https:\/\/www.aircharter.com\/fr\/private-jet-prices\/\" aria-label=\"Private Jet Prices\" class=\"hover-type-none\"><img decoding=\"async\" width=\"700\" height=\"441\" src=\"https:\/\/www.aircharter.com\/wp-content\/uploads\/2014\/06\/private-jet-prices-700x441.jpg\" class=\"attachment-recent-posts size-recent-posts\" alt=\"private jet prices\" srcset=\"https:\/\/www.aircharter.com\/wp-content\/uploads\/2014\/06\/private-jet-prices-320x202.jpg 320w, https:\/\/www.aircharter.com\/wp-content\/uploads\/2014\/06\/private-jet-prices-700x441.jpg 700w\" sizes=\"(max-width: 700px) 100vw, 700px\" \/><\/a><\/li><\/ul><\/div><div class=\"recent-posts-content\"><h4 class=\"\"><a href=\"https:\/\/www.aircharter.com\/fr\/private-jet-prices\/\">Private Jet Prices<\/a><\/h4><p class=\"meta\"><span>juin 4th, 2014<\/span><span class=\"fusion-inline-sep\">|<\/span><span class=\"fusion-comments\"><span>Commentaires ferm\u00e9s<span class=\"screen-reader-text\"> sur Private Jet Prices<\/span><\/span><\/span><\/p><p>Private Jet Prices Many people wonder what are the costs of owning or chartering a private jet. Very few people realise that the cost of ownership for a private jet is not only a one<\/p><\/div><\/article><article class=\"post fusion-column column col col-lg-3 col-md-3 col-sm-3\"><div class=\"fusion-flexslider fusion-flexslider-loading flexslider flexslider-hover-type-none\"><ul class=\"slides\"><li><a href=\"https:\/\/www.aircharter.com\/fr\/charter-flights-to-cuba\/\" aria-label=\"Charter Flights to Cuba\" class=\"hover-type-none\"><img decoding=\"async\" width=\"700\" height=\"441\" src=\"https:\/\/www.aircharter.com\/wp-content\/uploads\/2014\/05\/Charter-flights-to-cuba-700x441.jpg\" class=\"attachment-recent-posts size-recent-posts\" alt=\"charter flights to cuba\" srcset=\"https:\/\/www.aircharter.com\/wp-content\/uploads\/2014\/05\/Charter-flights-to-cuba-320x202.jpg 320w, https:\/\/www.aircharter.com\/wp-content\/uploads\/2014\/05\/Charter-flights-to-cuba-700x441.jpg 700w\" sizes=\"(max-width: 700px) 100vw, 700px\" \/><\/a><\/li><\/ul><\/div><div class=\"recent-posts-content\"><h4 class=\"\"><a href=\"https:\/\/www.aircharter.com\/fr\/charter-flights-to-cuba\/\">Charter Flights to Cuba<\/a><\/h4><p class=\"meta\"><span>mai 29th, 2014<\/span><span class=\"fusion-inline-sep\">|<\/span><span class=\"fusion-comments\"><span>Commentaires ferm\u00e9s<span class=\"screen-reader-text\"> sur Charter Flights to Cuba<\/span><\/span><\/span><\/p><p>Cuba is a very popular international charter destination, and chartered flights to Cuba are becoming more and more popular. For sure some of this is based on the principle of forbidden fruit, and some people<\/p><\/div><\/article><article class=\"post fusion-column column col col-lg-3 col-md-3 col-sm-3\"><div class=\"fusion-flexslider fusion-flexslider-loading flexslider flexslider-hover-type-none\"><ul class=\"slides\"><li><a href=\"https:\/\/www.aircharter.com\/fr\/7-private-jet-charter-tips\/\" aria-label=\"7 Private Jet Charter Tips\" class=\"hover-type-none\"><img decoding=\"async\" width=\"518\" height=\"263\" src=\"https:\/\/www.aircharter.com\/wp-content\/uploads\/2014\/04\/image_5.jpg\" class=\"attachment-recent-posts size-recent-posts\" alt=\"private jet charter tips\" srcset=\"https:\/\/www.aircharter.com\/wp-content\/uploads\/2014\/04\/image_5-300x152.jpg 300w, https:\/\/www.aircharter.com\/wp-content\/uploads\/2014\/04\/image_5.jpg 518w\" sizes=\"(max-width: 518px) 100vw, 518px\" \/><\/a><\/li><\/ul><\/div><div class=\"recent-posts-content\"><h4 class=\"\"><a href=\"https:\/\/www.aircharter.com\/fr\/7-private-jet-charter-tips\/\">7 Private Jet Charter Tips<\/a><\/h4><p class=\"meta\"><span>mai 28th, 2014<\/span><span class=\"fusion-inline-sep\">|<\/span><span class=\"fusion-comments\"><span>Commentaires ferm\u00e9s<span class=\"screen-reader-text\"> sur 7 Private Jet Charter Tips<\/span><\/span><\/span><\/p><p>7 Private Jet Charter Tips\u00a0to help you book and fly on your private jet with minimal hassle. While this may not be new information to many frequent private flyers, it should help those looking for<\/p><\/div><\/article><article class=\"post fusion-column column col col-lg-3 col-md-3 col-sm-3\"><div class=\"fusion-flexslider fusion-flexslider-loading flexslider flexslider-hover-type-none\"><ul class=\"slides\"><li><a href=\"https:\/\/www.aircharter.com\/fr\/fastest-private-jets\/\" aria-label=\"Fastest Private Jets\" class=\"hover-type-none\"><img decoding=\"async\" width=\"660\" height=\"405\" src=\"https:\/\/www.aircharter.com\/wp-content\/uploads\/2013\/06\/plane_G650.jpg\" class=\"attachment-recent-posts size-recent-posts\" alt=\"Fastest private jets\" srcset=\"https:\/\/www.aircharter.com\/wp-content\/uploads\/2013\/06\/plane_G650-300x184.jpg 300w, https:\/\/www.aircharter.com\/wp-content\/uploads\/2013\/06\/plane_G650.jpg 660w\" sizes=\"(max-width: 660px) 100vw, 660px\" \/><\/a><\/li><\/ul><\/div><div class=\"recent-posts-content\"><h4 class=\"\"><a href=\"https:\/\/www.aircharter.com\/fr\/fastest-private-jets\/\">Fastest Private Jets<\/a><\/h4><p class=\"meta\"><span>mai 26th, 2014<\/span><span class=\"fusion-inline-sep\">|<\/span><span class=\"fusion-comments\"><span>Commentaires ferm\u00e9s<span class=\"screen-reader-text\"> sur Fastest Private Jets<\/span><\/span><\/span><\/p><p>Every business traveller wants to know the fastest private plane available for their trip. When time is of the essence, price is often unimportant when you have multiple meetings during the same day. No VIP<\/p><\/div><\/article><article class=\"post fusion-column column col col-lg-3 col-md-3 col-sm-3\"><div class=\"fusion-flexslider fusion-flexslider-loading flexslider flexslider-hover-type-none\"><ul class=\"slides\"><li><a href=\"https:\/\/www.aircharter.com\/fr\/pet-friendly-private-jet-charter\/\" aria-label=\"Pet Friendly Private Jet Charter\" class=\"hover-type-none\"><img decoding=\"async\" width=\"700\" height=\"441\" src=\"https:\/\/www.aircharter.com\/wp-content\/uploads\/2014\/05\/man-with-dog-700x441.jpg\" class=\"attachment-recent-posts size-recent-posts\" alt=\"private jet charter\" srcset=\"https:\/\/www.aircharter.com\/wp-content\/uploads\/2014\/05\/man-with-dog-320x202.jpg 320w, https:\/\/www.aircharter.com\/wp-content\/uploads\/2014\/05\/man-with-dog-700x441.jpg 700w\" sizes=\"(max-width: 700px) 100vw, 700px\" \/><\/a><\/li><\/ul><\/div><div class=\"recent-posts-content\"><h4 class=\"\"><a href=\"https:\/\/www.aircharter.com\/fr\/pet-friendly-private-jet-charter\/\">Pet Friendly Private Jet Charter<\/a><\/h4><p class=\"meta\"><span>mai 22nd, 2014<\/span><span class=\"fusion-inline-sep\">|<\/span><span class=\"fusion-comments\"><span>Commentaires ferm\u00e9s<span class=\"screen-reader-text\"> sur Pet Friendly Private Jet Charter<\/span><\/span><\/span><\/p><p> We are a Pet Frindly private Jet company Many charter customers have complained about their inability to carry their beloved pets on board Private Jet Charters within the continental USA and international travel. At<\/p><\/div><\/article><article class=\"post fusion-column column col col-lg-3 col-md-3 col-sm-3\"><div class=\"fusion-flexslider fusion-flexslider-loading flexslider flexslider-hover-type-none\"><ul class=\"slides\"><li><a href=\"https:\/\/www.aircharter.com\/fr\/laffretement-de-derniere-minute-pour-la-coupe-du-monde-de-la-fifa\/\" aria-label=\"L&rsquo;Affr\u00e8tement de derni\u00e8re minute pour la Coupe du Monde de la FIFA\" class=\"hover-type-none\"><img decoding=\"async\" width=\"700\" height=\"441\" src=\"https:\/\/www.aircharter.com\/wp-content\/uploads\/2017\/03\/the787-10-700x441.jpg\" class=\"attachment-recent-posts size-recent-posts\" alt=\"\" srcset=\"https:\/\/www.aircharter.com\/wp-content\/uploads\/2017\/03\/the787-10-320x202.jpg 320w, https:\/\/www.aircharter.com\/wp-content\/uploads\/2017\/03\/the787-10-700x441.jpg 700w\" sizes=\"(max-width: 700px) 100vw, 700px\" \/><\/a><\/li><\/ul><\/div><div class=\"recent-posts-content\"><h4 class=\"\"><a href=\"https:\/\/www.aircharter.com\/fr\/laffretement-de-derniere-minute-pour-la-coupe-du-monde-de-la-fifa\/\">L&rsquo;Affr\u00e8tement de derni\u00e8re minute pour la Coupe du Monde de la FIFA<\/a><\/h4><p class=\"meta\"><span>mai 21st, 2014<\/span><span class=\"fusion-inline-sep\">|<\/span><span class=\"fusion-comments\"><span>Commentaires ferm\u00e9s<span class=\"screen-reader-text\"> sur L&rsquo;Affr\u00e8tement de derni\u00e8re minute pour la Coupe du Monde de la FIFA<\/span><\/span><\/span><\/p><p>L'Affr\u00e8tement de derni\u00e8re minute pour la Coupe du Monde de la FIFA\u00a0 L\u2019affr\u00e8tement \u00a0de derni\u00e8re minute pour la Coupe du Monde de la FIFA est disponible gr\u00e2ce \u00e0 aircharter.com. Tr\u00e8s prochainement, les meilleures \u00e9quipes du<\/p><\/div><\/article><article class=\"post fusion-column column col col-lg-3 col-md-3 col-sm-3\"><div class=\"fusion-flexslider fusion-flexslider-loading flexslider flexslider-hover-type-none\"><ul class=\"slides\"><li><a href=\"https:\/\/www.aircharter.com\/fr\/advantages-of-flying-private\/\" aria-label=\"Advantages of Flying Private\" class=\"hover-type-none\"><img decoding=\"async\" width=\"700\" height=\"441\" src=\"https:\/\/www.aircharter.com\/wp-content\/uploads\/2014\/05\/GLOBAL_EXPRESS-700x441.jpg\" class=\"attachment-recent-posts size-recent-posts\" alt=\"\" srcset=\"https:\/\/www.aircharter.com\/wp-content\/uploads\/2014\/05\/GLOBAL_EXPRESS-320x202.jpg 320w, https:\/\/www.aircharter.com\/wp-content\/uploads\/2014\/05\/GLOBAL_EXPRESS-700x441.jpg 700w\" sizes=\"(max-width: 700px) 100vw, 700px\" \/><\/a><\/li><\/ul><\/div><div class=\"recent-posts-content\"><h4 class=\"\"><a href=\"https:\/\/www.aircharter.com\/fr\/advantages-of-flying-private\/\">Advantages of Flying Private<\/a><\/h4><p class=\"meta\"><span>mai 21st, 2014<\/span><span class=\"fusion-inline-sep\">|<\/span><span class=\"fusion-comments\"><span>Commentaires ferm\u00e9s<span class=\"screen-reader-text\"> sur Advantages of Flying Private<\/span><\/span><\/span><\/p><p>Whether you\u2019re flying for business or recreational purposes, you can choose\u00a0to travel on private aircraft or fly with commercial airlines to get to your desired destination. With many executives looking at elegant\u00a0private air charters as<\/p><\/div><\/article><article class=\"post fusion-column column col col-lg-3 col-md-3 col-sm-3\"><div class=\"fusion-flexslider fusion-flexslider-loading flexslider flexslider-hover-type-none\"><ul class=\"slides\"><li><a href=\"https:\/\/www.aircharter.com\/fr\/best-private-jets-of-2014\/\" aria-label=\"Best Private Jets of 2014\" class=\"hover-type-none\"><img decoding=\"async\" width=\"700\" height=\"441\" src=\"https:\/\/www.aircharter.com\/wp-content\/uploads\/2014\/05\/Dassault-Falcon-7X-700x441.jpg\" class=\"attachment-recent-posts size-recent-posts\" alt=\"holiday empty legs\" srcset=\"https:\/\/www.aircharter.com\/wp-content\/uploads\/2014\/05\/Dassault-Falcon-7X-320x202.jpg 320w, https:\/\/www.aircharter.com\/wp-content\/uploads\/2014\/05\/Dassault-Falcon-7X-700x441.jpg 700w\" sizes=\"(max-width: 700px) 100vw, 700px\" \/><\/a><\/li><\/ul><\/div><div class=\"recent-posts-content\"><h4 class=\"\"><a href=\"https:\/\/www.aircharter.com\/fr\/best-private-jets-of-2014\/\">Best Private Jets of 2014<\/a><\/h4><p class=\"meta\"><span>mai 20th, 2014<\/span><span class=\"fusion-inline-sep\">|<\/span><span class=\"fusion-comments\"><span>Commentaires ferm\u00e9s<span class=\"screen-reader-text\"> sur Best Private Jets of 2014<\/span><\/span><\/span><\/p><p>Best Private Jets of 2014 Many private\u00a0jets are already in mass circulation but there are always new contenders in the private jet game. The best private jets of 2014 are not jets that can be<\/p><\/div><\/article><article class=\"post fusion-column column col col-lg-3 col-md-3 col-sm-3\"><div class=\"fusion-flexslider fusion-flexslider-loading flexslider flexslider-hover-type-none\"><ul class=\"slides\"><li><a href=\"https:\/\/www.aircharter.com\/fr\/pilatus-pc-24\/\" aria-label=\"Pilatus PC-24 Unveiled at EBACE14\" class=\"hover-type-none\"><img decoding=\"async\" width=\"700\" height=\"400\" src=\"https:\/\/www.aircharter.com\/wp-content\/uploads\/2014\/05\/pilatus_pc24-700x400.jpg\" class=\"attachment-recent-posts size-recent-posts\" alt=\"can i charter from any airport\" \/><\/a><\/li><\/ul><\/div><div class=\"recent-posts-content\"><h4 class=\"\"><a href=\"https:\/\/www.aircharter.com\/fr\/pilatus-pc-24\/\">Pilatus PC-24 Unveiled at EBACE14<\/a><\/h4><p class=\"meta\"><span>mai 20th, 2014<\/span><span class=\"fusion-inline-sep\">|<\/span><span class=\"fusion-comments\"><span>Commentaires ferm\u00e9s<span class=\"screen-reader-text\"> sur Pilatus PC-24 Unveiled at EBACE14<\/span><\/span><\/span><\/p><p>Pilatus PC-24 Another interesting reveal at EBACE 2014, the swiss company known for their pistons have unveiled the Pilatus PC-24, a very light jet with some unusual characteristics. Naming it the super versatile jet for<\/p><\/div><\/article><article class=\"post fusion-column column col col-lg-3 col-md-3 col-sm-3\"><div class=\"fusion-flexslider fusion-flexslider-loading flexslider flexslider-hover-type-none\"><ul class=\"slides\"><li><a href=\"https:\/\/www.aircharter.com\/fr\/gulfstream-g650-er\/\" aria-label=\"Gulfstream 650 ER\" class=\"hover-type-none\"><img decoding=\"async\" width=\"600\" height=\"360\" src=\"https:\/\/www.aircharter.com\/wp-content\/uploads\/2014\/05\/G650ER.jpg\" class=\"attachment-recent-posts size-recent-posts\" alt=\"G650\" srcset=\"https:\/\/www.aircharter.com\/wp-content\/uploads\/2014\/05\/G650ER-300x180.jpg 300w, https:\/\/www.aircharter.com\/wp-content\/uploads\/2014\/05\/G650ER.jpg 600w\" sizes=\"(max-width: 600px) 100vw, 600px\" \/><\/a><\/li><\/ul><\/div><div class=\"recent-posts-content\"><h4 class=\"\"><a href=\"https:\/\/www.aircharter.com\/fr\/gulfstream-g650-er\/\">Gulfstream 650 ER<\/a><\/h4><p class=\"meta\"><span>mai 19th, 2014<\/span><span class=\"fusion-inline-sep\">|<\/span><span class=\"fusion-comments\"><span>Commentaires ferm\u00e9s<span class=\"screen-reader-text\"> sur Gulfstream 650 ER<\/span><\/span><\/span><\/p><p>Gulfstream G650 ER Gulfstream has decided today that\u00a0the 7000nm range of the Gulfstream G650 was not enough for it\u2019s customers' needs. The Gulfstream G650ER (extra range) was born, with a 7500nm range, it is without<\/p><\/div><\/article><article class=\"post fusion-column column col col-lg-3 col-md-3 col-sm-3\"><div class=\"fusion-flexslider fusion-flexslider-loading flexslider flexslider-hover-type-none\"><ul class=\"slides\"><li><a href=\"https:\/\/www.aircharter.com\/fr\/private-jet-charter-2014\/\" aria-label=\"Private Jet Charter in 2014\" class=\"hover-type-none\"><img decoding=\"async\" width=\"700\" height=\"441\" src=\"https:\/\/www.aircharter.com\/wp-content\/uploads\/2014\/04\/Hawker-800XPR-700x441.jpg\" class=\"attachment-recent-posts size-recent-posts\" alt=\"private jet charter\" srcset=\"https:\/\/www.aircharter.com\/wp-content\/uploads\/2014\/04\/Hawker-800XPR-320x202.jpg 320w, https:\/\/www.aircharter.com\/wp-content\/uploads\/2014\/04\/Hawker-800XPR-700x441.jpg 700w\" sizes=\"(max-width: 700px) 100vw, 700px\" \/><\/a><\/li><\/ul><\/div><div class=\"recent-posts-content\"><h4 class=\"\"><a href=\"https:\/\/www.aircharter.com\/fr\/private-jet-charter-2014\/\">Private Jet Charter in 2014<\/a><\/h4><p class=\"meta\"><span>mai 16th, 2014<\/span><span class=\"fusion-inline-sep\">|<\/span><span class=\"fusion-comments\"><span>Commentaires ferm\u00e9s<span class=\"screen-reader-text\"> sur Private Jet Charter in 2014<\/span><\/span><\/span><\/p><p>The private jet charter industry is one that is constantly evolving. Every day there are new players, aircraft owners, operators, brokers and new customers join the industry on a daily basis. But what has changed<\/p><\/div><\/article><article class=\"post fusion-column column col col-lg-3 col-md-3 col-sm-3\"><div class=\"fusion-flexslider fusion-flexslider-loading flexslider flexslider-hover-type-none\"><ul class=\"slides\"><li><a href=\"https:\/\/www.aircharter.com\/fr\/the-best-time-to-book-a-private-jet\/\" aria-label=\"When is the Best Time to Book a Private Jet?\" class=\"hover-type-none\"><img decoding=\"async\" width=\"700\" height=\"328\" src=\"https:\/\/www.aircharter.com\/wp-content\/uploads\/2014\/05\/bbj_main1-700x328.png\" class=\"attachment-recent-posts size-recent-posts\" alt=\"\" \/><\/a><\/li><\/ul><\/div><div class=\"recent-posts-content\"><h4 class=\"\"><a href=\"https:\/\/www.aircharter.com\/fr\/the-best-time-to-book-a-private-jet\/\">When is the Best Time to Book a Private Jet?<\/a><\/h4><p class=\"meta\"><span>mai 16th, 2014<\/span><span class=\"fusion-inline-sep\">|<\/span><span class=\"fusion-comments\"><span>Commentaires ferm\u00e9s<span class=\"screen-reader-text\"> sur When is the Best Time to Book a Private Jet?<\/span><\/span><\/span><\/p><p>The Best Time to Book a Private Jet There is technically no best time to book a private jet, though there are some recommendations that aircharter has for you. Lets separate trips into small (1-18<\/p><\/div><\/article><article class=\"post fusion-column column col col-lg-3 col-md-3 col-sm-3\"><div class=\"fusion-flexslider fusion-flexslider-loading flexslider flexslider-hover-type-none\"><ul class=\"slides\"><li><div class=\"full-video\"><iframe width=\"640\" height=\"480\" src=\"\/\/www.youtube.com\/embed\/dHTsAmMYkL8?rel=0\" frameborder=\"0\" allowfullscreen><\/iframe><\/div><\/li><\/ul><\/div><div class=\"recent-posts-content\"><h4 class=\"\"><a href=\"https:\/\/www.aircharter.com\/fr\/flying-private-vs-commercial\/\">Video: Flying private vs commercial<\/a><\/h4><p class=\"meta\"><span>mai 5th, 2014<\/span><span class=\"fusion-inline-sep\">|<\/span><span class=\"fusion-comments\"><span>Commentaires ferm\u00e9s<span class=\"screen-reader-text\"> sur Video: Flying private vs commercial<\/span><\/span><\/span><\/p><p>A video by Cessna shows us a quick example of how much faster it is to fly private. They\u00a0followed two businessmen from Chattanooga, both with the same destination: an office building on 42nd Street in<\/p><\/div><\/article><article class=\"post fusion-column column col col-lg-3 col-md-3 col-sm-3\"><div class=\"fusion-flexslider fusion-flexslider-loading flexslider flexslider-hover-type-none\"><ul class=\"slides\"><li><a href=\"https:\/\/www.aircharter.com\/fr\/what-is-the-best-private-jet-for-18-passengers\/\" aria-label=\"What is the best private jet for 18 passengers\" class=\"hover-type-none\"><img decoding=\"async\" width=\"660\" height=\"405\" src=\"https:\/\/www.aircharter.com\/wp-content\/uploads\/2013\/06\/plane_G650.jpg\" class=\"attachment-recent-posts size-recent-posts\" alt=\"Fastest private jets\" srcset=\"https:\/\/www.aircharter.com\/wp-content\/uploads\/2013\/06\/plane_G650-300x184.jpg 300w, https:\/\/www.aircharter.com\/wp-content\/uploads\/2013\/06\/plane_G650.jpg 660w\" sizes=\"(max-width: 660px) 100vw, 660px\" \/><\/a><\/li><\/ul><\/div><div class=\"recent-posts-content\"><h4 class=\"\"><a href=\"https:\/\/www.aircharter.com\/fr\/what-is-the-best-private-jet-for-18-passengers\/\">What is the best private jet for 18 passengers<\/a><\/h4><p class=\"meta\"><span>avril 28th, 2014<\/span><span class=\"fusion-inline-sep\">|<\/span><span class=\"fusion-comments\"><span>Commentaires ferm\u00e9s<span class=\"screen-reader-text\"> sur What is the best private jet for 18 passengers<\/span><\/span><\/span><\/p><p>Do you want to travel with a large group? Do the connecting flight, fuel stops, and the disruptive layovers bother you?\u00a0Today, we offer the top the line aircraft in which you can rest, and travel<\/p><\/div><\/article><article class=\"post fusion-column column col col-lg-3 col-md-3 col-sm-3\"><div class=\"fusion-flexslider fusion-flexslider-loading flexslider flexslider-hover-type-none\"><ul class=\"slides\"><li><a href=\"https:\/\/www.aircharter.com\/fr\/private-jet-timeshare\/\" aria-label=\"Private Jet Timeshare\" class=\"hover-type-none\"><img decoding=\"async\" width=\"700\" height=\"441\" src=\"https:\/\/www.aircharter.com\/wp-content\/uploads\/2014\/04\/Legacy-600-700x441.jpg\" class=\"attachment-recent-posts size-recent-posts\" alt=\"\" srcset=\"https:\/\/www.aircharter.com\/wp-content\/uploads\/2014\/04\/Legacy-600-320x202.jpg 320w, https:\/\/www.aircharter.com\/wp-content\/uploads\/2014\/04\/Legacy-600-700x441.jpg 700w\" sizes=\"(max-width: 700px) 100vw, 700px\" \/><\/a><\/li><\/ul><\/div><div class=\"recent-posts-content\"><h4 class=\"\"><a href=\"https:\/\/www.aircharter.com\/fr\/private-jet-timeshare\/\">Private Jet Timeshare<\/a><\/h4><p class=\"meta\"><span>avril 24th, 2014<\/span><span class=\"fusion-inline-sep\">|<\/span><span class=\"fusion-comments\"><span>Commentaires ferm\u00e9s<span class=\"screen-reader-text\"> sur Private Jet Timeshare<\/span><\/span><\/span><\/p><p>What is private jet timeshare? Private Jet timeshares are very similar to what is known as vacation timeshare properties, except that jet timeshares have to be established at what is called an \u201cAircraft Operator Company\u201d.<\/p><\/div><\/article><article class=\"post fusion-column column col col-lg-3 col-md-3 col-sm-3\"><div class=\"fusion-flexslider fusion-flexslider-loading flexslider flexslider-hover-type-none\"><ul class=\"slides\"><li><a href=\"https:\/\/www.aircharter.com\/fr\/best-private-jet-14-passengers\/\" aria-label=\"What is the best private jet for 14 passengers\" class=\"hover-type-none\"><img decoding=\"async\" width=\"660\" height=\"405\" src=\"https:\/\/www.aircharter.com\/wp-content\/uploads\/2013\/06\/plane_G450_1.jpg\" class=\"attachment-recent-posts size-recent-posts\" alt=\"\" srcset=\"https:\/\/www.aircharter.com\/wp-content\/uploads\/2013\/06\/plane_G450_1-300x184.jpg 300w, https:\/\/www.aircharter.com\/wp-content\/uploads\/2013\/06\/plane_G450_1.jpg 660w\" sizes=\"(max-width: 660px) 100vw, 660px\" \/><\/a><\/li><\/ul><\/div><div class=\"recent-posts-content\"><h4 class=\"\"><a href=\"https:\/\/www.aircharter.com\/fr\/best-private-jet-14-passengers\/\">What is the best private jet for 14 passengers<\/a><\/h4><p class=\"meta\"><span>avril 23rd, 2014<\/span><span class=\"fusion-inline-sep\">|<\/span><span class=\"fusion-comments\"><span>Commentaires ferm\u00e9s<span class=\"screen-reader-text\"> sur What is the best private jet for 14 passengers<\/span><\/span><\/span><\/p><p>Best 14 passenger private jet Can you travel a long distance without having to go commercial? Does your old jet have a smaller cabin? Do You feel like its not spacious enough for you? Are<\/p><\/div><\/article><article class=\"post fusion-column column col col-lg-3 col-md-3 col-sm-3\"><div class=\"fusion-flexslider fusion-flexslider-loading flexslider flexslider-hover-type-none\"><ul class=\"slides\"><li><a href=\"https:\/\/www.aircharter.com\/fr\/marrakech-air-show\/\" aria-label=\"Marrakech Air Show\" class=\"hover-type-none\"><img decoding=\"async\" width=\"300\" height=\"400\" src=\"https:\/\/www.aircharter.com\/wp-content\/uploads\/2014\/04\/airshow2014fr.jpg\" class=\"attachment-recent-posts size-recent-posts\" alt=\"Le Marrakech Air Show\" srcset=\"https:\/\/www.aircharter.com\/wp-content\/uploads\/2014\/04\/airshow2014fr-225x300.jpg 225w, https:\/\/www.aircharter.com\/wp-content\/uploads\/2014\/04\/airshow2014fr.jpg 300w\" sizes=\"(max-width: 300px) 100vw, 300px\" \/><\/a><\/li><\/ul><\/div><div class=\"recent-posts-content\"><h4 class=\"\"><a href=\"https:\/\/www.aircharter.com\/fr\/marrakech-air-show\/\">Marrakech Air Show<\/a><\/h4><p class=\"meta\"><span>avril 21st, 2014<\/span><span class=\"fusion-inline-sep\">|<\/span><span class=\"fusion-comments\"><span>Commentaires ferm\u00e9s<span class=\"screen-reader-text\"> sur Marrakech Air Show<\/span><\/span><\/span><\/p><p>AirCharter.com LLC\u00a0est fier de pr\u00e9senter quelques observations du \u00a0Marrakech Air Show 2014. Avec nos nouveaux bureaux \u00e0 Londres et Casablanca, Aircharter \u00e9tait pr\u00e9sent au Marrakech Air Show 2014, voici quelques photos presies\u00a0par notre \u00e9quipe qui<\/p><\/div><\/article><article class=\"post fusion-column column col col-lg-3 col-md-3 col-sm-3\"><div class=\"fusion-flexslider fusion-flexslider-loading flexslider flexslider-hover-type-none\"><ul class=\"slides\"><li><a href=\"https:\/\/www.aircharter.com\/fr\/private-charter-fees\/\" aria-label=\"What fees to expect for private jet charter\" class=\"hover-type-none\"><img decoding=\"async\" width=\"700\" height=\"441\" src=\"https:\/\/www.aircharter.com\/wp-content\/uploads\/2014\/01\/g500_01-700x441.jpg\" class=\"attachment-recent-posts size-recent-posts\" alt=\"\" srcset=\"https:\/\/www.aircharter.com\/wp-content\/uploads\/2014\/01\/g500_01-320x202.jpg 320w, https:\/\/www.aircharter.com\/wp-content\/uploads\/2014\/01\/g500_01-700x441.jpg 700w\" sizes=\"(max-width: 700px) 100vw, 700px\" \/><\/a><\/li><\/ul><\/div><div class=\"recent-posts-content\"><h4 class=\"\"><a href=\"https:\/\/www.aircharter.com\/fr\/private-charter-fees\/\">What fees to expect for private jet charter<\/a><\/h4><p class=\"meta\"><span>avril 21st, 2014<\/span><span class=\"fusion-inline-sep\">|<\/span><span class=\"fusion-comments\"><span>Commentaires ferm\u00e9s<span class=\"screen-reader-text\"> sur What fees to expect for private jet charter<\/span><\/span><\/span><\/p><p>What fees to expect for private jet charter Many first time and even some repeat private flyers don't know what fees are included and which fees are excluded for private jet charter. Many times, you<\/p><\/div><\/article><article class=\"post fusion-column column col col-lg-3 col-md-3 col-sm-3\"><div class=\"fusion-flexslider fusion-flexslider-loading flexslider flexslider-hover-type-none\"><ul class=\"slides\"><li><a href=\"https:\/\/www.aircharter.com\/fr\/what-is-the-best-private-jet-for-10-passengers\/\" aria-label=\"What is the best private jet for 10 passengers\" class=\"hover-type-none\"><img decoding=\"async\" width=\"700\" height=\"441\" src=\"https:\/\/www.aircharter.com\/wp-content\/uploads\/2014\/04\/Hawker-800XPR-700x441.jpg\" class=\"attachment-recent-posts size-recent-posts\" alt=\"private jet charter\" srcset=\"https:\/\/www.aircharter.com\/wp-content\/uploads\/2014\/04\/Hawker-800XPR-320x202.jpg 320w, https:\/\/www.aircharter.com\/wp-content\/uploads\/2014\/04\/Hawker-800XPR-700x441.jpg 700w\" sizes=\"(max-width: 700px) 100vw, 700px\" \/><\/a><\/li><\/ul><\/div><div class=\"recent-posts-content\"><h4 class=\"\"><a href=\"https:\/\/www.aircharter.com\/fr\/what-is-the-best-private-jet-for-10-passengers\/\">What is the best private jet for 10 passengers<\/a><\/h4><p class=\"meta\"><span>avril 18th, 2014<\/span><span class=\"fusion-inline-sep\">|<\/span><span class=\"fusion-comments\"><span>Commentaires ferm\u00e9s<span class=\"screen-reader-text\"> sur What is the best private jet for 10 passengers<\/span><\/span><\/span><\/p><p>10\u00a0passenger private jet Are you looking for a luxurious, comfortable, and spacious aircraft to get you to your destination? Among our elite selection of luxury jets, The Hawker 800XP \/900XP stands out as the perfect<\/p><\/div><\/article><article class=\"post fusion-column column col col-lg-3 col-md-3 col-sm-3\"><div class=\"fusion-flexslider fusion-flexslider-loading flexslider flexslider-hover-type-none\"><ul class=\"slides\"><li><a href=\"https:\/\/www.aircharter.com\/fr\/what-is-the-best-private-jet-for-8-passengers\/\" aria-label=\"What is the best private jet for 8 passengers\" class=\"hover-type-none\"><img decoding=\"async\" width=\"700\" height=\"441\" src=\"https:\/\/www.aircharter.com\/wp-content\/uploads\/2014\/04\/Bombardier_Learjet_35A_Quick_Air_Jet_Charter_JP7571885-700x441.jpg\" class=\"attachment-recent-posts size-recent-posts\" alt=\"\" srcset=\"https:\/\/www.aircharter.com\/wp-content\/uploads\/2014\/04\/Bombardier_Learjet_35A_Quick_Air_Jet_Charter_JP7571885-320x202.jpg 320w, https:\/\/www.aircharter.com\/wp-content\/uploads\/2014\/04\/Bombardier_Learjet_35A_Quick_Air_Jet_Charter_JP7571885-700x441.jpg 700w\" sizes=\"(max-width: 700px) 100vw, 700px\" \/><\/a><\/li><\/ul><\/div><div class=\"recent-posts-content\"><h4 class=\"\"><a href=\"https:\/\/www.aircharter.com\/fr\/what-is-the-best-private-jet-for-8-passengers\/\">What is the best private jet for 8 passengers<\/a><\/h4><p class=\"meta\"><span>avril 17th, 2014<\/span><span class=\"fusion-inline-sep\">|<\/span><span class=\"fusion-comments\"><span>Commentaires ferm\u00e9s<span class=\"screen-reader-text\"> sur What is the best private jet for 8 passengers<\/span><\/span><\/span><\/p><p>8\u00a0passenger private jet Do you want something fast, fuel efficient, and able to carry you and your family, or your business group? Are you tired of not having enough space for your luggage? With the<\/p><\/div><\/article><article class=\"post fusion-column column col col-lg-3 col-md-3 col-sm-3\"><div class=\"fusion-flexslider fusion-flexslider-loading flexslider flexslider-hover-type-none\"><ul class=\"slides\"><li><a href=\"https:\/\/www.aircharter.com\/fr\/what-is-the-best-private-jet-for-4-passengers\/\" aria-label=\"What is the best private jet for 4 passengers\" class=\"hover-type-none\"><img decoding=\"async\" width=\"625\" height=\"441\" src=\"https:\/\/www.aircharter.com\/wp-content\/uploads\/2014\/04\/200605eclipse_500c1-625x441.jpg\" class=\"attachment-recent-posts size-recent-posts\" alt=\"4 passenger private jet\" \/><\/a><\/li><\/ul><\/div><div class=\"recent-posts-content\"><h4 class=\"\"><a href=\"https:\/\/www.aircharter.com\/fr\/what-is-the-best-private-jet-for-4-passengers\/\">What is the best private jet for 4 passengers<\/a><\/h4><p class=\"meta\"><span>avril 16th, 2014<\/span><span class=\"fusion-inline-sep\">|<\/span><span class=\"fusion-comments\"><span>Commentaires ferm\u00e9s<span class=\"screen-reader-text\"> sur What is the best private jet for 4 passengers<\/span><\/span><\/span><\/p><p>4 passenger private jet Are you traveling a short distance? Looking for something stylish, classy, and affordable? AirCharter.com can put you on the best aircraft to fit your needs. The twin-turbofan Eclipse 500 nicely combines<\/p><\/div><\/article><article class=\"post fusion-column column col col-lg-3 col-md-3 col-sm-3\"><div class=\"fusion-flexslider fusion-flexslider-loading flexslider flexslider-hover-type-none\"><ul class=\"slides\"><li><a href=\"https:\/\/www.aircharter.com\/fr\/new-aircharter-international-offices-2\/\" aria-label=\"New AirCharter international offices\" class=\"hover-type-none\"><img decoding=\"async\" width=\"700\" height=\"441\" src=\"https:\/\/www.aircharter.com\/wp-content\/uploads\/2014\/04\/IMG_0938-700x441.jpg\" class=\"attachment-recent-posts size-recent-posts\" alt=\"aircharter international\" srcset=\"https:\/\/www.aircharter.com\/wp-content\/uploads\/2014\/04\/IMG_0938-320x202.jpg 320w, https:\/\/www.aircharter.com\/wp-content\/uploads\/2014\/04\/IMG_0938-700x441.jpg 700w\" sizes=\"(max-width: 700px) 100vw, 700px\" \/><\/a><\/li><\/ul><\/div><div class=\"recent-posts-content\"><h4 class=\"\"><a href=\"https:\/\/www.aircharter.com\/fr\/new-aircharter-international-offices-2\/\">New AirCharter international offices<\/a><\/h4><p class=\"meta\"><span>avril 14th, 2014<\/span><span class=\"fusion-inline-sep\">|<\/span><span class=\"fusion-comments\"><span>Commentaires ferm\u00e9s<span class=\"screen-reader-text\"> sur New AirCharter international offices<\/span><\/span><\/span><\/p><p>In order to better help our international clients, two Aircharter international offices have been added in early 2014. These include our newest office in London and Casablanca. Both offices allow aircharter to offer around the<\/p><\/div><\/article><article class=\"post fusion-column column col col-lg-3 col-md-3 col-sm-3\"><div class=\"fusion-flexslider fusion-flexslider-loading flexslider flexslider-hover-type-none\"><ul class=\"slides\"><li><a href=\"https:\/\/www.aircharter.com\/fr\/new-aircharter-international-offices\/\" aria-label=\"New AirCharter international offices\" class=\"hover-type-none\"><img decoding=\"async\" width=\"700\" height=\"441\" src=\"https:\/\/www.aircharter.com\/wp-content\/uploads\/2014\/04\/IMG_0938-700x441.jpg\" class=\"attachment-recent-posts size-recent-posts\" alt=\"aircharter international\" srcset=\"https:\/\/www.aircharter.com\/wp-content\/uploads\/2014\/04\/IMG_0938-320x202.jpg 320w, https:\/\/www.aircharter.com\/wp-content\/uploads\/2014\/04\/IMG_0938-700x441.jpg 700w\" sizes=\"(max-width: 700px) 100vw, 700px\" \/><\/a><\/li><\/ul><\/div><div class=\"recent-posts-content\"><h4 class=\"\"><a href=\"https:\/\/www.aircharter.com\/fr\/new-aircharter-international-offices\/\">New AirCharter international offices<\/a><\/h4><p class=\"meta\"><span>avril 14th, 2014<\/span><span class=\"fusion-inline-sep\">|<\/span><span class=\"fusion-comments\"><span>Commentaires ferm\u00e9s<span class=\"screen-reader-text\"> sur New AirCharter international offices<\/span><\/span><\/span><\/p><p>In order to better help our international clients, two Aircharter international offices have been added in early 2014. These include our newest office in London and Casablanca. Both offices allow aircharter to offer around the<\/p><\/div><\/article><article class=\"post fusion-column column col col-lg-3 col-md-3 col-sm-3\"><div class=\"fusion-flexslider fusion-flexslider-loading flexslider flexslider-hover-type-none\"><ul class=\"slides\"><li><a href=\"https:\/\/www.aircharter.com\/fr\/how-much-does-chartering-a-private-jet-cost-2\/\" aria-label=\"How much does chartering a private jet cost?\" class=\"hover-type-none\"><img decoding=\"async\" width=\"660\" height=\"405\" src=\"https:\/\/www.aircharter.com\/wp-content\/uploads\/2013\/06\/plane_G650.jpg\" class=\"attachment-recent-posts size-recent-posts\" alt=\"Fastest private jets\" srcset=\"https:\/\/www.aircharter.com\/wp-content\/uploads\/2013\/06\/plane_G650-300x184.jpg 300w, https:\/\/www.aircharter.com\/wp-content\/uploads\/2013\/06\/plane_G650.jpg 660w\" sizes=\"(max-width: 660px) 100vw, 660px\" \/><\/a><\/li><li><a href=\"https:\/\/www.aircharter.com\/fr\/how-much-does-chartering-a-private-jet-cost-2\/\" aria-label=\"How much does chartering a private jet cost?\" class=\"hover-type-none\"><img decoding=\"async\" width=\"669\" height=\"415\" src=\"https:\/\/www.aircharter.com\/wp-content\/uploads\/2014\/11\/G650.jpg\" class=\"attachment-recent-posts size-recent-posts\" alt=\"\" srcset=\"https:\/\/www.aircharter.com\/wp-content\/uploads\/2014\/11\/G650-300x186.jpg 300w, https:\/\/www.aircharter.com\/wp-content\/uploads\/2014\/11\/G650.jpg 669w\" sizes=\"(max-width: 669px) 100vw, 669px\" \/><\/a><\/li><li><a href=\"https:\/\/www.aircharter.com\/fr\/how-much-does-chartering-a-private-jet-cost-2\/\" aria-label=\"How much does chartering a private jet cost?\" class=\"hover-type-none\"><img decoding=\"async\" width=\"700\" height=\"441\" src=\"https:\/\/www.aircharter.com\/wp-content\/uploads\/2014\/11\/citation-x-700x441.jpg\" class=\"attachment-recent-posts size-recent-posts\" alt=\"private jet charter\" srcset=\"https:\/\/www.aircharter.com\/wp-content\/uploads\/2014\/11\/citation-x-320x202.jpg 320w, https:\/\/www.aircharter.com\/wp-content\/uploads\/2014\/11\/citation-x-700x441.jpg 700w\" sizes=\"(max-width: 700px) 100vw, 700px\" \/><\/a><\/li><li><a href=\"https:\/\/www.aircharter.com\/fr\/how-much-does-chartering-a-private-jet-cost-2\/\" aria-label=\"How much does chartering a private jet cost?\" class=\"hover-type-none\"><img decoding=\"async\" width=\"700\" height=\"441\" src=\"https:\/\/www.aircharter.com\/wp-content\/uploads\/2014\/11\/GIV_ext-700x441.jpg\" class=\"attachment-recent-posts size-recent-posts\" alt=\"\" srcset=\"https:\/\/www.aircharter.com\/wp-content\/uploads\/2014\/11\/GIV_ext-320x202.jpg 320w, https:\/\/www.aircharter.com\/wp-content\/uploads\/2014\/11\/GIV_ext-700x441.jpg 700w\" sizes=\"(max-width: 700px) 100vw, 700px\" \/><\/a><\/li><li><a href=\"https:\/\/www.aircharter.com\/fr\/how-much-does-chartering-a-private-jet-cost-2\/\" aria-label=\"How much does chartering a private jet cost?\" class=\"hover-type-none\"><img decoding=\"async\" width=\"700\" height=\"441\" src=\"https:\/\/www.aircharter.com\/wp-content\/uploads\/2014\/11\/BBJ-700x441.jpg\" class=\"attachment-recent-posts size-recent-posts\" alt=\"BBJ\" srcset=\"https:\/\/www.aircharter.com\/wp-content\/uploads\/2014\/11\/BBJ-320x202.jpg 320w, https:\/\/www.aircharter.com\/wp-content\/uploads\/2014\/11\/BBJ-700x441.jpg 700w\" sizes=\"(max-width: 700px) 100vw, 700px\" \/><\/a><\/li><\/ul><\/div><div class=\"recent-posts-content\"><h4 class=\"\"><a href=\"https:\/\/www.aircharter.com\/fr\/how-much-does-chartering-a-private-jet-cost-2\/\">How much does chartering a private jet cost?<\/a><\/h4><p class=\"meta\"><span>avril 14th, 2014<\/span><span class=\"fusion-inline-sep\">|<\/span><span class=\"fusion-comments\"><span>Commentaires ferm\u00e9s<span class=\"screen-reader-text\"> sur How much does chartering a private jet cost?<\/span><\/span><\/span><\/p><p>How much does chartering a private jet cost? Want to learn more about aircraft charter rates?\u00a0Aircraft charter rates\u00a0are calculated using the jet\u2019s hourly fee, fuel fees (if any), takeoff and landing fees (airports charge different<\/p><\/div><\/article><article class=\"post fusion-column column col col-lg-3 col-md-3 col-sm-3\"><div class=\"fusion-flexslider fusion-flexslider-loading flexslider flexslider-hover-type-none\"><ul class=\"slides\"><li><a href=\"https:\/\/www.aircharter.com\/fr\/how-much-does-chartering-a-private-jet-cost\/\" aria-label=\"How much does chartering a private jet cost?\" class=\"hover-type-none\"><img decoding=\"async\" width=\"660\" height=\"405\" src=\"https:\/\/www.aircharter.com\/wp-content\/uploads\/2013\/06\/plane_G650.jpg\" class=\"attachment-recent-posts size-recent-posts\" alt=\"Fastest private jets\" srcset=\"https:\/\/www.aircharter.com\/wp-content\/uploads\/2013\/06\/plane_G650-300x184.jpg 300w, https:\/\/www.aircharter.com\/wp-content\/uploads\/2013\/06\/plane_G650.jpg 660w\" sizes=\"(max-width: 660px) 100vw, 660px\" \/><\/a><\/li><li><a href=\"https:\/\/www.aircharter.com\/fr\/how-much-does-chartering-a-private-jet-cost\/\" aria-label=\"How much does chartering a private jet cost?\" class=\"hover-type-none\"><img decoding=\"async\" width=\"669\" height=\"415\" src=\"https:\/\/www.aircharter.com\/wp-content\/uploads\/2014\/11\/G650.jpg\" class=\"attachment-recent-posts size-recent-posts\" alt=\"\" srcset=\"https:\/\/www.aircharter.com\/wp-content\/uploads\/2014\/11\/G650-300x186.jpg 300w, https:\/\/www.aircharter.com\/wp-content\/uploads\/2014\/11\/G650.jpg 669w\" sizes=\"(max-width: 669px) 100vw, 669px\" \/><\/a><\/li><li><a href=\"https:\/\/www.aircharter.com\/fr\/how-much-does-chartering-a-private-jet-cost\/\" aria-label=\"How much does chartering a private jet cost?\" class=\"hover-type-none\"><img decoding=\"async\" width=\"700\" height=\"441\" src=\"https:\/\/www.aircharter.com\/wp-content\/uploads\/2014\/11\/citation-x-700x441.jpg\" class=\"attachment-recent-posts size-recent-posts\" alt=\"private jet charter\" srcset=\"https:\/\/www.aircharter.com\/wp-content\/uploads\/2014\/11\/citation-x-320x202.jpg 320w, https:\/\/www.aircharter.com\/wp-content\/uploads\/2014\/11\/citation-x-700x441.jpg 700w\" sizes=\"(max-width: 700px) 100vw, 700px\" \/><\/a><\/li><li><a href=\"https:\/\/www.aircharter.com\/fr\/how-much-does-chartering-a-private-jet-cost\/\" aria-label=\"How much does chartering a private jet cost?\" class=\"hover-type-none\"><img decoding=\"async\" width=\"700\" height=\"441\" src=\"https:\/\/www.aircharter.com\/wp-content\/uploads\/2014\/11\/GIV_ext-700x441.jpg\" class=\"attachment-recent-posts size-recent-posts\" alt=\"\" srcset=\"https:\/\/www.aircharter.com\/wp-content\/uploads\/2014\/11\/GIV_ext-320x202.jpg 320w, https:\/\/www.aircharter.com\/wp-content\/uploads\/2014\/11\/GIV_ext-700x441.jpg 700w\" sizes=\"(max-width: 700px) 100vw, 700px\" \/><\/a><\/li><li><a href=\"https:\/\/www.aircharter.com\/fr\/how-much-does-chartering-a-private-jet-cost\/\" aria-label=\"How much does chartering a private jet cost?\" class=\"hover-type-none\"><img decoding=\"async\" width=\"700\" height=\"441\" src=\"https:\/\/www.aircharter.com\/wp-content\/uploads\/2014\/11\/BBJ-700x441.jpg\" class=\"attachment-recent-posts size-recent-posts\" alt=\"BBJ\" srcset=\"https:\/\/www.aircharter.com\/wp-content\/uploads\/2014\/11\/BBJ-320x202.jpg 320w, https:\/\/www.aircharter.com\/wp-content\/uploads\/2014\/11\/BBJ-700x441.jpg 700w\" sizes=\"(max-width: 700px) 100vw, 700px\" \/><\/a><\/li><\/ul><\/div><div class=\"recent-posts-content\"><h4 class=\"\"><a href=\"https:\/\/www.aircharter.com\/fr\/how-much-does-chartering-a-private-jet-cost\/\">How much does chartering a private jet cost?<\/a><\/h4><p class=\"meta\"><span>avril 14th, 2014<\/span><span class=\"fusion-inline-sep\">|<\/span><span class=\"fusion-comments\"><span>Commentaires ferm\u00e9s<span class=\"screen-reader-text\"> sur How much does chartering a private jet cost?<\/span><\/span><\/span><\/p><p>How much does chartering a private jet cost? Want to learn more about aircraft charter rates?\u00a0Aircraft charter rates\u00a0are calculated using the jet\u2019s hourly fee, fuel fees (if any), takeoff and landing fees (airports charge different<\/p><\/div><\/article><article class=\"post fusion-column column col col-lg-3 col-md-3 col-sm-3\"><div class=\"fusion-flexslider fusion-flexslider-loading flexslider flexslider-hover-type-none\"><ul class=\"slides\"><li><a href=\"https:\/\/www.aircharter.com\/fr\/how-to-book-a-private-jet\/\" aria-label=\"How to book a private jet\" class=\"hover-type-none\"><img decoding=\"async\" width=\"660\" height=\"405\" src=\"https:\/\/www.aircharter.com\/wp-content\/uploads\/2013\/06\/plane_G550_green.jpg\" class=\"attachment-recent-posts size-recent-posts\" alt=\"how to book a private jet\" srcset=\"https:\/\/www.aircharter.com\/wp-content\/uploads\/2013\/06\/plane_G550_green-300x184.jpg 300w, https:\/\/www.aircharter.com\/wp-content\/uploads\/2013\/06\/plane_G550_green.jpg 660w\" sizes=\"(max-width: 660px) 100vw, 660px\" \/><\/a><\/li><\/ul><\/div><div class=\"recent-posts-content\"><h4 class=\"\"><a href=\"https:\/\/www.aircharter.com\/fr\/how-to-book-a-private-jet\/\">How to book a private jet<\/a><\/h4><p class=\"meta\"><span>avril 11th, 2014<\/span><span class=\"fusion-inline-sep\">|<\/span><span class=\"fusion-comments\"><span>Commentaires ferm\u00e9s<span class=\"screen-reader-text\"> sur How to book a private jet<\/span><\/span><\/span><\/p><p>How to book a private jet Don't know how to\u00a0book a private jet? There are many plans for selling blocks of private jet rental time, and more are invented every day. But rarely are there<\/p><\/div><\/article><article class=\"post fusion-column column col col-lg-3 col-md-3 col-sm-3\"><div class=\"fusion-flexslider fusion-flexslider-loading flexslider flexslider-hover-type-none\"><ul class=\"slides\"><li><a href=\"https:\/\/www.aircharter.com\/fr\/all-new-booking-engine-2\/\" aria-label=\"Nouveau syst\u00e8me de r\u00e9servation en ligne\" class=\"hover-type-none\"><img decoding=\"async\" width=\"700\" height=\"441\" src=\"https:\/\/www.aircharter.com\/wp-content\/uploads\/2015\/01\/Booking-home-700x441.jpg\" class=\"attachment-recent-posts size-recent-posts\" alt=\"\" srcset=\"https:\/\/www.aircharter.com\/wp-content\/uploads\/2015\/01\/Booking-home-320x202.jpg 320w, https:\/\/www.aircharter.com\/wp-content\/uploads\/2015\/01\/Booking-home-700x441.jpg 700w\" sizes=\"(max-width: 700px) 100vw, 700px\" \/><\/a><\/li><\/ul><\/div><div class=\"recent-posts-content\"><h4 class=\"\"><a href=\"https:\/\/www.aircharter.com\/fr\/all-new-booking-engine-2\/\">Nouveau syst\u00e8me de r\u00e9servation en ligne<\/a><\/h4><p class=\"meta\"><span>f\u00e9vrier 26th, 2014<\/span><span class=\"fusion-inline-sep\">|<\/span><span class=\"fusion-comments\"><span>Commentaires ferm\u00e9s<span class=\"screen-reader-text\"> sur Nouveau syst\u00e8me de r\u00e9servation en ligne<\/span><\/span><\/span><\/p><p>Aircharter.com est enchant\u00e9 d'annoncer la nouvelle version du syst\u00e8me de r\u00e9servation en ligne. Avec votre itin\u00e9raire en mains, vous pouvez obtenir un prix en ligne instantan\u00e9ment pour vos besoins de voyage. Pour 1 passager ou<\/p><\/div><\/article><article class=\"post fusion-column column col col-lg-3 col-md-3 col-sm-3\"><div class=\"fusion-flexslider fusion-flexslider-loading flexslider flexslider-hover-type-none\"><ul class=\"slides\"><li><a href=\"https:\/\/www.aircharter.com\/fr\/air-charter-offers-the-lowest-rates\/\" aria-label=\"Air Charter offers the lowest rates\" class=\"hover-type-none\"><img decoding=\"async\" width=\"660\" height=\"405\" src=\"https:\/\/www.aircharter.com\/wp-content\/uploads\/2013\/06\/Plane_interior_brabus.jpg\" class=\"attachment-recent-posts size-recent-posts\" alt=\"G650 private jet for hire\" srcset=\"https:\/\/www.aircharter.com\/wp-content\/uploads\/2013\/06\/Plane_interior_brabus-300x184.jpg 300w, https:\/\/www.aircharter.com\/wp-content\/uploads\/2013\/06\/Plane_interior_brabus.jpg 660w\" sizes=\"(max-width: 660px) 100vw, 660px\" \/><\/a><\/li><li><a href=\"https:\/\/www.aircharter.com\/fr\/air-charter-offers-the-lowest-rates\/\" aria-label=\"Air Charter offers the lowest rates\" class=\"hover-type-none\"><img decoding=\"async\" width=\"660\" height=\"405\" src=\"https:\/\/www.aircharter.com\/wp-content\/uploads\/2013\/06\/Plane_interior_bed.jpg\" class=\"attachment-recent-posts size-recent-posts\" alt=\"\" srcset=\"https:\/\/www.aircharter.com\/wp-content\/uploads\/2013\/06\/Plane_interior_bed-300x184.jpg 300w, https:\/\/www.aircharter.com\/wp-content\/uploads\/2013\/06\/Plane_interior_bed.jpg 660w\" sizes=\"(max-width: 660px) 100vw, 660px\" \/><\/a><\/li><li><a href=\"https:\/\/www.aircharter.com\/fr\/air-charter-offers-the-lowest-rates\/\" aria-label=\"Air Charter offers the lowest rates\" class=\"hover-type-none\"><img decoding=\"async\" width=\"660\" height=\"405\" src=\"https:\/\/www.aircharter.com\/wp-content\/uploads\/2013\/06\/Plane_interior_durnier.jpg\" class=\"attachment-recent-posts size-recent-posts\" alt=\"\" srcset=\"https:\/\/www.aircharter.com\/wp-content\/uploads\/2013\/06\/Plane_interior_durnier-300x184.jpg 300w, https:\/\/www.aircharter.com\/wp-content\/uploads\/2013\/06\/Plane_interior_durnier.jpg 660w\" sizes=\"(max-width: 660px) 100vw, 660px\" \/><\/a><\/li><\/ul><\/div><div class=\"recent-posts-content\"><h4 class=\"\"><a href=\"https:\/\/www.aircharter.com\/fr\/air-charter-offers-the-lowest-rates\/\">Air Charter offers the lowest rates<\/a><\/h4><p class=\"meta\"><span>juin 22nd, 2013<\/span><span class=\"fusion-inline-sep\">|<\/span><span class=\"fusion-comments\"><span>Commentaires ferm\u00e9s<span class=\"screen-reader-text\"> sur Air Charter offers the lowest rates<\/span><\/span><\/span><\/p><p>Air Charter offers the lowest rates  Private can offer discount jet charter packages that include transportation, private body guards, luxury hotels and more.  Dassault Aviation - Falcon 5X  Since 1996, AirCharter.com has<\/p><\/div><\/article><article class=\"post fusion-column column col col-lg-3 col-md-3 col-sm-3\"><div class=\"fusion-flexslider fusion-flexslider-loading flexslider flexslider-hover-type-none\"><ul class=\"slides\"><li><a href=\"https:\/\/www.aircharter.com\/fr\/hello-world\/\" aria-label=\"Welcome to the new site!\" class=\"hover-type-none\"><img decoding=\"async\" width=\"660\" height=\"405\" src=\"https:\/\/www.aircharter.com\/wp-content\/uploads\/2013\/06\/plane_G450_sea.jpg\" class=\"attachment-recent-posts size-recent-posts\" alt=\"\" srcset=\"https:\/\/www.aircharter.com\/wp-content\/uploads\/2013\/06\/plane_G450_sea-300x184.jpg 300w, https:\/\/www.aircharter.com\/wp-content\/uploads\/2013\/06\/plane_G450_sea.jpg 660w\" sizes=\"(max-width: 660px) 100vw, 660px\" \/><\/a><\/li><li><a href=\"https:\/\/www.aircharter.com\/fr\/hello-world\/\" aria-label=\"Welcome to the new site!\" class=\"hover-type-none\"><img decoding=\"async\" width=\"660\" height=\"405\" src=\"https:\/\/www.aircharter.com\/wp-content\/uploads\/2013\/06\/Plane_interior_durnier.jpg\" class=\"attachment-recent-posts size-recent-posts\" alt=\"\" srcset=\"https:\/\/www.aircharter.com\/wp-content\/uploads\/2013\/06\/Plane_interior_durnier-300x184.jpg 300w, https:\/\/www.aircharter.com\/wp-content\/uploads\/2013\/06\/Plane_interior_durnier.jpg 660w\" sizes=\"(max-width: 660px) 100vw, 660px\" \/><\/a><\/li><li><a href=\"https:\/\/www.aircharter.com\/fr\/hello-world\/\" aria-label=\"Welcome to the new site!\" class=\"hover-type-none\"><img decoding=\"async\" width=\"660\" height=\"405\" src=\"https:\/\/www.aircharter.com\/wp-content\/uploads\/2013\/06\/Plane_interior_g550.jpg\" class=\"attachment-recent-posts size-recent-posts\" alt=\"\" srcset=\"https:\/\/www.aircharter.com\/wp-content\/uploads\/2013\/06\/Plane_interior_g550-300x184.jpg 300w, https:\/\/www.aircharter.com\/wp-content\/uploads\/2013\/06\/Plane_interior_g550.jpg 660w\" sizes=\"(max-width: 660px) 100vw, 660px\" \/><\/a><\/li><li><a href=\"https:\/\/www.aircharter.com\/fr\/hello-world\/\" aria-label=\"Welcome to the new site!\" class=\"hover-type-none\"><img decoding=\"async\" width=\"660\" height=\"405\" src=\"https:\/\/www.aircharter.com\/wp-content\/uploads\/2013\/06\/plane_sea.jpg\" class=\"attachment-recent-posts size-recent-posts\" alt=\"\" srcset=\"https:\/\/www.aircharter.com\/wp-content\/uploads\/2013\/06\/plane_sea-300x184.jpg 300w, https:\/\/www.aircharter.com\/wp-content\/uploads\/2013\/06\/plane_sea.jpg 660w\" sizes=\"(max-width: 660px) 100vw, 660px\" \/><\/a><\/li><\/ul><\/div><div class=\"recent-posts-content\"><h4 class=\"\"><a href=\"https:\/\/www.aircharter.com\/fr\/hello-world\/\">Welcome to the new site!<\/a><\/h4><p class=\"meta\"><span>juin 8th, 2013<\/span><span class=\"fusion-inline-sep\">|<\/span><span class=\"fusion-comments\"><span>Commentaires ferm\u00e9s<span class=\"screen-reader-text\"> sur Welcome to the new site!<\/span><\/span><\/span><\/p><p>Welcome to the new Air Charter new site. Please feel free to give us your feed back by posting your comments in our blog<\/p><\/div><\/article><article class=\"post fusion-column column col col-lg-3 col-md-3 col-sm-3\"><div class=\"fusion-flexslider fusion-flexslider-loading flexslider flexslider-hover-type-none\"><ul class=\"slides\"><li><a href=\"https:\/\/www.aircharter.com\/fr\/aircharter\/\" aria-label=\"\u00ab Air Charter \u00bb can provide the perfect charter solution\" class=\"hover-type-none\"><img decoding=\"async\" width=\"660\" height=\"405\" src=\"https:\/\/www.aircharter.com\/wp-content\/uploads\/2013\/06\/plane_sunset1.jpg\" class=\"attachment-recent-posts size-recent-posts\" alt=\"location jet priv\u00e9\" srcset=\"https:\/\/www.aircharter.com\/wp-content\/uploads\/2013\/06\/plane_sunset1-300x184.jpg 300w, https:\/\/www.aircharter.com\/wp-content\/uploads\/2013\/06\/plane_sunset1.jpg 660w\" sizes=\"(max-width: 660px) 100vw, 660px\" \/><\/a><\/li><li><a href=\"https:\/\/www.aircharter.com\/fr\/aircharter\/\" aria-label=\"\u00ab Air Charter \u00bb can provide the perfect charter solution\" class=\"hover-type-none\"><img decoding=\"async\" width=\"660\" height=\"405\" src=\"https:\/\/www.aircharter.com\/wp-content\/uploads\/2013\/06\/Plane_interior_7.jpg\" class=\"attachment-recent-posts size-recent-posts\" alt=\"\" srcset=\"https:\/\/www.aircharter.com\/wp-content\/uploads\/2013\/06\/Plane_interior_7-300x184.jpg 300w, https:\/\/www.aircharter.com\/wp-content\/uploads\/2013\/06\/Plane_interior_7.jpg 660w\" sizes=\"(max-width: 660px) 100vw, 660px\" \/><\/a><\/li><li><a href=\"https:\/\/www.aircharter.com\/fr\/aircharter\/\" aria-label=\"\u00ab Air Charter \u00bb can provide the perfect charter solution\" class=\"hover-type-none\"><img decoding=\"async\" width=\"660\" height=\"405\" src=\"https:\/\/www.aircharter.com\/wp-content\/uploads\/2013\/06\/Plane_interior_BBJ4.jpg\" class=\"attachment-recent-posts size-recent-posts\" alt=\"\" srcset=\"https:\/\/www.aircharter.com\/wp-content\/uploads\/2013\/06\/Plane_interior_BBJ4-300x184.jpg 300w, https:\/\/www.aircharter.com\/wp-content\/uploads\/2013\/06\/Plane_interior_BBJ4.jpg 660w\" sizes=\"(max-width: 660px) 100vw, 660px\" \/><\/a><\/li><li><a href=\"https:\/\/www.aircharter.com\/fr\/aircharter\/\" aria-label=\"\u00ab Air Charter \u00bb can provide the perfect charter solution\" class=\"hover-type-none\"><img decoding=\"async\" width=\"660\" height=\"405\" src=\"https:\/\/www.aircharter.com\/wp-content\/uploads\/2013\/06\/plane_G650.jpg\" class=\"attachment-recent-posts size-recent-posts\" alt=\"\" srcset=\"https:\/\/www.aircharter.com\/wp-content\/uploads\/2013\/06\/plane_G650-300x184.jpg 300w, https:\/\/www.aircharter.com\/wp-content\/uploads\/2013\/06\/plane_G650.jpg 660w\" sizes=\"(max-width: 660px) 100vw, 660px\" \/><\/a><\/li><li><a href=\"https:\/\/www.aircharter.com\/fr\/aircharter\/\" aria-label=\"\u00ab Air Charter \u00bb can provide the perfect charter solution\" class=\"hover-type-none\"><img decoding=\"async\" width=\"660\" height=\"405\" src=\"https:\/\/www.aircharter.com\/wp-content\/uploads\/2013\/06\/Plane_interior_3.jpg\" class=\"attachment-recent-posts size-recent-posts\" alt=\"\" srcset=\"https:\/\/www.aircharter.com\/wp-content\/uploads\/2013\/06\/Plane_interior_3-300x184.jpg 300w, https:\/\/www.aircharter.com\/wp-content\/uploads\/2013\/06\/Plane_interior_3.jpg 660w\" sizes=\"(max-width: 660px) 100vw, 660px\" \/><\/a><\/li><\/ul><\/div><div class=\"recent-posts-content\"><h4 class=\"\"><a href=\"https:\/\/www.aircharter.com\/fr\/aircharter\/\">\u00ab Air Charter \u00bb can provide the perfect charter solution<\/a><\/h4><p class=\"meta\"><span>avril 4th, 2013<\/span><span class=\"fusion-inline-sep\">|<\/span><span class=\"fusion-comments\"><span>Commentaires ferm\u00e9s<span class=\"screen-reader-text\"> sur \u00ab Air Charter \u00bb can provide the perfect charter solution<\/span><\/span><\/span><\/p><p>Air Charter can provide the perfect charter solution for your requirements. Whether you're planning your Air Charter to cross the country or the international date line, Air Charter has the perfect private aircraft for your<\/p><\/div><\/article><\/section><\/div><\/div><\/div><\/div><\/div>\n","protected":false},"excerpt":{"rendered":"","protected":false},"author":14,"featured_media":0,"parent":0,"menu_order":0,"comment_status":"open","ping_status":"closed","template":"","meta":{"footnotes":""},"class_list":["post-27047","page","type-page","status-publish","hentry"],"yoast_head":"<!-- This site is optimized with the Yoast SEO plugin v27.4 - https:\/\/yoast.com\/product\/yoast-seo-wordpress\/ -->\n<title>Le Blog d&#039;Air Charter - Aircharter<\/title>\n<meta name=\"robots\" content=\"index, follow, max-snippet:-1, max-image-preview:large, max-video-preview:-1\" \/>\n<link rel=\"canonical\" href=\"https:\/\/www.aircharter.com\/le-blog-air-charter\/\" \/>\n<meta property=\"og:locale\" content=\"fr_FR\" \/>\n<meta property=\"og:type\" content=\"article\" \/>\n<meta property=\"og:title\" content=\"Le Blog d&#039;Air Charter - Aircharter\" \/>\n<meta property=\"og:url\" content=\"https:\/\/www.aircharter.com\/le-blog-air-charter\/\" \/>\n<meta property=\"og:site_name\" content=\"Aircharter\" \/>\n<meta property=\"article:modified_time\" content=\"2022-12-11T22:51:30+00:00\" \/>\n<meta name=\"twitter:card\" content=\"summary_large_image\" \/>\n<meta name=\"twitter:label1\" content=\"Dur\u00e9e de lecture estim\u00e9e\" \/>\n\t<meta name=\"twitter:data1\" content=\"1 minute\" \/>\n<script type=\"application\/ld+json\" class=\"yoast-schema-graph\">{\"@context\":\"https:\\\/\\\/schema.org\",\"@graph\":[{\"@type\":\"WebPage\",\"@id\":\"https:\\\/\\\/www.aircharter.com\\\/le-blog-air-charter\\\/\",\"url\":\"https:\\\/\\\/www.aircharter.com\\\/le-blog-air-charter\\\/\",\"name\":\"Le Blog d'Air Charter - Aircharter\",\"isPartOf\":{\"@id\":\"https:\\\/\\\/www.aircharter.com\\\/de\\\/#website\"},\"datePublished\":\"2014-05-22T15:52:17+00:00\",\"dateModified\":\"2022-12-11T22:51:30+00:00\",\"breadcrumb\":{\"@id\":\"https:\\\/\\\/www.aircharter.com\\\/le-blog-air-charter\\\/#breadcrumb\"},\"inLanguage\":\"fr-FR\",\"potentialAction\":[{\"@type\":\"ReadAction\",\"target\":[\"https:\\\/\\\/www.aircharter.com\\\/le-blog-air-charter\\\/\"]}]},{\"@type\":\"BreadcrumbList\",\"@id\":\"https:\\\/\\\/www.aircharter.com\\\/le-blog-air-charter\\\/#breadcrumb\",\"itemListElement\":[{\"@type\":\"ListItem\",\"position\":1,\"name\":\"Home\",\"item\":\"https:\\\/\\\/www.aircharter.com\\\/\"},{\"@type\":\"ListItem\",\"position\":2,\"name\":\"Le Blog d&#8217;Air Charter\"}]},{\"@type\":\"WebSite\",\"@id\":\"https:\\\/\\\/www.aircharter.com\\\/de\\\/#website\",\"url\":\"https:\\\/\\\/www.aircharter.com\\\/de\\\/\",\"name\":\"Aircharter\",\"description\":\"Air Charter | Private Jet Charter &amp; Rental | Fly Smarter | Hire a Business Jet\",\"publisher\":{\"@id\":\"https:\\\/\\\/www.aircharter.com\\\/de\\\/#organization\"},\"potentialAction\":[{\"@type\":\"SearchAction\",\"target\":{\"@type\":\"EntryPoint\",\"urlTemplate\":\"https:\\\/\\\/www.aircharter.com\\\/de\\\/?s={search_term_string}\"},\"query-input\":{\"@type\":\"PropertyValueSpecification\",\"valueRequired\":true,\"valueName\":\"search_term_string\"}}],\"inLanguage\":\"fr-FR\"},{\"@type\":\"Organization\",\"@id\":\"https:\\\/\\\/www.aircharter.com\\\/de\\\/#organization\",\"name\":\"Aircharter.com LLC\",\"url\":\"https:\\\/\\\/www.aircharter.com\\\/de\\\/\",\"logo\":{\"@type\":\"ImageObject\",\"inLanguage\":\"fr-FR\",\"@id\":\"https:\\\/\\\/www.aircharter.com\\\/de\\\/#\\\/schema\\\/logo\\\/image\\\/\",\"url\":\"https:\\\/\\\/www.aircharter.com\\\/wp-content\\\/uploads\\\/2022\\\/12\\\/Aircharter_logo_114X1141-11.png\",\"contentUrl\":\"https:\\\/\\\/www.aircharter.com\\\/wp-content\\\/uploads\\\/2022\\\/12\\\/Aircharter_logo_114X1141-11.png\",\"width\":114,\"height\":114,\"caption\":\"Aircharter.com LLC\"},\"image\":{\"@id\":\"https:\\\/\\\/www.aircharter.com\\\/de\\\/#\\\/schema\\\/logo\\\/image\\\/\"}}]}<\/script>\n<!-- \/ Yoast SEO plugin. -->","yoast_head_json":{"title":"Le Blog d'Air Charter - Aircharter","robots":{"index":"index","follow":"follow","max-snippet":"max-snippet:-1","max-image-preview":"max-image-preview:large","max-video-preview":"max-video-preview:-1"},"canonical":"https:\/\/www.aircharter.com\/le-blog-air-charter\/","og_locale":"fr_FR","og_type":"article","og_title":"Le Blog d'Air Charter - Aircharter","og_url":"https:\/\/www.aircharter.com\/le-blog-air-charter\/","og_site_name":"Aircharter","article_modified_time":"2022-12-11T22:51:30+00:00","twitter_card":"summary_large_image","twitter_misc":{"Dur\u00e9e de lecture estim\u00e9e":"1 minute"},"schema":{"@context":"https:\/\/schema.org","@graph":[{"@type":"WebPage","@id":"https:\/\/www.aircharter.com\/le-blog-air-charter\/","url":"https:\/\/www.aircharter.com\/le-blog-air-charter\/","name":"Le Blog d'Air Charter - Aircharter","isPartOf":{"@id":"https:\/\/www.aircharter.com\/de\/#website"},"datePublished":"2014-05-22T15:52:17+00:00","dateModified":"2022-12-11T22:51:30+00:00","breadcrumb":{"@id":"https:\/\/www.aircharter.com\/le-blog-air-charter\/#breadcrumb"},"inLanguage":"fr-FR","potentialAction":[{"@type":"ReadAction","target":["https:\/\/www.aircharter.com\/le-blog-air-charter\/"]}]},{"@type":"BreadcrumbList","@id":"https:\/\/www.aircharter.com\/le-blog-air-charter\/#breadcrumb","itemListElement":[{"@type":"ListItem","position":1,"name":"Home","item":"https:\/\/www.aircharter.com\/"},{"@type":"ListItem","position":2,"name":"Le Blog d&#8217;Air Charter"}]},{"@type":"WebSite","@id":"https:\/\/www.aircharter.com\/de\/#website","url":"https:\/\/www.aircharter.com\/de\/","name":"Aircharter","description":"Air Charter | Private Jet Charter &amp; Rental | Fly Smarter | Hire a Business Jet","publisher":{"@id":"https:\/\/www.aircharter.com\/de\/#organization"},"potentialAction":[{"@type":"SearchAction","target":{"@type":"EntryPoint","urlTemplate":"https:\/\/www.aircharter.com\/de\/?s={search_term_string}"},"query-input":{"@type":"PropertyValueSpecification","valueRequired":true,"valueName":"search_term_string"}}],"inLanguage":"fr-FR"},{"@type":"Organization","@id":"https:\/\/www.aircharter.com\/de\/#organization","name":"Aircharter.com LLC","url":"https:\/\/www.aircharter.com\/de\/","logo":{"@type":"ImageObject","inLanguage":"fr-FR","@id":"https:\/\/www.aircharter.com\/de\/#\/schema\/logo\/image\/","url":"https:\/\/www.aircharter.com\/wp-content\/uploads\/2022\/12\/Aircharter_logo_114X1141-11.png","contentUrl":"https:\/\/www.aircharter.com\/wp-content\/uploads\/2022\/12\/Aircharter_logo_114X1141-11.png","width":114,"height":114,"caption":"Aircharter.com LLC"},"image":{"@id":"https:\/\/www.aircharter.com\/de\/#\/schema\/logo\/image\/"}}]}},"_links":{"self":[{"href":"https:\/\/www.aircharter.com\/fr\/wp-json\/wp\/v2\/pages\/27047","targetHints":{"allow":["GET"]}}],"collection":[{"href":"https:\/\/www.aircharter.com\/fr\/wp-json\/wp\/v2\/pages"}],"about":[{"href":"https:\/\/www.aircharter.com\/fr\/wp-json\/wp\/v2\/types\/page"}],"author":[{"embeddable":true,"href":"https:\/\/www.aircharter.com\/fr\/wp-json\/wp\/v2\/users\/14"}],"replies":[{"embeddable":true,"href":"https:\/\/www.aircharter.com\/fr\/wp-json\/wp\/v2\/comments?post=27047"}],"version-history":[{"count":4,"href":"https:\/\/www.aircharter.com\/fr\/wp-json\/wp\/v2\/pages\/27047\/revisions"}],"predecessor-version":[{"id":37269,"href":"https:\/\/www.aircharter.com\/fr\/wp-json\/wp\/v2\/pages\/27047\/revisions\/37269"}],"wp:attachment":[{"href":"https:\/\/www.aircharter.com\/fr\/wp-json\/wp\/v2\/media?parent=27047"}],"curies":[{"name":"wp","href":"https:\/\/api.w.org\/{rel}","templated":true}]}}